{"id":11088,"date":"2022-01-26T14:19:48","date_gmt":"2022-01-26T14:19:48","guid":{"rendered":"https:\/\/regionalmuseum-langnau.ch\/musee-regional-chueechlihus\/"},"modified":"2026-09-03T14:06:33","modified_gmt":"2026-09-03T14:06:33","slug":"musee-regional-chueechlihus","status":"publish","type":"page","link":"https:\/\/regionalmuseum-langnau.ch\/fr\/","title":{"rendered":"Mus\u00e9e r\u00e9gional Ch\u00fcechlihus"},"content":{"rendered":"<p><div class=\"fusion-bg-parallax\" data-bg-align=\"center top\" data-direction=\"down\" data-mute=\"false\" data-opacity=\"100\" data-velocity=\"-0.3\" data-mobile-enabled=\"false\" data-break_parents=\"0\" data-bg-image=\"https:\/\/regionalmuseum-langnau.ch\/wp-content\/uploads\/2026\/09\/20260826-Chueechlihus-Langnau-i.E.-\u00a9-Dominique-Pluess-04d-komp-e1788444341741.jpg\" data-bg-repeat=\"false\" ><\/div><div class=\"fusion-fullwidth fullwidth-box fusion-builder-row-1 fusion-flex-container has-pattern-background has-mask-background fusion-parallax-down nonhundred-percent-fullwidth non-hundred-percent-height-scrolling lazyload\" style=\"--awb-background-position:center top;--awb-border-radius-top-left:0px;--awb-border-radius-top-right:0px;--awb-border-radius-bottom-right:0px;--awb-border-radius-bottom-left:0px;--awb-padding-top:600px;--awb-background-size:cover;--awb-flex-wrap:wrap;\" data-bg=\"https:\/\/regionalmuseum-langnau.ch\/wp-content\/uploads\/2026\/09\/20260826-Chueechlihus-Langnau-i.E.-\u00a9-Dominique-Pluess-04d-komp-e1788444341741.jpg\" ><div class=\"fusion-builder-row fusion-row fusion-flex-align-items-flex-start fusion-flex-content-wrap\" style=\"max-width:calc( 1200px + 0px );margin-left: calc(-0px \/ 2 );margin-right: calc(-0px \/ 2 );\"><div class=\"fusion-layout-column fusion_builder_column fusion-builder-column-0 fusion_builder_column_1_1 1_1 fusion-flex-column kreis-spalte\" style=\"--awb-container-position:absolute;--awb-bg-size:cover;--awb-width-large:100%;--awb-margin-top-large:0px;--awb-spacing-right-large:0px;--awb-margin-bottom-large:0px;--awb-spacing-left-large:0px;--awb-width-medium:100%;--awb-order-medium:0;--awb-spacing-right-medium:0px;--awb-spacing-left-medium:0px;--awb-width-small:100%;--awb-order-small:0;--awb-spacing-right-small:0px;--awb-spacing-left-small:0px;\"><div class=\"fusion-column-wrapper fusion-column-has-shadow fusion-flex-justify-content-flex-start fusion-content-layout-column\"><div class=\"kreis\">\n        <svg viewBox=\"0 0 500 500\">\n            <path id=\"curve\" d=\"M73.2,148.6c4-6.1,65.5-96.8,178.6-95.6c111.3,1.2,170.8,90.3,175.1,97\" \/>\n            <text width=\"500\">\n                <textPath xlink:href=\"#curve\">Bienvenue au Ch\u00fcechlihus<\/textPath>\n            <\/text>\n        <\/svg>\n    <\/div><\/div><\/div><\/div><\/div><div class=\"fusion-fullwidth fullwidth-box fusion-builder-row-2 fusion-flex-container nonhundred-percent-fullwidth non-hundred-percent-height-scrolling\" style=\"--awb-border-radius-top-left:0px;--awb-border-radius-top-right:0px;--awb-border-radius-bottom-right:0px;--awb-border-radius-bottom-left:0px;--awb-flex-wrap:wrap;\" ><div class=\"fusion-builder-row fusion-row fusion-flex-align-items-stretch fusion-flex-content-wrap\" style=\"max-width:calc( 1200px + 0px );margin-left: calc(-0px \/ 2 );margin-right: calc(-0px \/ 2 );\"><div class=\"fusion-layout-column fusion_builder_column fusion-builder-column-1 fusion_builder_column_1_2 1_2 fusion-flex-column\" style=\"--awb-padding-top:75px;--awb-padding-right:8%;--awb-padding-bottom:30px;--awb-padding-left:13%;--awb-padding-top-small:20px;--awb-padding-right-small:10%;--awb-padding-bottom-small:20px;--awb-padding-left-small:8%;--awb-bg-color:var(--awb-color4);--awb-bg-color-hover:var(--awb-color4);--awb-bg-size:cover;--awb-width-large:50%;--awb-margin-top-large:0px;--awb-spacing-right-large:0px;--awb-margin-bottom-large:0px;--awb-spacing-left-large:0px;--awb-width-medium:50%;--awb-order-medium:0;--awb-spacing-right-medium:0px;--awb-spacing-left-medium:0px;--awb-width-small:100%;--awb-order-small:0;--awb-spacing-right-small:0px;--awb-spacing-left-small:0px;\"><div class=\"fusion-column-wrapper fusion-column-has-shadow fusion-flex-justify-content-flex-start fusion-content-layout-column\"><div class=\"fusion-text fusion-text-1 link-weiss\" style=\"--awb-text-transform:none;\"><div class=\"page\" title=\"Page 1\">\n<div class=\"layoutArea\">\n<h1 class=\"column\"><a href=\"https:\/\/regionalmuseum-langnau.ch\/fr\/visite\/\" target=\"_blank\" rel=\"noopener\">visiter<\/a><\/h1>\n<\/div>\n<\/div>\n<\/div><\/div><\/div><div class=\"fusion-layout-column fusion_builder_column fusion-builder-column-2 fusion_builder_column_1_2 1_2 fusion-flex-column\" style=\"--awb-padding-top:75px;--awb-padding-right:13%;--awb-padding-bottom:30px;--awb-padding-left:13%;--awb-padding-top-small:55px;--awb-padding-right-small:8%;--awb-padding-bottom-small:20px;--awb-padding-left-small:8%;--awb-bg-color:var(--awb-color1);--awb-bg-color-hover:var(--awb-color1);--awb-bg-size:cover;--awb-width-large:50%;--awb-margin-top-large:0px;--awb-spacing-right-large:0px;--awb-margin-bottom-large:0px;--awb-spacing-left-large:0px;--awb-width-medium:50%;--awb-order-medium:0;--awb-spacing-right-medium:0px;--awb-spacing-left-medium:0px;--awb-width-small:100%;--awb-order-small:0;--awb-spacing-right-small:0px;--awb-spacing-left-small:0px;\"><div class=\"fusion-column-wrapper fusion-column-has-shadow fusion-flex-justify-content-flex-start fusion-content-layout-column\"><div class=\"fusion-title title fusion-title-1 fusion-sep-none fusion-title-text fusion-title-size-three\" style=\"--awb-text-color:var(--awb-color4);--awb-margin-top-small:10px;--awb-margin-right-small:0px;--awb-margin-bottom-small:10px;--awb-margin-left-small:0px;\"><h3 class=\"fusion-title-heading title-heading-left fusion-responsive-typography-calculated\" style=\"margin:0;--fontSize:29;line-height:var(--awb-typography1-line-height);\"><p class=\"fusion-responsive-typography-calculated\" data-fontsize=\"32\" data-lineheight=\"38.400001525878906px\"><span class=\"fett\">Heures d&rsquo;ouverture<\/span><\/p><\/h3><\/div><div class=\"fusion-text fusion-text-2\" style=\"--awb-text-transform:none;--awb-text-color:var(--awb-color4);\"><p>Du mercredi au samedi<br \/>\n13h30-18h00<\/p>\n<p>Dimanche et jours f\u00e9ri\u00e9s Jours f\u00e9ri\u00e9s<br \/>\n10h00-18h00<\/p>\n<\/div><div class=\"fusion-text fusion-text-3 cta-link grau\" style=\"--awb-text-transform:none;--awb-text-color:var(--awb-color8);\"><p><a href=\"https:\/\/regionalmuseum-langnau.ch\/fr\/visite\/\">plus<\/a><\/p>\n<\/div><\/div><\/div><\/div><\/div><div class=\"fusion-fullwidth fullwidth-box fusion-builder-row-3 fusion-flex-container nonhundred-percent-fullwidth non-hundred-percent-height-scrolling reverse-cols\" style=\"--awb-border-radius-top-left:0px;--awb-border-radius-top-right:0px;--awb-border-radius-bottom-right:0px;--awb-border-radius-bottom-left:0px;--awb-flex-wrap:wrap;\" ><div class=\"fusion-builder-row fusion-row fusion-flex-align-items-stretch fusion-flex-content-wrap\" style=\"max-width:calc( 1200px + 0px );margin-left: calc(-0px \/ 2 );margin-right: calc(-0px \/ 2 );\"><div class=\"fusion-layout-column fusion_builder_column fusion-builder-column-3 fusion_builder_column_1_2 1_2 fusion-flex-column\" style=\"--awb-padding-top:75px;--awb-padding-right:13%;--awb-padding-bottom:75px;--awb-padding-left:13%;--awb-padding-top-small:55px;--awb-padding-right-small:8%;--awb-padding-bottom-small:20px;--awb-padding-left-small:8%;--awb-bg-color:var(--awb-color1);--awb-bg-color-hover:var(--awb-color1);--awb-bg-size:cover;--awb-width-large:50%;--awb-margin-top-large:0px;--awb-spacing-right-large:0px;--awb-margin-bottom-large:0px;--awb-spacing-left-large:0px;--awb-width-medium:50%;--awb-order-medium:0;--awb-spacing-right-medium:0px;--awb-spacing-left-medium:0px;--awb-width-small:100%;--awb-order-small:0;--awb-spacing-right-small:0px;--awb-spacing-left-small:0px;\"><div class=\"fusion-column-wrapper fusion-column-has-shadow fusion-flex-justify-content-flex-start fusion-content-layout-column\"><div class=\"fusion-text fusion-text-4\" style=\"--awb-text-transform:none;--awb-text-color:var(--awb-color5);\"><div class=\"page\" title=\"Page 1\">\n<div class=\"layoutArea\">\n<div class=\"column\">\n<div class=\"page\" title=\"Page 1\">\n<div class=\"layoutArea\">\n<div class=\"column\">\n<p>Le mus\u00e9e r\u00e9gional Ch\u00fcechlihus est un lieu culturel vivant, o\u00f9 les habitants de l&rsquo;Emmental et les visiteurs se rencontrent. Nos expositions temporaires et nos projets invitent \u00e0 regarder et \u00e0 \u00e9couter, \u00e0 participer et \u00e0 s&rsquo;impliquer, et incitent \u00e0 la r\u00e9flexion et \u00e0 la discussion. <\/p>\n<\/div>\n<\/div>\n<\/div>\n<\/div>\n<\/div>\n<\/div>\n<\/div><div class=\"fusion-text fusion-text-5 cta-link pink\" style=\"--awb-text-transform:none;--awb-text-color:var(--awb-color5);\"><p><a href=\"https:\/\/regionalmuseum-langnau.ch\/fr\/actuel\/\">plus<\/a><\/p>\n<\/div><\/div><\/div><div class=\"fusion-layout-column fusion_builder_column fusion-builder-column-4 fusion_builder_column_1_2 1_2 fusion-flex-column\" style=\"--awb-padding-top:75px;--awb-padding-right:8%;--awb-padding-bottom:30px;--awb-padding-left:13%;--awb-padding-top-small:20px;--awb-padding-right-small:10%;--awb-padding-bottom-small:20px;--awb-padding-left-small:8%;--awb-bg-color:var(--awb-color5);--awb-bg-color-hover:var(--awb-color5);--awb-bg-size:cover;--awb-width-large:50%;--awb-margin-top-large:0px;--awb-spacing-right-large:0px;--awb-margin-bottom-large:0px;--awb-spacing-left-large:0px;--awb-width-medium:50%;--awb-order-medium:0;--awb-spacing-right-medium:0px;--awb-spacing-left-medium:0px;--awb-width-small:100%;--awb-order-small:0;--awb-spacing-right-small:0px;--awb-spacing-left-small:0px;\"><div class=\"fusion-column-wrapper fusion-column-has-shadow fusion-flex-justify-content-flex-start fusion-content-layout-column\"><div class=\"fusion-text fusion-text-6 link-weiss\" style=\"--awb-text-transform:none;\"><h1 style=\"color: #ffffff;\"><a href=\"https:\/\/regionalmuseum-langnau.ch\/fr\/actuel\/\">participer<\/a><\/h1>\n<\/div><\/div><\/div><\/div><\/div><div class=\"fusion-fullwidth fullwidth-box fusion-builder-row-4 fusion-flex-container has-pattern-background has-mask-background nonhundred-percent-fullwidth non-hundred-percent-height-scrolling\" style=\"--awb-border-radius-top-left:0px;--awb-border-radius-top-right:0px;--awb-border-radius-bottom-right:0px;--awb-border-radius-bottom-left:0px;--awb-padding-right:calc(6.5% - 20px);--awb-padding-left:calc(6.5% - 20px);--awb-padding-right-small:6.5%;--awb-padding-left-small:6.5%;--awb-margin-bottom:50px;--awb-flex-wrap:wrap;\" ><div class=\"fusion-builder-row fusion-row fusion-flex-align-items-stretch fusion-flex-content-wrap\" style=\"max-width:calc( 1200px + 0px );margin-left: calc(-0px \/ 2 );margin-right: calc(-0px \/ 2 );\"><div class=\"fusion-layout-column fusion_builder_column fusion-builder-column-5 fusion_builder_column_1_3 1_3 fusion-flex-column fusion-flex-align-self-flex-start fusion-column-inner-bg-wrapper box_kategorie\" style=\"--awb-inner-bg-color:var(--awb-custom_color_11);--awb-inner-bg-color-hover:var(--awb-custom_color_11);--awb-inner-bg-position:right center;--awb-inner-bg-blend:overlay;--awb-inner-bg-size:cover;--awb-width-large:33.333333333333%;--awb-margin-top-large:50px;--awb-spacing-right-large:20px;--awb-margin-bottom-large:0px;--awb-spacing-left-large:20px;--awb-width-medium:33.333333333333%;--awb-order-medium:0;--awb-spacing-right-medium:20px;--awb-spacing-left-medium:20px;--awb-width-small:100%;--awb-order-small:0;--awb-spacing-right-small:0px;--awb-spacing-left-small:0px;\" data-scroll-devices=\"small-visibility,medium-visibility,large-visibility\"><span class=\"fusion-column-inner-bg hover-type-zoomin\"><a class=\"fusion-column-anchor\" href=\"https:\/\/regionalmuseum-langnau.ch\/fr\/?page_id=18243\"><span class=\"fusion-column-inner-bg-image\"><\/span><\/a><\/span><div class=\"fusion-column-wrapper fusion-column-has-shadow fusion-flex-justify-content-flex-start fusion-content-layout-column\"><div class=\"fusion-builder-row fusion-builder-row-inner fusion-row fusion-flex-align-items-stretch fusion-flex-content-wrap\" style=\"--awb-flex-grow:0;--awb-flex-grow-medium:0;--awb-flex-grow-small:0;--awb-flex-shrink:0;--awb-flex-shrink-medium:0;--awb-flex-shrink-small:0;width:calc( 100% + 0px ) !important;max-width:calc( 100% + 0px ) !important;margin-left: calc(-0px \/ 2 );margin-right: calc(-0px \/ 2 );\"><div class=\"fusion-layout-column fusion_builder_column_inner fusion-builder-nested-column-0 fusion_builder_column_inner_1_1 1_1 fusion-flex-column\" style=\"--awb-bg-size:cover;--awb-width-large:100%;--awb-margin-top-large:0px;--awb-spacing-right-large:0px;--awb-margin-bottom-large:0px;--awb-spacing-left-large:0px;--awb-width-medium:100%;--awb-order-medium:0;--awb-spacing-right-medium:0px;--awb-spacing-left-medium:0px;--awb-width-small:100%;--awb-order-small:0;--awb-spacing-right-small:0px;--awb-spacing-left-small:0px;\"><div class=\"fusion-column-wrapper fusion-column-has-shadow fusion-flex-justify-content-flex-start fusion-content-layout-column\"><div class=\"fusion-image-element\" style=\"--awb-aspect-ratio:1 \/ 1;--awb-object-position:50% 52%;--awb-caption-title-font-family:var(--h2_typography-font-family);--awb-caption-title-font-weight:var(--h2_typography-font-weight);--awb-caption-title-font-style:var(--h2_typography-font-style);--awb-caption-title-size:var(--h2_typography-font-size);--awb-caption-title-transform:var(--h2_typography-text-transform);--awb-caption-title-line-height:var(--h2_typography-line-height);--awb-caption-title-letter-spacing:var(--h2_typography-letter-spacing);\"><span class=\" fusion-imageframe imageframe-none imageframe-1 hover-type-zoomin has-aspect-ratio\"><img decoding=\"async\" width=\"2500\" height=\"1562\" title=\"Bild_Spycher_Pfeil_Querformat &#8211; Kopie\" src=\"https:\/\/regionalmuseum-langnau.ch\/wp-content\/uploads\/2026\/01\/Bild_Spycher_Pfeil_Querformat-Kopie.jpg\" data-orig-src=\"https:\/\/regionalmuseum-langnau.ch\/wp-content\/uploads\/2026\/01\/Bild_Spycher_Pfeil_Querformat-Kopie.jpg\" class=\"lazyload img-responsive wp-image-19484 img-with-aspect-ratio\" data-parent-fit=\"cover\" data-parent-container=\".fusion-image-element\" alt srcset=\"data:image\/svg+xml,%3Csvg%20xmlns%3D%27http%3A%2F%2Fwww.w3.org%2F2000%2Fsvg%27%20width%3D%272500%27%20height%3D%271562%27%20viewBox%3D%270%200%202500%201562%27%3E%3Crect%20width%3D%272500%27%20height%3D%271562%27%20fill-opacity%3D%220%22%2F%3E%3C%2Fsvg%3E\" data-srcset=\"https:\/\/regionalmuseum-langnau.ch\/wp-content\/uploads\/2026\/01\/Bild_Spycher_Pfeil_Querformat-Kopie-200x125.jpg 200w, https:\/\/regionalmuseum-langnau.ch\/wp-content\/uploads\/2026\/01\/Bild_Spycher_Pfeil_Querformat-Kopie-400x250.jpg 400w, https:\/\/regionalmuseum-langnau.ch\/wp-content\/uploads\/2026\/01\/Bild_Spycher_Pfeil_Querformat-Kopie-600x375.jpg 600w, https:\/\/regionalmuseum-langnau.ch\/wp-content\/uploads\/2026\/01\/Bild_Spycher_Pfeil_Querformat-Kopie-800x500.jpg 800w, https:\/\/regionalmuseum-langnau.ch\/wp-content\/uploads\/2026\/01\/Bild_Spycher_Pfeil_Querformat-Kopie-1200x750.jpg 1200w, https:\/\/regionalmuseum-langnau.ch\/wp-content\/uploads\/2026\/01\/Bild_Spycher_Pfeil_Querformat-Kopie.jpg 2500w\" data-sizes=\"auto\" data-orig-sizes=\"(max-width: 700px) 100vw, 2500px\" \/><\/span><\/div><\/div><\/div><div class=\"fusion-layout-column fusion_builder_column_inner fusion-builder-nested-column-1 fusion_builder_column_inner_1_1 1_1 fusion-flex-column\" style=\"--awb-padding-top:5px;--awb-padding-bottom:5px;--awb-bg-color:var(--awb-color5);--awb-bg-color-hover:var(--awb-color5);--awb-bg-size:cover;--awb-width-large:100%;--awb-margin-top-large:0px;--awb-spacing-right-large:0px;--awb-margin-bottom-large:0px;--awb-spacing-left-large:0px;--awb-width-medium:100%;--awb-order-medium:0;--awb-spacing-right-medium:0px;--awb-spacing-left-medium:0px;--awb-width-small:100%;--awb-order-small:0;--awb-spacing-right-small:0px;--awb-spacing-left-small:0px;\" data-scroll-devices=\"small-visibility,medium-visibility,large-visibility\"><div class=\"fusion-column-wrapper fusion-column-has-shadow fusion-flex-justify-content-flex-start fusion-content-layout-column\"><div class=\"fusion-text fusion-text-7 fusion-text-no-margin\" style=\"--awb-text-color:var(--awb-color1);--awb-margin-top:5px;--awb-margin-bottom:5px;\"><p style=\"text-align: center;\"><strong>SPYCHERE !<\/strong><\/p>\n<\/div><\/div><\/div><\/div><\/div><\/div>\n\n<div class=\"fusion-layout-column fusion_builder_column fusion-builder-column-6 fusion_builder_column_1_3 1_3 fusion-flex-column fusion-flex-align-self-flex-start fusion-column-inner-bg-wrapper box_kategorie\" style=\"--awb-inner-bg-color:var(--awb-custom_color_11);--awb-inner-bg-color-hover:var(--awb-custom_color_11);--awb-inner-bg-position:right center;--awb-inner-bg-blend:overlay;--awb-inner-bg-size:cover;--awb-width-large:33.333333333333%;--awb-margin-top-large:50px;--awb-spacing-right-large:20px;--awb-margin-bottom-large:0px;--awb-spacing-left-large:20px;--awb-width-medium:33.333333333333%;--awb-order-medium:0;--awb-spacing-right-medium:20px;--awb-spacing-left-medium:20px;--awb-width-small:100%;--awb-order-small:0;--awb-spacing-right-small:0px;--awb-spacing-left-small:0px;\" data-scroll-devices=\"small-visibility,medium-visibility,large-visibility\"><span class=\"fusion-column-inner-bg hover-type-zoomin\"><a class=\"fusion-column-anchor\" href=\"https:\/\/regionalmuseum-langnau.ch\/fr\/offre-permanente\/exposition-permanente\/\"><span class=\"fusion-column-inner-bg-image\"><\/span><\/a><\/span><div class=\"fusion-column-wrapper fusion-column-has-shadow fusion-flex-justify-content-flex-start fusion-content-layout-column\"><div class=\"fusion-builder-row fusion-builder-row-inner fusion-row fusion-flex-align-items-stretch fusion-flex-content-wrap\" style=\"--awb-flex-grow:0;--awb-flex-grow-medium:0;--awb-flex-grow-small:0;--awb-flex-shrink:0;--awb-flex-shrink-medium:0;--awb-flex-shrink-small:0;width:calc( 100% + 0px ) !important;max-width:calc( 100% + 0px ) !important;margin-left: calc(-0px \/ 2 );margin-right: calc(-0px \/ 2 );\"><div class=\"fusion-layout-column fusion_builder_column_inner fusion-builder-nested-column-2 fusion_builder_column_inner_1_1 1_1 fusion-flex-column\" style=\"--awb-bg-size:cover;--awb-width-large:100%;--awb-margin-top-large:0px;--awb-spacing-right-large:0px;--awb-margin-bottom-large:0px;--awb-spacing-left-large:0px;--awb-width-medium:100%;--awb-order-medium:0;--awb-spacing-right-medium:0px;--awb-spacing-left-medium:0px;--awb-width-small:100%;--awb-order-small:0;--awb-spacing-right-small:0px;--awb-spacing-left-small:0px;\"><div class=\"fusion-column-wrapper fusion-column-has-shadow fusion-flex-justify-content-flex-start fusion-content-layout-column\"><div class=\"fusion-image-element\" style=\"--awb-aspect-ratio:1 \/ 1;--awb-object-position:41% 46%;--awb-caption-title-font-family:var(--h2_typography-font-family);--awb-caption-title-font-weight:var(--h2_typography-font-weight);--awb-caption-title-font-style:var(--h2_typography-font-style);--awb-caption-title-size:var(--h2_typography-font-size);--awb-caption-title-transform:var(--h2_typography-text-transform);--awb-caption-title-line-height:var(--h2_typography-line-height);--awb-caption-title-letter-spacing:var(--h2_typography-letter-spacing);\"><span class=\" fusion-imageframe imageframe-none imageframe-2 hover-type-zoomin has-aspect-ratio\"><a class=\"fusion-no-lightbox\" href=\"https:\/\/regionalmuseum-langnau.ch\/fr\/offre-permanente\/exposition-permanente\/\" target=\"_self\" aria-label=\"2025_09_03 RMC 2025_Gwen Moser (3)\"><img decoding=\"async\" width=\"2300\" height=\"1533\" src=\"https:\/\/regionalmuseum-langnau.ch\/wp-content\/uploads\/2025\/09\/2025_09_03-RMC-2025_Gwen-Moser-3-1.jpg\" data-orig-src=\"https:\/\/regionalmuseum-langnau.ch\/wp-content\/uploads\/2025\/09\/2025_09_03-RMC-2025_Gwen-Moser-3-1.jpg\" class=\"lazyload img-responsive wp-image-17158 img-with-aspect-ratio\" data-parent-fit=\"cover\" data-parent-container=\".fusion-image-element\" alt srcset=\"data:image\/svg+xml,%3Csvg%20xmlns%3D%27http%3A%2F%2Fwww.w3.org%2F2000%2Fsvg%27%20width%3D%272300%27%20height%3D%271533%27%20viewBox%3D%270%200%202300%201533%27%3E%3Crect%20width%3D%272300%27%20height%3D%271533%27%20fill-opacity%3D%220%22%2F%3E%3C%2Fsvg%3E\" data-srcset=\"https:\/\/regionalmuseum-langnau.ch\/wp-content\/uploads\/2025\/09\/2025_09_03-RMC-2025_Gwen-Moser-3-1-200x133.jpg 200w, https:\/\/regionalmuseum-langnau.ch\/wp-content\/uploads\/2025\/09\/2025_09_03-RMC-2025_Gwen-Moser-3-1-400x267.jpg 400w, https:\/\/regionalmuseum-langnau.ch\/wp-content\/uploads\/2025\/09\/2025_09_03-RMC-2025_Gwen-Moser-3-1-600x400.jpg 600w, https:\/\/regionalmuseum-langnau.ch\/wp-content\/uploads\/2025\/09\/2025_09_03-RMC-2025_Gwen-Moser-3-1-800x533.jpg 800w, https:\/\/regionalmuseum-langnau.ch\/wp-content\/uploads\/2025\/09\/2025_09_03-RMC-2025_Gwen-Moser-3-1-1200x800.jpg 1200w, https:\/\/regionalmuseum-langnau.ch\/wp-content\/uploads\/2025\/09\/2025_09_03-RMC-2025_Gwen-Moser-3-1.jpg 2300w\" data-sizes=\"auto\" data-orig-sizes=\"(max-width: 700px) 100vw, 2300px\" \/><\/a><\/span><\/div><\/div><\/div><div class=\"fusion-layout-column fusion_builder_column_inner fusion-builder-nested-column-3 fusion_builder_column_inner_1_1 1_1 fusion-flex-column\" style=\"--awb-padding-top:5px;--awb-padding-bottom:5px;--awb-bg-color:var(--awb-color6);--awb-bg-color-hover:var(--awb-color6);--awb-bg-size:cover;--awb-width-large:100%;--awb-margin-top-large:0px;--awb-spacing-right-large:0px;--awb-margin-bottom-large:0px;--awb-spacing-left-large:0px;--awb-width-medium:100%;--awb-order-medium:0;--awb-spacing-right-medium:0px;--awb-spacing-left-medium:0px;--awb-width-small:100%;--awb-order-small:0;--awb-spacing-right-small:0px;--awb-spacing-left-small:0px;\"><div class=\"fusion-column-wrapper fusion-column-has-shadow fusion-flex-justify-content-flex-start fusion-content-layout-column\"><div class=\"fusion-text fusion-text-8 fusion-text-no-margin\" style=\"--awb-text-color:var(--awb-color1);--awb-margin-top:5px;--awb-margin-bottom:5px;\"><p style=\"text-align: center;\"><strong style=\"color: #ffffff;\">EXPOSITION PERMANENTE<\/strong><\/p>\n<\/div><\/div><\/div><\/div><\/div><\/div>\n\n<div class=\"fusion-layout-column fusion_builder_column fusion-builder-column-7 fusion_builder_column_1_3 1_3 fusion-flex-column fusion-flex-align-self-flex-start fusion-column-inner-bg-wrapper box_kategorie\" style=\"--awb-inner-bg-color:var(--awb-custom_color_11);--awb-inner-bg-color-hover:var(--awb-custom_color_11);--awb-inner-bg-position:right center;--awb-inner-bg-blend:overlay;--awb-inner-bg-size:cover;--awb-width-large:33.333333333333%;--awb-margin-top-large:50px;--awb-spacing-right-large:20px;--awb-margin-bottom-large:0px;--awb-spacing-left-large:20px;--awb-width-medium:33.333333333333%;--awb-order-medium:0;--awb-spacing-right-medium:20px;--awb-spacing-left-medium:20px;--awb-width-small:100%;--awb-order-small:0;--awb-spacing-right-small:0px;--awb-spacing-left-small:0px;\"><span class=\"fusion-column-inner-bg hover-type-zoomin\"><a class=\"fusion-column-anchor\" href=\"https:\/\/regionalmuseum-langnau.ch\/fr\/actuel\/collecte\/\"><span class=\"fusion-column-inner-bg-image\"><\/span><\/a><\/span><div class=\"fusion-column-wrapper fusion-column-has-shadow fusion-flex-justify-content-flex-start fusion-content-layout-column\"><div class=\"fusion-builder-row fusion-builder-row-inner fusion-row fusion-flex-align-items-stretch fusion-flex-content-wrap\" style=\"--awb-flex-grow:0;--awb-flex-grow-medium:0;--awb-flex-grow-small:0;--awb-flex-shrink:0;--awb-flex-shrink-medium:0;--awb-flex-shrink-small:0;width:calc( 100% + 0px ) !important;max-width:calc( 100% + 0px ) !important;margin-left: calc(-0px \/ 2 );margin-right: calc(-0px \/ 2 );\"><div class=\"fusion-layout-column fusion_builder_column_inner fusion-builder-nested-column-4 fusion_builder_column_inner_1_1 1_1 fusion-flex-column\" style=\"--awb-bg-size:cover;--awb-width-large:100%;--awb-margin-top-large:0px;--awb-spacing-right-large:0px;--awb-margin-bottom-large:0px;--awb-spacing-left-large:0px;--awb-width-medium:100%;--awb-order-medium:0;--awb-spacing-right-medium:0px;--awb-spacing-left-medium:0px;--awb-width-small:100%;--awb-order-small:0;--awb-spacing-right-small:0px;--awb-spacing-left-small:0px;\"><div class=\"fusion-column-wrapper fusion-column-has-shadow fusion-flex-justify-content-flex-start fusion-content-layout-column\"><div class=\"fusion-image-element\" style=\"--awb-aspect-ratio:1 \/ 1;--awb-caption-title-font-family:var(--h2_typography-font-family);--awb-caption-title-font-weight:var(--h2_typography-font-weight);--awb-caption-title-font-style:var(--h2_typography-font-style);--awb-caption-title-size:var(--h2_typography-font-size);--awb-caption-title-transform:var(--h2_typography-text-transform);--awb-caption-title-line-height:var(--h2_typography-line-height);--awb-caption-title-letter-spacing:var(--h2_typography-letter-spacing);\"><span class=\" fusion-imageframe imageframe-none imageframe-3 hover-type-zoomin has-aspect-ratio\"><img decoding=\"async\" width=\"1024\" height=\"686\" title=\"titelbild_ entsammeln_2024_web\" src=\"https:\/\/regionalmuseum-langnau.ch\/wp-content\/uploads\/2024\/02\/titelbild_-entsammeln_2024_web-scaled.jpg\" data-orig-src=\"https:\/\/regionalmuseum-langnau.ch\/wp-content\/uploads\/2024\/02\/titelbild_-entsammeln_2024_web-1024x686.jpg\" class=\"lazyload img-responsive wp-image-11064 img-with-aspect-ratio\" data-parent-fit=\"cover\" data-parent-container=\".fusion-image-element\" alt srcset=\"data:image\/svg+xml,%3Csvg%20xmlns%3D%27http%3A%2F%2Fwww.w3.org%2F2000%2Fsvg%27%20width%3D%272560%27%20height%3D%271716%27%20viewBox%3D%270%200%202560%201716%27%3E%3Crect%20width%3D%272560%27%20height%3D%271716%27%20fill-opacity%3D%220%22%2F%3E%3C%2Fsvg%3E\" data-srcset=\"https:\/\/regionalmuseum-langnau.ch\/wp-content\/uploads\/2024\/02\/titelbild_-entsammeln_2024_web-200x134.jpg 200w, https:\/\/regionalmuseum-langnau.ch\/wp-content\/uploads\/2024\/02\/titelbild_-entsammeln_2024_web-400x268.jpg 400w, https:\/\/regionalmuseum-langnau.ch\/wp-content\/uploads\/2024\/02\/titelbild_-entsammeln_2024_web-600x402.jpg 600w, https:\/\/regionalmuseum-langnau.ch\/wp-content\/uploads\/2024\/02\/titelbild_-entsammeln_2024_web-800x536.jpg 800w, https:\/\/regionalmuseum-langnau.ch\/wp-content\/uploads\/2024\/02\/titelbild_-entsammeln_2024_web-1200x804.jpg 1200w\" data-sizes=\"auto\" data-orig-sizes=\"(max-width: 700px) 100vw, 1024px\" \/><\/span><\/div><\/div><\/div><div class=\"fusion-layout-column fusion_builder_column_inner fusion-builder-nested-column-5 fusion_builder_column_inner_1_1 1_1 fusion-flex-column\" style=\"--awb-padding-top:5px;--awb-padding-bottom:5px;--awb-bg-color:var(--awb-color5);--awb-bg-color-hover:var(--awb-color5);--awb-bg-size:cover;--awb-width-large:100%;--awb-margin-top-large:0px;--awb-spacing-right-large:0px;--awb-margin-bottom-large:0px;--awb-spacing-left-large:0px;--awb-width-medium:100%;--awb-order-medium:0;--awb-spacing-right-medium:0px;--awb-spacing-left-medium:0px;--awb-width-small:100%;--awb-order-small:0;--awb-spacing-right-small:0px;--awb-spacing-left-small:0px;\"><div class=\"fusion-column-wrapper fusion-column-has-shadow fusion-flex-justify-content-flex-start fusion-content-layout-column\"><div class=\"fusion-text fusion-text-9 fusion-text-no-margin\" style=\"--awb-text-color:var(--awb-color1);--awb-margin-top:5px;--awb-margin-bottom:5px;\"><p style=\"text-align: center;\"><strong>D\u00c9COLLECTIONNER<\/strong><\/p>\n<\/div><\/div><\/div><\/div><\/div><\/div><nav class=\"fusion-layout-column fusion_builder_column fusion-builder-column-8 fusion_builder_column_1_3 1_3 fusion-flex-column fusion-flex-align-self-flex-start fusion-column-inner-bg-wrapper box_kategorie\" style=\"--awb-inner-bg-color:var(--awb-custom_color_11);--awb-inner-bg-color-hover:var(--awb-custom_color_11);--awb-inner-bg-position:right center;--awb-inner-bg-blend:overlay;--awb-inner-bg-size:cover;--awb-width-large:33.333333333333%;--awb-margin-top-large:50px;--awb-spacing-right-large:20px;--awb-margin-bottom-large:0px;--awb-spacing-left-large:20px;--awb-width-medium:33.333333333333%;--awb-order-medium:0;--awb-spacing-right-medium:20px;--awb-spacing-left-medium:20px;--awb-width-small:100%;--awb-order-small:0;--awb-spacing-right-small:0px;--awb-spacing-left-small:0px;\" data-scroll-devices=\"small-visibility,medium-visibility,large-visibility\"><span class=\"fusion-column-inner-bg hover-type-zoomin\"><a class=\"fusion-column-anchor\" href=\"https:\/\/regionalmuseum-langnau.ch\/fr\/offre-permanente\/offres-pour-les-ecoles\/\"><span class=\"fusion-column-inner-bg-image\"><\/span><\/a><\/span><div class=\"fusion-column-wrapper fusion-column-has-shadow fusion-flex-justify-content-flex-start fusion-content-layout-column\"><div class=\"fusion-builder-row fusion-builder-row-inner fusion-row fusion-flex-align-items-stretch fusion-flex-content-wrap\" style=\"--awb-flex-grow:0;--awb-flex-grow-medium:0;--awb-flex-grow-small:0;--awb-flex-shrink:0;--awb-flex-shrink-medium:0;--awb-flex-shrink-small:0;width:calc( 100% + 0px ) !important;max-width:calc( 100% + 0px ) !important;margin-left: calc(-0px \/ 2 );margin-right: calc(-0px \/ 2 );\"><div class=\"fusion-layout-column fusion_builder_column_inner fusion-builder-nested-column-6 fusion_builder_column_inner_1_1 1_1 fusion-flex-column\" style=\"--awb-bg-size:cover;--awb-width-large:100%;--awb-margin-top-large:0px;--awb-spacing-right-large:0px;--awb-margin-bottom-large:0px;--awb-spacing-left-large:0px;--awb-width-medium:100%;--awb-order-medium:0;--awb-spacing-right-medium:0px;--awb-spacing-left-medium:0px;--awb-width-small:100%;--awb-order-small:0;--awb-spacing-right-small:0px;--awb-spacing-left-small:0px;\"><div class=\"fusion-column-wrapper fusion-column-has-shadow fusion-flex-justify-content-flex-start fusion-content-layout-column\"><div class=\"fusion-image-element\" style=\"--awb-aspect-ratio:1 \/ 1;--awb-caption-title-font-family:var(--h2_typography-font-family);--awb-caption-title-font-weight:var(--h2_typography-font-weight);--awb-caption-title-font-style:var(--h2_typography-font-style);--awb-caption-title-size:var(--h2_typography-font-size);--awb-caption-title-transform:var(--h2_typography-text-transform);--awb-caption-title-line-height:var(--h2_typography-line-height);--awb-caption-title-letter-spacing:var(--h2_typography-letter-spacing);\"><span class=\" fusion-imageframe imageframe-none imageframe-4 hover-type-zoomin has-aspect-ratio\"><img decoding=\"async\" width=\"1024\" height=\"683\" title=\"WS Holz RMC_2024 CSch (2)\" src=\"https:\/\/regionalmuseum-langnau.ch\/wp-content\/uploads\/2024\/01\/WS-Holz-RMC_2024-CSch-2.jpg\" data-orig-src=\"https:\/\/regionalmuseum-langnau.ch\/wp-content\/uploads\/2024\/01\/WS-Holz-RMC_2024-CSch-2-1024x683.jpg\" class=\"lazyload img-responsive wp-image-11052 img-with-aspect-ratio\" data-parent-fit=\"cover\" data-parent-container=\".fusion-image-element\" alt srcset=\"data:image\/svg+xml,%3Csvg%20xmlns%3D%27http%3A%2F%2Fwww.w3.org%2F2000%2Fsvg%27%20width%3D%271500%27%20height%3D%271000%27%20viewBox%3D%270%200%201500%201000%27%3E%3Crect%20width%3D%271500%27%20height%3D%271000%27%20fill-opacity%3D%220%22%2F%3E%3C%2Fsvg%3E\" data-srcset=\"https:\/\/regionalmuseum-langnau.ch\/wp-content\/uploads\/2024\/01\/WS-Holz-RMC_2024-CSch-2-200x133.jpg 200w, https:\/\/regionalmuseum-langnau.ch\/wp-content\/uploads\/2024\/01\/WS-Holz-RMC_2024-CSch-2-400x267.jpg 400w, https:\/\/regionalmuseum-langnau.ch\/wp-content\/uploads\/2024\/01\/WS-Holz-RMC_2024-CSch-2-600x400.jpg 600w, https:\/\/regionalmuseum-langnau.ch\/wp-content\/uploads\/2024\/01\/WS-Holz-RMC_2024-CSch-2-800x533.jpg 800w, https:\/\/regionalmuseum-langnau.ch\/wp-content\/uploads\/2024\/01\/WS-Holz-RMC_2024-CSch-2-1200x800.jpg 1200w, https:\/\/regionalmuseum-langnau.ch\/wp-content\/uploads\/2024\/01\/WS-Holz-RMC_2024-CSch-2.jpg 1500w\" data-sizes=\"auto\" data-orig-sizes=\"(max-width: 700px) 100vw, 1024px\" \/><\/span><\/div><\/div><\/div><div class=\"fusion-layout-column fusion_builder_column_inner fusion-builder-nested-column-7 fusion_builder_column_inner_1_1 1_1 fusion-flex-column\" style=\"--awb-padding-top:5px;--awb-padding-bottom:5px;--awb-bg-color:var(--awb-color6);--awb-bg-color-hover:var(--awb-color6);--awb-bg-size:cover;--awb-width-large:100%;--awb-margin-top-large:0px;--awb-spacing-right-large:0px;--awb-margin-bottom-large:0px;--awb-spacing-left-large:0px;--awb-width-medium:100%;--awb-order-medium:0;--awb-spacing-right-medium:0px;--awb-spacing-left-medium:0px;--awb-width-small:100%;--awb-order-small:0;--awb-spacing-right-small:0px;--awb-spacing-left-small:0px;\"><div class=\"fusion-column-wrapper fusion-column-has-shadow fusion-flex-justify-content-flex-start fusion-content-layout-column\"><div class=\"fusion-text fusion-text-10 fusion-text-no-margin\" style=\"--awb-text-color:var(--awb-color1);--awb-margin-top:5px;--awb-margin-bottom:5px;\"><p style=\"text-align: center;\"><strong>WORKSHOP<br \/>\n<\/strong><\/p>\n<\/div><\/div><\/div><\/div><\/div><\/nav><div class=\"fusion-layout-column fusion_builder_column fusion-builder-column-9 fusion_builder_column_1_3 1_3 fusion-flex-column fusion-flex-align-self-flex-start fusion-column-inner-bg-wrapper box_kategorie\" style=\"--awb-inner-bg-color:var(--awb-custom_color_11);--awb-inner-bg-color-hover:var(--awb-custom_color_11);--awb-inner-bg-position:right center;--awb-inner-bg-blend:overlay;--awb-inner-bg-size:cover;--awb-width-large:33.333333333333%;--awb-margin-top-large:50px;--awb-spacing-right-large:20px;--awb-margin-bottom-large:0px;--awb-spacing-left-large:20px;--awb-width-medium:33.333333333333%;--awb-order-medium:0;--awb-spacing-right-medium:20px;--awb-spacing-left-medium:20px;--awb-width-small:100%;--awb-order-small:0;--awb-spacing-right-small:0px;--awb-spacing-left-small:0px;\" data-scroll-devices=\"small-visibility,medium-visibility,large-visibility\"><span class=\"fusion-column-inner-bg hover-type-zoomin\"><a class=\"fusion-column-anchor\" href=\"https:\/\/regionalmuseum-langnau.ch\/fr\/actuel\/exposition-permanente-2\/\"><span class=\"fusion-column-inner-bg-image\"><\/span><\/a><\/span><div class=\"fusion-column-wrapper fusion-column-has-shadow fusion-flex-justify-content-flex-start fusion-content-layout-column\"><div class=\"fusion-builder-row fusion-builder-row-inner fusion-row fusion-flex-align-items-stretch fusion-flex-content-wrap\" style=\"--awb-flex-grow:0;--awb-flex-grow-medium:0;--awb-flex-grow-small:0;--awb-flex-shrink:0;--awb-flex-shrink-medium:0;--awb-flex-shrink-small:0;width:calc( 100% + 0px ) !important;max-width:calc( 100% + 0px ) !important;margin-left: calc(-0px \/ 2 );margin-right: calc(-0px \/ 2 );\"><div class=\"fusion-layout-column fusion_builder_column_inner fusion-builder-nested-column-8 fusion_builder_column_inner_1_1 1_1 fusion-flex-column\" style=\"--awb-bg-size:cover;--awb-width-large:100%;--awb-margin-top-large:0px;--awb-spacing-right-large:0px;--awb-margin-bottom-large:0px;--awb-spacing-left-large:0px;--awb-width-medium:100%;--awb-order-medium:0;--awb-spacing-right-medium:0px;--awb-spacing-left-medium:0px;--awb-width-small:100%;--awb-order-small:0;--awb-spacing-right-small:0px;--awb-spacing-left-small:0px;\"><div class=\"fusion-column-wrapper fusion-column-has-shadow fusion-flex-justify-content-flex-start fusion-content-layout-column\"><div class=\"fusion-image-element\" style=\"--awb-aspect-ratio:1 \/ 1;--awb-caption-title-font-family:var(--h2_typography-font-family);--awb-caption-title-font-weight:var(--h2_typography-font-weight);--awb-caption-title-font-style:var(--h2_typography-font-style);--awb-caption-title-size:var(--h2_typography-font-size);--awb-caption-title-transform:var(--h2_typography-text-transform);--awb-caption-title-line-height:var(--h2_typography-line-height);--awb-caption-title-letter-spacing:var(--h2_typography-letter-spacing);\"><span class=\" fusion-imageframe imageframe-none imageframe-5 hover-type-zoomin has-aspect-ratio\"><a class=\"fusion-no-lightbox\" href=\"https:\/\/regionalmuseum-langnau.ch\/fr\/actuel\/exposition-permanente-2\/\" target=\"_self\" aria-label=\"Ds Ch\u00fcechlihus brucht di Kachel quadrat\"><img decoding=\"async\" width=\"1024\" height=\"1024\" src=\"https:\/\/regionalmuseum-langnau.ch\/wp-content\/uploads\/2024\/12\/Ds-Chueechlihus-brucht-di-Kachel-quadrat.png\" data-orig-src=\"https:\/\/regionalmuseum-langnau.ch\/wp-content\/uploads\/2024\/12\/Ds-Chueechlihus-brucht-di-Kachel-quadrat-1024x1024.png\" class=\"lazyload img-responsive wp-image-15771 img-with-aspect-ratio\" data-parent-fit=\"cover\" data-parent-container=\".fusion-image-element\" alt srcset=\"data:image\/svg+xml,%3Csvg%20xmlns%3D%27http%3A%2F%2Fwww.w3.org%2F2000%2Fsvg%27%20width%3D%271241%27%20height%3D%271241%27%20viewBox%3D%270%200%201241%201241%27%3E%3Crect%20width%3D%271241%27%20height%3D%271241%27%20fill-opacity%3D%220%22%2F%3E%3C%2Fsvg%3E\" data-srcset=\"https:\/\/regionalmuseum-langnau.ch\/wp-content\/uploads\/2024\/12\/Ds-Chueechlihus-brucht-di-Kachel-quadrat-200x200.png 200w, https:\/\/regionalmuseum-langnau.ch\/wp-content\/uploads\/2024\/12\/Ds-Chueechlihus-brucht-di-Kachel-quadrat-400x400.png 400w, https:\/\/regionalmuseum-langnau.ch\/wp-content\/uploads\/2024\/12\/Ds-Chueechlihus-brucht-di-Kachel-quadrat-600x600.png 600w, https:\/\/regionalmuseum-langnau.ch\/wp-content\/uploads\/2024\/12\/Ds-Chueechlihus-brucht-di-Kachel-quadrat-800x800.png 800w, https:\/\/regionalmuseum-langnau.ch\/wp-content\/uploads\/2024\/12\/Ds-Chueechlihus-brucht-di-Kachel-quadrat-1200x1200.png 1200w, https:\/\/regionalmuseum-langnau.ch\/wp-content\/uploads\/2024\/12\/Ds-Chueechlihus-brucht-di-Kachel-quadrat.png 1241w\" data-sizes=\"auto\" data-orig-sizes=\"(max-width: 700px) 100vw, 1024px\" \/><\/a><\/span><\/div><\/div><\/div><div class=\"fusion-layout-column fusion_builder_column_inner fusion-builder-nested-column-9 fusion_builder_column_inner_1_1 1_1 fusion-flex-column\" style=\"--awb-padding-top:5px;--awb-padding-bottom:5px;--awb-bg-color:var(--awb-color5);--awb-bg-color-hover:var(--awb-color5);--awb-bg-size:cover;--awb-width-large:100%;--awb-margin-top-large:0px;--awb-spacing-right-large:0px;--awb-margin-bottom-large:0px;--awb-spacing-left-large:0px;--awb-width-medium:100%;--awb-order-medium:0;--awb-spacing-right-medium:0px;--awb-spacing-left-medium:0px;--awb-width-small:100%;--awb-order-small:0;--awb-spacing-right-small:0px;--awb-spacing-left-small:0px;\"><div class=\"fusion-column-wrapper fusion-column-has-shadow fusion-flex-justify-content-flex-start fusion-content-layout-column\"><div class=\"fusion-text fusion-text-11 fusion-text-no-margin\" style=\"--awb-text-color:var(--awb-color1);--awb-margin-top:5px;--awb-margin-bottom:5px;\"><p style=\"text-align: center;\"><strong>R\u00c9TROSPECTIVE TRANSFORMATION 2025<\/strong><\/p>\n<\/div><\/div><\/div><\/div><\/div><\/div><div class=\"fusion-layout-column fusion_builder_column fusion-builder-column-10 fusion_builder_column_1_3 1_3 fusion-flex-column fusion-flex-align-self-flex-start fusion-column-inner-bg-wrapper box_kategorie\" style=\"--awb-inner-bg-color:var(--awb-custom_color_11);--awb-inner-bg-color-hover:var(--awb-custom_color_11);--awb-inner-bg-position:right center;--awb-inner-bg-blend:overlay;--awb-inner-bg-size:cover;--awb-width-large:33.333333333333%;--awb-margin-top-large:50px;--awb-spacing-right-large:20px;--awb-margin-bottom-large:0px;--awb-spacing-left-large:20px;--awb-width-medium:33.333333333333%;--awb-order-medium:0;--awb-spacing-right-medium:20px;--awb-spacing-left-medium:20px;--awb-width-small:100%;--awb-order-small:0;--awb-spacing-right-small:0px;--awb-spacing-left-small:0px;\" data-scroll-devices=\"small-visibility,medium-visibility,large-visibility\"><span class=\"fusion-column-inner-bg hover-type-zoomin\"><a class=\"fusion-column-anchor\" href=\"https:\/\/regionalmuseum-langnau.ch\/fr\/offre-permanente\/tours-denigmes\/\"><span class=\"fusion-column-inner-bg-image\"><\/span><\/a><\/span><div class=\"fusion-column-wrapper fusion-column-has-shadow fusion-flex-justify-content-flex-start fusion-content-layout-column\"><div class=\"fusion-builder-row fusion-builder-row-inner fusion-row fusion-flex-align-items-stretch fusion-flex-content-wrap\" style=\"--awb-flex-grow:0;--awb-flex-grow-medium:0;--awb-flex-grow-small:0;--awb-flex-shrink:0;--awb-flex-shrink-medium:0;--awb-flex-shrink-small:0;width:calc( 100% + 0px ) !important;max-width:calc( 100% + 0px ) !important;margin-left: calc(-0px \/ 2 );margin-right: calc(-0px \/ 2 );\"><div class=\"fusion-layout-column fusion_builder_column_inner fusion-builder-nested-column-10 fusion_builder_column_inner_1_1 1_1 fusion-flex-column\" style=\"--awb-bg-size:cover;--awb-width-large:100%;--awb-margin-top-large:0px;--awb-spacing-right-large:0px;--awb-margin-bottom-large:0px;--awb-spacing-left-large:0px;--awb-width-medium:100%;--awb-order-medium:0;--awb-spacing-right-medium:0px;--awb-spacing-left-medium:0px;--awb-width-small:100%;--awb-order-small:0;--awb-spacing-right-small:0px;--awb-spacing-left-small:0px;\"><div class=\"fusion-column-wrapper fusion-column-has-shadow fusion-flex-justify-content-flex-start fusion-content-layout-column\"><div class=\"fusion-image-element\" style=\"--awb-aspect-ratio:1 \/ 1;--awb-caption-title-font-family:var(--h2_typography-font-family);--awb-caption-title-font-weight:var(--h2_typography-font-weight);--awb-caption-title-font-style:var(--h2_typography-font-style);--awb-caption-title-size:var(--h2_typography-font-size);--awb-caption-title-transform:var(--h2_typography-text-transform);--awb-caption-title-line-height:var(--h2_typography-line-height);--awb-caption-title-letter-spacing:var(--h2_typography-letter-spacing);\"><span class=\" fusion-imageframe imageframe-none imageframe-6 hover-type-zoomin has-aspect-ratio\"><a class=\"fusion-no-lightbox\" href=\"https:\/\/regionalmuseum-langnau.ch\/fr\/actuel\/exposition-permanente-2\/\" target=\"_self\" aria-label=\"Br\u00e4tzeli orange gr\"><img decoding=\"async\" width=\"460\" height=\"307\" src=\"https:\/\/regionalmuseum-langnau.ch\/wp-content\/uploads\/2023\/04\/Braetzeli-orange-gr.jpg\" data-orig-src=\"https:\/\/regionalmuseum-langnau.ch\/wp-content\/uploads\/2023\/04\/Braetzeli-orange-gr.jpg\" class=\"lazyload img-responsive wp-image-10662 img-with-aspect-ratio\" data-parent-fit=\"cover\" data-parent-container=\".fusion-image-element\" alt srcset=\"data:image\/svg+xml,%3Csvg%20xmlns%3D%27http%3A%2F%2Fwww.w3.org%2F2000%2Fsvg%27%20width%3D%27460%27%20height%3D%27307%27%20viewBox%3D%270%200%20460%20307%27%3E%3Crect%20width%3D%27460%27%20height%3D%27307%27%20fill-opacity%3D%220%22%2F%3E%3C%2Fsvg%3E\" data-srcset=\"https:\/\/regionalmuseum-langnau.ch\/wp-content\/uploads\/2023\/04\/Braetzeli-orange-gr-200x133.jpg 200w, https:\/\/regionalmuseum-langnau.ch\/wp-content\/uploads\/2023\/04\/Braetzeli-orange-gr-400x267.jpg 400w, https:\/\/regionalmuseum-langnau.ch\/wp-content\/uploads\/2023\/04\/Braetzeli-orange-gr.jpg 460w\" data-sizes=\"auto\" data-orig-sizes=\"(max-width: 700px) 100vw, 460px\" \/><\/a><\/span><\/div><\/div><\/div><div class=\"fusion-layout-column fusion_builder_column_inner fusion-builder-nested-column-11 fusion_builder_column_inner_1_1 1_1 fusion-flex-column\" style=\"--awb-padding-top:5px;--awb-padding-bottom:5px;--awb-bg-color:var(--awb-color6);--awb-bg-color-hover:var(--awb-color6);--awb-bg-size:cover;--awb-width-large:100%;--awb-margin-top-large:0px;--awb-spacing-right-large:0px;--awb-margin-bottom-large:0px;--awb-spacing-left-large:0px;--awb-width-medium:100%;--awb-order-medium:0;--awb-spacing-right-medium:0px;--awb-spacing-left-medium:0px;--awb-width-small:100%;--awb-order-small:0;--awb-spacing-right-small:0px;--awb-spacing-left-small:0px;\"><div class=\"fusion-column-wrapper fusion-column-has-shadow fusion-flex-justify-content-flex-start fusion-content-layout-column\"><div class=\"fusion-text fusion-text-12 fusion-text-no-margin\" style=\"--awb-text-color:var(--awb-color1);--awb-margin-top:5px;--awb-margin-bottom:5px;\"><p style=\"text-align: center;\"><strong>BR\u00c4TZELIROUTE<\/strong><\/p>\n<\/div><\/div><\/div><\/div><\/div><\/div><\/div><\/div><div class=\"fusion-fullwidth fullwidth-box fusion-builder-row-5 fusion-flex-container nonhundred-percent-fullwidth non-hundred-percent-height-scrolling\" style=\"--awb-border-radius-top-left:0px;--awb-border-radius-top-right:0px;--awb-border-radius-bottom-right:0px;--awb-border-radius-bottom-left:0px;--awb-flex-wrap:wrap;\" ><div class=\"fusion-builder-row fusion-row fusion-flex-align-items-stretch fusion-flex-content-wrap\" style=\"max-width:calc( 1200px + 0px );margin-left: calc(-0px \/ 2 );margin-right: calc(-0px \/ 2 );\"><div class=\"fusion-layout-column fusion_builder_column fusion-builder-column-11 fusion_builder_column_1_2 1_2 fusion-flex-column\" style=\"--awb-padding-top:75px;--awb-padding-right:8%;--awb-padding-bottom:30px;--awb-padding-left:13%;--awb-padding-top-small:20px;--awb-padding-right-small:10%;--awb-padding-bottom-small:20px;--awb-padding-left-small:8%;--awb-bg-color:var(--awb-color6);--awb-bg-color-hover:var(--awb-color6);--awb-bg-size:cover;--awb-width-large:50%;--awb-margin-top-large:0px;--awb-spacing-right-large:0px;--awb-margin-bottom-large:0px;--awb-spacing-left-large:0px;--awb-width-medium:50%;--awb-order-medium:0;--awb-spacing-right-medium:0px;--awb-spacing-left-medium:0px;--awb-width-small:100%;--awb-order-small:0;--awb-spacing-right-small:0px;--awb-spacing-left-small:0px;\"><div class=\"fusion-column-wrapper fusion-column-has-shadow fusion-flex-justify-content-flex-start fusion-content-layout-column\"><div class=\"fusion-text fusion-text-13 link-weiss\" style=\"--awb-text-transform:none;\"><h1 style=\"color: #ffffff;\"><a href=\"https:\/\/regionalmuseum-langnau.ch\/fr\/offre-permanente\/\">vivre<\/a><\/h1>\n<\/div><\/div><\/div><div class=\"fusion-layout-column fusion_builder_column fusion-builder-column-12 fusion_builder_column_1_2 1_2 fusion-flex-column\" style=\"--awb-padding-top:25px;--awb-padding-right:13%;--awb-padding-bottom:75px;--awb-padding-left:13%;--awb-padding-top-small:55px;--awb-padding-right-small:8%;--awb-padding-bottom-small:20px;--awb-padding-left-small:8%;--awb-bg-color:var(--awb-color1);--awb-bg-color-hover:var(--awb-color1);--awb-bg-size:cover;--awb-width-large:50%;--awb-margin-top-large:0px;--awb-spacing-right-large:0px;--awb-margin-bottom-large:0px;--awb-spacing-left-large:0px;--awb-width-medium:50%;--awb-order-medium:0;--awb-spacing-right-medium:0px;--awb-spacing-left-medium:0px;--awb-width-small:100%;--awb-order-small:0;--awb-spacing-right-small:0px;--awb-spacing-left-small:0px;\"><div class=\"fusion-column-wrapper fusion-column-has-shadow fusion-flex-justify-content-flex-start fusion-content-layout-column\"><div class=\"fusion-text fusion-text-14\" style=\"--awb-text-transform:none;--awb-text-color:var(--awb-color6);\"><p>Le mus\u00e9e r\u00e9gional Ch\u00fcechlihus offre un aper\u00e7u vivant du patrimoine culturel de l&rsquo;Emmental, de la fromagerie d&rsquo;alpage au club de hockey sur glace \u00ab\u00a0SCL Tigers\u00a0\u00bb. Plongez dans l&rsquo;atmosph\u00e8re particuli\u00e8re du plus ancien b\u00e2timent en bois de la r\u00e9gion.<\/p>\n<\/div><div class=\"fusion-text fusion-text-15 cta-link orange\" style=\"--awb-text-transform:none;--awb-text-color:var(--awb-color6);\"><p><a href=\"https:\/\/regionalmuseum-langnau.ch\/fr\/offre-permanente\/\">plus<\/a><\/p>\n<\/div><\/div><\/div><\/div><\/div><div class=\"fusion-fullwidth fullwidth-box fusion-builder-row-6 fusion-flex-container nonhundred-percent-fullwidth non-hundred-percent-height-scrolling reverse-cols\" style=\"--awb-border-radius-top-left:0px;--awb-border-radius-top-right:0px;--awb-border-radius-bottom-right:0px;--awb-border-radius-bottom-left:0px;--awb-flex-wrap:wrap;\" ><div class=\"fusion-builder-row fusion-row fusion-flex-align-items-stretch fusion-flex-content-wrap\" style=\"max-width:calc( 1200px + 0px );margin-left: calc(-0px \/ 2 );margin-right: calc(-0px \/ 2 );\"><div class=\"fusion-layout-column fusion_builder_column fusion-builder-column-13 fusion_builder_column_1_2 1_2 fusion-flex-column\" style=\"--awb-padding-top:75px;--awb-padding-right:13%;--awb-padding-bottom:75px;--awb-padding-left:13%;--awb-padding-top-small:55px;--awb-padding-right-small:8%;--awb-padding-bottom-small:20px;--awb-padding-left-small:8%;--awb-bg-color:#ffffff;--awb-bg-color-hover:#ffffff;--awb-bg-size:cover;--awb-width-large:50%;--awb-margin-top-large:0px;--awb-spacing-right-large:0px;--awb-margin-bottom-large:0px;--awb-spacing-left-large:0px;--awb-width-medium:50%;--awb-order-medium:0;--awb-spacing-right-medium:0px;--awb-spacing-left-medium:0px;--awb-width-small:100%;--awb-order-small:0;--awb-spacing-right-small:0px;--awb-spacing-left-small:0px;\"><div class=\"fusion-column-wrapper fusion-column-has-shadow fusion-flex-justify-content-flex-start fusion-content-layout-column\"><div class=\"fusion-text fusion-text-16\" style=\"--awb-text-transform:none;--awb-text-color:var(--awb-color7);\" id=\"hashtag\"><p><b>\u00c9v\u00e9nements<\/b><\/p>\n<\/div><div class=\"fusion-title title fusion-title-2 fusion-sep-none fusion-title-text fusion-title-size-three\" style=\"--awb-text-color:var(--awb-color7);--awb-margin-top-small:10px;--awb-margin-right-small:0px;--awb-margin-bottom-small:10px;--awb-margin-left-small:0px;\"><h3 class=\"fusion-title-heading title-heading-left fusion-responsive-typography-calculated\" style=\"margin:0;--fontSize:29;line-height:var(--awb-typography1-line-height);\"><strong>Ch\u00fcechlihus-Sunndig<\/strong><\/h3><\/div><div class=\"fusion-text fusion-text-17\" style=\"--awb-text-transform:none;--awb-text-color:var(--awb-color7);\"><p><strong>Dimanche 6 septembre 2026, de 10 h \u00e0 17 h<\/strong><\/p>\n<p>Venez c\u00e9l\u00e9brer avec nous le 500e anniversaire du Ch\u00fcechlihus gr\u00e2ce \u00e0 un programme culturel vari\u00e9 destin\u00e9 \u00e0 tous les \u00e2ges et \u00e0 des sp\u00e9cialit\u00e9s r\u00e9gionales !<\/p>\n<p>Entr\u00e9e libre \/ Bracelets de solidarit\u00e9<\/p>\n<\/div><div class=\"fusion-text fusion-text-18 cta-link blau\" style=\"--awb-text-transform:none;\"><p><a href=\"https:\/\/regionalmuseum-langnau.ch\/fr\/evenements\/\">en savoir plus sur l&rsquo;\u00e9v\u00e9nement<\/a><\/p>\n<\/div><div class=\"fusion-text fusion-text-19\" style=\"--awb-content-alignment:center;--awb-text-color:var(--awb-color7);\"><p>_____________________<\/p>\n<p style=\"text-align: left;\">Ne manquez rien gr\u00e2ce \u00e0 la<strong>newsletter culturelle de la commune de Langnau<\/strong><br \/>\n<strong><\/strong><\/p>\n<\/div><div style=\"text-align:left;\"><a class=\"fusion-button button-flat fusion-button-default-size button-custom fusion-button-default button-1 fusion-button-default-span fusion-button-default-type\" style=\"--button_accent_color:var(--awb-color1);--button_border_color:var(--awb-color8);--button_accent_hover_color:var(--awb-color1);--button_border_hover_color:var(--awb-color1);--button_gradient_top_color:var(--awb-color7);--button_gradient_bottom_color:var(--awb-color7);--button_gradient_top_color_hover:var(--awb-custom_color_3);--button_gradient_bottom_color_hover:var(--awb-custom_color_3);\" target=\"_self\" href=\"https:\/\/langnau-tourismus.ch\/de\/nl_anmeldung.html\"><span class=\"fusion-button-text awb-button__text awb-button__text--default\">inscrivez-vous maintenant !<\/span><\/a><\/div><\/div><\/div><div class=\"fusion-layout-column fusion_builder_column fusion-builder-column-14 fusion_builder_column_1_2 1_2 fusion-flex-column\" style=\"--awb-padding-top:75px;--awb-padding-right:8%;--awb-padding-bottom:30px;--awb-padding-left:13%;--awb-padding-top-small:20px;--awb-padding-right-small:10%;--awb-padding-bottom-small:20px;--awb-padding-left-small:8%;--awb-bg-color:var(--awb-color7);--awb-bg-color-hover:var(--awb-color7);--awb-bg-size:cover;--awb-width-large:50%;--awb-margin-top-large:0px;--awb-spacing-right-large:0px;--awb-margin-bottom-large:0px;--awb-spacing-left-large:0px;--awb-width-medium:50%;--awb-order-medium:0;--awb-spacing-right-medium:0px;--awb-spacing-left-medium:0px;--awb-width-small:100%;--awb-order-small:0;--awb-spacing-right-small:0px;--awb-spacing-left-small:0px;\"><div class=\"fusion-column-wrapper fusion-column-has-shadow fusion-flex-justify-content-flex-start fusion-content-layout-column\"><div class=\"fusion-text fusion-text-20 link-weiss\" style=\"--awb-text-transform:none;\"><h1 style=\"color: #ffffff;\"><a href=\"https:\/\/regionalmuseum-langnau.ch\/verantstaltungen\/\">prochain \u00e9v\u00e9nement<\/a><\/h1>\n<\/div><\/div><\/div><\/div><\/div><div id=\"titre\" class=\"fusion-container-anchor\"><div class=\"fusion-fullwidth fullwidth-box fusion-builder-row-7 fusion-flex-container has-pattern-background has-mask-background nonhundred-percent-fullwidth non-hundred-percent-height-scrolling objekt_titel\" style=\"--awb-border-radius-top-left:0px;--awb-border-radius-top-right:0px;--awb-border-radius-bottom-right:0px;--awb-border-radius-bottom-left:0px;--awb-margin-top:30px;--awb-margin-bottom:30px;--awb-background-color:var(--awb-color5);--awb-flex-wrap:wrap;\" ><div class=\"fusion-builder-row fusion-row fusion-flex-align-items-flex-start fusion-flex-content-wrap\" style=\"max-width:calc( 1200px + 0px );margin-left: calc(-0px \/ 2 );margin-right: calc(-0px \/ 2 );\"><div class=\"fusion-layout-column fusion_builder_column fusion-builder-column-15 fusion_builder_column_1_1 1_1 fusion-flex-column\" style=\"--awb-padding-right:6.5%;--awb-padding-left:6.5%;--awb-bg-size:cover;--awb-width-large:100%;--awb-margin-top-large:10px;--awb-spacing-right-large:0px;--awb-margin-bottom-large:20px;--awb-spacing-left-large:0px;--awb-width-medium:100%;--awb-order-medium:0;--awb-spacing-right-medium:0px;--awb-spacing-left-medium:0px;--awb-width-small:100%;--awb-order-small:0;--awb-spacing-right-small:0px;--awb-spacing-left-small:0px;\"><div class=\"fusion-column-wrapper fusion-column-has-shadow fusion-flex-justify-content-flex-start fusion-content-layout-column\"> <h2 style=\"color:white\">Instagram<\/h2><\/div><\/div><\/div><\/div><\/div><div class=\"fusion-fullwidth fullwidth-box fusion-builder-row-8 fusion-flex-container nonhundred-percent-fullwidth non-hundred-percent-height-scrolling\" style=\"--awb-border-radius-top-left:0px;--awb-border-radius-top-right:0px;--awb-border-radius-bottom-right:0px;--awb-border-radius-bottom-left:0px;--awb-padding-right:calc(6.5% - 20px);--awb-padding-left:calc(6.5% - 20px);--awb-padding-right-small:6.5%;--awb-padding-left-small:6.5%;--awb-margin-bottom:50px;--awb-flex-wrap:wrap;\" ><div class=\"fusion-builder-row fusion-row fusion-flex-align-items-stretch fusion-flex-content-wrap\" style=\"max-width:calc( 1200px + 0px );margin-left: calc(-0px \/ 2 );margin-right: calc(-0px \/ 2 );\"><div class=\"fusion-layout-column fusion_builder_column fusion-builder-column-16 fusion_builder_column_1_1 1_1 fusion-flex-column\" style=\"--awb-bg-size:cover;--awb-width-large:100%;--awb-margin-top-large:0px;--awb-spacing-right-large:0px;--awb-margin-bottom-large:0px;--awb-spacing-left-large:0px;--awb-width-medium:100%;--awb-order-medium:0;--awb-spacing-right-medium:0px;--awb-spacing-left-medium:0px;--awb-width-small:100%;--awb-order-small:0;--awb-spacing-right-small:0px;--awb-spacing-left-small:0px;\"><div class=\"fusion-column-wrapper fusion-column-has-shadow fusion-flex-justify-content-flex-start fusion-content-layout-column\"><div class=\"awb-instagram-element instagram-1 layout-masonry hover-zoomin buttons-layout-floated buttons-layout-medium-floated buttons-layout-small-floated\" style=\"--awb-column-width:33.333333333333%;--awb-column-space:20;--awb-md-column-width:25%;--awb-md-column-space:10;--awb-sm-column-width:25%;--awb-sm-column-space:10;--awb-bd-radius: ;--awb-bd-width: 0px;--awb-buttons-alignment:center;\" data-page=\"2\" data-limit=\"10\" data-counter=\"1\" data-lightbox=\"true\" data-link_type=\"post\" data-link_target=\"_blank\" data-lazy=\"avada\"><div class=\"instagram-posts\"><div class=\"instagram-post\"><a href=\"https:\/\/www.instagram.com\/reel\/Dc6J1bODQgs\/\" target=\"_blank\"><span class=\"instagram-icon awb-icon-video\"><\/span><img decoding=\"async\" alt=\"Wenn in Langnau gefeiert wurde, war einiges los. \ud83c\udf89\nUmz\u00fcge, Anl\u00e4sse und Menschen auf den Strassen \u2013 festgehalten auf Film zwischen 1952 und 1970 von E. Lehmann sowie Ernst und R. Aeschlimann.\nDie Aufnahmen geh\u00f6ren zu einer Filmsammlung, die Peter Bichsel 1990 aus dem Archiv des Fotogesch\u00e4fts Aeschlimann \u00fcbernahm. 2026 schenkte er die Filme dem Museum Ch\u00fcechlihus.\n\nUnd jetzt kommen sie wieder auf die Leinwand.\n\n\ud83c\udfac Ein kleiner Vorgeschmack auf unseren Kinofilm am Ch\u00fcechlihus-Sunndig.\n\n\ud83d\udcfd\ufe0f 6. September 2026 | Historisches Kino\n\n#Ch\u00fcechlihusSunndig #500JahreCh\u00fcechlihus #Langnau #Emmental #HistorischesKino\" class=\"awb-instagram-masonry-image\" src=\"https:\/\/instagram.fbsl2-1.fna.fbcdn.net\/v\/t51.82787-15\/797595841_18092550407551717_7003574617221811461_n.jpg?stp=dst-jpg_e35_tt6&#038;_nc_cat=106&#038;ccb=7-5&#038;_nc_sid=18de74&#038;efg=eyJlZmdfdGFnIjoiQ0xJUFMuYmVzdF9pbWFnZV91cmxnZW4uQzMifQ%3D%3D&#038;_nc_ohc=zh8D20k7UgIQ7kNvwFSE2vd&#038;_nc_oc=Adp70LxeQBmTba2DwY4azCvsSUklG55R5Zor_7NdOHoKVMtEE7wLjD7uqwwOTVghcCgkU_XeO38uxJzQqsTY8Hsn&#038;_nc_zt=23&#038;_nc_ht=instagram.fbsl2-1.fna&#038;edm=ANo9K5cEAAAA&#038;_nc_gid=Di2HQ79nIJ-TC9JmXj-oLg&#038;_nc_tpa=Q5bMBQKWfmJAYYgOrZzdij3vpusCtWHuyAP0dSvlusI7E5QIVOuBQqCC55z02_e1UdLj0bvAHTE71xaP&#038;oh=00_AQKwRUOGXcsjE0F3Ez69lCGgt2FgIJB7OpJTywHVi6JlOg&#038;oe=6AA30183\"\/><\/a><\/div><div class=\"instagram-post\"><a href=\"https:\/\/www.instagram.com\/p\/Dc5e8CKjFei\/\" target=\"_blank\"><span class=\"instagram-icon awb-icon-carousel\"><\/span><img decoding=\"async\" alt=\"Unsere Co-Forschenden im Portrait\nWer steckt hinter spychere!? Menschen aus dem Emmental, die ihr Wissen teilen, Geschichten sammeln und gemeinsam mit dem Regionalmuseum Ch\u00fcechlihus lokales Wissen sichtbar machen.\n\nHeute stellen wir euch Elena Sch\u00fcrch aus Trub und Jonas Glanzmann aus Thun vor. Elena geht besonders gerne mit Menschen ins Gespr\u00e4ch und ist \u00fcberzeugt: Lokales Wissen steckt \u00fcberall \u2013 und jede Person hat etwas Spannendes zu erz\u00e4hlen. Jonas geht auf Spurensuche in alten Dokumenten, Bildern und Karten, spricht mit Menschen und besucht vergessene Orte. \n\n\ud83d\udc49 Lernt Elena und Jonas im Portrait kennen \n#spychere #CoForschende #RegionalmuseumCh\u00fcechlihus #Langnau #Emmental #Wissenvonhier\" class=\"awb-instagram-masonry-image\" src=\"https:\/\/instagram.fbsl2-1.fna.fbcdn.net\/v\/t39.30808-6\/787797571_1541615151338240_8133434752504477998_n.jpg?stp=dst-jpg_e35_tt6&#038;_nc_cat=108&#038;ccb=7-5&#038;_nc_sid=18de74&#038;efg=eyJlZmdfdGFnIjoiQ0FST1VTRUxfSVRFTS5iZXN0X2ltYWdlX3VybGdlbi5DMyJ9&#038;_nc_ohc=svLiw5UdpXcQ7kNvwFVJW22&#038;_nc_oc=AdpH-G_RGEsSdwaAAKhV0bn6WlH64dAhvGYcXTCaH0dh1HIbY07cTUFCns745a5Uqp70yh9hRuNjhJcxo_BO-cUS&#038;_nc_zt=23&#038;_nc_ht=instagram.fbsl2-1.fna&#038;edm=ANo9K5cEAAAA&#038;_nc_gid=Di2HQ79nIJ-TC9JmXj-oLg&#038;_nc_tpa=Q5bMBQLVuvNligIO-hWLvgnXdontCIW-xnbDjsOVMQ57v3xHQ9kTgYL29v8W8uWgAAeDPlFKp2jCdDZz&#038;oh=00_AQKw1I9oxxg2nmypBlbYvMIN4jvrePkfvnCyyX9ba6dfuA&#038;oe=6AA2FA1D\"\/><\/a><\/div><div class=\"instagram-post\"><a href=\"https:\/\/www.instagram.com\/reel\/Dc3jehiFZR2\/\" target=\"_blank\"><span class=\"instagram-icon awb-icon-video\"><\/span><img decoding=\"async\" alt=\"Sommer in der Badi Langnau \u2013 vor rund 70 Jahren. \u2600\ufe0f Ein Blick in unseren Kinofilm!\n\nDieser Ausschnitt stammt aus historischen Filmaufnahmen, die zwischen 1952 und 1970 in Langnau und Umgebung entstanden sind. E. Lehmann sowie Ernst und R. Aeschlimann hielten darin Alltag, Freizeit und besondere Momente fest. Die Filmsammlung wurde 1990 von Peter Bichsel \u00fcbernommen und 2026 dem Regionalmuseum Ch\u00fcechlihus geschenkt.\n\nWas ihr hier seht, ist nur ein kleiner Ausschnitt. \ud83d\udc40\n\n\ud83c\udfac Den ganzen Film entdecken?\nAm 6. September am Ch\u00fcechlihus-Sunndig im historischen Kino.\n\n#Ch\u00fcechlihusSunndig #500JahreCh\u00fcechlihus #Langnau #Emmental #HistorischesKino\" class=\"awb-instagram-masonry-image\" src=\"https:\/\/instagram.fbsl2-1.fna.fbcdn.net\/v\/t51.82787-15\/790457284_18092426510551717_6216999755647318502_n.jpg?stp=dst-jpg_e35_tt6&#038;_nc_cat=109&#038;ccb=7-5&#038;_nc_sid=18de74&#038;efg=eyJlZmdfdGFnIjoiQ0xJUFMuYmVzdF9pbWFnZV91cmxnZW4uQzMifQ%3D%3D&#038;_nc_ohc=CiZsmxKK2koQ7kNvwFvFD0M&#038;_nc_oc=AdruKqNq7BDiRqKl6wlXBDHkfyznc8WP3AhbKrYt3fitbdVqeQWALqEoFY8lyGdokryuPRCkpoSQA8QDeyD2_331&#038;_nc_zt=23&#038;_nc_ht=instagram.fbsl2-1.fna&#038;edm=ANo9K5cEAAAA&#038;_nc_gid=Di2HQ79nIJ-TC9JmXj-oLg&#038;_nc_tpa=Q5bMBQJ14QJtNRXwVECL0lQw8YUFOSGiTCtkqI_19E7_0HTIjGs9wtXq2eU5kS-zZOIuCQ5Ht-GTjrQ1&#038;oh=00_AQIhO3x-RyPU58V8RWao7P2hZ6lzKhtmtR724XQsuDCMrQ&#038;oe=6AA31E17\"\/><\/a><\/div><div class=\"instagram-post\"><a href=\"https:\/\/www.instagram.com\/p\/Dc26J2CjcmV\/\" target=\"_blank\"><img decoding=\"async\" alt=\"Vom Romantikb\u00e4nkli zum Raucherb\u00e4nkli. Wer in Langnau in den 1990er-Jahren jung war, kennt die versteckte Bank beim Chiuchest\u00e4gli. Hier wurde geraucht, geplaudert und Zeit verbracht.\nIn den 1960er-Jahren traf man sich dort allerdings vor allem zum \u00abSchmusen\u00bb. Was damals fast genauso verboten war wie sp\u00e4ter das Rauchen.\n\n\ud83d\udc49 Treffpunkte erz\u00e4hlen oft mehr \u00fcber eine Generation als jedes Geschichtsbuch.\n\ud83d\udd17 Mehr Erinnerungen im e-spycher\n\ud83d\udcac U was weisch de du? Verzeu mau!\n\n#museumsgeschichten\" class=\"awb-instagram-masonry-image\" src=\"https:\/\/instagram.fbsl2-1.fna.fbcdn.net\/v\/t39.30808-6\/787287921_1541617281338027_6923568040358605433_n.jpg?stp=dst-jpg_e35_tt6&#038;_nc_cat=111&#038;ccb=7-5&#038;_nc_sid=18de74&#038;efg=eyJlZmdfdGFnIjoiRkVFRC5iZXN0X2ltYWdlX3VybGdlbi5DMyJ9&#038;_nc_ohc=xldqpywxvbYQ7kNvwFBQURY&#038;_nc_oc=AdrfTpyAb7wyTeAz8f2dDfCIbVKlTnvlqzkKCCIvlQDDGf7hMqMLV7GGK1_kH5i16PjvU2xZdObWB9SZloak5fpo&#038;_nc_zt=23&#038;_nc_ht=instagram.fbsl2-1.fna&#038;edm=ANo9K5cEAAAA&#038;_nc_gid=Di2HQ79nIJ-TC9JmXj-oLg&#038;_nc_tpa=Q5bMBQIjq-nVDaRbrowZBPLJ4I0ayWijn-eax2Oxfd96jmfYZhCCjoBA7shI7C9U7_Vofoz81T4EEWWa&#038;oh=00_AQKsXVOrhtwcuKtvlaj9fzbQTljCT4KKW4b9iS9EwFKXXQ&#038;oe=6AA2F9E1\"\/><\/a><\/div><div class=\"instagram-post\"><a href=\"https:\/\/www.instagram.com\/reel\/Dc1KdXsm359\/\" target=\"_blank\"><span class=\"instagram-icon awb-icon-video\"><\/span><img decoding=\"async\" alt=\"Weisst du, wie man eine Tracht anzieht? Oder m\u00f6chtest du es einfach einmal selbst ausprobieren? \n\nAm Ch\u00fcechlihus-Sunndig kannst du in eine Tracht schl\u00fcpfen, dich ausprobieren und nat\u00fcrlich auch ein Erinnerungsfoto machen. \ud83d\udcf8\n\n\ud83c\udf89 6. September 2026 | Ch\u00fcechlihus-Sunndig\nWir feiern 500 Jahre Ch\u00fcechlihus!\n\n#Ch\u00fcechlihusSunndig #500JahreCh\u00fcechlihus #Langnau #Tracht #Verkleiderle\" class=\"awb-instagram-masonry-image\" src=\"https:\/\/instagram.fbsl2-1.fna.fbcdn.net\/v\/t51.82787-15\/792912043_18092317739551717_5150596528681454789_n.jpg?stp=dst-jpg_e35_tt6&#038;_nc_cat=101&#038;ccb=7-5&#038;_nc_sid=18de74&#038;efg=eyJlZmdfdGFnIjoiQ0xJUFMuYmVzdF9pbWFnZV91cmxnZW4uQzMifQ%3D%3D&#038;_nc_ohc=UhUz2pMwbN8Q7kNvwF_9gI6&#038;_nc_oc=AdoBgICffQzeXxhbCiMksSbl-vW1hrmj-O7GjjYs263MTDsaXpaHLeHj4VGv32utuXiRfOiaOoLKdsQxHDTFUCOm&#038;_nc_zt=23&#038;_nc_ht=instagram.fbsl2-1.fna&#038;edm=ANo9K5cEAAAA&#038;_nc_gid=Di2HQ79nIJ-TC9JmXj-oLg&#038;_nc_tpa=Q5bMBQLbv24tkZlEuPoHCc6ZuS4Jdv_IY9hSIdNRDE3sg847J8ztIdz0lidItQcInattUscim8S89NBD&#038;oh=00_AQKg0-Rt4nch7oRPxjPDaYMp1qBgCAyLCjTNLSU1h_JTjw&#038;oe=6AA2F9A0\"\/><\/a><\/div><div class=\"instagram-post\"><a href=\"https:\/\/www.instagram.com\/reel\/Dc012IAjTy_\/\" target=\"_blank\"><span class=\"instagram-icon awb-icon-video\"><\/span><img decoding=\"async\" alt=\"Zirkus Knie in Langnau \u2013 und eine Verkehrsschule mittendrin. \ud83c\udfaa\ud83d\udeb2\n\nDie alten Filmaufnahmen zeigen Langnau und seine Menschen zwischen 1952 und 1970. Gefilmt wurden sie von E. Lehmann sowie Ernst und R. Aeschlimann. Was heute wie eine kleine Momentaufnahme wirkt, erz\u00e4hlt viel \u00fcber das damalige Leben im Dorf.\nPeter Bichsel bewahrte die Filme \u00fcber Jahrzehnte auf und schenkte sie 2026 dem Museum Ch\u00fcechlihus.\n\n\ud83c\udfac Dieser Ausschnitt ist nur ein kleiner Vorgeschmack:\nAm 6. September zeigen wir den Film im historischen Kino am Ch\u00fcechlihus-Sunndig.\n\n#Ch\u00fcechlihusSunndig #500JahreCh\u00fcechlihus #Langnau #HistorischesKino\" class=\"awb-instagram-masonry-image\" src=\"https:\/\/instagram.fbsl2-1.fna.fbcdn.net\/v\/t51.82787-15\/792766244_18092302241551717_472293235659788155_n.jpg?stp=dst-jpg_e35_tt6&#038;_nc_cat=103&#038;ccb=7-5&#038;_nc_sid=18de74&#038;efg=eyJlZmdfdGFnIjoiQ0xJUFMuYmVzdF9pbWFnZV91cmxnZW4uQzMifQ%3D%3D&#038;_nc_ohc=KcEUMgaL0osQ7kNvwGNWLSh&#038;_nc_oc=Adq-F8VzBVH9apwFFOXppVAa97jXZl7ElF0TE3UJ5JUkK6Q7NXUoj4wnPBcquRSNerrkadd5mLHS8kWn8EaSiXrX&#038;_nc_zt=23&#038;_nc_ht=instagram.fbsl2-1.fna&#038;edm=ANo9K5cEAAAA&#038;_nc_gid=Di2HQ79nIJ-TC9JmXj-oLg&#038;_nc_tpa=Q5bMBQI1bilZHAncQJIMRSC6sgTDN3Ju-q-DEX_OPM8yBuPOor2rqv4qw7f9VyHI-xxEV_B760BHbKl4&#038;oh=00_AQKfrSTIDMGnWTkUAxOSapRiHFrMV3Wj4pJcIM1svq2nYQ&#038;oe=6AA32260\"\/><\/a><\/div><div class=\"instagram-post\"><a href=\"https:\/\/www.instagram.com\/reel\/DcyJJucjSla\/\" target=\"_blank\"><span class=\"instagram-icon awb-icon-video\"><\/span><img decoding=\"async\" alt=\"Wie sah Wintersport in Langnau vor rund 70 Jahren aus?  Ein erster Blick in unseren Kinofilm!\n\nDie historischen Filmaufnahmen von E. Lehmann sowie Ernst und R. Aeschlimann zeigen Eishockey, Skifahren und Wintertage in Langnau und Umgebung. Die Aufnahmen stammen aus den Jahren 1952 bis 1970 und wurden \u00fcber viele Jahre von Peter Bichsel aufbewahrt. 2026 schenkte er die Filmsammlung dem Regionalmuseum Ch\u00fcechlihus.\n\nHeute geben wir euch einen kleinen Einblick \u2013 den ganzen Film gibt\u2019s am Ch\u00fcechlihus-Sunndig im historischen Kino.\n\n\ud83d\udcfd\ufe0f 6. September 2026\n\n#Ch\u00fcechlihusSunndig #500JahreCh\u00fcechlihus #Langnau #HistorischesKino\" class=\"awb-instagram-masonry-image\" src=\"https:\/\/instagram.fbsl2-1.fna.fbcdn.net\/v\/t51.82787-15\/793580688_18092197250551717_7266053298526136332_n.jpg?stp=dst-jpg_e35_tt6&#038;_nc_cat=109&#038;ccb=7-5&#038;_nc_sid=18de74&#038;efg=eyJlZmdfdGFnIjoiQ0xJUFMuYmVzdF9pbWFnZV91cmxnZW4uQzMifQ%3D%3D&#038;_nc_ohc=7mSKuY-dNTUQ7kNvwHrO5U6&#038;_nc_oc=Adp875FBCzgXxi7ILpZ-l86ib-5Xv58EVjaQYBsETSj6JwIeYSY2MsEM-hDKTNUiS_0gPIfUlM7nFTkfScc1uY6h&#038;_nc_zt=23&#038;_nc_ht=instagram.fbsl2-1.fna&#038;edm=ANo9K5cEAAAA&#038;_nc_gid=Di2HQ79nIJ-TC9JmXj-oLg&#038;_nc_tpa=Q5bMBQI0JI30VJNPQDCg314GyN02EWv1OjzmXag27Kf5NtT5SAwcxZIs3Ml7QtjTkCcUkb3VVOAXnky0&#038;oh=00_AQJUOSYlgxXNyJHL67tcdS2gttiRoC7fznLy9DHNX-7tMQ&#038;oe=6AA326B4\"\/><\/a><\/div><div class=\"instagram-post\"><a href=\"https:\/\/www.instagram.com\/reel\/Dcx80kvFH1g\/\" target=\"_blank\"><span class=\"instagram-icon awb-icon-video\"><\/span><img decoding=\"async\" alt=\"Ein erster Blick in unseren Kinofilm!\n\nAm Ch\u00fcechlihus-Sunndig zeigen wir im historischen Kino Filmaufnahmen aus Langnau und Umgebung aus den Jahren 1952 bis 1970. Dieser Ausschnitt zeigt Langnau im Winter \u2013 Landschaft und Dorfleben, festgehalten von E. Lehmann sowie Ernst und R. Aeschlimann.\nDie Filme wurden 1990 von Peter Bichsel aus dem Archiv des Fotogesch\u00e4fts Aeschlimann \u00fcbernommen und 2026 dem Museum Ch\u00fcechlihus geschenkt.\n\nEin kleiner Vorgeschmack auf das, was euch im historischen Kino erwartet. \ud83d\udc40\n\n\ud83d\udcfd\ufe0f Ch\u00fcechlihus-Sunndig | 6. September 2026\n\ud83c\udfac Historisches Kino\n\n#Ch\u00fcechlihusSunndig #500JahreCh\u00fcechlihus #Langnau #HistorischesKino #Emmental\" class=\"awb-instagram-masonry-image\" src=\"https:\/\/instagram.fbsl2-1.fna.fbcdn.net\/v\/t51.82787-15\/792089365_18092182316551717_1373539190120291935_n.jpg?stp=dst-jpg_e35_tt6&#038;_nc_cat=103&#038;ccb=7-5&#038;_nc_sid=18de74&#038;efg=eyJlZmdfdGFnIjoiQ0xJUFMuYmVzdF9pbWFnZV91cmxnZW4uQzMifQ%3D%3D&#038;_nc_ohc=otAGQAvXCvEQ7kNvwFHpQ_L&#038;_nc_oc=AdoNkSIvLy9kVq3vpoEslixyea-cB5WVXW2TwiwcvK1VavNPdtLhTJaiEQvh_gl9cfRTD6tlO1o_byXjt7z3H9hp&#038;_nc_zt=23&#038;_nc_ht=instagram.fbsl2-1.fna&#038;edm=ANo9K5cEAAAA&#038;_nc_gid=Di2HQ79nIJ-TC9JmXj-oLg&#038;_nc_tpa=Q5bMBQK7xwEN_3ohq6rSqhQa3FN_IsnDbqtpxnlAkPV9x7QU-ZEkaKkn3Xbe2Jj7gIdLLw3h9hWaWjwu&#038;oh=00_AQJYui8g0OLtt3CLiBl5Xsb0iJCOZeOs-R3ff8r7B5r4Ew&#038;oe=6AA3058B\"\/><\/a><\/div><div class=\"instagram-post\"><a href=\"https:\/\/www.instagram.com\/p\/DcxwjAyD1GR\/\" target=\"_blank\"><span class=\"instagram-icon awb-icon-carousel\"><\/span><img decoding=\"async\" alt=\"Ein Blick ins Ch\u00fcechlihus. Heute besuchen wir den Raum zum Fl\u00fchliglas.\nNur wenige wissen, dass im Emmental einst Glas hergestellt wurde.\nIm 18. Jahrhundert entstanden in den W\u00e4ldern rund um Schangnau und Fl\u00fchli mehrere Glash\u00fctten. Dort produzierten Glasbl\u00e4ser Fensterscheiben, Flaschen und kunstvoll verzierte Gl\u00e4ser f\u00fcr den Alltag.\nDie Glasproduktion ben\u00f6tigte enorme Mengen Holz. Die \u00d6fen mussten Temperaturen von rund 1400 Grad erreichen. Deshalb lagen die Glash\u00fctten mitten in waldreichen Gebieten.\nMit der Zeit f\u00fchrte der hohe Holzverbrauch zu Problemen. Die W\u00e4lder wurden immer st\u00e4rker genutzt, bis die Glasproduktion schliesslich aus der Region verschwand.\nDie erhaltenen Gl\u00e4ser erz\u00e4hlen heute von einem fast vergessenen Kapitel der Emmentaler Wirtschaftsgeschichte.\n\n\ud83d\udc49 Besuche das Ch\u00fcechlihus und entdecke diesen Raum und viele weitere Geschichten aus dem Emmental.\n#Ch\u00fcechlihus #Regionalmuseum #Langnau #Emmental #Fl\u00fchliglas #Glasbl\u00e4serei #EinBlickInsCh\u00fcechlihus #museumsgeschichten\" class=\"awb-instagram-masonry-image\" src=\"https:\/\/instagram.fbsl2-1.fna.fbcdn.net\/v\/t39.30808-6\/787197013_1541602078006214_6662114387237434762_n.jpg?stp=dst-jpg_e35_tt6&#038;_nc_cat=110&#038;ccb=7-5&#038;_nc_sid=18de74&#038;efg=eyJlZmdfdGFnIjoiQ0FST1VTRUxfSVRFTS5iZXN0X2ltYWdlX3VybGdlbi5DMyJ9&#038;_nc_ohc=UWNC0iCIi2IQ7kNvwFSsO6b&#038;_nc_oc=AdpByNtX639mI6rYBu7jaJd5BsPn7dL5z1m-NuhJbc9VuklJZiPG5DKo-4-6UaJCeloxUeFLuKc86mGEIKkleFsr&#038;_nc_zt=23&#038;_nc_ht=instagram.fbsl2-1.fna&#038;edm=ANo9K5cEAAAA&#038;_nc_gid=Di2HQ79nIJ-TC9JmXj-oLg&#038;_nc_tpa=Q5bMBQIScIoo7PVDKmVN1W1AqhiU-34wG7BJTjOoa2kjIYrFYfZqoprWL6UU7CRKs1HVWDs6pXUjhjoQ&#038;oh=00_AQLtG8AAOxAIMO_2WLBMvH6dOVBk4Ir1dptc7sUQb9YXkw&#038;oe=6AA319DA\"\/><\/a><\/div><div class=\"instagram-post\"><a href=\"https:\/\/www.instagram.com\/p\/DcvLzDcDdmP\/\" target=\"_blank\"><img decoding=\"async\" alt=\"Ferien im Emmental. Schon vor \u00fcber 150 Jahren kamen G\u00e4ste nach Langnau, um Ruhe, Natur und Erholung zu finden.\n\ud83d\udc49 Tourismus hat im Emmental eine l\u00e4ngere Geschichte, als viele denken.\n\n\ud83d\udd17 Mehr im e-spycher\n\ud83d\udcac Was w\u00fcrdsch G\u00e4schte im Emmental zeige?\n\n#museumsgeschichten\" class=\"awb-instagram-masonry-image\" src=\"https:\/\/instagram.fbsl2-1.fna.fbcdn.net\/v\/t39.30808-6\/765970395_1521837669982655_3389576481496975588_n.jpg?stp=dst-jpg_e35_tt6&#038;_nc_cat=110&#038;ccb=7-5&#038;_nc_sid=18de74&#038;efg=eyJlZmdfdGFnIjoiRkVFRC5iZXN0X2ltYWdlX3VybGdlbi5DMyJ9&#038;_nc_ohc=VKAvQ1Q1leEQ7kNvwEZfRyt&#038;_nc_oc=AdpJSqOY1Nnad0IdDyWHgWR5QCiDpDbgIiDcHgdImfZrN7S09tpI9NScjPBqLDA5nXm8TynCkU0myW_wfjAAR2rh&#038;_nc_zt=23&#038;_nc_ht=instagram.fbsl2-1.fna&#038;edm=ANo9K5cEAAAA&#038;_nc_gid=Di2HQ79nIJ-TC9JmXj-oLg&#038;_nc_tpa=Q5bMBQLmqs1Gj1P2Fa5y0JET5JoA83KR6jYT9trBw-Pgw5J3Z6ar4yljA64eHLMoqT5OAIeFXM_zytq3&#038;oh=00_AQI965GofQwGB278oi1CGlbwBP2JZhyQknWgF_ZVBj3VJA&#038;oe=6AA2F97A\"\/><\/a><\/div><\/div><div class=\"fusion-loading-container fusion-clearfix instagram-posts-loading-container\">\n\t\t\t\t<div class=\"fusion-loading-spinner\">\n\t\t\t\t\t<div class=\"fusion-spinner-1\"><\/div>\n\t\t\t\t\t<div class=\"fusion-spinner-2\"><\/div>\n\t\t\t\t\t<div class=\"fusion-spinner-3\"><\/div>\n\t\t\t\t<\/div><div class=\"fusion-loading-msg\"><em>Loading the next set of instagram posts...<\/em><\/div><\/div><div class=\"awb-instagram-buttons\"><a href=\"#\" class=\"fusion-button button-flat button-default fusion-button-default-size awb-instagram-load-more-btn fusion-button-span-no\" data-url=\"QVFIVE9DWFNlZA0V4N1MzaXpZAbVVvV0ZAhMkh1SG1naWxKbEs0YlVoaW9wOU1UdUQ0a2pfdFhpbzV5LUNQbnFHS2FFNG9lU0w4QmJjejVqTDZAHazdiYnRNMFRR\">Charger plus de messages<\/a><a href=\"https:\/\/www.instagram.com\/chuechlihus\" target=\"_blank\" class=\"fusion-button button-flat button-default fusion-button-default-size awb-instagram-follow-btn  fusion-button-span-no\"><i class=\"awb-icon-instagram button-icon-left\"><\/i>Suivez-nous sur Instagram<\/a><\/div><\/div><\/div><\/div><\/div><\/div><\/p>\n","protected":false},"excerpt":{"rendered":"","protected":false},"author":1,"featured_media":23166,"parent":0,"menu_order":0,"comment_status":"closed","ping_status":"closed","template":"","meta":{"_acf_changed":false,"footnotes":""},"class_list":["post-11088","page","type-page","status-publish","has-post-thumbnail","hentry"],"acf":[],"yoast_head":"<!-- This site is optimized with the Yoast SEO plugin v28.2 - https:\/\/yoast.com\/product\/yoast-seo-wordpress\/ -->\n<title>Mus\u00e9e r\u00e9gional Ch\u00fcechlihus - Regionalmuseum Ch\u00fcechlihus<\/title>\n<meta name=\"robots\" content=\"index, follow, max-snippet:-1, max-image-preview:large, max-video-preview:-1\" \/>\n<link rel=\"canonical\" href=\"https:\/\/regionalmuseum-langnau.ch\/fr\/\" \/>\n<meta property=\"og:locale\" content=\"fr_FR\" \/>\n<meta property=\"og:type\" content=\"article\" \/>\n<meta property=\"og:title\" content=\"Mus\u00e9e r\u00e9gional Ch\u00fcechlihus - Regionalmuseum Ch\u00fcechlihus\" \/>\n<meta property=\"og:url\" content=\"https:\/\/regionalmuseum-langnau.ch\/fr\/\" \/>\n<meta property=\"og:site_name\" content=\"Regionalmuseum Ch\u00fcechlihus\" \/>\n<meta property=\"article:modified_time\" content=\"2026-09-03T14:06:33+00:00\" \/>\n<meta property=\"og:image\" content=\"https:\/\/regionalmuseum-langnau.ch\/wp-content\/uploads\/2026\/09\/20260826-Chueechlihus-Langnau-i.E.-\u00a9-Dominique-Pluess-04d-komp-e1788444341741.jpg\" \/>\n\t<meta property=\"og:image:width\" content=\"1196\" \/>\n\t<meta property=\"og:image:height\" content=\"1595\" \/>\n\t<meta property=\"og:image:type\" content=\"image\/jpeg\" \/>\n<meta name=\"twitter:card\" content=\"summary_large_image\" \/>\n<meta name=\"twitter:label1\" content=\"Dur\u00e9e de lecture estim\u00e9e\" \/>\n\t<meta name=\"twitter:data1\" content=\"7 minutes\" \/>\n<script type=\"application\/ld+json\" class=\"yoast-schema-graph\">{\"@context\":\"https:\\\/\\\/schema.org\",\"@graph\":[{\"@type\":\"WebPage\",\"@id\":\"https:\\\/\\\/regionalmuseum-langnau.ch\\\/fr\\\/\",\"url\":\"https:\\\/\\\/regionalmuseum-langnau.ch\\\/fr\\\/\",\"name\":\"Mus\u00e9e r\u00e9gional Ch\u00fcechlihus - Regionalmuseum Ch\u00fcechlihus\",\"isPartOf\":{\"@id\":\"https:\\\/\\\/regionalmuseum-langnau.ch\\\/fr\\\/#website\"},\"primaryImageOfPage\":{\"@id\":\"https:\\\/\\\/regionalmuseum-langnau.ch\\\/fr\\\/#primaryimage\"},\"image\":{\"@id\":\"https:\\\/\\\/regionalmuseum-langnau.ch\\\/fr\\\/#primaryimage\"},\"thumbnailUrl\":\"https:\\\/\\\/regionalmuseum-langnau.ch\\\/wp-content\\\/uploads\\\/2026\\\/09\\\/20260826-Chueechlihus-Langnau-i.E.-\u00a9-Dominique-Pluess-04d-komp-e1788444341741.jpg\",\"datePublished\":\"2022-01-26T14:19:48+00:00\",\"dateModified\":\"2026-09-03T14:06:33+00:00\",\"breadcrumb\":{\"@id\":\"https:\\\/\\\/regionalmuseum-langnau.ch\\\/fr\\\/#breadcrumb\"},\"inLanguage\":\"fr-FR\",\"potentialAction\":[{\"@type\":\"ReadAction\",\"target\":[\"https:\\\/\\\/regionalmuseum-langnau.ch\\\/fr\\\/\"]}]},{\"@type\":\"ImageObject\",\"inLanguage\":\"fr-FR\",\"@id\":\"https:\\\/\\\/regionalmuseum-langnau.ch\\\/fr\\\/#primaryimage\",\"url\":\"https:\\\/\\\/regionalmuseum-langnau.ch\\\/wp-content\\\/uploads\\\/2026\\\/09\\\/20260826-Chueechlihus-Langnau-i.E.-\u00a9-Dominique-Pluess-04d-komp-e1788444341741.jpg\",\"contentUrl\":\"https:\\\/\\\/regionalmuseum-langnau.ch\\\/wp-content\\\/uploads\\\/2026\\\/09\\\/20260826-Chueechlihus-Langnau-i.E.-\u00a9-Dominique-Pluess-04d-komp-e1788444341741.jpg\",\"width\":1196,\"height\":1595},{\"@type\":\"BreadcrumbList\",\"@id\":\"https:\\\/\\\/regionalmuseum-langnau.ch\\\/fr\\\/#breadcrumb\",\"itemListElement\":[{\"@type\":\"ListItem\",\"position\":1,\"name\":\"Page d'accueil\",\"item\":\"https:\\\/\\\/regionalmuseum-langnau.ch\\\/fr\\\/\"},{\"@type\":\"ListItem\",\"position\":2,\"name\":\"Mus\u00e9e r\u00e9gional Ch\u00fcechlihus\"}]},{\"@type\":\"WebSite\",\"@id\":\"https:\\\/\\\/regionalmuseum-langnau.ch\\\/fr\\\/#website\",\"url\":\"https:\\\/\\\/regionalmuseum-langnau.ch\\\/fr\\\/\",\"name\":\"Regionalmuseum Ch\u00fcechlihus\",\"description\":\"Das Emmental in einem Haus\",\"potentialAction\":[{\"@type\":\"SearchAction\",\"target\":{\"@type\":\"EntryPoint\",\"urlTemplate\":\"https:\\\/\\\/regionalmuseum-langnau.ch\\\/fr\\\/?s={search_term_string}\"},\"query-input\":{\"@type\":\"PropertyValueSpecification\",\"valueRequired\":true,\"valueName\":\"search_term_string\"}}],\"inLanguage\":\"fr-FR\"}]}<\/script>\n<!-- \/ Yoast SEO plugin. -->","yoast_head_json":{"title":"Mus\u00e9e r\u00e9gional Ch\u00fcechlihus - Regionalmuseum Ch\u00fcechlihus","robots":{"index":"index","follow":"follow","max-snippet":"max-snippet:-1","max-image-preview":"max-image-preview:large","max-video-preview":"max-video-preview:-1"},"canonical":"https:\/\/regionalmuseum-langnau.ch\/fr\/","og_locale":"fr_FR","og_type":"article","og_title":"Mus\u00e9e r\u00e9gional Ch\u00fcechlihus - Regionalmuseum Ch\u00fcechlihus","og_url":"https:\/\/regionalmuseum-langnau.ch\/fr\/","og_site_name":"Regionalmuseum Ch\u00fcechlihus","article_modified_time":"2026-09-03T14:06:33+00:00","og_image":[{"width":1196,"height":1595,"url":"https:\/\/regionalmuseum-langnau.ch\/wp-content\/uploads\/2026\/09\/20260826-Chueechlihus-Langnau-i.E.-\u00a9-Dominique-Pluess-04d-komp-e1788444341741.jpg","type":"image\/jpeg"}],"twitter_card":"summary_large_image","twitter_misc":{"Dur\u00e9e de lecture estim\u00e9e":"7 minutes"},"schema":{"@context":"https:\/\/schema.org","@graph":[{"@type":"WebPage","@id":"https:\/\/regionalmuseum-langnau.ch\/fr\/","url":"https:\/\/regionalmuseum-langnau.ch\/fr\/","name":"Mus\u00e9e r\u00e9gional Ch\u00fcechlihus - Regionalmuseum Ch\u00fcechlihus","isPartOf":{"@id":"https:\/\/regionalmuseum-langnau.ch\/fr\/#website"},"primaryImageOfPage":{"@id":"https:\/\/regionalmuseum-langnau.ch\/fr\/#primaryimage"},"image":{"@id":"https:\/\/regionalmuseum-langnau.ch\/fr\/#primaryimage"},"thumbnailUrl":"https:\/\/regionalmuseum-langnau.ch\/wp-content\/uploads\/2026\/09\/20260826-Chueechlihus-Langnau-i.E.-\u00a9-Dominique-Pluess-04d-komp-e1788444341741.jpg","datePublished":"2022-01-26T14:19:48+00:00","dateModified":"2026-09-03T14:06:33+00:00","breadcrumb":{"@id":"https:\/\/regionalmuseum-langnau.ch\/fr\/#breadcrumb"},"inLanguage":"fr-FR","potentialAction":[{"@type":"ReadAction","target":["https:\/\/regionalmuseum-langnau.ch\/fr\/"]}]},{"@type":"ImageObject","inLanguage":"fr-FR","@id":"https:\/\/regionalmuseum-langnau.ch\/fr\/#primaryimage","url":"https:\/\/regionalmuseum-langnau.ch\/wp-content\/uploads\/2026\/09\/20260826-Chueechlihus-Langnau-i.E.-\u00a9-Dominique-Pluess-04d-komp-e1788444341741.jpg","contentUrl":"https:\/\/regionalmuseum-langnau.ch\/wp-content\/uploads\/2026\/09\/20260826-Chueechlihus-Langnau-i.E.-\u00a9-Dominique-Pluess-04d-komp-e1788444341741.jpg","width":1196,"height":1595},{"@type":"BreadcrumbList","@id":"https:\/\/regionalmuseum-langnau.ch\/fr\/#breadcrumb","itemListElement":[{"@type":"ListItem","position":1,"name":"Page d'accueil","item":"https:\/\/regionalmuseum-langnau.ch\/fr\/"},{"@type":"ListItem","position":2,"name":"Mus\u00e9e r\u00e9gional Ch\u00fcechlihus"}]},{"@type":"WebSite","@id":"https:\/\/regionalmuseum-langnau.ch\/fr\/#website","url":"https:\/\/regionalmuseum-langnau.ch\/fr\/","name":"Regionalmuseum Ch\u00fcechlihus","description":"Das Emmental in einem Haus","potentialAction":[{"@type":"SearchAction","target":{"@type":"EntryPoint","urlTemplate":"https:\/\/regionalmuseum-langnau.ch\/fr\/?s={search_term_string}"},"query-input":{"@type":"PropertyValueSpecification","valueRequired":true,"valueName":"search_term_string"}}],"inLanguage":"fr-FR"}]}},"_links":{"self":[{"href":"https:\/\/regionalmuseum-langnau.ch\/fr\/wp-json\/wp\/v2\/pages\/11088","targetHints":{"allow":["GET"]}}],"collection":[{"href":"https:\/\/regionalmuseum-langnau.ch\/fr\/wp-json\/wp\/v2\/pages"}],"about":[{"href":"https:\/\/regionalmuseum-langnau.ch\/fr\/wp-json\/wp\/v2\/types\/page"}],"author":[{"embeddable":true,"href":"https:\/\/regionalmuseum-langnau.ch\/fr\/wp-json\/wp\/v2\/users\/1"}],"replies":[{"embeddable":true,"href":"https:\/\/regionalmuseum-langnau.ch\/fr\/wp-json\/wp\/v2\/comments?post=11088"}],"version-history":[{"count":205,"href":"https:\/\/regionalmuseum-langnau.ch\/fr\/wp-json\/wp\/v2\/pages\/11088\/revisions"}],"predecessor-version":[{"id":23277,"href":"https:\/\/regionalmuseum-langnau.ch\/fr\/wp-json\/wp\/v2\/pages\/11088\/revisions\/23277"}],"wp:featuredmedia":[{"embeddable":true,"href":"https:\/\/regionalmuseum-langnau.ch\/fr\/wp-json\/wp\/v2\/media\/23166"}],"wp:attachment":[{"href":"https:\/\/regionalmuseum-langnau.ch\/fr\/wp-json\/wp\/v2\/media?parent=11088"}],"curies":[{"name":"wp","href":"https:\/\/api.w.org\/{rel}","templated":true}]}}