{"id":11098,"date":"2022-01-27T10:38:47","date_gmt":"2022-01-27T10:38:47","guid":{"rendered":"https:\/\/regionalmuseum-langnau.ch\/evenements\/"},"modified":"2026-04-28T11:17:24","modified_gmt":"2026-04-28T11:17:24","slug":"evenements","status":"publish","type":"page","link":"https:\/\/regionalmuseum-langnau.ch\/fr\/evenements\/","title":{"rendered":"\u00c9v\u00e9nements"},"content":{"rendered":"<p><div id=\"titre\" class=\"fusion-container-anchor\"><div class=\"fusion-fullwidth fullwidth-box fusion-builder-row-1 fusion-flex-container has-pattern-background has-mask-background objekt_titel nonhundred-percent-fullwidth non-hundred-percent-height-scrolling\" style=\"--awb-border-radius-top-left:0px;--awb-border-radius-top-right:0px;--awb-border-radius-bottom-right:0px;--awb-border-radius-bottom-left:0px;--awb-background-color:var(--awb-color7);--awb-flex-wrap:wrap;\" ><div class=\"fusion-builder-row fusion-row fusion-flex-align-items-flex-start fusion-flex-content-wrap\" style=\"max-width:calc( 1200px + 0px );margin-left: calc(-0px \/ 2 );margin-right: calc(-0px \/ 2 );\"><div class=\"fusion-layout-column fusion_builder_column fusion-builder-column-0 fusion_builder_column_1_1 1_1 fusion-flex-column\" style=\"--awb-padding-right:6.5%;--awb-padding-left:6.5%;--awb-bg-size:cover;--awb-width-large:100%;--awb-margin-top-large:0px;--awb-spacing-right-large:0px;--awb-margin-bottom-large:0px;--awb-spacing-left-large:0px;--awb-width-medium:100%;--awb-order-medium:0;--awb-spacing-right-medium:0px;--awb-spacing-left-medium:0px;--awb-width-small:100%;--awb-order-small:0;--awb-spacing-right-small:0px;--awb-spacing-left-small:0px;\"><div class=\"fusion-column-wrapper fusion-column-has-shadow fusion-flex-justify-content-flex-start fusion-content-layout-column\"> <h1>\u00c9v\u00e9nements<\/h1><\/div><\/div><\/div><\/div><\/div><div id=\"titre\" class=\"fusion-container-anchor\"><div class=\"fusion-fullwidth fullwidth-box fusion-builder-row-2 fusion-flex-container has-pattern-background has-mask-background objekt_titel nonhundred-percent-fullwidth non-hundred-percent-height-scrolling\" style=\"--awb-border-radius-top-left:0px;--awb-border-radius-top-right:0px;--awb-border-radius-bottom-right:0px;--awb-border-radius-bottom-left:0px;--awb-padding-top:30px;--awb-flex-wrap:wrap;\" ><div class=\"fusion-builder-row fusion-row fusion-flex-align-items-flex-start fusion-flex-content-wrap\" style=\"max-width:calc( 1200px + 0px );margin-left: calc(-0px \/ 2 );margin-right: calc(-0px \/ 2 );\"><div class=\"fusion-layout-column fusion_builder_column fusion-builder-column-1 fusion_builder_column_1_1 1_1 fusion-flex-column\" style=\"--awb-padding-right:6.5%;--awb-padding-left:6.5%;--awb-bg-size:cover;--awb-width-large:100%;--awb-margin-top-large:0px;--awb-spacing-right-large:0px;--awb-margin-bottom-large:0px;--awb-spacing-left-large:0px;--awb-width-medium:100%;--awb-order-medium:0;--awb-spacing-right-medium:0px;--awb-spacing-left-medium:0px;--awb-width-small:100%;--awb-order-small:0;--awb-spacing-right-small:0px;--awb-spacing-left-small:0px;\"><div class=\"fusion-column-wrapper fusion-column-has-shadow fusion-flex-justify-content-flex-start fusion-content-layout-column\"><nav class=\"fusion-breadcrumbs awb-yoast-breadcrumbs fusion-breadcrumbs-1\" style=\"--awb-alignment:right;--awb-breadcrumb-sep:&#039;\/&#039;;text-align:right;\" aria-label=\"Breadcrumb\"><span><span><a href=\"https:\/\/regionalmuseum-langnau.ch\/fr\/musee-regional-chueechlihus\/\">Page d'accueil<\/a><\/span><\/span><\/nav><\/div><\/div><\/div><\/div><\/div>\n<div id=\"13\" class=\"fusion-container-anchor\"><div class=\"fusion-fullwidth fullwidth-box fusion-builder-row-3 fusion-flex-container has-pattern-background has-mask-background nonhundred-percent-fullwidth non-hundred-percent-height-scrolling\" style=\"--awb-border-radius-top-left:0px;--awb-border-radius-top-right:0px;--awb-border-radius-bottom-right:0px;--awb-border-radius-bottom-left:0px;--awb-padding-right:6.5%;--awb-padding-left:6.5%;--awb-margin-top:36px;--awb-margin-bottom:50px;--awb-flex-wrap:wrap;\" ><div class=\"fusion-builder-row fusion-row fusion-flex-align-items-flex-start fusion-flex-content-wrap\" style=\"max-width:calc( 1200px + 0px );margin-left: calc(-0px \/ 2 );margin-right: calc(-0px \/ 2 );\"><div class=\"fusion-layout-column fusion_builder_column fusion-builder-column-2 fusion_builder_column_1_1 1_1 fusion-flex-column\" style=\"--awb-bg-size:cover;--awb-width-large:100%;--awb-margin-top-large:0px;--awb-spacing-right-large:0px;--awb-margin-bottom-large:0px;--awb-spacing-left-large:0px;--awb-width-medium:100%;--awb-order-medium:0;--awb-spacing-right-medium:0px;--awb-spacing-left-medium:0px;--awb-width-small:100%;--awb-order-small:0;--awb-spacing-right-small:0px;--awb-spacing-left-small:0px;\"><div class=\"fusion-column-wrapper fusion-column-has-shadow fusion-flex-justify-content-flex-start fusion-content-layout-column\"><div class=\"fusion-title title fusion-title-1 fusion-sep-none fusion-title-text fusion-title-size-two\"><h2 class=\"fusion-title-heading title-heading-left fusion-responsive-typography-calculated\" style=\"margin:0;--fontSize:43;line-height:var(--awb-typography1-line-height);\">2026<\/h2><\/div><\/div><\/div><\/div><\/div><\/div><div id=\"1\" class=\"fusion-container-anchor\"><div class=\"fusion-fullwidth fullwidth-box fusion-builder-row-4 fusion-flex-container has-pattern-background has-mask-background nonhundred-percent-fullwidth non-hundred-percent-height-scrolling\" style=\"--awb-border-radius-top-left:0px;--awb-border-radius-top-right:0px;--awb-border-radius-bottom-right:0px;--awb-border-radius-bottom-left:0px;--awb-padding-right:6.5%;--awb-padding-left:6.5%;--awb-margin-top:36px;--awb-margin-bottom:50px;--awb-flex-wrap:wrap;\" ><div class=\"fusion-builder-row fusion-row fusion-flex-align-items-flex-start fusion-flex-content-wrap\" style=\"max-width:calc( 1200px + 0px );margin-left: calc(-0px \/ 2 );margin-right: calc(-0px \/ 2 );\"><div class=\"fusion-layout-column fusion_builder_column fusion-builder-column-3 fusion_builder_column_1_1 1_1 fusion-flex-column\" style=\"--awb-bg-size:cover;--awb-width-large:100%;--awb-margin-top-large:0px;--awb-spacing-right-large:0px;--awb-margin-bottom-large:0px;--awb-spacing-left-large:0px;--awb-width-medium:100%;--awb-order-medium:0;--awb-spacing-right-medium:0px;--awb-spacing-left-medium:0px;--awb-width-small:100%;--awb-order-small:0;--awb-spacing-right-small:0px;--awb-spacing-left-small:0px;\"><div class=\"fusion-column-wrapper fusion-column-has-shadow fusion-flex-justify-content-flex-start fusion-content-layout-column\"><div class=\"fusion-title title fusion-title-2 fusion-sep-none fusion-title-text fusion-title-size-two\"><h2 class=\"fusion-title-heading title-heading-left fusion-responsive-typography-calculated\" style=\"margin:0;--fontSize:43;line-height:var(--awb-typography1-line-height);\">Janvier<\/h2><\/div><div class=\"fusion-text fusion-text-1\" style=\"--awb-text-color:var(--awb-color7);\"><p>_____<\/p>\n<\/div><\/div><\/div><\/div><\/div><\/div><div id=\"2\" class=\"fusion-container-anchor\"><div class=\"fusion-fullwidth fullwidth-box fusion-builder-row-5 fusion-flex-container has-pattern-background has-mask-background nonhundred-percent-fullwidth non-hundred-percent-height-scrolling\" style=\"--awb-border-radius-top-left:0px;--awb-border-radius-top-right:0px;--awb-border-radius-bottom-right:0px;--awb-border-radius-bottom-left:0px;--awb-padding-right:6.5%;--awb-padding-left:6.5%;--awb-margin-top:36px;--awb-margin-bottom:50px;--awb-flex-wrap:wrap;\" ><div class=\"fusion-builder-row fusion-row fusion-flex-align-items-flex-start fusion-flex-content-wrap\" style=\"max-width:calc( 1200px + 0px );margin-left: calc(-0px \/ 2 );margin-right: calc(-0px \/ 2 );\"><div class=\"fusion-layout-column fusion_builder_column fusion-builder-column-4 fusion_builder_column_1_1 1_1 fusion-flex-column\" style=\"--awb-bg-size:cover;--awb-width-large:100%;--awb-margin-top-large:0px;--awb-spacing-right-large:0px;--awb-margin-bottom-large:0px;--awb-spacing-left-large:0px;--awb-width-medium:100%;--awb-order-medium:0;--awb-spacing-right-medium:0px;--awb-spacing-left-medium:0px;--awb-width-small:100%;--awb-order-small:0;--awb-spacing-right-small:0px;--awb-spacing-left-small:0px;\"><div class=\"fusion-column-wrapper fusion-column-has-shadow fusion-flex-justify-content-flex-start fusion-content-layout-column\"><div class=\"fusion-title title fusion-title-3 fusion-sep-none fusion-title-text fusion-title-size-two\"><h2 class=\"fusion-title-heading title-heading-left fusion-responsive-typography-calculated\" style=\"margin:0;--fontSize:43;line-height:var(--awb-typography1-line-height);\">F\u00e9vrier<\/h2><\/div><div class=\"fusion-text fusion-text-2\" style=\"--awb-text-color:var(--awb-color7);\"><p>_____<\/p>\n<\/div><\/div><\/div><\/div><\/div><\/div><div id=\"3\" class=\"fusion-container-anchor\"><div class=\"fusion-fullwidth fullwidth-box fusion-builder-row-6 fusion-flex-container has-pattern-background has-mask-background nonhundred-percent-fullwidth non-hundred-percent-height-scrolling\" style=\"--awb-border-radius-top-left:0px;--awb-border-radius-top-right:0px;--awb-border-radius-bottom-right:0px;--awb-border-radius-bottom-left:0px;--awb-padding-right:6.5%;--awb-padding-left:6.5%;--awb-margin-top:36px;--awb-margin-bottom:50px;--awb-flex-wrap:wrap;\" ><div class=\"fusion-builder-row fusion-row fusion-flex-align-items-flex-start fusion-flex-content-wrap\" style=\"max-width:calc( 1200px + 0px );margin-left: calc(-0px \/ 2 );margin-right: calc(-0px \/ 2 );\"><div class=\"fusion-layout-column fusion_builder_column fusion-builder-column-5 fusion_builder_column_1_1 1_1 fusion-flex-column\" style=\"--awb-bg-size:cover;--awb-width-large:100%;--awb-margin-top-large:0px;--awb-spacing-right-large:0px;--awb-margin-bottom-large:0px;--awb-spacing-left-large:0px;--awb-width-medium:100%;--awb-order-medium:0;--awb-spacing-right-medium:0px;--awb-spacing-left-medium:0px;--awb-width-small:100%;--awb-order-small:0;--awb-spacing-right-small:0px;--awb-spacing-left-small:0px;\"><div class=\"fusion-column-wrapper fusion-column-has-shadow fusion-flex-justify-content-flex-start fusion-content-layout-column\"><div class=\"fusion-title title fusion-title-4 fusion-sep-none fusion-title-text fusion-title-size-two\"><h2 class=\"fusion-title-heading title-heading-left fusion-responsive-typography-calculated\" style=\"margin:0;--fontSize:43;line-height:var(--awb-typography1-line-height);\">Mars<\/h2><\/div><div class=\"fusion-text fusion-text-3\" style=\"--awb-text-color:var(--awb-color7);\"><p>_____<\/p>\n<\/div><\/div><\/div><\/div><\/div><\/div><div id=\"4\" class=\"fusion-container-anchor\"><div class=\"fusion-fullwidth fullwidth-box fusion-builder-row-7 fusion-flex-container has-pattern-background has-mask-background nonhundred-percent-fullwidth non-hundred-percent-height-scrolling\" style=\"--awb-border-radius-top-left:0px;--awb-border-radius-top-right:0px;--awb-border-radius-bottom-right:0px;--awb-border-radius-bottom-left:0px;--awb-padding-right:6.5%;--awb-padding-left:6.5%;--awb-margin-top:36px;--awb-margin-bottom:50px;--awb-flex-wrap:wrap;\" ><div class=\"fusion-builder-row fusion-row fusion-flex-align-items-flex-start fusion-flex-content-wrap\" style=\"max-width:calc( 1200px + 0px );margin-left: calc(-0px \/ 2 );margin-right: calc(-0px \/ 2 );\"><div class=\"fusion-layout-column fusion_builder_column fusion-builder-column-6 fusion_builder_column_1_1 1_1 fusion-flex-column\" style=\"--awb-bg-size:cover;--awb-width-large:100%;--awb-margin-top-large:0px;--awb-spacing-right-large:0px;--awb-margin-bottom-large:0px;--awb-spacing-left-large:0px;--awb-width-medium:100%;--awb-order-medium:0;--awb-spacing-right-medium:0px;--awb-spacing-left-medium:0px;--awb-width-small:100%;--awb-order-small:0;--awb-spacing-right-small:0px;--awb-spacing-left-small:0px;\"><div class=\"fusion-column-wrapper fusion-column-has-shadow fusion-flex-justify-content-flex-start fusion-content-layout-column\"><div class=\"fusion-title title fusion-title-5 fusion-sep-none fusion-title-text fusion-title-size-two\"><h2 class=\"fusion-title-heading title-heading-left fusion-responsive-typography-calculated\" style=\"margin:0;--fontSize:43;line-height:var(--awb-typography1-line-height);\">Avril<\/h2><\/div><div class=\"fusion-text fusion-text-4\"><p><strong>MI, 29 avril 2026, 10h00 &#8211; 17h00<br \/>\nLANGNAU-M\u00c4RIT<br \/>\n<\/strong>Rosench\u00fcechli &amp; warme Apfelch\u00fcechli<br \/>\n\u00e0 partir de 10h dans et devant la Ch\u00fcechlihus avec programme sp\u00e9cial \u00ab\u00a0spychere !\u00a0\u00bb<\/p>\n<p>Les personnes qui vivent ici sont celles qui connaissent le mieux leur r\u00e9gion. Ils savent ce qui \u00e9tait important autrefois, ce qui caract\u00e9rise aujourd&rsquo;hui le quotidien et quelles histoires sont li\u00e9es aux lieux, aux coutumes ou aux activit\u00e9s. C&rsquo;est pourquoi, avec \u00ab\u00a0spychere !\u00a0\u00bb, le mus\u00e9e se trouve l\u00e0 o\u00f9 les gens sont &#8211; au Langnau M\u00e4rit.<br \/>\n<strong>Venez partager vos connaissances avec nous.<\/strong>  Nous vous aidons \u00e0 saisir votre contribution tout en d\u00e9gustant un d\u00e9licieux g\u00e2teau \u00e0 la rose ou aux pommes. L&rsquo;exposition est ouverte.<\/p>\n<\/div><div class=\"fusion-text fusion-text-5\" style=\"--awb-text-color:var(--awb-color7);\"><p>_____<\/p>\n<\/div><\/div><\/div><\/div><\/div><\/div><div id=\"5\" class=\"fusion-container-anchor\"><div class=\"fusion-fullwidth fullwidth-box fusion-builder-row-8 fusion-flex-container has-pattern-background has-mask-background nonhundred-percent-fullwidth non-hundred-percent-height-scrolling\" style=\"--awb-border-radius-top-left:0px;--awb-border-radius-top-right:0px;--awb-border-radius-bottom-right:0px;--awb-border-radius-bottom-left:0px;--awb-padding-right:6.5%;--awb-padding-left:6.5%;--awb-margin-top:36px;--awb-margin-bottom:50px;--awb-flex-wrap:wrap;\" ><div class=\"fusion-builder-row fusion-row fusion-flex-align-items-flex-start fusion-flex-content-wrap\" style=\"max-width:calc( 1200px + 0px );margin-left: calc(-0px \/ 2 );margin-right: calc(-0px \/ 2 );\"><div class=\"fusion-layout-column fusion_builder_column fusion-builder-column-7 fusion_builder_column_1_1 1_1 fusion-flex-column\" style=\"--awb-bg-size:cover;--awb-width-large:100%;--awb-margin-top-large:0px;--awb-spacing-right-large:0px;--awb-margin-bottom-large:0px;--awb-spacing-left-large:0px;--awb-width-medium:100%;--awb-order-medium:0;--awb-spacing-right-medium:0px;--awb-spacing-left-medium:0px;--awb-width-small:100%;--awb-order-small:0;--awb-spacing-right-small:0px;--awb-spacing-left-small:0px;\"><div class=\"fusion-column-wrapper fusion-column-has-shadow fusion-flex-justify-content-flex-start fusion-content-layout-column\"><div class=\"fusion-title title fusion-title-6 fusion-sep-none fusion-title-text fusion-title-size-two\"><h2 class=\"fusion-title-heading title-heading-left fusion-responsive-typography-calculated\" style=\"margin:0;--fontSize:43;line-height:var(--awb-typography1-line-height);\">Mai<\/h2><\/div><div class=\"fusion-text fusion-text-6\"><p><strong>Vendredi 1er mai 2026, \u00e0 partir de 18h30<br \/>\nVernissage de l&rsquo;exposition \u00ab\u00a0Madeleine Ryser. Regard sur 25 ans de peinture\u00a0\u00bb <\/strong><\/p>\n<p>La commission culturelle de la commune de Langnau rend hommage \u00e0 l&rsquo;\u0153uvre picturale impressionnante de Madeleine Ryser en organisant une exposition r\u00e9trospective sur son lieu de travail \u00e0 la B\u00e4renplatz. Un livre d&rsquo;art richement illustr\u00e9 est \u00e9galement publi\u00e9. La monographie de Reto Mettler offre un aper\u00e7u complet de ses \u0153uvres picturales grand format et met en lumi\u00e8re les coulisses de ses multiples cr\u00e9ations.  <\/p>\n<p>Plus d&rsquo;informations sur le programme suivront &#8211; nous nous r\u00e9jouissons d\u00e9j\u00e0 de votre visite !<\/p>\n<\/div><div class=\"fusion-text fusion-text-7\" style=\"--awb-text-color:var(--awb-color7);\"><p>_____<\/p>\n<\/div><div class=\"fusion-text fusion-text-8\"><p><strong>2-17 mai 2026<br \/>\nExposition \u00ab\u00a0Madeleine Ryser. Regard sur 25 ans de peinture\u00a0\u00bb<br \/>\nim Alten B\u00e4ren &amp; im Regionalmuseum Ch\u00fcechlihus   <\/strong>(pendant les heures d&rsquo;ouverture normales du mus\u00e9e)<\/p>\n<p>La commission culturelle de la commune de Langnau rend hommage \u00e0 l&rsquo;\u0153uvre picturale impressionnante de Madeleine Ryser en organisant une exposition r\u00e9trospective sur son lieu de travail \u00e0 la B\u00e4renplatz. Un livre d&rsquo;art richement illustr\u00e9 est \u00e9galement publi\u00e9. La monographie de Reto Mettler offre un aper\u00e7u complet de ses \u0153uvres picturales grand format et met en lumi\u00e8re les coulisses de ses multiples cr\u00e9ations.  <\/p>\n<p>Plus d&rsquo;informations suivront &#8211; nous nous r\u00e9jouissons d\u00e9j\u00e0 de votre visite !<\/p>\n<\/div><div class=\"fusion-text fusion-text-9\" style=\"--awb-text-color:var(--awb-color7);\"><p>_____<\/p>\n<\/div><div class=\"fusion-text fusion-text-10\"><p><strong>DIM, 3 mai 2026, 12h00-14h00<br \/>\nGuichet du savoir ouvert<\/strong><\/p>\n<p>Le mus\u00e9e r\u00e9gional Ch\u00fcechlihus rassemble les connaissances de la vall\u00e9e de l&rsquo;Emme. Dans l&rsquo;e-spycher num\u00e9rique, le savoir r\u00e9gional est collect\u00e9, pr\u00e9serv\u00e9 et rendu accessible au grand public. Vous avez besoin d&rsquo;aide pour la saisie ? Plusieurs dimanches par mois, nous te soutenons dans l&rsquo;exposition du mus\u00e9e r\u00e9gional Ch\u00fcechlihus. Viens nous voir et partage tes connaissances avec nous !    <\/p>\n<p>En savoir plus sur le projet : <a href=\"https:\/\/e-spycher.ch\/\" target=\"_blank\" rel=\"noopener\">e-spycher.ch<\/a><\/p>\n<\/div><div class=\"fusion-text fusion-text-11\" style=\"--awb-text-color:var(--awb-color7);\"><p>_____<\/p>\n<\/div><div class=\"fusion-text fusion-text-12\"><p><strong>DIM, 10 mai 2026, 12h00-14h00<br \/>\nGuichet du savoir ouvert<\/strong><\/p>\n<p>Le mus\u00e9e r\u00e9gional Ch\u00fcechlihus rassemble les connaissances de la vall\u00e9e de l&rsquo;Emme. Dans l&rsquo;e-spycher num\u00e9rique, le savoir r\u00e9gional est collect\u00e9, pr\u00e9serv\u00e9 et rendu accessible au grand public. Vous avez besoin d&rsquo;aide pour la saisie ? Plusieurs dimanches par mois, nous te soutenons dans l&rsquo;exposition du mus\u00e9e r\u00e9gional Ch\u00fcechlihus. Viens nous voir et partage tes connaissances avec nous !    <\/p>\n<p>En savoir plus sur le projet : <a href=\"https:\/\/e-spycher.ch\/\" target=\"_blank\" rel=\"noopener\">e-spycher.ch<\/a><\/p>\n<\/div><div class=\"fusion-text fusion-text-13\" style=\"--awb-text-color:var(--awb-color7);\"><p>_____<\/p>\n<\/div><div class=\"fusion-text fusion-text-14\"><p><strong>DIM 24 mai 2026, 12h00-14h00<br \/>\nGuichet du savoir ouvert<\/strong><\/p>\n<p>Le mus\u00e9e r\u00e9gional Ch\u00fcechlihus rassemble les connaissances de la vall\u00e9e de l&rsquo;Emme. Dans l&rsquo;e-spycher num\u00e9rique, le savoir r\u00e9gional est collect\u00e9, pr\u00e9serv\u00e9 et rendu accessible au grand public. Vous avez besoin d&rsquo;aide pour la saisie ? Plusieurs dimanches par mois, nous te soutenons dans l&rsquo;exposition du mus\u00e9e r\u00e9gional Ch\u00fcechlihus. Viens nous voir et partage tes connaissances avec nous !    <\/p>\n<p>En savoir plus sur le projet : <a href=\"https:\/\/e-spycher.ch\/\" target=\"_blank\" rel=\"noopener\">e-spycher.ch<\/a><\/p>\n<\/div><div class=\"fusion-text fusion-text-15\" style=\"--awb-text-color:var(--awb-color7);\"><p>_____<\/p>\n<\/div><div class=\"fusion-text fusion-text-16\"><p><strong>DIM, 31 mai 2026, 12h00-14h00<br \/>\nGuichet du savoir ouvert<\/strong><\/p>\n<p>Le mus\u00e9e r\u00e9gional Ch\u00fcechlihus rassemble les connaissances de la vall\u00e9e de l&rsquo;Emme. Dans l&rsquo;e-spycher num\u00e9rique, le savoir r\u00e9gional est collect\u00e9, pr\u00e9serv\u00e9 et rendu accessible au grand public. Vous avez besoin d&rsquo;aide pour la saisie ? Plusieurs dimanches par mois, nous te soutenons dans l&rsquo;exposition du mus\u00e9e r\u00e9gional Ch\u00fcechlihus. Viens nous voir et partage tes connaissances avec nous !    <\/p>\n<p>En savoir plus sur le projet : <a href=\"https:\/\/e-spycher.ch\/\" target=\"_blank\" rel=\"noopener\">e-spycher.ch<\/a><\/p>\n<\/div><\/div><\/div><\/div><\/div><\/div><div id=\"6\" class=\"fusion-container-anchor\"><div class=\"fusion-fullwidth fullwidth-box fusion-builder-row-9 fusion-flex-container has-pattern-background has-mask-background nonhundred-percent-fullwidth non-hundred-percent-height-scrolling\" style=\"--awb-border-radius-top-left:0px;--awb-border-radius-top-right:0px;--awb-border-radius-bottom-right:0px;--awb-border-radius-bottom-left:0px;--awb-padding-right:6.5%;--awb-padding-left:6.5%;--awb-margin-top:36px;--awb-margin-bottom:50px;--awb-flex-wrap:wrap;\" ><div class=\"fusion-builder-row fusion-row fusion-flex-align-items-flex-start fusion-flex-content-wrap\" style=\"max-width:calc( 1200px + 0px );margin-left: calc(-0px \/ 2 );margin-right: calc(-0px \/ 2 );\"><div class=\"fusion-layout-column fusion_builder_column fusion-builder-column-8 fusion_builder_column_1_1 1_1 fusion-flex-column\" style=\"--awb-bg-size:cover;--awb-width-large:100%;--awb-margin-top-large:0px;--awb-spacing-right-large:0px;--awb-margin-bottom-large:0px;--awb-spacing-left-large:0px;--awb-width-medium:100%;--awb-order-medium:0;--awb-spacing-right-medium:0px;--awb-spacing-left-medium:0px;--awb-width-small:100%;--awb-order-small:0;--awb-spacing-right-small:0px;--awb-spacing-left-small:0px;\"><div class=\"fusion-column-wrapper fusion-column-has-shadow fusion-flex-justify-content-flex-start fusion-content-layout-column\"><div class=\"fusion-title title fusion-title-7 fusion-sep-none fusion-title-text fusion-title-size-two\"><h2 class=\"fusion-title-heading title-heading-left fusion-responsive-typography-calculated\" style=\"margin:0;--fontSize:43;line-height:var(--awb-typography1-line-height);\">Juin<\/h2><\/div><div class=\"fusion-text fusion-text-17\"><p><strong>DIM 7 juin 2026, 12h00-14h00<br \/>\nGuichet du savoir ouvert<\/strong><\/p>\n<p>Le mus\u00e9e r\u00e9gional Ch\u00fcechlihus rassemble les connaissances de la vall\u00e9e de l&rsquo;Emme. Dans l&rsquo;e-spycher num\u00e9rique, le savoir r\u00e9gional est collect\u00e9, pr\u00e9serv\u00e9 et rendu accessible au grand public. Vous avez besoin d&rsquo;aide pour la saisie ? Plusieurs dimanches par mois, nous te soutenons dans l&rsquo;exposition du mus\u00e9e r\u00e9gional Ch\u00fcechlihus. Viens nous voir et partage tes connaissances avec nous !    <\/p>\n<p>En savoir plus sur le projet : <a href=\"https:\/\/e-spycher.ch\/\" target=\"_blank\" rel=\"noopener\">e-spycher.ch<\/a><\/p>\n<\/div><div class=\"fusion-text fusion-text-18\" style=\"--awb-text-color:var(--awb-color7);\"><p>_____<\/p>\n<\/div><div class=\"fusion-text fusion-text-19\"><p><strong>DIM 21 juin 2026, 12h00-14h00<br \/>\nGuichet du savoir ouvert<\/strong><\/p>\n<p>Le mus\u00e9e r\u00e9gional Ch\u00fcechlihus rassemble les connaissances de la vall\u00e9e de l&rsquo;Emme. Dans l&rsquo;e-spycher num\u00e9rique, le savoir r\u00e9gional est collect\u00e9, pr\u00e9serv\u00e9 et rendu accessible au grand public. Vous avez besoin d&rsquo;aide pour la saisie ? Plusieurs dimanches par mois, nous te soutenons dans l&rsquo;exposition du mus\u00e9e r\u00e9gional Ch\u00fcechlihus. Viens nous voir et partage tes connaissances avec nous !    <\/p>\n<p>En savoir plus sur le projet : <a href=\"https:\/\/e-spycher.ch\/\" target=\"_blank\" rel=\"noopener\">e-spycher.ch<\/a><\/p>\n<\/div><div class=\"fusion-text fusion-text-20\" style=\"--awb-text-color:var(--awb-color7);\"><p>_____<\/p>\n<\/div><div class=\"fusion-text fusion-text-21\"><p><strong>DIM, 28 juin 2026, 11h00-11h45<br \/>\nVISITE PUBLIQUE  <\/strong><\/p>\n<p>L&rsquo;artisanat de l&rsquo;Emmental &#8211; du commerce du fromage \u00e0 la verrerie en passant par la for\u00eat.<\/p>\n<p>Visite guid\u00e9e du mus\u00e9e par Heinz Wittwer (en allemand).<br \/>\n5.00 CHF par personne en plus de l&rsquo;entr\u00e9e au mus\u00e9e.<br \/>\nAucune inscription n&rsquo;est n\u00e9cessaire.<\/p>\n<\/div><div class=\"fusion-text fusion-text-22\" style=\"--awb-text-color:var(--awb-color7);\"><p>_____<\/p>\n<\/div><div class=\"fusion-text fusion-text-23\"><p><strong>DIM, 28 juin 2026, 12h00-14h00<br \/>\nGuichet du savoir ouvert<\/strong><\/p>\n<p>Le mus\u00e9e r\u00e9gional Ch\u00fcechlihus rassemble les connaissances de la vall\u00e9e de l&rsquo;Emme. Dans l&rsquo;e-spycher num\u00e9rique, le savoir r\u00e9gional est collect\u00e9, pr\u00e9serv\u00e9 et rendu accessible au grand public. Vous avez besoin d&rsquo;aide pour la saisie ? Plusieurs dimanches par mois, nous te soutenons dans l&rsquo;exposition du mus\u00e9e r\u00e9gional Ch\u00fcechlihus. Viens nous voir et partage tes connaissances avec nous !    <\/p>\n<p>En savoir plus sur le projet : <a href=\"https:\/\/e-spycher.ch\/\" target=\"_blank\" rel=\"noopener\">e-spycher.ch<\/a><\/p>\n<\/div><\/div><\/div><\/div><\/div><\/div><div id=\"7\" class=\"fusion-container-anchor\"><div class=\"fusion-fullwidth fullwidth-box fusion-builder-row-10 fusion-flex-container has-pattern-background has-mask-background nonhundred-percent-fullwidth non-hundred-percent-height-scrolling\" style=\"--awb-border-radius-top-left:0px;--awb-border-radius-top-right:0px;--awb-border-radius-bottom-right:0px;--awb-border-radius-bottom-left:0px;--awb-padding-right:6.5%;--awb-padding-left:6.5%;--awb-margin-top:36px;--awb-margin-bottom:50px;--awb-flex-wrap:wrap;\" ><div class=\"fusion-builder-row fusion-row fusion-flex-align-items-flex-start fusion-flex-content-wrap\" style=\"max-width:calc( 1200px + 0px );margin-left: calc(-0px \/ 2 );margin-right: calc(-0px \/ 2 );\"><div class=\"fusion-layout-column fusion_builder_column fusion-builder-column-9 fusion_builder_column_1_1 1_1 fusion-flex-column\" style=\"--awb-bg-size:cover;--awb-width-large:100%;--awb-margin-top-large:0px;--awb-spacing-right-large:0px;--awb-margin-bottom-large:0px;--awb-spacing-left-large:0px;--awb-width-medium:100%;--awb-order-medium:0;--awb-spacing-right-medium:0px;--awb-spacing-left-medium:0px;--awb-width-small:100%;--awb-order-small:0;--awb-spacing-right-small:0px;--awb-spacing-left-small:0px;\"><div class=\"fusion-column-wrapper fusion-column-has-shadow fusion-flex-justify-content-flex-start fusion-content-layout-column\"><div class=\"fusion-title title fusion-title-8 fusion-sep-none fusion-title-text fusion-title-size-two\"><h2 class=\"fusion-title-heading title-heading-left fusion-responsive-typography-calculated\" style=\"margin:0;--fontSize:43;line-height:var(--awb-typography1-line-height);\">Juillet<\/h2><\/div><div class=\"fusion-text fusion-text-24\"><p><strong>DIM, 5 juillet 2026, 12h00-14h00<br \/>\nGuichet du savoir ouvert<\/strong><\/p>\n<p>Le mus\u00e9e r\u00e9gional Ch\u00fcechlihus rassemble les connaissances de la vall\u00e9e de l&rsquo;Emme. Dans l&rsquo;e-spycher num\u00e9rique, le savoir r\u00e9gional est collect\u00e9, pr\u00e9serv\u00e9 et rendu accessible au grand public. Vous avez besoin d&rsquo;aide pour la saisie ? Plusieurs dimanches par mois, nous te soutenons dans l&rsquo;exposition du mus\u00e9e r\u00e9gional Ch\u00fcechlihus. Viens nous voir et partage tes connaissances avec nous !    <\/p>\n<p>En savoir plus sur le projet : <a href=\"https:\/\/e-spycher.ch\/\" target=\"_blank\" rel=\"noopener\">e-spycher.ch<\/a><\/p>\n<\/div><div class=\"fusion-text fusion-text-25\" style=\"--awb-text-color:var(--awb-color7);\"><p>_____<\/p>\n<\/div><div class=\"fusion-text fusion-text-26\"><p><strong>MI, 15 juillet 2026, 10h00 &#8211; 17h00<br \/>\nLANGNAU-M\u00c4RIT<br \/>\n<\/strong>Rosench\u00fcechli &amp; warme Apfelch\u00fcechli<br \/>\n\u00e0 partir de 10h dans et devant la Ch\u00fcechlihus avec programme sp\u00e9cial<\/p>\n<\/div><div class=\"fusion-text fusion-text-27\" style=\"--awb-text-color:var(--awb-color7);\"><p>_____<\/p>\n<\/div><div class=\"fusion-text fusion-text-28\"><p><strong>DIM 19 juillet 2026, 12h00-14h00<br \/>\nGuichet du savoir ouvert<\/strong><\/p>\n<p>Le mus\u00e9e r\u00e9gional Ch\u00fcechlihus rassemble les connaissances de la vall\u00e9e de l&rsquo;Emme. Dans l&rsquo;e-spycher num\u00e9rique, le savoir r\u00e9gional est collect\u00e9, pr\u00e9serv\u00e9 et rendu accessible au grand public. Vous avez besoin d&rsquo;aide pour la saisie ? Plusieurs dimanches par mois, nous te soutenons dans l&rsquo;exposition du mus\u00e9e r\u00e9gional Ch\u00fcechlihus. Viens nous voir et partage tes connaissances avec nous !    <\/p>\n<p>En savoir plus sur le projet : <a href=\"https:\/\/e-spycher.ch\/\" target=\"_blank\" rel=\"noopener\">e-spycher.ch<\/a><\/p>\n<\/div><div class=\"fusion-text fusion-text-29\" style=\"--awb-text-color:var(--awb-color7);\"><p>_____<\/p>\n<\/div><div class=\"fusion-text fusion-text-30\"><p><strong>DIM, 26 juillet 2026, 11h00-11h45<br \/>\nVISITE PUBLIQUE  <\/strong><\/p>\n<p>Les trois potiers Daniel Herrmann, Adolf Gerber, Jakob Stucki<\/p>\n<p>Visite guid\u00e9e du mus\u00e9e en allemand avec Bettina Haldemann.<br \/>\n5.00 CHF par personne en plus de l&rsquo;entr\u00e9e au mus\u00e9e.<br \/>\nPas d&rsquo;inscription n\u00e9cessaire.<br \/>\nD&rsquo;autres informations sur le sujet suivront.<\/p>\n<\/div><div class=\"fusion-text fusion-text-31\" style=\"--awb-text-color:var(--awb-color7);\"><p>_____<\/p>\n<\/div><div class=\"fusion-text fusion-text-32\"><p><strong>DIM, 26 juillet 2026, 12h00-14h00<br \/>\nGuichet du savoir ouvert<\/strong><\/p>\n<p>Le mus\u00e9e r\u00e9gional Ch\u00fcechlihus rassemble les connaissances de la vall\u00e9e de l&rsquo;Emme. Dans l&rsquo;e-spycher num\u00e9rique, le savoir r\u00e9gional est collect\u00e9, pr\u00e9serv\u00e9 et rendu accessible au grand public. Vous avez besoin d&rsquo;aide pour la saisie ? Plusieurs dimanches par mois, nous te soutenons dans l&rsquo;exposition du mus\u00e9e r\u00e9gional Ch\u00fcechlihus. Viens nous voir et partage tes connaissances avec nous !    <\/p>\n<p>En savoir plus sur le projet : <a href=\"https:\/\/e-spycher.ch\/\" target=\"_blank\" rel=\"noopener\">e-spycher.ch<\/a><\/p>\n<\/div><\/div><\/div><\/div><\/div><\/div><div id=\"8\" class=\"fusion-container-anchor\"><div class=\"fusion-fullwidth fullwidth-box fusion-builder-row-11 fusion-flex-container has-pattern-background has-mask-background nonhundred-percent-fullwidth non-hundred-percent-height-scrolling\" style=\"--awb-border-radius-top-left:0px;--awb-border-radius-top-right:0px;--awb-border-radius-bottom-right:0px;--awb-border-radius-bottom-left:0px;--awb-padding-right:6.5%;--awb-padding-left:6.5%;--awb-margin-top:36px;--awb-margin-bottom:50px;--awb-flex-wrap:wrap;\" ><div class=\"fusion-builder-row fusion-row fusion-flex-align-items-flex-start fusion-flex-content-wrap\" style=\"max-width:calc( 1200px + 0px );margin-left: calc(-0px \/ 2 );margin-right: calc(-0px \/ 2 );\"><div class=\"fusion-layout-column fusion_builder_column fusion-builder-column-10 fusion_builder_column_1_1 1_1 fusion-flex-column\" style=\"--awb-bg-size:cover;--awb-width-large:100%;--awb-margin-top-large:0px;--awb-spacing-right-large:0px;--awb-margin-bottom-large:0px;--awb-spacing-left-large:0px;--awb-width-medium:100%;--awb-order-medium:0;--awb-spacing-right-medium:0px;--awb-spacing-left-medium:0px;--awb-width-small:100%;--awb-order-small:0;--awb-spacing-right-small:0px;--awb-spacing-left-small:0px;\"><div class=\"fusion-column-wrapper fusion-column-has-shadow fusion-flex-justify-content-flex-start fusion-content-layout-column\"><div class=\"fusion-title title fusion-title-9 fusion-sep-none fusion-title-text fusion-title-size-two\"><h2 class=\"fusion-title-heading title-heading-left fusion-responsive-typography-calculated\" style=\"margin:0;--fontSize:43;line-height:var(--awb-typography1-line-height);\">Ao\u00fbt<\/h2><\/div><div class=\"fusion-text fusion-text-33\"><p><strong>DIM, 2 ao\u00fbt 2026, 12h00-14h00<br \/>\nGuichet du savoir ouvert<\/strong><\/p>\n<p>Le mus\u00e9e r\u00e9gional Ch\u00fcechlihus rassemble les connaissances de la vall\u00e9e de l&rsquo;Emme. Dans l&rsquo;e-spycher num\u00e9rique, le savoir r\u00e9gional est collect\u00e9, pr\u00e9serv\u00e9 et rendu accessible au grand public. Vous avez besoin d&rsquo;aide pour la saisie ? Plusieurs dimanches par mois, nous te soutenons dans l&rsquo;exposition du mus\u00e9e r\u00e9gional Ch\u00fcechlihus. Viens nous voir et partage tes connaissances avec nous !    <\/p>\n<p>En savoir plus sur le projet : <a href=\"https:\/\/e-spycher.ch\/\" target=\"_blank\" rel=\"noopener\">e-spycher.ch<\/a><\/p>\n<\/div><div class=\"fusion-text fusion-text-34\" style=\"--awb-text-color:var(--awb-color7);\"><p>_____<\/p>\n<\/div><div class=\"fusion-text fusion-text-35\"><p><strong>DIM, 16 ao\u00fbt 2026, 12h00-14h00<br \/>\nGuichet du savoir ouvert<\/strong><\/p>\n<p>Le mus\u00e9e r\u00e9gional Ch\u00fcechlihus rassemble les connaissances de la vall\u00e9e de l&rsquo;Emme. Dans l&rsquo;e-spycher num\u00e9rique, le savoir r\u00e9gional est collect\u00e9, pr\u00e9serv\u00e9 et rendu accessible au grand public. Vous avez besoin d&rsquo;aide pour la saisie ? Plusieurs dimanches par mois, nous te soutenons dans l&rsquo;exposition du mus\u00e9e r\u00e9gional Ch\u00fcechlihus. Viens nous voir et partage tes connaissances avec nous !    <\/p>\n<p>En savoir plus sur le projet : <a href=\"https:\/\/e-spycher.ch\/\" target=\"_blank\" rel=\"noopener\">e-spycher.ch<\/a><\/p>\n<\/div><div class=\"fusion-text fusion-text-36\" style=\"--awb-text-color:var(--awb-color7);\"><p>_____<\/p>\n<\/div><div class=\"fusion-text fusion-text-37\"><p><strong>DIM, 23 ao\u00fbt 2026, 12h00-14h00<br \/>\nGuichet du savoir ouvert<\/strong><\/p>\n<p>Le mus\u00e9e r\u00e9gional Ch\u00fcechlihus rassemble les connaissances de la vall\u00e9e de l&rsquo;Emme. Dans l&rsquo;e-spycher num\u00e9rique, le savoir r\u00e9gional est collect\u00e9, pr\u00e9serv\u00e9 et rendu accessible au grand public. Vous avez besoin d&rsquo;aide pour la saisie ? Plusieurs dimanches par mois, nous te soutenons dans l&rsquo;exposition du mus\u00e9e r\u00e9gional Ch\u00fcechlihus. Viens nous voir et partage tes connaissances avec nous !    <\/p>\n<p>En savoir plus sur le projet : <a href=\"https:\/\/e-spycher.ch\/\" target=\"_blank\" rel=\"noopener\">e-spycher.ch<\/a><\/p>\n<\/div><div class=\"fusion-text fusion-text-38\" style=\"--awb-text-color:var(--awb-color7);\"><p>_____<\/p>\n<\/div><div class=\"fusion-text fusion-text-39\"><p><strong>DIM, 30 ao\u00fbt 2026, 12h00-14h00<br \/>\nGuichet du savoir ouvert<\/strong><\/p>\n<p>Le mus\u00e9e r\u00e9gional Ch\u00fcechlihus rassemble les connaissances de la vall\u00e9e de l&rsquo;Emme. Dans l&rsquo;e-spycher num\u00e9rique, le savoir r\u00e9gional est collect\u00e9, pr\u00e9serv\u00e9 et rendu accessible au grand public. Vous avez besoin d&rsquo;aide pour la saisie ? Plusieurs dimanches par mois, nous te soutenons dans l&rsquo;exposition du mus\u00e9e r\u00e9gional Ch\u00fcechlihus. Viens nous voir et partage tes connaissances avec nous !    <\/p>\n<p>En savoir plus sur le projet : <a href=\"https:\/\/e-spycher.ch\/\" target=\"_blank\" rel=\"noopener\">e-spycher.ch<\/a><\/p>\n<\/div><div class=\"fusion-text fusion-text-40\" style=\"--awb-text-color:var(--awb-color7);\"><p>_____<\/p>\n<\/div><\/div><\/div><\/div><\/div><\/div><div id=\"9\" class=\"fusion-container-anchor\"><div class=\"fusion-fullwidth fullwidth-box fusion-builder-row-12 fusion-flex-container has-pattern-background has-mask-background nonhundred-percent-fullwidth non-hundred-percent-height-scrolling\" style=\"--awb-border-radius-top-left:0px;--awb-border-radius-top-right:0px;--awb-border-radius-bottom-right:0px;--awb-border-radius-bottom-left:0px;--awb-padding-right:6.5%;--awb-padding-left:6.5%;--awb-margin-top:36px;--awb-margin-bottom:50px;--awb-flex-wrap:wrap;\" ><div class=\"fusion-builder-row fusion-row fusion-flex-align-items-flex-start fusion-flex-content-wrap\" style=\"max-width:calc( 1200px + 0px );margin-left: calc(-0px \/ 2 );margin-right: calc(-0px \/ 2 );\"><div class=\"fusion-layout-column fusion_builder_column fusion-builder-column-11 fusion_builder_column_1_1 1_1 fusion-flex-column\" style=\"--awb-bg-size:cover;--awb-width-large:100%;--awb-margin-top-large:0px;--awb-spacing-right-large:0px;--awb-margin-bottom-large:0px;--awb-spacing-left-large:0px;--awb-width-medium:100%;--awb-order-medium:0;--awb-spacing-right-medium:0px;--awb-spacing-left-medium:0px;--awb-width-small:100%;--awb-order-small:0;--awb-spacing-right-small:0px;--awb-spacing-left-small:0px;\"><div class=\"fusion-column-wrapper fusion-column-has-shadow fusion-flex-justify-content-flex-start fusion-content-layout-column\"><div class=\"fusion-title title fusion-title-10 fusion-sep-none fusion-title-text fusion-title-size-two\"><h2 class=\"fusion-title-heading title-heading-left fusion-responsive-typography-calculated\" style=\"margin:0;--fontSize:43;line-height:var(--awb-typography1-line-height);\">Septembre<\/h2><\/div><div class=\"fusion-text fusion-text-41\"><p><strong>DIM, 6 septembre 2026, 10h00 &#8211; 17h00<br \/>\nCH\u00dcECHLIHUS-SUNNDIG<\/strong><\/p>\n<p>Nous vous invitons \u00e0 la f\u00eate d&rsquo;anniversaire !<br \/>\nEnsemble, nous f\u00eatons les 500 ans de la Ch\u00fcechlihus avec un programme culturel vari\u00e9 pour petits et grands.<\/p>\n<p>Plus d&rsquo;informations sur le programme suivront.<\/p>\n<p><strong>Restauration<\/strong><br \/>\nHot-dogs, soupes, beignets \u00e0 la rose et aux pommes, g\u00e2teaux, glaces &amp; boissons<\/p>\n<p><strong>Entr\u00e9e libre, bandeau de solidarit\u00e9<\/strong><\/p>\n<\/div><div class=\"fusion-text fusion-text-42\" style=\"--awb-text-color:var(--awb-color7);\"><p>_____<\/p>\n<\/div><div class=\"fusion-text fusion-text-43\"><p><strong>DIM 13 septembre 2026, 12h00-14h00<br \/>\nGuichet du savoir ouvert<\/strong><\/p>\n<p>Le mus\u00e9e r\u00e9gional Ch\u00fcechlihus rassemble les connaissances de la vall\u00e9e de l&rsquo;Emme. Dans l&rsquo;e-spycher num\u00e9rique, le savoir r\u00e9gional est collect\u00e9, pr\u00e9serv\u00e9 et rendu accessible au grand public. Vous avez besoin d&rsquo;aide pour la saisie ? Plusieurs dimanches par mois, nous te soutenons dans l&rsquo;exposition du mus\u00e9e r\u00e9gional Ch\u00fcechlihus. Viens nous voir et partage tes connaissances avec nous !    <\/p>\n<p>En savoir plus sur le projet : <a href=\"https:\/\/e-spycher.ch\/\" target=\"_blank\" rel=\"noopener\">e-spycher.ch<\/a><\/p>\n<\/div><div class=\"fusion-text fusion-text-44\" style=\"--awb-text-color:var(--awb-color7);\"><p>_____<\/p>\n<\/div><div class=\"fusion-text fusion-text-45\"><p><strong>MI, 16 septembre 2026, 10h00 &#8211; 17h00<br \/>\nLANGNAU-M\u00c4RIT<br \/>\n<\/strong>Rosench\u00fcechli &amp; warme Apfelch\u00fcechli<br \/>\n\u00e0 partir de 10h dans et devant la Ch\u00fcechlihus avec programme sp\u00e9cial<\/p>\n<\/div><div class=\"fusion-text fusion-text-46\" style=\"--awb-text-color:var(--awb-color7);\"><p>_____<\/p>\n<\/div><div class=\"fusion-text fusion-text-47\"><p><strong>DIM 20 septembre 2026, 12h00-14h00<br \/>\nGuichet du savoir ouvert<\/strong><\/p>\n<p>Le mus\u00e9e r\u00e9gional Ch\u00fcechlihus rassemble les connaissances de la vall\u00e9e de l&rsquo;Emme. Dans l&rsquo;e-spycher num\u00e9rique, le savoir r\u00e9gional est collect\u00e9, pr\u00e9serv\u00e9 et rendu accessible au grand public. Vous avez besoin d&rsquo;aide pour la saisie ? Plusieurs dimanches par mois, nous te soutenons dans l&rsquo;exposition du mus\u00e9e r\u00e9gional Ch\u00fcechlihus. Viens nous voir et partage tes connaissances avec nous !    <\/p>\n<p>En savoir plus sur le projet : <a href=\"https:\/\/e-spycher.ch\/\" target=\"_blank\" rel=\"noopener\">e-spycher.ch<\/a><\/p>\n<\/div><\/div><\/div><\/div><\/div><\/div><div id=\"10\" class=\"fusion-container-anchor\"><div class=\"fusion-fullwidth fullwidth-box fusion-builder-row-13 fusion-flex-container has-pattern-background has-mask-background nonhundred-percent-fullwidth non-hundred-percent-height-scrolling\" style=\"--awb-border-radius-top-left:0px;--awb-border-radius-top-right:0px;--awb-border-radius-bottom-right:0px;--awb-border-radius-bottom-left:0px;--awb-padding-right:6.5%;--awb-padding-left:6.5%;--awb-margin-top:36px;--awb-margin-bottom:50px;--awb-flex-wrap:wrap;\" ><div class=\"fusion-builder-row fusion-row fusion-flex-align-items-flex-start fusion-flex-content-wrap\" style=\"max-width:calc( 1200px + 0px );margin-left: calc(-0px \/ 2 );margin-right: calc(-0px \/ 2 );\"><div class=\"fusion-layout-column fusion_builder_column fusion-builder-column-12 fusion_builder_column_1_1 1_1 fusion-flex-column\" style=\"--awb-bg-size:cover;--awb-width-large:100%;--awb-margin-top-large:0px;--awb-spacing-right-large:0px;--awb-margin-bottom-large:0px;--awb-spacing-left-large:0px;--awb-width-medium:100%;--awb-order-medium:0;--awb-spacing-right-medium:0px;--awb-spacing-left-medium:0px;--awb-width-small:100%;--awb-order-small:0;--awb-spacing-right-small:0px;--awb-spacing-left-small:0px;\"><div class=\"fusion-column-wrapper fusion-column-has-shadow fusion-flex-justify-content-flex-start fusion-content-layout-column\"><div class=\"fusion-title title fusion-title-11 fusion-sep-none fusion-title-text fusion-title-size-two\"><h2 class=\"fusion-title-heading title-heading-left fusion-responsive-typography-calculated\" style=\"margin:0;--fontSize:43;line-height:var(--awb-typography1-line-height);\">Octobre<\/h2><\/div><div class=\"fusion-text fusion-text-48\" style=\"--awb-text-color:var(--awb-color7);\"><p>_____<\/p>\n<\/div><\/div><\/div><\/div><\/div><\/div><div id=\"11\" class=\"fusion-container-anchor\"><div class=\"fusion-fullwidth fullwidth-box fusion-builder-row-14 fusion-flex-container has-pattern-background has-mask-background nonhundred-percent-fullwidth non-hundred-percent-height-scrolling\" style=\"--awb-border-radius-top-left:0px;--awb-border-radius-top-right:0px;--awb-border-radius-bottom-right:0px;--awb-border-radius-bottom-left:0px;--awb-padding-right:6.5%;--awb-padding-left:6.5%;--awb-margin-top:36px;--awb-margin-bottom:50px;--awb-flex-wrap:wrap;\" ><div class=\"fusion-builder-row fusion-row fusion-flex-align-items-flex-start fusion-flex-content-wrap\" style=\"max-width:calc( 1200px + 0px );margin-left: calc(-0px \/ 2 );margin-right: calc(-0px \/ 2 );\"><div class=\"fusion-layout-column fusion_builder_column fusion-builder-column-13 fusion_builder_column_1_1 1_1 fusion-flex-column\" style=\"--awb-bg-size:cover;--awb-width-large:100%;--awb-margin-top-large:0px;--awb-spacing-right-large:0px;--awb-margin-bottom-large:0px;--awb-spacing-left-large:0px;--awb-width-medium:100%;--awb-order-medium:0;--awb-spacing-right-medium:0px;--awb-spacing-left-medium:0px;--awb-width-small:100%;--awb-order-small:0;--awb-spacing-right-small:0px;--awb-spacing-left-small:0px;\"><div class=\"fusion-column-wrapper fusion-column-has-shadow fusion-flex-justify-content-flex-start fusion-content-layout-column\"><div class=\"fusion-title title fusion-title-12 fusion-sep-none fusion-title-text fusion-title-size-two\"><h2 class=\"fusion-title-heading title-heading-left fusion-responsive-typography-calculated\" style=\"margin:0;--fontSize:43;line-height:var(--awb-typography1-line-height);\">Novembre<\/h2><\/div><div class=\"fusion-text fusion-text-49\"><p><strong>DIM, 1er novembre 2026, 11h00-11h45<br \/>\nVISITE PUBLIQUE  <\/strong><\/p>\n<p>Station thermale de Langnau : le m\u00e9decin miracle Michel Sch\u00fcppach et apr\u00e8s.<\/p>\n<p>Visite guid\u00e9e du mus\u00e9e avec Pesche Kl\u00e4ntschi (en allemand).<br \/>\n5.00 CHF par personne en plus de l&rsquo;entr\u00e9e au mus\u00e9e.<br \/>\nAucune inscription n&rsquo;est n\u00e9cessaire.<\/p>\n<\/div><div class=\"fusion-text fusion-text-50\" style=\"--awb-text-color:var(--awb-color7);\"><p>_____<\/p>\n<\/div><div class=\"fusion-text fusion-text-51\"><p><strong>MI, 4 novembre 2026, 10h00 &#8211; 17h00<br \/>\nLANGNAU-M\u00c4RIT<br \/>\n<\/strong>Rosench\u00fcechli &amp; warme Apfelch\u00fcechli<br \/>\n\u00e0 partir de 10h dans et devant la Ch\u00fcechlihus avec programme sp\u00e9cial<\/p>\n<\/div><\/div><\/div><\/div><\/div><\/div><div id=\"12\" class=\"fusion-container-anchor\"><div class=\"fusion-fullwidth fullwidth-box fusion-builder-row-15 fusion-flex-container has-pattern-background has-mask-background nonhundred-percent-fullwidth non-hundred-percent-height-scrolling\" style=\"--awb-border-radius-top-left:0px;--awb-border-radius-top-right:0px;--awb-border-radius-bottom-right:0px;--awb-border-radius-bottom-left:0px;--awb-padding-right:6.5%;--awb-padding-left:6.5%;--awb-margin-top:36px;--awb-margin-bottom:50px;--awb-flex-wrap:wrap;\" ><div class=\"fusion-builder-row fusion-row fusion-flex-align-items-flex-start fusion-flex-content-wrap\" style=\"max-width:calc( 1200px + 0px );margin-left: calc(-0px \/ 2 );margin-right: calc(-0px \/ 2 );\"><div class=\"fusion-layout-column fusion_builder_column fusion-builder-column-14 fusion_builder_column_1_1 1_1 fusion-flex-column\" style=\"--awb-bg-size:cover;--awb-width-large:100%;--awb-margin-top-large:0px;--awb-spacing-right-large:0px;--awb-margin-bottom-large:0px;--awb-spacing-left-large:0px;--awb-width-medium:100%;--awb-order-medium:0;--awb-spacing-right-medium:0px;--awb-spacing-left-medium:0px;--awb-width-small:100%;--awb-order-small:0;--awb-spacing-right-small:0px;--awb-spacing-left-small:0px;\"><div class=\"fusion-column-wrapper fusion-column-has-shadow fusion-flex-justify-content-flex-start fusion-content-layout-column\"><div class=\"fusion-title title fusion-title-13 fusion-sep-none fusion-title-text fusion-title-size-two\"><h2 class=\"fusion-title-heading title-heading-left fusion-responsive-typography-calculated\" style=\"margin:0;--fontSize:43;line-height:var(--awb-typography1-line-height);\">D\u00e9cembre<\/h2><\/div><div class=\"fusion-text fusion-text-52\"><p><strong>DIM, 6 d\u00e9cembre 2026, 11h00-11h45<br \/>\nVISITE PUBLIQUE  <\/strong><\/p>\n<p>Visite guid\u00e9e du mus\u00e9e en allemand.<br \/>\n5.00 CHF par personne en plus de l&rsquo;entr\u00e9e au mus\u00e9e.<br \/>\nAucune inscription n&rsquo;est n\u00e9cessaire.<br \/>\nD&rsquo;autres informations sur le sujet suivront.<\/p>\n<\/div><div class=\"fusion-text fusion-text-53\" style=\"--awb-text-color:var(--awb-color7);\"><p>_____<\/p>\n<\/div><div class=\"fusion-text fusion-text-54\"><p><strong>MI, 9 d\u00e9cembre 2026, 10h00 &#8211; 17h00<br \/>\nLANGNAU-M\u00c4RIT<br \/>\n<\/strong>Rosench\u00fcechli &amp; warme Apfelch\u00fcechli<br \/>\n\u00e0 partir de 10h dans et devant la Ch\u00fcechlihus avec programme sp\u00e9cial<\/p>\n<\/div><\/div><\/div><\/div><\/div><\/div><div id=\"heures d&#039;ouverture\" class=\"fusion-container-anchor\"><div class=\"fusion-fullwidth fullwidth-box fusion-builder-row-16 fusion-flex-container has-pattern-background has-mask-background nonhundred-percent-fullwidth non-hundred-percent-height-scrolling\" style=\"--awb-border-radius-top-left:0px;--awb-border-radius-top-right:0px;--awb-border-radius-bottom-right:0px;--awb-border-radius-bottom-left:0px;--awb-padding-right:6.5%;--awb-padding-left:6.5%;--awb-margin-top:36px;--awb-margin-bottom:50px;--awb-flex-wrap:wrap;\" ><div class=\"fusion-builder-row fusion-row fusion-flex-align-items-flex-start fusion-flex-content-wrap\" style=\"max-width:calc( 1200px + 0px );margin-left: calc(-0px \/ 2 );margin-right: calc(-0px \/ 2 );\"><div class=\"fusion-layout-column fusion_builder_column fusion-builder-column-15 fusion_builder_column_1_1 1_1 fusion-flex-column\" style=\"--awb-bg-size:cover;--awb-width-large:100%;--awb-margin-top-large:0px;--awb-spacing-right-large:0px;--awb-margin-bottom-large:0px;--awb-spacing-left-large:0px;--awb-width-medium:100%;--awb-order-medium:0;--awb-spacing-right-medium:0px;--awb-spacing-left-medium:0px;--awb-width-small:100%;--awb-order-small:0;--awb-spacing-right-small:0px;--awb-spacing-left-small:0px;\"><div class=\"fusion-column-wrapper fusion-column-has-shadow fusion-flex-justify-content-flex-start fusion-content-layout-column\"><div class=\"fusion-title title fusion-title-14 fusion-sep-none fusion-title-text fusion-title-size-two\"><h2 class=\"fusion-title-heading title-heading-left fusion-responsive-typography-calculated\" style=\"margin:0;--fontSize:43;line-height:var(--awb-typography1-line-height);\">\u00c9v\u00e9nements pass\u00e9s<\/h2><\/div><div class=\"fusion-text fusion-text-55\"><h3>2026<\/h3>\n<\/div><div class=\"fusion-text fusion-text-56\"><p><strong>MI, 28 janvier 2026, \u00e0 partir de 18h30<br \/>\nLivre Vernissage #AncienneD\u00e9pendanceNouvelle  <\/strong><\/p>\n<p>De 2022 \u00e0 2024, le mus\u00e9e r\u00e9gional Ch\u00fcechlihus a collect\u00e9 pr\u00e8s de 2500 objets en collaboration avec la population de l&rsquo;Emmental et a donn\u00e9 une nouvelle vie \u00e0 ces objets. Dans la publication finale #AltSuchtNeu, les m\u00e9thodes, les voix &amp; les histoires sont partag\u00e9es. <\/p>\n<p>Nous f\u00eaterons ensemble la publication du livre #AltSuchtNeu et le <a href=\"https:\/\/entsammeln.ch\/\">succ\u00e8s du projet<\/a> lors du vernissage. Plus d&rsquo;informations sur le programme suivront. <\/p>\n<p><strong>Commandez d\u00e8s maintenant le livre avant sa publication officielle au prix sp\u00e9cial de 34 CHF (au lieu de 39 CHF)<a href=\"https:\/\/entsammeln.ch\/doku\/#Publikation\" target=\"_blank\" rel=\"noopener\"> via le formulaire de commande.<\/a><\/strong><\/p>\n<\/div><div class=\"fusion-text fusion-text-57\"><p><strong>DIM 22 f\u00e9vrier 2026, 11h00-11h45<br \/>\nVISITE PUBLIQUE  <\/strong><\/p>\n<p>Visite guid\u00e9e du village &#8211; Maisons et histoires<\/p>\n<p>Visite guid\u00e9e du village avec Ersilia Bischof (en allemand).<br \/>\n5.00 CHF par personne en plus de l&rsquo;entr\u00e9e au mus\u00e9e.<br \/>\nPas d&rsquo;inscription n\u00e9cessaire.<\/p>\n<\/div><div class=\"fusion-text fusion-text-58\"><p><strong>MERCREDI 25 f\u00e9vrier 2026, 10h00 &#8211; 17h00<br \/>\nLANGNAU-M\u00c4RIT<br \/>\n<\/strong>Rosench\u00fcechli &amp; warme Apfelch\u00fcechli<br \/>\n\u00e0 partir de 10h dans et devant la Ch\u00fcechlihus avec programme sp\u00e9cial<br \/>\nAvec SPYCHERE ! nous collectons ensemble des connaissances d&rsquo;ici : souvenirs, observations et histoires de l&rsquo;Emmental.<br \/>\nLe mus\u00e9e est ouvert toute la journ\u00e9e.<\/p>\n<\/div><div class=\"fusion-text fusion-text-59\"><p><strong>DIM 8 mars 2026, 11h00 &#8211; 17h00<br \/>\nJOURN\u00c9E DES GRANDS-PARENTS AU CH\u00dcECHLIHUS !  <\/strong><\/p>\n<p><strong>A la recherche d&rsquo;indices avec le Ch\u00fcechlitiger &#8211; une aventure pour petits et grands<\/strong><\/p>\n<p data-start=\"189\" data-end=\"531\">Toucher, essayer, deviner &#8211; et passer du temps ensemble :<br data-start=\"253\" data-end=\"256\">Le Ch\u00fcechlitiger invite les enfants et les jeunes \u00e0 se plonger dans le pass\u00e9 de l&rsquo;Oberemmental avec leurs grands-parents. Accompagn\u00e9s par la curieuse mascotte du mus\u00e9e, les jeunes visiteurs partent \u00e0 la d\u00e9couverte du mus\u00e9e de mani\u00e8re ludique.<\/p>\n<p data-start=\"533\" data-end=\"799\">Il s&rsquo;agit de r\u00e9soudre des \u00e9nigmes difficiles et d&rsquo;observer attentivement : On cherche des traces, on combine des indices, on dessine, on colle, on tamponne, on bricole et on fait des travaux manuels. Pas \u00e0 pas, on se rapproche de la solution &#8211; jusqu&rsquo;\u00e0 ce qu&rsquo;une petite surprise nous attende \u00e0 la fin. <\/p>\n<p data-start=\"801\" data-end=\"1078\" data-is-last-node=\"\" data-is-only-node=\"\"><strong data-start=\"801\" data-end=\"849\">En exclusivit\u00e9 pour la journ\u00e9e des grands-parents du 8 mars 2026 :<\/strong><br data-start=\"849\" data-end=\"852\">Tous les enfants re\u00e7oivent un sirop gratuit et la brochure color\u00e9e Ch\u00fcechlitiger est offerte aux grands-parents deux pour un. Une exp\u00e9rience qui r\u00e9unit les g\u00e9n\u00e9rations &#8211; avec curiosit\u00e9, cr\u00e9ativit\u00e9 et beaucoup de plaisir \u00e0 la d\u00e9couverte.<\/p>\n<\/div><div class=\"fusion-text fusion-text-60\"><p><strong>MARDI 31 mars 2026, \u00e0 partir de 18h30<br \/>\nVernissage de l&rsquo;exposition \u00ab\u00a0spychere !\u00a0\u00bb<\/strong><\/p>\n<p>Au cours des trois prochaines ann\u00e9es, le mus\u00e9e r\u00e9gional Ch\u00fcechlihus collectera le savoir d&rsquo;ici &#8211; en collaboration avec la population r\u00e9gionale. Le projet est centr\u00e9 sur le savoir de la r\u00e9gion, qui se trouve rarement dans les livres, mais qui continue \u00e0 vivre dans les t\u00eates, dans les histoires de famille et dans les actions. <\/p>\n<p>L&rsquo;exposition pr\u00e9sente des aper\u00e7us de \u00ab\u00a0savoirs\u00a0\u00bb tr\u00e8s diff\u00e9rents et permet ainsi d&rsquo;ouvrir de nouvelles perspectives. Avec le lancement du projet et le vernissage de \u00ab\u00a0spychere. Collecter le savoir d&rsquo;ici\u00a0\u00bb, nous c\u00e9l\u00e9brons le coup d&rsquo;envoi du projet \u00ab\u00a0spychere !\u00a0\u00bb et commen\u00e7ons \u00e0 collecter publiquement aupr\u00e8s du grand public.  <\/p>\n<p>Plus d&rsquo;informations sur le programme suivront &#8211; nous nous r\u00e9jouissons d\u00e9j\u00e0 de votre visite !<\/p>\n<p>Il s&rsquo;agit d&rsquo;un \u00e9v\u00e9nement public. Inscription obligatoire par <a href=\"mailto:info@regionalmuseum-langnau.ch\">e-mail <\/a>avant le 23 mars 2026.<\/p>\n<\/div><div class=\"fusion-text fusion-text-61\"><p><strong>DIM, 5 avril 2026, 12h00-14h00<br \/>\nGuichet du savoir ouvert<\/strong><\/p>\n<p>Le mus\u00e9e r\u00e9gional Ch\u00fcechlihus rassemble les connaissances de la vall\u00e9e de l&rsquo;Emme. Dans l&rsquo;e-spycher num\u00e9rique, le savoir r\u00e9gional est collect\u00e9, pr\u00e9serv\u00e9 et rendu accessible au grand public. Vous avez besoin d&rsquo;aide pour la saisie ? Plusieurs dimanches par mois, nous te soutenons dans l&rsquo;exposition du mus\u00e9e r\u00e9gional Ch\u00fcechlihus. Viens nous voir et partage tes connaissances avec nous !    <\/p>\n<p>En savoir plus sur le projet : <a href=\"https:\/\/e-spycher.ch\/\" target=\"_blank\" rel=\"noopener\">e-spycher.ch<\/a><\/p>\n<\/div><div class=\"fusion-text fusion-text-62\"><p><strong>DIM, 12 avril 2026, 12h00-14h00<br \/>\nGuichet du savoir ouvert<\/strong><\/p>\n<p>Le mus\u00e9e r\u00e9gional Ch\u00fcechlihus rassemble les connaissances de la vall\u00e9e de l&rsquo;Emme. Dans l&rsquo;e-spycher num\u00e9rique, le savoir r\u00e9gional est collect\u00e9, pr\u00e9serv\u00e9 et rendu accessible au grand public. Vous avez besoin d&rsquo;aide pour la saisie ? Plusieurs dimanches par mois, nous te soutenons dans l&rsquo;exposition du mus\u00e9e r\u00e9gional Ch\u00fcechlihus. Viens nous voir et partage tes connaissances avec nous !    <\/p>\n<p>En savoir plus sur le projet : <a href=\"https:\/\/e-spycher.ch\/\" target=\"_blank\" rel=\"noopener\">e-spycher.ch<\/a><\/p>\n<\/div><div class=\"fusion-text fusion-text-63\"><p><strong>DIM, 26 avril 2026, 11h00-11h45<br \/>\nVISITE PUBLIQUE  <\/strong><\/p>\n<p>Des id\u00e9es pratiques du mus\u00e9e pour vous. Faites l&rsquo;exp\u00e9rience d&rsquo;une visite guid\u00e9e du mus\u00e9e en changeant de point de vue : <\/p>\n<p><strong>\u00ab\u00a0Je pourrais bien le faire !\u00a0\u00bb<\/strong><\/p>\n<p>Visite guid\u00e9e du mus\u00e9e par Theres Karpf (en allemand).<br \/>\n5.00 CHF par personne en plus de l&rsquo;entr\u00e9e au mus\u00e9e.<br \/>\nAucune inscription n&rsquo;est n\u00e9cessaire.<\/p>\n<\/div><div class=\"fusion-text fusion-text-64\"><p><strong>DIM, 26 avril 2026, 12h00-14h00<br \/>\nGuichet du savoir ouvert<\/strong><\/p>\n<p>Le mus\u00e9e r\u00e9gional Ch\u00fcechlihus rassemble les connaissances de la vall\u00e9e de l&rsquo;Emme. Dans l&rsquo;e-spycher num\u00e9rique, le savoir r\u00e9gional est collect\u00e9, pr\u00e9serv\u00e9 et rendu accessible au grand public. Vous avez besoin d&rsquo;aide pour la saisie ? Plusieurs dimanches par mois, nous te soutenons dans l&rsquo;exposition du mus\u00e9e r\u00e9gional Ch\u00fcechlihus. Viens nous voir et partage tes connaissances avec nous !    <\/p>\n<p>En savoir plus sur le projet : <a href=\"https:\/\/e-spycher.ch\/\" target=\"_blank\" rel=\"noopener\">e-spycher.ch<\/a><\/p>\n<\/div><div class=\"fusion-text fusion-text-65\"><h3>2025<\/h3>\n<\/div><div class=\"fusion-text fusion-text-66\"><p><strong>MI, 26 f\u00e9vrier 2025, 10h00 &#8211; 17h00<br \/>\nLANGNAU-M\u00c4RIT<br \/>\n<\/strong>Rosench\u00fcechli &amp; warme Apfelch\u00fcechli<br \/>\n\u00e0 partir de 10h dans et devant la Ch\u00fcechlihus avec programme sp\u00e9cial &amp; concours.<\/p>\n<p>. \u00ab\u00a0Mys \u00c4mmitau\u00a0\u00bb : nous collectons ensemble les personnes importantes, les lieux importants et les bruits typiques de l&rsquo;Emmental.<\/p>\n<\/div><div class=\"fusion-text fusion-text-67\"><p><strong>VEN 28 MARS 2025, 11h00-11h45<br \/>\nVISITE PUBLIQUE<\/strong><\/p>\n<p>Langnauer Keramik \/ La vie musicale dans l&rsquo;Emmental<\/p>\n<p>Visite guid\u00e9e du mus\u00e9e par Bettina Haldemann lors du Biblio-Weekend (en allemand).<br \/>\n5.00 CHF par personne en plus de l&rsquo;entr\u00e9e au mus\u00e9e.<br \/>\nAucune inscription n&rsquo;est n\u00e9cessaire. <\/p>\n<p>Plus d&rsquo;informations sur le <a href=\"https:\/\/www.bibliothek-langnau-ie.ch\/\" target=\"_blank\" rel=\"noopener\">Biblio-Weekend<\/a><\/p>\n<\/div><div class=\"fusion-text fusion-text-68\"><p><strong>SA, 29 mars 2025, 11 h 00-11 h 45<br \/>\nVISITE PUBLIQUE  <\/strong><\/p>\n<p>Famille Schenk \/ le commerce de fromage<\/p>\n<p>Visite guid\u00e9e du mus\u00e9e avec Heinz Wittwer lors du Biblio-Weekend (en allemand).<br \/>\n5.00 CHF par personne en plus de l&rsquo;entr\u00e9e au mus\u00e9e.<br \/>\nAucune inscription n&rsquo;est n\u00e9cessaire. <\/p>\n<p>Plus d&rsquo;informations sur le <a href=\"https:\/\/www.bibliothek-langnau-ie.ch\/\" target=\"_blank\" rel=\"noopener\">Biblio-Weekend<\/a><\/p>\n<\/div><div class=\"fusion-text fusion-text-69\"><p><strong>DIM 27 avril 2025, 11h00-11h45<br \/>\nVISITE PUBLIQUE  <\/strong><\/p>\n<p>Visite guid\u00e9e du village &#8211; Maisons et histoires<\/p>\n<p>Visite guid\u00e9e du village avec Ersilia Bischof (en allemand).<br \/>\n5.00 CHF par personne en plus de l&rsquo;entr\u00e9e au mus\u00e9e.<br \/>\nPas d&rsquo;inscription n\u00e9cessaire.<\/p>\n<\/div><div class=\"fusion-text fusion-text-70\"><p><strong>MI, 30 avril 2025, 10h00 &#8211; 17h00<br \/>\nLANGNAU-M\u00c4RIT<br \/>\n<\/strong>Rosench\u00fcechli &amp; warme Apfelch\u00fcechli<br \/>\n\u00e0 partir de 10h dans et devant la Ch\u00fcechlihus avec programme sp\u00e9cial &amp; concours<\/p>\n<p>. Atelier d&rsquo;upcycling #AncienneD\u00e9pendanceNouveau<br \/>\n. Se rem\u00e9morer les exp\u00e9riences du March\u00e9 et red\u00e9couvrir des personnes marquantes du March\u00e9 <\/p>\n<p>Les expositions sont ouvertes \u00e0 partir de 13h30.<\/p>\n<\/div><div class=\"fusion-text fusion-text-71\"><p><strong>MI, 16 juillet 2025, 10h00 &#8211; 17h00<br \/>\nLANGNAU-M\u00c4RIT<br \/>\n<\/strong>Rosench\u00fcechli &amp; warme Apfelch\u00fcechli<br \/>\n\u00e0 partir de 10h dans et devant la Ch\u00fcechlihus avec programme sp\u00e9cial &amp; concours<\/p>\n<p>Les expositions sont ouvertes \u00e0 partir de 13h30.<\/p>\n<\/div><div class=\"fusion-text fusion-text-72\"><p><strong>DIM 27 juillet 2025, 11h00-11h45<br \/>\nVISITE PUBLIQUE  <\/strong><\/p>\n<p>Des id\u00e9es pratiques du mus\u00e9e pour vous. Faites l&rsquo;exp\u00e9rience d&rsquo;une visite guid\u00e9e du mus\u00e9e en changeant de point de vue : <\/p>\n<p><strong>\u00ab\u00a0Je pourrais bien le faire !\u00a0\u00bb<\/strong><\/p>\n<p>Visite guid\u00e9e du mus\u00e9e par Theres Karpf (en allemand).<br \/>\n5.00 CHF par personne en plus de l&rsquo;entr\u00e9e au mus\u00e9e.<br \/>\nAucune inscription n&rsquo;est n\u00e9cessaire.<\/p>\n<\/div><div class=\"fusion-text fusion-text-73\"><p><strong>Du 4 au 31 ao\u00fbt 2025, le mus\u00e9e sera FERM\u00c9 en raison de travaux de r\u00e9novation !<\/strong><\/p>\n<\/div><div class=\"fusion-text fusion-text-74\"><p><strong>DIM 7 septembre 2025, 10h00 &#8211; 17h00<br \/>\nCH\u00dcECHLIHUS-SUNNDIG<\/strong><\/p>\n<p>Bon retour !<br \/>\nEnsemble, nous inaugurons l&rsquo;exposition permanente r\u00e9am\u00e9nag\u00e9e avec un programme culturel color\u00e9 pour petits et grands.<\/p>\n<p><strong>Programme<\/strong><\/p>\n<p>10h00-12h00, 13h30-17h00<br \/>\nAtelier \u00ab\u00a0En forme\u00a0\u00bb avec la c\u00e9ramiste Helen Kohler<\/p>\n<p>10h00-12h00, 13h30-17h00<br \/>\nAtelier \u00ab\u00a0L&rsquo;\u00e9criture comme m\u00e9tier\u00a0\u00bb avec le calligraphe Fritz Tschanz<\/p>\n<p>10h00-12h00, 13h30-17h00<br \/>\nAtelier \u00ab\u00a0Faire voler les copeaux\u00a0\u00bb, upcycling du bois avec GLB<\/p>\n<p>10h00-12h00, 13h30-17h00<br \/>\nAtelier \u00ab\u00a0L&#8217;emballage un peu diff\u00e9rent\u00a0\u00bb, pliage avec Elisabeth Schenk<\/p>\n<p>10h00-12h00, 13h30-17h00<br \/>\nAtelier \u00ab\u00a0Teintures naturelles\u00a0\u00bb, impression sur tissu avec Beatrice Schmid<\/p>\n<p>10h45<br \/>\nAccueil &amp; ouverture officielle<\/p>\n<p>11h00, 12h30, 14h00<br \/>\nConcert \u00ab\u00a0\u00c9tonnamment familier\u00a0\u00bb avec <a href=\"https:\/\/www.evelyn-kristina-brunner.ch\/\" target=\"_blank\" rel=\"noopener\">Evelyn et Kristina Brunner<\/a><\/p>\n<p>11h30, 13h30, 15h30<br \/>\nBr\u00e8ve visite guid\u00e9e \u00ab\u00a0Espace pour la nouveaut\u00e9\u00a0\u00bb avec Wanda Seiler dans les nouveaux locaux de l&rsquo;intranet<\/p>\n<p>14h00, 16h00<br \/>\nVisite guid\u00e9e \u00ab\u00a0Ce qui reste cach\u00e9\u00a0\u00bb avec Simon Schweizer dans le d\u00e9p\u00f4t du mus\u00e9e<\/p>\n<p>En outre : coin lecture, jeux de soci\u00e9t\u00e9, self-stand &amp; d\u00e9guisements<\/p>\n<p><strong>Restauration<\/strong><br \/>\nHot-dogs, soupes, beignets \u00e0 la rose &amp; aux pommes, g\u00e2teaux, glaces &amp; boissons<\/p>\n<p><strong>Entr\u00e9e gratuite, b\u00e4ndeli de solidarit\u00e9<\/strong><\/p>\n<p><a href=\"https:\/\/regionalmuseum-langnau.ch\/wp-content\/uploads\/2025\/07\/2025_Einladung-ChueechlihusSunndig.pdf\" target=\"_blank\" rel=\"noopener\">vers l&rsquo;invitation<\/a><\/p>\n<\/div><div class=\"fusion-text fusion-text-75\"><p><strong>MI, 17 septembre 2025, 10h00 &#8211; 17h00<br \/>\nLANGNAU-M\u00c4RIT<br \/>\n<\/strong>Rosench\u00fcechli &amp; warme Apfelch\u00fcechli<br \/>\n\u00e0 partir de 10h dans et devant la Ch\u00fcechlihus avec programme sp\u00e9cial &amp; concours<\/p>\n<p>Les expositions sont ouvertes \u00e0 partir de 13h30.<\/p>\n<\/div><div class=\"fusion-text fusion-text-76\"><p><strong>DIM, 26 octobre 2025, 11h00-11h45<br \/>\nVISITE PUBLIQUE  <\/strong><\/p>\n<p>Micheli Sch\u00fcppach \/ L&rsquo;\u00e2ge d&rsquo;or<\/p>\n<p>Visite guid\u00e9e du mus\u00e9e avec Pesche Kl\u00e4ntschi (en allemand).<br \/>\n5.00 CHF par personne en plus de l&rsquo;entr\u00e9e au mus\u00e9e.<br \/>\nAucune inscription n&rsquo;est n\u00e9cessaire.<\/p>\n<\/div><div class=\"fusion-text fusion-text-77\"><p><strong>MI, 5 novembre 2025, 10h00 &#8211; 17h00<br \/>\nLANGNAU-M\u00c4RIT<br \/>\n<\/strong>Rosench\u00fcechli &amp; warme Apfelch\u00fcechli<br \/>\n\u00e0 partir de 10h dans et devant la Ch\u00fcechlihus avec programme sp\u00e9cial &amp; concours<\/p>\n<p>Les expositions sont ouvertes \u00e0 partir de 13h30.<\/p>\n<\/div><div class=\"fusion-text fusion-text-78\"><p><strong>VEN &amp; SA, 7\/8 novembre 2025, en soir\u00e9e<br \/>\nLANGNAUER LITERATOUR<\/strong><br \/>\nLectures de Katharina Kilchenmann au mus\u00e9e r\u00e9gional Ch\u00fcechlihus<br \/>\n<a href=\"https:\/\/www.langnauerliteratour.ch\/\">www.langnauerliteratour.ch<\/a><\/p>\n<\/div><div class=\"fusion-text fusion-text-79\"><p><strong>ABSENCE<br \/>\n<\/strong>MERCREDI <strong>26 novembre 2025, 14h-15h30<br \/>\nMACHBAR \u00e0 la Ch\u00fcechlihus \u00ab\u00a0Weihnachtszauber-Kids\u00a0\u00bb<br \/>\n<\/strong>Atelier de l&rsquo;Avent pour enfants avec Gaby Kropf-Hofer au mus\u00e9e r\u00e9gional de la Ch\u00fcechlihus<br \/>\nNiveau : de la maternelle \u00e0 la 2e ann\u00e9e (cycle 1), sans accompagnement des parents<\/p>\n<p>Nous cr\u00e9ons avec du papier &amp; de la colle et&#8230; une belle petite lumi\u00e8re pour la p\u00e9riode de l&rsquo;Avent.<\/p>\n<p>Co\u00fbt : 30 CHF\/enfant, mat\u00e9riel, boissons et snacks inclus <\/p>\n<p>Inscription avant le 18 novembre 2025 aupr\u00e8s de <a href=\"http:\/\/www.atelier-machbar.ch\" target=\"_blank\" rel=\"noopener\">l&rsquo;Atelier Machbar<\/a>. Le nombre de places est limit\u00e9.<\/p>\n<\/div><div class=\"fusion-text fusion-text-80\"><p><strong>ABSENCE<\/strong><\/p>\n<p><strong>MI, 26 novembre 2025, 19-21 h<br \/>\n<\/strong><strong>MACHBAR au Ch\u00fcechlihus \u00ab\u00a0Magie de No\u00ebl\u00a0\u00bb<br \/>\n<\/strong>Atelier de l&rsquo;Avent avec ap\u00e9ritif pour adultes avec Gaby Kropf-Hofer au mus\u00e9e r\u00e9gional Ch\u00fcechlihus<\/p>\n<p>Nous cr\u00e9ons une belle d\u00e9coration de table pour votre table de f\u00eate avec du bois, du papier, de la peinture et du fil de fer. Le tout dans une ambiance chaleureuse \u00e0 la Ch\u00fcechlihus de Langnau. <\/p>\n<p>Co\u00fbt : 60 CHF\/personne, mat\u00e9riel, boisson &amp; ap\u00e9ritif inclus <\/p>\n<p>Inscription avant le 18 novembre 2025 aupr\u00e8s de l&rsquo;<a href=\"https:\/\/www.atelier-machbar.ch\/\" target=\"_blank\" rel=\"noopener\">Atelier Machbar<\/a>. Le nombre de places est limit\u00e9.<\/p>\n<\/div><div class=\"fusion-text fusion-text-81\"><p><strong>ABSENCE<\/strong><\/p>\n<p><strong>Jeudi 27 novembre 2025, 19h-21h<br \/>\n<\/strong><strong>MACHBAR au Ch\u00fcechlihus \u00ab\u00a0Magie de No\u00ebl\u00a0\u00bb<br \/>\n<\/strong>Atelier de l&rsquo;Avent avec ap\u00e9ritif pour adultes avec Gaby Kropf-Hofer au mus\u00e9e r\u00e9gional Ch\u00fcechlihus<\/p>\n<p>Nous cr\u00e9ons une belle d\u00e9coration de table pour votre table de f\u00eate avec du bois, du papier, de la peinture et du fil de fer. Le tout dans une ambiance chaleureuse \u00e0 la Ch\u00fcechlihus de Langnau. <\/p>\n<p>Co\u00fbt : 60 CHF\/personne, mat\u00e9riel, boisson &amp; ap\u00e9ritif inclus <\/p>\n<p>Inscription avant le 18 novembre 2025 aupr\u00e8s de l&rsquo;<a href=\"https:\/\/www.atelier-machbar.ch\/\" target=\"_blank\" rel=\"noopener\">Atelier Machbar<\/a>. Le nombre de places est limit\u00e9. <\/p>\n<p><strong> <\/strong><\/p>\n<\/div><div class=\"fusion-text fusion-text-82\"><p><strong>MI, 10 d\u00e9cembre 2025, 10h00 &#8211; 17h00<br \/>\nLANGNAU-M\u00c4RIT<br \/>\n<\/strong>Rosench\u00fcechli &amp; warme Apfelch\u00fcechli<br \/>\n\u00e0 partir de 10h dans et devant la Ch\u00fcechlihus avec programme sp\u00e9cial<\/p>\n<p><strong>Connaissance d&rsquo;ici<\/strong><br \/>\n<em>10h-17h sur la B\u00e4renplatz<\/em><\/p>\n<p>Quelles connaissances ai-je apprises de mes grands-parents ? Y a-t-il des connaissances que je connais uniquement parce que je vis dans l&rsquo;Emmental ? Y a-t-il des connaissances qui ont chang\u00e9 pour que je continue \u00e0 les utiliser ? Ensemble, nous collectons des connaissances d&rsquo;ici.   <\/p>\n<p><strong>Orange Days &#8211; Table de bricolage<\/strong><br \/>\n<em>14h-17h dans le hall du mus\u00e9e<\/em><\/p>\n<p>Pour cl\u00f4turer les 16e Journ\u00e9es contre la violence \u00e0 l&rsquo;\u00e9gard des femmes et, en m\u00eame temps, la Journ\u00e9e des droits de l&rsquo;homme, nous voulons marquer le coup ensemble.<br \/>\n<a href=\"https:\/\/regionalmuseum-langnau.ch\/wp-content\/uploads\/2025\/11\/Orange-Days-2025.pdf\" target=\"_blank\" rel=\"noopener\">Programme<\/a><\/p>\n<p><strong>Le mus\u00e9e et les expositions sont ouverts de 10h00 \u00e0 17h00.<br \/>\n<\/strong><em>Entr\u00e9e du mus\u00e9e : tarif normal<\/em><\/p>\n<\/div><div class=\"fusion-text fusion-text-83\"><h3>2024<\/h3>\n<\/div><div class=\"fusion-text fusion-text-84\"><p><strong>JE 25 janvier 2024, 18h30 &#8211; 22h30<br \/>\nNUIT DE L&rsquo;\u00c9CRITURE<br \/>\n<\/strong>avec Antoinette Suter<\/p>\n<p>Des impulsions d&rsquo;\u00e9criture permettent de cr\u00e9er de courtes histoires, des po\u00e8mes et d&rsquo;autres petites formes. Lors de la nuit de l&rsquo;\u00e9criture au mus\u00e9e r\u00e9gional Ch\u00fcechlihus, les objets et les espaces sont explor\u00e9s par l&rsquo;\u00e9criture, ce qui permet de faire revivre des choses anciennes. (En fran\u00e7ais)<\/p>\n<p>Apporter : Stylo et papier<br \/>\nCondition : se laisser surprendre<br \/>\nCo\u00fbt : 95 CHF, boissons et snacks inclus<br \/>\nInscription et renseignements : Antoinette Suter, ant.su@sunrise.ch, 0041 79 759 25 80<\/p>\n<\/div><div class=\"fusion-text fusion-text-85\"><p><strong>Jeudi 22 f\u00e9vrier 2024, 19h30 &#8211; 21h00<br \/>\nLECTURE D&rsquo;ERLBENIS<br \/>\n<\/strong>avec Anina Sch\u00e4rer<\/p>\n<p>Rejoignez-nous pour une lecture participative dans les salles du mus\u00e9e ! Ensemble, nous faisons d\u00e9border la fiction dans l&rsquo;espace r\u00e9el. Des graphiques et des textes, des notations de chansons et des signes tir\u00e9s du livre<em>\u00ab\u00a0Im ausgeschriebenen Haus\u00a0\u00bb <\/em>d&rsquo;Anina Mirjam Sch\u00e4rer trouvent des correspondances dans les objets du mus\u00e9e et les sc\u00e9nographies d&rsquo;exposition.<\/p>\n<p>Les graphiques et les textes du livre, \u00ab\u00a0m\u00e9ticuleusement agenc\u00e9s\u00a0\u00bb, constituent un \u00ab\u00a0regard \u00e0 plusieurs voix sur les choses\u00a0\u00bb. Celles-ci sont tourn\u00e9es et retourn\u00e9es, parfois aussi mises \u00e0 l&rsquo;envers, dans d&rsquo;autres contextes, d\u00e9cortiqu\u00e9es, d\u00e9chir\u00e9es, d\u00e9chiquet\u00e9es, amput\u00e9es, d\u00e9form\u00e9es, agrandies, r\u00e9duites, g\u00e2ch\u00e9es, imbriqu\u00e9es et &#8211; cela aussi existe &#8211; recompos\u00e9es de mani\u00e8re judicieuse\u00a0\u00bb. (Extrait de<em>\u00ab\u00a0Nichts ist so, wie es scheint\u00a0\u00bb<\/em> de Petra Brixel sur literaturkritik.de) Nous explorons de mani\u00e8re ludique la capacit\u00e9 d&rsquo;action des objets et \u00e9coutons comment les livres de fiction les d\u00e9crivent.<\/p>\n<p>Pour terminer la soir\u00e9e, sous la forme d&rsquo;un ap\u00e9ritif partag\u00e9, nous d\u00e9valisons le garde-manger (mentionn\u00e9 dans le livre). (En fran\u00e7ais)<\/p>\n<p>Entr\u00e9e incluse 1 exemplaire du livre &amp; ap\u00e9ritif : CHF 40.- \/ prix de solidarit\u00e9 : CHF 30.-<br \/>\nInscription jusqu&rsquo;au 15.2.2024 \u00e0 : info@regionalmuseum-langnau.ch<\/p>\n<p>\u00ab\u00a0<em>Im ausgeschriebenen Haus\u00a0\u00bb<\/em> est paru aux <a href=\"https:\/\/www.etkbooks.com\/haus\/\" target=\"_blank\" rel=\"noopener\">\u00e9ditions taberna kritika<\/a>.<\/p>\n<\/div><div class=\"fusion-text fusion-text-86\"><p><strong>MI, 28 f\u00e9vrier 2024, 10h00 &#8211; 17h00<br \/>\nLANGNAU-M\u00c4RIT<br \/>\n<\/strong>Rosench\u00fcechli &amp; warme Apfelch\u00fcechli<br \/>\n\u00e0 partir de 10h dans et devant la Ch\u00fcechlihus avec un programme sp\u00e9cial : \u00ab\u00a0Neu verf\u00e4delt\u00a0\u00bb. Et : gagnez un bon pour le mus\u00e9e r\u00e9gional Ch\u00fcechlihus en participant au concours. Plus d&rsquo;informations au stand de la Ch\u00fcechlihus.<\/p>\n<\/div><div class=\"fusion-text fusion-text-87\"><p><strong>MERCREDI 3 avril 2024, \u00e0 partir de 17h30<br \/>\nPLANIFICATION DE PROJETS ENTSAMMELN 2024<br \/>\n<\/strong>Ap\u00e9ro &amp; programme culturel au mus\u00e9e r\u00e9gional Ch\u00fcechlihus<br \/>\n(En allemand)<\/p>\n<ul>\n<li>Visite des nouveaux objets<\/li>\n<li>Informations de fond<\/li>\n<li>Vote en direct<\/li>\n<li>Ap\u00e9ro<\/li>\n<li>#AltSuchtNeu interpr\u00e9t\u00e9 musicalement<br \/>\n<a href=\"http:\/\/www.entsammeln.ch\">En savoir plus sur le projet<\/a><\/li>\n<\/ul>\n<\/div><div class=\"fusion-text fusion-text-88\"><p><strong>DIM, 7 avril 2024, 11h00-11h45<br \/>\nVISITE PUBLIQUE<br \/>\n<\/strong><\/p>\n<p>L&rsquo;Emmental et son histoire<br \/>\nLe fromage \/ Le docteur miracle Michel Sch\u00fcppach \/ La c\u00e9ramique<\/p>\n<p>Visite guid\u00e9e du mus\u00e9e par Bettina Haldemann (en allemand).<br \/>\n5.00 CHF par personne en plus de l&rsquo;entr\u00e9e au mus\u00e9e.<br \/>\nAucune inscription n&rsquo;est n\u00e9cessaire.<\/p>\n<\/div><div class=\"fusion-text fusion-text-89\"><p><strong>MERCREDI 24 avril 2024, 10h00 &#8211; 17h00<br \/>\nLANGNAU-M\u00c4RIT<br \/>\n<\/strong>Rosench\u00fcechli &amp; warme Apfelch\u00fcechli<br \/>\n\u00e0 partir de 10h dans et devant la Ch\u00fcechlihus avec programme sp\u00e9cial ENTSAMMELN : Votez &amp; visitez<br \/>\nEntr\u00e9e gratuite au mus\u00e9e<\/p>\n<\/div><div class=\"fusion-text fusion-text-90\"><p><strong>VEN 26 AVRIL 2024, 17h30<br \/>\n<\/strong>VERNISSAGE <strong><br \/>\n La c\u00e9ramique contemporaine en dialogue avec le patrimoine culturel de l&rsquo;Emmental<\/strong><br \/>\nLe Forum bernois de la c\u00e9ramique en visite au mus\u00e9e r\u00e9gional Ch\u00fcechlihus<\/p>\n<p>Accueil par Carmen Simon, directrice du mus\u00e9e r\u00e9gional Ch\u00fcechlihus<br \/>\nMusique avec les Melodikaten &amp; ap\u00e9ritif.<br \/>\n(manifestation en allemand)<\/p>\n<\/div><div class=\"fusion-text fusion-text-91\"><p><strong>SA, 27 avril &#8211; DI 5 mai 2024<br \/>\nExposition<br \/>\n<\/strong>La c\u00e9ramique contemporaine en dialogue avec le patrimoine culturel de l&rsquo;Emmental<br \/>\nLe Forum bernois de la c\u00e9ramique en visite au mus\u00e9e r\u00e9gional Ch\u00fcechlihus<\/p>\n<p>Vers l <a href=\"https:\/\/regionalmuseum-langnau.ch\/wp-content\/uploads\/2024\/02\/2024_02_15-DEF-KFB_Chueechlihus_Voranzeige_Web_Mail.pdf\" target=\"_blank\" rel=\"noopener\">&lsquo;annonce pr\u00e9alable<\/a><br \/>\nVers l&rsquo;<a href=\"https:\/\/regionalmuseum-langnau.ch\/wp-content\/uploads\/2024\/03\/KFB_Chueechlihus_A5_4seitig_2024_www.pdf\" target=\"_blank\" rel=\"noopener\">invitation<\/a><\/p>\n<\/div><div class=\"fusion-text fusion-text-92\"><p><strong>DIM, 5 mai 2024, 10 h 00 &#8211; 15 h 00<\/strong><br \/>\n<b>ENTSAMMELNN am FLOHMARKT LANGNAU<br \/>\n<\/b>Appel \u00e0 candidature et visite sur la place du march\u00e9 aux bestiaux et au mus\u00e9e r\u00e9gional Ch\u00fcechlihus<\/p>\n<\/div><div class=\"fusion-text fusion-text-93\"><p><strong>DIM, 5 mai 2024, 14h00<br \/>\nFinissage<br \/>\n<\/strong>La c\u00e9ramique contemporaine en dialogue avec le patrimoine culturel de l&rsquo;Emmental<br \/>\nLe Forum bernois de la c\u00e9ramique en visite au mus\u00e9e r\u00e9gional Ch\u00fcechlihus<\/p>\n<p>Musique avec le duo Sang, caf\u00e9 &amp; g\u00e2teaux<br \/>\n(manifestation en allemand)<\/p>\n<\/div><div class=\"fusion-text fusion-text-94\"><p><strong>DIM, 2 juin 2024, 11h00-11h45<br \/>\nVISITE PUBLIQUE<br \/>\n<\/strong><\/p>\n<p>Langnau et ses maisons<br \/>\nLe baroque \/ le classicisme \/ l&rsquo;historicisme<\/p>\n<p>Introduction au mus\u00e9e et \u00e0 la visite du village par Bettina Haldemann (en allemand).<br \/>\n5.00 CHF par personne en plus de l&rsquo;entr\u00e9e au mus\u00e9e.<br \/>\nAucune inscription n&rsquo;est n\u00e9cessaire.<\/p>\n<\/div><div class=\"fusion-text fusion-text-95\"><p><strong>MERCREDI 17 juillet 2024, 10h00 &#8211; 17h00<br \/>\nLANGNAU-M\u00c4RIT<br \/>\n<\/strong>Rosench\u00fcechli &amp; warme Apfelch\u00fcechli<br \/>\n\u00e0 partir de 10h dans et devant la Ch\u00fcechlihus avec programme sp\u00e9cial ENTSAMMELN : Votez<br \/>\nEntr\u00e9e gratuite au mus\u00e9e<\/p>\n<\/div><div class=\"fusion-text fusion-text-96\"><p><strong>DIM, 4 ao\u00fbt 2024, 11h00-11h45<br \/>\nVISITE PUBLIQUE<br \/>\n<\/strong><\/p>\n<p>Langnau et son histoire<br \/>\nLa place de l&rsquo;Ours \/ La place du March\u00e9 aux bestiaux \/ La place du Cerf<\/p>\n<p>Introduction au mus\u00e9e et \u00e0 la visite du village par Bettina Haldemann (en allemand).<br \/>\n5.00 CHF par personne en plus de l&rsquo;entr\u00e9e au mus\u00e9e.<br \/>\nAucune inscription n&rsquo;est n\u00e9cessaire.<\/p>\n<\/div><div class=\"fusion-text fusion-text-97\"><p><strong>DIM, 1er septembre 2024, 10h00 &#8211; 17h00<br \/>\nCH\u00dcECHLIHUS-SUNNDIG<br \/>\n<\/strong>La grande finale !<br \/>\nEnsemble, nous c\u00e9l\u00e9brons le patrimoine culturel aux multiples facettes de l&rsquo;Emmental avec un programme sp\u00e9cial pour petits et grands.<\/p>\n<p>Programme<br \/>\n10.00, 12.30, 14.00 : Concert \u00ab\u00a0Das grosse Finale #AltSuchtNeu\u00a0\u00bb avec le percussionniste &amp; joueur de cor des Alpes Enrico Lenzin<br \/>\n10.00-12.00, 13.30-17.00 Atelier \u00ab\u00a0geknetet, geformt &amp; gebrannt\u00a0\u00bb avec le Keramikforum Bern<br \/>\n10.00-12.00, 13.30-17.00 Atelier d&rsquo;\u00e9criture \u00ab\u00a0fr\u00fcecher &amp; h\u00fct\u00a0\u00bb avec la peintre en lettres Laila Luisi<br \/>\n10.00-12.00, 13.30-17.00 h Maquillage pour enfants \u00ab\u00a0L&rsquo;ancien r\u00e9interpr\u00e9t\u00e9\u00a0\u00bb avec Monica Corbetti<br \/>\n10.00-12.00, 13.30-17.00 h Atelier #AltFindetNeu,Upcycling du bois pour petits et grands<br \/>\n10.30, 15.30 h Br\u00e8ve visite guid\u00e9e \u00ab\u00a0Langnauer Sch\u00e4tze\u00a0\u00bb avec Bettina Haldemann sur la c\u00e9ramique de Langnau<br \/>\n11.00, 15.00 h Promenade audio \u00ab\u00a0wiederbel\u00e4bt !\u00a0\u00bb avec Pesche Heiniger au mus\u00e9e<\/p>\n<p>Restauration<br \/>\nHot-dogs, soupe, beignets de roses, beignets de pommes, g\u00e2teaux, glaces &amp; boissons<\/p>\n<p>Entr\u00e9e gratuite \/ B\u00e4ndeli de solidarit\u00e9<\/p>\n<p>vers la <a href=\"https:\/\/regionalmuseum-langnau.ch\/wp-content\/uploads\/2024\/07\/Einladungskarte-ChueechlihusSunndig-2024-web.pdf\" target=\"_blank\" rel=\"noopener\">carte d&rsquo;invitation<\/a><\/p>\n<\/div><div class=\"fusion-text fusion-text-98\"><p><strong>MERI 18 septembre 2024, 10h00 &#8211; 17h00<br \/>\nLANGNAU-M\u00c4RIT<br \/>\n<\/strong>Rosench\u00fcechli &amp; warme Apfelch\u00fcechli<br \/>\n\u00e0 partir de 10h devant la Ch\u00fcechlihus Concours &amp; programme sp\u00e9cial : \u00ab\u00a025&rsquo;000 &amp; 1 Objekt\u00a0\u00bb, visite guid\u00e9e du d\u00e9p\u00f4t avec Simon Schweizer<br \/>\nLe mus\u00e9e est ouvert normalement \u00e0 partir de 13h30.<\/p>\n<\/div><div class=\"fusion-text fusion-text-99\"><p><strong>DIM, 6 octobre 2024, 11h00-11h45<br \/>\nVISITE PUBLIQUE<br \/>\n<\/strong><\/p>\n<p>La collection du mus\u00e9e r\u00e9gional Ch\u00fcechlihus<br \/>\nLe tissu de lin \/ Le potier Jakob Stucki \/ Les instruments de musique<\/p>\n<p>Visite guid\u00e9e du mus\u00e9e par Bettina Haldemann (en allemand).<br \/>\n5.00 CHF par personne en plus de l&rsquo;entr\u00e9e au mus\u00e9e.<br \/>\nAucune inscription n&rsquo;est n\u00e9cessaire.<\/p>\n<\/div><div class=\"fusion-text fusion-text-100\"><p><strong>MI, 6 novembre 2024, 10h00 &#8211; 17h00<br \/>\nLANGNAU-M\u00c4RIT<br \/>\n<\/strong>Rosench\u00fcechli &amp; warme Apfelch\u00fcechli<br \/>\n\u00e0 partir de 10h dans et devant la Ch\u00fcechlihus avec concours<\/p>\n<p><em>Programme sp\u00e9cial en fran\u00e7ais<\/em><br \/>\n<strong>Pas seulement du fromage &#8211;<\/strong><strong> du textile Langnau !<\/strong><br \/>\nEntretien avec Niklaus Lauterburg, h\u00e9ritier de l&rsquo;usine de textile de Langnau \u00ab\u00a0Lauterburg &amp; Cie AG, B\u00e4rau\u00a0\u00bb<br \/>\n10.30h \/ 14.30h, env. 45 minutes, rendez-vous devant le mus\u00e9e r\u00e9gional Ch\u00fcechlihus<br \/>\nGratuit &amp; pas d&rsquo;inscription n\u00e9cessaire (max. 20 personnes\/entretien)<\/p>\n<p>Les expositions sont ouvertes \u00e0 partir de 13h30.<br \/>\n(Le tarif normal d&rsquo;entr\u00e9e au mus\u00e9e s&rsquo;applique).<\/p>\n<\/div><div class=\"fusion-text fusion-text-101\"><p><strong>Jeudi 14 novembre 2024, 19h30 &#8211; 21h00<br \/>\nTous les fils sont dans la main<br \/>\n<\/strong>(en allemand)<br \/>\nTheater und Kunstverein Langnau x Regionalmuseum Ch\u00fcechlihus<br \/>\nLe salon sur le th\u00e8me \u00ab\u00a0Tisser en Suisse\u00a0\u00bb<br \/>\navec Gerlind Martin et Regula Z\u00e4hner<br \/>\nCliquez ici <a href=\"https:\/\/regionalmuseum-langnau.ch\/wp-content\/uploads\/2024\/10\/Salon_Einladung_Weberinnen_241009_DEF.pdf\" target=\"_blank\" rel=\"noopener\">pour acc\u00e9der \u00e0 l&rsquo;invitation<\/a>.<\/p>\n<p>15 CHF\/personne, y compris un verre de vin<br \/>\nInscription jusqu&rsquo;au 11.11.2024 aupr\u00e8s de l&rsquo;<a href=\"https:\/\/www.tukvl.ch\/\" target=\"_blank\" rel=\"noopener\">association Theater- und Kunstverein Langnau<\/a>.<\/p>\n<\/div><div class=\"fusion-text fusion-text-102\"><p><strong>MERI 11 d\u00e9cembre 2024, 10h00 &#8211; 17h00<br \/>\nLANGNAU-M\u00c4RIT<br \/>\n<\/strong>Rosench\u00fcechli &amp; warme Apfelch\u00fcechli<br \/>\n\u00e0 partir de 10h dans et devant la Ch\u00fcechlihus avec programme sp\u00e9cial \u00ab\u00a0Mys \u00c4mmitau\u00a0\u00bb &amp; concours<br \/>\nEnsemble, nous collectons des bruits &amp; des histoires :<\/p>\n<ul>\n<li>Qui est ou a \u00e9t\u00e9, selon vous, une personne importante pour la r\u00e9gion &#8211; dans le pass\u00e9 et dans le pr\u00e9sent ?<\/li>\n<li>Quels lieux de l&rsquo;Emmental racontent pour vous des histoires passionnantes et surprenantes ?<\/li>\n<li>Comment sonne l&rsquo;Emmental pour vous ?<\/li>\n<\/ul>\n<p>Passez \u00e0 notre stand du march\u00e9, partagez vos connaissances avec nous et enregistrez des sons typiques.<\/p>\n<\/div><div class=\"fusion-text fusion-text-103\"><h3>2023<\/h3>\n<\/div><div class=\"fusion-text fusion-text-104\"><p><strong>MI, 22 f\u00e9vrier 2023, 10h00 &#8211; 17h00<br \/>\nLANGNAU-M\u00c4RIT<br \/>\n<\/strong>Rosench\u00fcechli &amp; warme Apfelch\u00fcechli<br \/>\n\u00e0 partir de 10h dans et devant la Ch\u00fcechlihus avec programme sp\u00e9cial : S\u00e9same ouvre-toi ! Aper\u00e7u du nouveau d\u00e9p\u00f4t du mus\u00e9e avec Simon Schweizer. Et : gagnez une introduction au mus\u00e9e r\u00e9gional Ch\u00fcechlihus pour quatre personnes. Inscription et informations compl\u00e9mentaires au stand du march\u00e9 Ch\u00fcechlihus.<\/p>\n<\/div><div class=\"fusion-text fusion-text-105\"><p><strong>MARDI 4 avril 2023, \u00e0 partir de 17h30<br \/>\nPLANIFICATION DE PROJETS D\u00c9TECTION 2023<br \/>\n<\/strong>Ap\u00e9ritif &amp; programme culturel au mus\u00e9e r\u00e9gional Ch\u00fcechlihus<\/p>\n<ul>\n<li>Visite des nouveaux objets<\/li>\n<li>Informations de fond<\/li>\n<li>Vote en direct<\/li>\n<li>Ap\u00e9ro<\/li>\n<li>#AltSuchtNeu musikalisch interpretiert von \u00ab\u00a0Objet Trouv\u00e9\u00a0\u00bb: Marianne Keel (Gesang), Niculin Christen (Akkordeon), Christophe Muheim (Kontrabass) und Emanuel K\u00fcnzi (Schlagzeug) spannen mit ihrer Musik und unseren Objekten einen Bogen von Alt zu Neu.  <a href=\"http:\/\/www.entsammeln.ch\">En savoir plus sur le projet<\/a><\/li>\n<\/ul>\n<\/div><div class=\"fusion-text fusion-text-106\"><p><strong>MERCREDI 26 avril 2023, 10h00 &#8211; 17h00<br \/>\nLANGNAU-M\u00c4RIT<br \/>\n<\/strong>Rosench\u00fcechli &amp; warme Apfelch\u00fcechli<br \/>\n\u00e0 partir de 10h dans et devant la Ch\u00fcechlihus avec programme sp\u00e9cial ENTSAMMELN : Votez &amp; visitez<br \/>\nEntr\u00e9e gratuite au mus\u00e9e<\/p>\n<\/div><div class=\"fusion-text fusion-text-107\"><p><strong>SA, 6 mai 2023, 13h30-16h00<\/strong><br \/>\n<b>OUVERTURE DE LA FOURNITURE DU COEUR LANGNAU<\/b><br \/>\net lancement de la \u00ab\u00a0Br\u00e4tzeliroute\u00a0\u00bb dans et devant le mus\u00e9e r\u00e9gional Ch\u00fcechlihus<br \/>\nProgramme sp\u00e9cial avec restauration<\/p>\n<\/div><div class=\"fusion-text fusion-text-108\"><p><strong>DIM, 7 mai 2023, 10 h 00 &#8211; 15 h<\/strong><b>00<\/b><br \/>\n<b>ENTSAMMELNN am FLOHMARKT LANGNAU<br \/>\n<\/b>Appel \u00e0 candidature et visite sur la place du march\u00e9 aux bestiaux et au mus\u00e9e r\u00e9gional Ch\u00fcechlihus<\/p>\n<\/div><div class=\"fusion-text fusion-text-109\"><p><strong>MERCREDI 19 juillet 2023, 10h00 &#8211; 17h00<br \/>\nLANGNAU-M\u00c4RIT<br \/>\n<\/strong>Rosench\u00fcechli &amp; warme Apfelch\u00fcechli<br \/>\n\u00e0 partir de 10h dans et devant la Ch\u00fcechlihus avec programme sp\u00e9cial ENTSAMMELN : Votez<br \/>\nEntr\u00e9e gratuite au mus\u00e9e<\/p>\n<\/div><div class=\"fusion-text fusion-text-110\"><p><strong>DIM, 3 septembre 2023, 10h00 &#8211; 17h00<br \/>\nCH\u00dcECHLIHUS-SUNNDIG<br \/>\n<\/strong>Programme culturel d&rsquo;une journ\u00e9e pour toute la famille au mus\u00e9e r\u00e9gional Ch\u00fcechlihus<\/p>\n<p>Le vieux devient neuf ! Le programme sp\u00e9cial de cette ann\u00e9e, destin\u00e9 aux petits comme aux grands, s&rsquo;articule autour du th\u00e8me de la collecte des d\u00e9chets #AncienneD\u00e9pendanceNouveau. <\/p>\n<p>PROGRAMME<br \/>\n10h00, 12h00,14h00<br \/>\n#AltSuchtNeu musicalement interpr\u00e9t\u00e9 &#8211; Concert avec \u00ab\u00a0Objet Trouv\u00e9\u00a0\u00bb (M. Keel, N. Christen &amp; E. K\u00fcnzi)<\/p>\n<p>10h00-12h00, 14h30-16h30<br \/>\nAtelier de spray \u00ab\u00a0Tigre ou vache ?\u00a0\u00bb &#8211; Une nouvelle \u00e9criture pour la r\u00e9gion<\/p>\n<p>10 h 00-12 h 00, 13 h 00-17 h 00<br \/>\nAtelier \u00ab\u00a0Nouvel enfilage\u00a0\u00bb &#8211; Nouvelles cr\u00e9ations \u00e0 partir de vieux tissus<\/p>\n<p>10h30-13h30, 14h30-16h30<br \/>\nFaire du neuf avec du vieux ! Atelier d&rsquo;upcycling pour enfants <\/p>\n<p>10h30, 11h30<br \/>\nCourte visite guid\u00e9e \u00ab\u00a0Red\u00e9couvrir Langnau\u00a0\u00bb \u00e0 travers le village avec Jonas Glanzmann<\/p>\n<p>14.30-15.30<br \/>\nChacheliflicker ? Pubquiz : un savoir ancien remis au go\u00fbt du jour <\/p>\n<p>13h30, 15h30<br \/>\nQuand les objets du mus\u00e9e parlent&#8230; Lecture avec la conteuse Kim Schmid <\/p>\n<p>En outre : coin lecture, toboggan \u00e0 roulettes, jeux de soci\u00e9t\u00e9, self-stand #D\u00e9pendanceAncienneNouvelle et r\u00e9cup\u00e9ration des objets de ENTSAMMELN.CH<\/p>\n<p>REPAS<br \/>\nHot-dogs, soupe, feuillet\u00e9s, beignets \u00e0 la rose et aux pommes, g\u00e2teaux et boissons<\/p>\n<p>Entr\u00e9e gratuite \/ B\u00e4ndeli de solidarit\u00e9<\/p>\n<p>vers l&rsquo;<a href=\"https:\/\/regionalmuseum-langnau.ch\/wp-content\/uploads\/2023\/08\/ChueechlihusSunndig-EInladung_RMC-2023-.pdf\" target=\"_blank\" rel=\"noopener\">invitation<\/a><\/p>\n<\/div><div class=\"fusion-text fusion-text-111\"><p><strong>MI, 20 septembre 2023, 10h00 &#8211; 17h00<br \/>\nLANGNAU-M\u00c4RIT<br \/>\n<\/strong>Rosench\u00fcechli &amp; warme Apfelch\u00fcechli<br \/>\n\u00e0 partir de 10h dans et devant la Ch\u00fcechlihus avec programme sp\u00e9cial &amp; concours<br \/>\nLe mus\u00e9e est ouvert \u00e0 partir de 13h30.<\/p>\n<\/div><div class=\"fusion-text fusion-text-112\"><p><strong>MERCREDI, 1er novembre 2023, 10h00 &#8211; 17h00<br \/>\nLANGNAU-M\u00c4RIT<br \/>\n<\/strong>Rosench\u00fcechli &amp; warme Apfelch\u00fcechli<br \/>\n\u00e0 partir de 10h dans et devant la Ch\u00fcechlihus avec programme sp\u00e9cial<br \/>\nLe mus\u00e9e est ouvert \u00e0 partir de 13h30.<\/p>\n<\/div><div class=\"fusion-text fusion-text-113\"><p><strong>Jeudi 2 novembre 2023, 17h30<br \/>\nVernissage KULTUR, WO Z REDE GIT<br \/>\n<\/strong>Ouverture du circuit litt\u00e9raire du mus\u00e9e r\u00e9gional Ch\u00fcechlihus<\/p>\n<p><strong>Programme<br \/>\n<\/strong>Accueil Carmen Simon, direction du mus\u00e9e<br \/>\nBr\u00e8ve lecture Pesche Heiniger &amp; Benjamin Lauener<br \/>\nA propos du projet J\u00fcre Lehmann, Radio neo1<br \/>\nBr\u00e8ve lecture Jenn Unfug<br \/>\nHommage Martin Lehmann, conseiller municipal de Langnau i.E.<br \/>\nBr\u00e8ve lecture Kim Schmid &amp; Achim Parterre<br \/>\nEnsuite, ap\u00e9ritif et visite libre du mus\u00e9e<\/p>\n<p>En raison du nombre limit\u00e9 de places, nous vous demandons de vous inscrire par e-mail<a href=\"mailto:info@regionalmuseum-langnau.ch\">(info@regionalmuseum-langnau.ch)<\/a>. Merci beaucoup. Nous vous attendons avec impatience !<\/p>\n<\/div><div class=\"fusion-text fusion-text-114\"><p><strong>FR &amp; SA, 3\/4 novembre 2023, en soir\u00e9e<br \/>\nLANGNAUER LITERATOUR<\/strong><br \/>\nLectures et ap\u00e9ritif au mus\u00e9e r\u00e9gional Ch\u00fcechlihus<br \/>\n<a href=\"https:\/\/www.langnauerliteratour.ch\/\">www.langnauerliteratour.ch<\/a><\/p>\n<\/div><div class=\"fusion-text fusion-text-115\"><p><strong>MI, 13 d\u00e9cembre 2023, 10h00 &#8211; 17h00<br \/>\nLANGNAU-M\u00c4RIT<br \/>\n<\/strong>Rosench\u00fcechli &amp; warme Apfelch\u00fcechli<br \/>\n\u00e0 partir de 10h dans et devant la Ch\u00fcechlihus avec programme sp\u00e9cial<\/p>\n<\/div><\/div><\/div><\/div><\/div><\/div><\/p>\n","protected":false},"excerpt":{"rendered":"","protected":false},"author":1,"featured_media":10482,"parent":0,"menu_order":0,"comment_status":"closed","ping_status":"closed","template":"","meta":{"_acf_changed":false,"footnotes":""},"class_list":["post-11098","page","type-page","status-publish","has-post-thumbnail","hentry"],"acf":[],"yoast_head":"<!-- This site is optimized with the Yoast SEO plugin v25.5 - https:\/\/yoast.com\/wordpress\/plugins\/seo\/ -->\n<title>\u00c9v\u00e9nements - Regionalmuseum Ch\u00fcechlihus<\/title>\n<meta name=\"robots\" content=\"index, follow, max-snippet:-1, max-image-preview:large, max-video-preview:-1\" \/>\n<link rel=\"canonical\" href=\"https:\/\/regionalmuseum-langnau.ch\/fr\/evenements\/\" \/>\n<meta property=\"og:locale\" content=\"fr_FR\" \/>\n<meta property=\"og:type\" content=\"article\" \/>\n<meta property=\"og:title\" content=\"\u00c9v\u00e9nements - Regionalmuseum Ch\u00fcechlihus\" \/>\n<meta property=\"og:url\" content=\"https:\/\/regionalmuseum-langnau.ch\/fr\/evenements\/\" \/>\n<meta property=\"og:site_name\" content=\"Regionalmuseum Ch\u00fcechlihus\" \/>\n<meta property=\"article:modified_time\" content=\"2026-04-28T11:17:24+00:00\" \/>\n<meta property=\"og:image\" content=\"https:\/\/regionalmuseum-langnau.ch\/wp-content\/uploads\/2023\/04\/Regionalmuseum-Chuechlihus-Regionalmuseum-Chu\u2560eechlihus-Langnau-iE.jpg\" \/>\n\t<meta property=\"og:image:width\" content=\"1200\" \/>\n\t<meta property=\"og:image:height\" content=\"900\" \/>\n\t<meta property=\"og:image:type\" content=\"image\/jpeg\" \/>\n<meta name=\"twitter:card\" content=\"summary_large_image\" \/>\n<meta name=\"twitter:label1\" content=\"Dur\u00e9e de lecture estim\u00e9e\" \/>\n\t<meta name=\"twitter:data1\" content=\"150 minutes\" \/>\n<script type=\"application\/ld+json\" class=\"yoast-schema-graph\">{\"@context\":\"https:\/\/schema.org\",\"@graph\":[{\"@type\":\"WebPage\",\"@id\":\"https:\/\/regionalmuseum-langnau.ch\/fr\/evenements\/\",\"url\":\"https:\/\/regionalmuseum-langnau.ch\/fr\/evenements\/\",\"name\":\"\u00c9v\u00e9nements - Regionalmuseum Ch\u00fcechlihus\",\"isPartOf\":{\"@id\":\"https:\/\/regionalmuseum-langnau.ch\/fr\/#website\"},\"primaryImageOfPage\":{\"@id\":\"https:\/\/regionalmuseum-langnau.ch\/fr\/evenements\/#primaryimage\"},\"image\":{\"@id\":\"https:\/\/regionalmuseum-langnau.ch\/fr\/evenements\/#primaryimage\"},\"thumbnailUrl\":\"https:\/\/regionalmuseum-langnau.ch\/wp-content\/uploads\/2023\/04\/Regionalmuseum-Chuechlihus-Regionalmuseum-Chu\u2560eechlihus-Langnau-iE.jpg\",\"datePublished\":\"2022-01-27T10:38:47+00:00\",\"dateModified\":\"2026-04-28T11:17:24+00:00\",\"breadcrumb\":{\"@id\":\"https:\/\/regionalmuseum-langnau.ch\/fr\/evenements\/#breadcrumb\"},\"inLanguage\":\"fr-FR\",\"potentialAction\":[{\"@type\":\"ReadAction\",\"target\":[\"https:\/\/regionalmuseum-langnau.ch\/fr\/evenements\/\"]}]},{\"@type\":\"ImageObject\",\"inLanguage\":\"fr-FR\",\"@id\":\"https:\/\/regionalmuseum-langnau.ch\/fr\/evenements\/#primaryimage\",\"url\":\"https:\/\/regionalmuseum-langnau.ch\/wp-content\/uploads\/2023\/04\/Regionalmuseum-Chuechlihus-Regionalmuseum-Chu\u2560eechlihus-Langnau-iE.jpg\",\"contentUrl\":\"https:\/\/regionalmuseum-langnau.ch\/wp-content\/uploads\/2023\/04\/Regionalmuseum-Chuechlihus-Regionalmuseum-Chu\u2560eechlihus-Langnau-iE.jpg\",\"width\":1200,\"height\":900},{\"@type\":\"BreadcrumbList\",\"@id\":\"https:\/\/regionalmuseum-langnau.ch\/fr\/evenements\/#breadcrumb\",\"itemListElement\":[{\"@type\":\"ListItem\",\"position\":1,\"name\":\"Page d'accueil\",\"item\":\"https:\/\/regionalmuseum-langnau.ch\/fr\/musee-regional-chueechlihus\/\"},{\"@type\":\"ListItem\",\"position\":2,\"name\":\"\u00c9v\u00e9nements\"}]},{\"@type\":\"WebSite\",\"@id\":\"https:\/\/regionalmuseum-langnau.ch\/fr\/#website\",\"url\":\"https:\/\/regionalmuseum-langnau.ch\/fr\/\",\"name\":\"Regionalmuseum Ch\u00fcechlihus\",\"description\":\"Das Emmental in einem Haus\",\"potentialAction\":[{\"@type\":\"SearchAction\",\"target\":{\"@type\":\"EntryPoint\",\"urlTemplate\":\"https:\/\/regionalmuseum-langnau.ch\/fr\/?s={search_term_string}\"},\"query-input\":{\"@type\":\"PropertyValueSpecification\",\"valueRequired\":true,\"valueName\":\"search_term_string\"}}],\"inLanguage\":\"fr-FR\"}]}<\/script>\n<!-- \/ Yoast SEO plugin. -->","yoast_head_json":{"title":"\u00c9v\u00e9nements - Regionalmuseum Ch\u00fcechlihus","robots":{"index":"index","follow":"follow","max-snippet":"max-snippet:-1","max-image-preview":"max-image-preview:large","max-video-preview":"max-video-preview:-1"},"canonical":"https:\/\/regionalmuseum-langnau.ch\/fr\/evenements\/","og_locale":"fr_FR","og_type":"article","og_title":"\u00c9v\u00e9nements - Regionalmuseum Ch\u00fcechlihus","og_url":"https:\/\/regionalmuseum-langnau.ch\/fr\/evenements\/","og_site_name":"Regionalmuseum Ch\u00fcechlihus","article_modified_time":"2026-04-28T11:17:24+00:00","og_image":[{"width":1200,"height":900,"url":"https:\/\/regionalmuseum-langnau.ch\/wp-content\/uploads\/2023\/04\/Regionalmuseum-Chuechlihus-Regionalmuseum-Chu\u2560eechlihus-Langnau-iE.jpg","type":"image\/jpeg"}],"twitter_card":"summary_large_image","twitter_misc":{"Dur\u00e9e de lecture estim\u00e9e":"150 minutes"},"schema":{"@context":"https:\/\/schema.org","@graph":[{"@type":"WebPage","@id":"https:\/\/regionalmuseum-langnau.ch\/fr\/evenements\/","url":"https:\/\/regionalmuseum-langnau.ch\/fr\/evenements\/","name":"\u00c9v\u00e9nements - Regionalmuseum Ch\u00fcechlihus","isPartOf":{"@id":"https:\/\/regionalmuseum-langnau.ch\/fr\/#website"},"primaryImageOfPage":{"@id":"https:\/\/regionalmuseum-langnau.ch\/fr\/evenements\/#primaryimage"},"image":{"@id":"https:\/\/regionalmuseum-langnau.ch\/fr\/evenements\/#primaryimage"},"thumbnailUrl":"https:\/\/regionalmuseum-langnau.ch\/wp-content\/uploads\/2023\/04\/Regionalmuseum-Chuechlihus-Regionalmuseum-Chu\u2560eechlihus-Langnau-iE.jpg","datePublished":"2022-01-27T10:38:47+00:00","dateModified":"2026-04-28T11:17:24+00:00","breadcrumb":{"@id":"https:\/\/regionalmuseum-langnau.ch\/fr\/evenements\/#breadcrumb"},"inLanguage":"fr-FR","potentialAction":[{"@type":"ReadAction","target":["https:\/\/regionalmuseum-langnau.ch\/fr\/evenements\/"]}]},{"@type":"ImageObject","inLanguage":"fr-FR","@id":"https:\/\/regionalmuseum-langnau.ch\/fr\/evenements\/#primaryimage","url":"https:\/\/regionalmuseum-langnau.ch\/wp-content\/uploads\/2023\/04\/Regionalmuseum-Chuechlihus-Regionalmuseum-Chu\u2560eechlihus-Langnau-iE.jpg","contentUrl":"https:\/\/regionalmuseum-langnau.ch\/wp-content\/uploads\/2023\/04\/Regionalmuseum-Chuechlihus-Regionalmuseum-Chu\u2560eechlihus-Langnau-iE.jpg","width":1200,"height":900},{"@type":"BreadcrumbList","@id":"https:\/\/regionalmuseum-langnau.ch\/fr\/evenements\/#breadcrumb","itemListElement":[{"@type":"ListItem","position":1,"name":"Page d'accueil","item":"https:\/\/regionalmuseum-langnau.ch\/fr\/musee-regional-chueechlihus\/"},{"@type":"ListItem","position":2,"name":"\u00c9v\u00e9nements"}]},{"@type":"WebSite","@id":"https:\/\/regionalmuseum-langnau.ch\/fr\/#website","url":"https:\/\/regionalmuseum-langnau.ch\/fr\/","name":"Regionalmuseum Ch\u00fcechlihus","description":"Das Emmental in einem Haus","potentialAction":[{"@type":"SearchAction","target":{"@type":"EntryPoint","urlTemplate":"https:\/\/regionalmuseum-langnau.ch\/fr\/?s={search_term_string}"},"query-input":{"@type":"PropertyValueSpecification","valueRequired":true,"valueName":"search_term_string"}}],"inLanguage":"fr-FR"}]}},"_links":{"self":[{"href":"https:\/\/regionalmuseum-langnau.ch\/fr\/wp-json\/wp\/v2\/pages\/11098","targetHints":{"allow":["GET"]}}],"collection":[{"href":"https:\/\/regionalmuseum-langnau.ch\/fr\/wp-json\/wp\/v2\/pages"}],"about":[{"href":"https:\/\/regionalmuseum-langnau.ch\/fr\/wp-json\/wp\/v2\/types\/page"}],"author":[{"embeddable":true,"href":"https:\/\/regionalmuseum-langnau.ch\/fr\/wp-json\/wp\/v2\/users\/1"}],"replies":[{"embeddable":true,"href":"https:\/\/regionalmuseum-langnau.ch\/fr\/wp-json\/wp\/v2\/comments?post=11098"}],"version-history":[{"count":121,"href":"https:\/\/regionalmuseum-langnau.ch\/fr\/wp-json\/wp\/v2\/pages\/11098\/revisions"}],"predecessor-version":[{"id":21164,"href":"https:\/\/regionalmuseum-langnau.ch\/fr\/wp-json\/wp\/v2\/pages\/11098\/revisions\/21164"}],"wp:featuredmedia":[{"embeddable":true,"href":"https:\/\/regionalmuseum-langnau.ch\/fr\/wp-json\/wp\/v2\/media\/10482"}],"wp:attachment":[{"href":"https:\/\/regionalmuseum-langnau.ch\/fr\/wp-json\/wp\/v2\/media?parent=11098"}],"curies":[{"name":"wp","href":"https:\/\/api.w.org\/{rel}","templated":true}]}}