{"id":11099,"date":"2023-02-15T13:09:27","date_gmt":"2023-02-15T13:09:27","guid":{"rendered":"https:\/\/regionalmuseum-langnau.ch\/equipe\/"},"modified":"2026-04-15T14:27:56","modified_gmt":"2026-04-15T14:27:56","slug":"equipe","status":"publish","type":"page","link":"https:\/\/regionalmuseum-langnau.ch\/fr\/a-propos-de-nous\/equipe\/","title":{"rendered":"\u00c9quipe"},"content":{"rendered":"<p><div id=\"titre\" class=\"fusion-container-anchor\"><div class=\"fusion-fullwidth fullwidth-box fusion-builder-row-1 fusion-flex-container has-pattern-background has-mask-background objekt_titel nonhundred-percent-fullwidth non-hundred-percent-height-scrolling\" style=\"--awb-border-radius-top-left:0px;--awb-border-radius-top-right:0px;--awb-border-radius-bottom-right:0px;--awb-border-radius-bottom-left:0px;--awb-background-color:var(--awb-color4);--awb-flex-wrap:wrap;\" ><div class=\"fusion-builder-row fusion-row fusion-flex-align-items-flex-start fusion-flex-content-wrap\" style=\"max-width:calc( 1200px + 0px );margin-left: calc(-0px \/ 2 );margin-right: calc(-0px \/ 2 );\"><div class=\"fusion-layout-column fusion_builder_column fusion-builder-column-0 fusion_builder_column_1_1 1_1 fusion-flex-column\" style=\"--awb-padding-right:6.5%;--awb-padding-left:6.5%;--awb-bg-size:cover;--awb-width-large:100%;--awb-margin-top-large:0px;--awb-spacing-right-large:0px;--awb-margin-bottom-large:0px;--awb-spacing-left-large:0px;--awb-width-medium:100%;--awb-order-medium:0;--awb-spacing-right-medium:0px;--awb-spacing-left-medium:0px;--awb-width-small:100%;--awb-order-small:0;--awb-spacing-right-small:0px;--awb-spacing-left-small:0px;\"><div class=\"fusion-column-wrapper fusion-column-has-shadow fusion-flex-justify-content-flex-start fusion-content-layout-column\"> <h1>\u00c9quipe<\/h1><\/div><\/div><\/div><\/div><\/div><div id=\"titre\" class=\"fusion-container-anchor\"><div class=\"fusion-fullwidth fullwidth-box fusion-builder-row-2 fusion-flex-container has-pattern-background has-mask-background objekt_titel nonhundred-percent-fullwidth non-hundred-percent-height-scrolling\" style=\"--awb-border-radius-top-left:0px;--awb-border-radius-top-right:0px;--awb-border-radius-bottom-right:0px;--awb-border-radius-bottom-left:0px;--awb-padding-top:30px;--awb-flex-wrap:wrap;\" ><div class=\"fusion-builder-row fusion-row fusion-flex-align-items-flex-start fusion-flex-content-wrap\" style=\"max-width:calc( 1200px + 0px );margin-left: calc(-0px \/ 2 );margin-right: calc(-0px \/ 2 );\"><div class=\"fusion-layout-column fusion_builder_column fusion-builder-column-1 fusion_builder_column_1_1 1_1 fusion-flex-column\" style=\"--awb-padding-right:6.5%;--awb-padding-left:6.5%;--awb-bg-size:cover;--awb-width-large:100%;--awb-margin-top-large:0px;--awb-spacing-right-large:0px;--awb-margin-bottom-large:0px;--awb-spacing-left-large:0px;--awb-width-medium:100%;--awb-order-medium:0;--awb-spacing-right-medium:0px;--awb-spacing-left-medium:0px;--awb-width-small:100%;--awb-order-small:0;--awb-spacing-right-small:0px;--awb-spacing-left-small:0px;\"><div class=\"fusion-column-wrapper fusion-column-has-shadow fusion-flex-justify-content-flex-start fusion-content-layout-column\"><nav class=\"fusion-breadcrumbs awb-yoast-breadcrumbs fusion-breadcrumbs-1\" style=\"--awb-alignment:right;--awb-breadcrumb-sep:&#039;\/&#039;;text-align:right;\" aria-label=\"Breadcrumb\"><span><span><a href=\"https:\/\/regionalmuseum-langnau.ch\/fr\/musee-regional-chueechlihus\/\">Page d'accueil<\/a><\/span><\/span><\/nav><\/div><\/div><\/div><\/div><\/div>\n<br \/>\n<div id=\"enqu\u00eate\" class=\"fusion-container-anchor\"><div class=\"fusion-fullwidth fullwidth-box fusion-builder-row-3 fusion-flex-container has-pattern-background has-mask-background nonhundred-percent-fullwidth non-hundred-percent-height-scrolling\" style=\"--awb-border-radius-top-left:0px;--awb-border-radius-top-right:0px;--awb-border-radius-bottom-right:0px;--awb-border-radius-bottom-left:0px;--awb-padding-right:6.5%;--awb-padding-left:6.5%;--awb-margin-top:36px;--awb-margin-bottom:50px;--awb-flex-wrap:wrap;\" ><div class=\"fusion-builder-row fusion-row fusion-flex-align-items-flex-start fusion-flex-content-wrap\" style=\"max-width:calc( 1200px + 0px );margin-left: calc(-0px \/ 2 );margin-right: calc(-0px \/ 2 );\"><div class=\"fusion-layout-column fusion_builder_column fusion-builder-column-2 fusion_builder_column_1_1 1_1 fusion-flex-column\" style=\"--awb-bg-size:cover;--awb-width-large:100%;--awb-margin-top-large:0px;--awb-spacing-right-large:0px;--awb-margin-bottom-large:0px;--awb-spacing-left-large:0px;--awb-width-medium:100%;--awb-order-medium:0;--awb-spacing-right-medium:0px;--awb-spacing-left-medium:0px;--awb-width-small:100%;--awb-order-small:0;--awb-spacing-right-small:0px;--awb-spacing-left-small:0px;\"><div class=\"fusion-column-wrapper fusion-column-has-shadow fusion-flex-justify-content-flex-start fusion-content-layout-column\"><div class=\"fusion-text fusion-text-1\"><p>De nombreuses personnes s&rsquo;engagent dans et pour le mus\u00e9e r\u00e9gional Ch\u00fcechlihus. Vous trouverez sur cette page les collaborateurs actifs du mus\u00e9e. N&rsquo;h\u00e9sitez pas \u00e0 prendre contact avec nous.<\/p>\n<\/div><div class=\"fusion-title title fusion-title-1 fusion-sep-none fusion-title-text fusion-title-size-two\"><h2 class=\"fusion-title-heading title-heading-left fusion-responsive-typography-calculated\" style=\"margin:0;--fontSize:43;line-height:var(--awb-typography1-line-height);\">Contact<\/h2><\/div><div class=\"fusion-text fusion-text-2\"><p>Mus\u00e9e r\u00e9gional Ch\u00fcechlihus<br \/>\nB\u00e4renplatz 1<br \/>\n3550 Langnau i.E.<\/p>\n<p><a href=\"tel%20402%\">034 402 18 19<\/a><br \/>\n<a href=\"mailto:info@regionalmuseum-langnau.ch\">info@regionalmuseum-langnau.ch<\/a><\/p>\n<\/div><\/div><\/div><\/div><\/div><\/div><div class=\"fusion-fullwidth fullwidth-box fusion-builder-row-4 fusion-flex-container nonhundred-percent-fullwidth non-hundred-percent-height-scrolling\" style=\"--awb-border-radius-top-left:0px;--awb-border-radius-top-right:0px;--awb-border-radius-bottom-right:0px;--awb-border-radius-bottom-left:0px;--awb-padding-right:6.5%;--awb-padding-left:6.5%;--awb-margin-top:36px;--awb-margin-bottom:50px;--awb-flex-wrap:wrap;\" ><div class=\"fusion-builder-row fusion-row fusion-flex-align-items-flex-start fusion-flex-content-wrap\" style=\"max-width:calc( 1200px + 0px );margin-left: calc(-0px \/ 2 );margin-right: calc(-0px \/ 2 );\"><div class=\"fusion-layout-column fusion_builder_column fusion-builder-column-3 fusion_builder_column_1_1 1_1 fusion-flex-column\" style=\"--awb-bg-size:cover;--awb-width-large:100%;--awb-margin-top-large:0px;--awb-spacing-right-large:0px;--awb-margin-bottom-large:0px;--awb-spacing-left-large:0px;--awb-width-medium:100%;--awb-order-medium:0;--awb-spacing-right-medium:0px;--awb-spacing-left-medium:0px;--awb-width-small:100%;--awb-order-small:0;--awb-spacing-right-small:0px;--awb-spacing-left-small:0px;\"><div class=\"fusion-column-wrapper fusion-column-has-shadow fusion-flex-justify-content-flex-start fusion-content-layout-column\"><div class=\"fusion-title title fusion-title-2 fusion-sep-none fusion-title-text fusion-title-size-two\"><h2 class=\"fusion-title-heading title-heading-left fusion-responsive-typography-calculated\" style=\"margin:0;--fontSize:43;line-height:var(--awb-typography1-line-height);\">Direction<\/h2><\/div><div class=\"accordian fusion-accordian\" style=\"--awb-border-size:1px;--awb-icon-size:16px;--awb-content-font-size:var(--awb-typography4-font-size);--awb-icon-alignment:left;--awb-hover-color:var(--awb-color2);--awb-border-color:var(--awb-color3);--awb-background-color:var(--awb-color1);--awb-divider-color:var(--awb-color3);--awb-divider-hover-color:var(--awb-color3);--awb-icon-color:var(--awb-color1);--awb-title-color:var(--awb-color8);--awb-content-color:var(--awb-color8);--awb-icon-box-color:var(--awb-color8);--awb-toggle-hover-accent-color:var(--awb-color5);--awb-title-font-family:var(--awb-typography1-font-family);--awb-title-font-weight:var(--awb-typography1-font-weight);--awb-title-font-style:var(--awb-typography1-font-style);--awb-title-font-size:var(--awb-typography1-font-size);--awb-content-font-family:var(--awb-typography4-font-family);--awb-content-font-weight:var(--awb-typography4-font-weight);--awb-content-font-style:var(--awb-typography4-font-style);\"><div class=\"panel-group fusion-toggle-icon-boxed\" id=\"accordion-11099-1\"><div class=\"fusion-panel panel-default panel-16319d8369cedfc03 fusion-toggle-has-divider\" style=\"--awb-title-font-size:20px;--awb-title-color:var(--awb-color8);\"><div class=\"panel-heading\"><h4 class=\"panel-title toggle\" id=\"toggle_16319d8369cedfc03\"><a class=\"active\" aria-expanded=\"true\" aria-controls=\"16319d8369cedfc03\" role=\"button\" data-toggle=\"collapse\" data-parent=\"#accordion-11099-1\" data-target=\"#16319d8369cedfc03\" href=\"#16319d8369cedfc03\"><span class=\"fusion-toggle-icon-wrapper\" aria-hidden=\"true\"><i class=\"fa-fusion-box active-icon awb-icon-minus\" aria-hidden=\"true\"><\/i><i class=\"fa-fusion-box inactive-icon awb-icon-plus\" aria-hidden=\"true\"><\/i><\/span><span class=\"fusion-toggle-heading\">Carmen Simon<\/span><\/a><\/h4><\/div><div id=\"16319d8369cedfc03\" class=\"panel-collapse collapse in\" aria-labelledby=\"toggle_16319d8369cedfc03\"><div class=\"panel-body toggle-content fusion-clearfix\">\n<p>Direction du mus\u00e9e<\/p>\n<p><a href=\"mailto:carmen.simon@langnau-ie.ch\">carmen.simon@langnau-ie.ch<\/a><br \/>\n<a href=\"tel%20402%\">034 402 18 12<\/a> (direct)<\/p>\n<p><a href=\"mailto:info@regionalmuseum-langnau.ch\">info@regionalmuseum-langnau.ch<\/a><br \/>\n<a href=\"tel%20402%\">034 402 18 19<\/a><\/p>\n<p>Pr\u00e9sence : MARDI-JE<\/p>\n<\/div><\/div><\/div><\/div><\/div><div class=\"fusion-separator fusion-full-width-sep\" style=\"align-self: center;margin-left: auto;margin-right: auto;margin-top:30px;width:100%;\"><\/div><div class=\"fusion-title title fusion-title-3 fusion-sep-none fusion-title-text fusion-title-size-two\"><h2 class=\"fusion-title-heading title-heading-left fusion-responsive-typography-calculated\" style=\"margin:0;--fontSize:43;line-height:var(--awb-typography1-line-height);\">Administration &amp; \u00e9v\u00e9nements<\/h2><\/div><div class=\"accordian fusion-accordian\" style=\"--awb-border-size:1px;--awb-icon-size:16px;--awb-content-font-size:var(--awb-typography4-font-size);--awb-icon-alignment:left;--awb-hover-color:var(--awb-color2);--awb-border-color:var(--awb-color3);--awb-background-color:var(--awb-color1);--awb-divider-color:var(--awb-color3);--awb-divider-hover-color:var(--awb-color3);--awb-icon-color:var(--awb-color1);--awb-title-color:var(--awb-color8);--awb-content-color:var(--awb-color8);--awb-icon-box-color:var(--awb-color8);--awb-toggle-hover-accent-color:var(--awb-color5);--awb-title-font-family:var(--awb-typography1-font-family);--awb-title-font-weight:var(--awb-typography1-font-weight);--awb-title-font-style:var(--awb-typography1-font-style);--awb-title-font-size:var(--awb-typography1-font-size);--awb-content-font-family:var(--awb-typography4-font-family);--awb-content-font-weight:var(--awb-typography4-font-weight);--awb-content-font-style:var(--awb-typography4-font-style);\"><div class=\"panel-group fusion-toggle-icon-boxed\" id=\"accordion-11099-2\"><div class=\"fusion-panel panel-default panel-d770a1d866bff59cd fusion-toggle-has-divider\" style=\"--awb-title-font-size:20px;--awb-title-color:var(--awb-color8);\"><div class=\"panel-heading\"><h4 class=\"panel-title toggle\" id=\"toggle_d770a1d866bff59cd\"><a aria-expanded=\"false\" aria-controls=\"d770a1d866bff59cd\" role=\"button\" data-toggle=\"collapse\" data-parent=\"#accordion-11099-2\" data-target=\"#d770a1d866bff59cd\" href=\"#d770a1d866bff59cd\"><span class=\"fusion-toggle-icon-wrapper\" aria-hidden=\"true\"><i class=\"fa-fusion-box active-icon awb-icon-minus\" aria-hidden=\"true\"><\/i><i class=\"fa-fusion-box inactive-icon awb-icon-plus\" aria-hidden=\"true\"><\/i><\/span><span class=\"fusion-toggle-heading\">Carina Schmutz<\/span><\/a><\/h4><\/div><div id=\"d770a1d866bff59cd\" class=\"panel-collapse collapse \" aria-labelledby=\"toggle_d770a1d866bff59cd\"><div class=\"panel-body toggle-content fusion-clearfix\">\n<p>Administration, organisation et coordination<\/p>\n<p><a href=\"mailto:carina.schmutz@langnau-ie.ch\">carina.schmutz@langnau-ie.ch<\/a><br \/>\n<a href=\"tel%20402%\">034 402 18 19<\/a><\/p>\n<p>Pour toute demande concernant les r\u00e9servations d&rsquo;offres et les \u00e9v\u00e9nements<br \/>\nPr\u00e9sence : MI-VR<\/p>\n<\/div><\/div><\/div><\/div><\/div><div class=\"fusion-separator fusion-full-width-sep\" style=\"align-self: center;margin-left: auto;margin-right: auto;margin-top:30px;width:100%;\"><\/div><div class=\"fusion-title title fusion-title-4 fusion-sep-none fusion-title-text fusion-title-size-two\"><h2 class=\"fusion-title-heading title-heading-left fusion-responsive-typography-calculated\" style=\"margin:0;--fontSize:43;line-height:var(--awb-typography1-line-height);\">Marketing et communication<\/h2><\/div><div class=\"accordian fusion-accordian\" style=\"--awb-border-size:1px;--awb-icon-size:16px;--awb-content-font-size:var(--awb-typography4-font-size);--awb-icon-alignment:left;--awb-hover-color:var(--awb-color2);--awb-border-color:var(--awb-color3);--awb-background-color:var(--awb-color1);--awb-divider-color:var(--awb-color3);--awb-divider-hover-color:var(--awb-color3);--awb-icon-color:var(--awb-color1);--awb-title-color:var(--awb-color8);--awb-content-color:var(--awb-color8);--awb-icon-box-color:var(--awb-color8);--awb-toggle-hover-accent-color:var(--awb-color5);--awb-title-font-family:var(--awb-typography1-font-family);--awb-title-font-weight:var(--awb-typography1-font-weight);--awb-title-font-style:var(--awb-typography1-font-style);--awb-title-font-size:var(--awb-typography1-font-size);--awb-content-font-family:var(--awb-typography4-font-family);--awb-content-font-weight:var(--awb-typography4-font-weight);--awb-content-font-style:var(--awb-typography4-font-style);\"><div class=\"panel-group fusion-toggle-icon-boxed\" id=\"accordion-11099-3\"><div class=\"fusion-panel panel-default panel-a422cf760d36c721b fusion-toggle-has-divider\" style=\"--awb-title-font-size:20px;--awb-title-color:var(--awb-color8);\"><div class=\"panel-heading\"><h4 class=\"panel-title toggle\" id=\"toggle_a422cf760d36c721b\"><a aria-expanded=\"false\" aria-controls=\"a422cf760d36c721b\" role=\"button\" data-toggle=\"collapse\" data-parent=\"#accordion-11099-3\" data-target=\"#a422cf760d36c721b\" href=\"#a422cf760d36c721b\"><span class=\"fusion-toggle-icon-wrapper\" aria-hidden=\"true\"><i class=\"fa-fusion-box active-icon awb-icon-minus\" aria-hidden=\"true\"><\/i><i class=\"fa-fusion-box inactive-icon awb-icon-plus\" aria-hidden=\"true\"><\/i><\/span><span class=\"fusion-toggle-heading\">Sarina W\u00e4lti<\/span><\/a><\/h4><\/div><div id=\"a422cf760d36c721b\" class=\"panel-collapse collapse \" aria-labelledby=\"toggle_a422cf760d36c721b\"><div class=\"panel-body toggle-content fusion-clearfix\">\n<p>Support Marketing &amp; Communication<\/p>\n<p><a href=\"mailto:sarina.waelti@langnau-ie.ch\">sarina.waelti@langnau-ie.ch<\/a><br \/>\n<a href=\"tel%20402%\">034 402 18 19<\/a><\/p>\n<p>Pour les demandes des m\u00e9dias : MI<\/p>\n<\/div><\/div><\/div><\/div><\/div><div class=\"fusion-separator fusion-full-width-sep\" style=\"align-self: center;margin-left: auto;margin-right: auto;margin-top:30px;width:100%;\"><\/div><div class=\"fusion-title title fusion-title-5 fusion-sep-none fusion-title-text fusion-title-size-two\"><h2 class=\"fusion-title-heading title-heading-left fusion-responsive-typography-calculated\" style=\"margin:0;--fontSize:43;line-height:var(--awb-typography1-line-height);\">Collection<\/h2><\/div><div class=\"accordian fusion-accordian\" style=\"--awb-border-size:1px;--awb-icon-size:16px;--awb-content-font-size:var(--awb-typography4-font-size);--awb-icon-alignment:left;--awb-hover-color:var(--awb-color2);--awb-border-color:var(--awb-color3);--awb-background-color:var(--awb-color1);--awb-divider-color:var(--awb-color3);--awb-divider-hover-color:var(--awb-color3);--awb-icon-color:var(--awb-color1);--awb-title-color:var(--awb-color8);--awb-content-color:var(--awb-color8);--awb-icon-box-color:var(--awb-color8);--awb-toggle-hover-accent-color:var(--awb-color5);--awb-title-font-family:var(--awb-typography1-font-family);--awb-title-font-weight:var(--awb-typography1-font-weight);--awb-title-font-style:var(--awb-typography1-font-style);--awb-title-font-size:var(--awb-typography1-font-size);--awb-content-font-family:var(--awb-typography4-font-family);--awb-content-font-weight:var(--awb-typography4-font-weight);--awb-content-font-style:var(--awb-typography4-font-style);\"><div class=\"panel-group fusion-toggle-icon-boxed\" id=\"accordion-11099-4\"><div class=\"fusion-panel panel-default panel-6172ea4559e235bd4 fusion-toggle-has-divider\" style=\"--awb-title-font-size:20px;--awb-title-color:var(--awb-color8);\"><div class=\"panel-heading\"><h4 class=\"panel-title toggle\" id=\"toggle_6172ea4559e235bd4\"><a aria-expanded=\"false\" aria-controls=\"6172ea4559e235bd4\" role=\"button\" data-toggle=\"collapse\" data-parent=\"#accordion-11099-4\" data-target=\"#6172ea4559e235bd4\" href=\"#6172ea4559e235bd4\"><span class=\"fusion-toggle-icon-wrapper\" aria-hidden=\"true\"><i class=\"fa-fusion-box active-icon awb-icon-minus\" aria-hidden=\"true\"><\/i><i class=\"fa-fusion-box inactive-icon awb-icon-plus\" aria-hidden=\"true\"><\/i><\/span><span class=\"fusion-toggle-heading\">Dorothee Ohlhof<\/span><\/a><\/h4><\/div><div id=\"6172ea4559e235bd4\" class=\"panel-collapse collapse \" aria-labelledby=\"toggle_6172ea4559e235bd4\"><div class=\"panel-body toggle-content fusion-clearfix\">\n<p>Service des collections<\/p>\n<p><a href=\"mailto:dorothee.ohlhof@langnau-ie.ch\">dorothee.ohlhof@langnau-ie.ch<\/a><br \/>\n<a href=\"tel%20402%\">034 402 18 19<\/a><\/p>\n<p>Pour toute demande concernant les collections du mus\u00e9e, les donations, les pr\u00eats, etc.<br \/>\nPr\u00e9sence : MI<\/p>\n<\/div><\/div><\/div><\/div><\/div><div class=\"fusion-separator fusion-full-width-sep\" style=\"align-self: center;margin-left: auto;margin-right: auto;margin-top:30px;width:100%;\"><\/div><div class=\"fusion-title title fusion-title-6 fusion-sep-none fusion-title-text fusion-title-size-two\"><h2 class=\"fusion-title-heading title-heading-left fusion-responsive-typography-calculated\" style=\"margin:0;--fontSize:43;line-height:var(--awb-typography1-line-height);\">B\u00e9n\u00e9volat Collecte<\/h2><\/div><div class=\"accordian fusion-accordian\" style=\"--awb-border-size:1px;--awb-icon-size:16px;--awb-content-font-size:var(--awb-typography4-font-size);--awb-icon-alignment:left;--awb-hover-color:var(--awb-color2);--awb-border-color:var(--awb-color3);--awb-background-color:var(--awb-color1);--awb-divider-color:var(--awb-color3);--awb-divider-hover-color:var(--awb-color3);--awb-icon-color:var(--awb-color1);--awb-title-color:var(--awb-color8);--awb-content-color:var(--awb-color8);--awb-icon-box-color:var(--awb-color8);--awb-toggle-hover-accent-color:var(--awb-color5);--awb-title-font-family:var(--awb-typography1-font-family);--awb-title-font-weight:var(--awb-typography1-font-weight);--awb-title-font-style:var(--awb-typography1-font-style);--awb-title-font-size:var(--awb-typography1-font-size);--awb-content-font-family:var(--awb-typography4-font-family);--awb-content-font-weight:var(--awb-typography4-font-weight);--awb-content-font-style:var(--awb-typography4-font-style);\"><div class=\"panel-group fusion-toggle-icon-boxed\" id=\"accordion-11099-5\"><div class=\"fusion-panel panel-default panel-456c067615343f3d0 fusion-toggle-has-divider\" style=\"--awb-title-font-size:20px;--awb-title-color:var(--awb-color8);\"><div class=\"panel-heading\"><h4 class=\"panel-title toggle\" id=\"toggle_456c067615343f3d0\"><a aria-expanded=\"false\" aria-controls=\"456c067615343f3d0\" role=\"button\" data-toggle=\"collapse\" data-parent=\"#accordion-11099-5\" data-target=\"#456c067615343f3d0\" href=\"#456c067615343f3d0\"><span class=\"fusion-toggle-icon-wrapper\" aria-hidden=\"true\"><i class=\"fa-fusion-box active-icon awb-icon-minus\" aria-hidden=\"true\"><\/i><i class=\"fa-fusion-box inactive-icon awb-icon-plus\" aria-hidden=\"true\"><\/i><\/span><span class=\"fusion-toggle-heading\">Michaela Heid<\/span><\/a><\/h4><\/div><div id=\"456c067615343f3d0\" class=\"panel-collapse collapse \" aria-labelledby=\"toggle_456c067615343f3d0\"><div class=\"panel-body toggle-content fusion-clearfix\">\n<p>Michaela Heid<\/p>\n<p><a href=\"mailto:info@regionalmuseum-langnau.ch\">info@regionalmuseum-langnau.ch<\/a><br \/>\n<a href=\"tel%20402%\">034 402 18 19<\/a><\/p>\n<\/div><\/div><\/div><div class=\"fusion-panel panel-default panel-764ea32a9c0f76b4e fusion-toggle-has-divider\" style=\"--awb-title-font-size:20px;--awb-title-color:var(--awb-color8);\"><div class=\"panel-heading\"><h4 class=\"panel-title toggle\" id=\"toggle_764ea32a9c0f76b4e\"><a aria-expanded=\"false\" aria-controls=\"764ea32a9c0f76b4e\" role=\"button\" data-toggle=\"collapse\" data-parent=\"#accordion-11099-5\" data-target=\"#764ea32a9c0f76b4e\" href=\"#764ea32a9c0f76b4e\"><span class=\"fusion-toggle-icon-wrapper\" aria-hidden=\"true\"><i class=\"fa-fusion-box active-icon awb-icon-minus\" aria-hidden=\"true\"><\/i><i class=\"fa-fusion-box inactive-icon awb-icon-plus\" aria-hidden=\"true\"><\/i><\/span><span class=\"fusion-toggle-heading\">Robert Karpf<\/span><\/a><\/h4><\/div><div id=\"764ea32a9c0f76b4e\" class=\"panel-collapse collapse \" aria-labelledby=\"toggle_764ea32a9c0f76b4e\"><div class=\"panel-body toggle-content fusion-clearfix\">\n<p>Robert Karpf<\/p>\n<p><a href=\"mailto:info@regionalmuseum-langnau.ch\">info@regionalmuseum-langnau.ch<\/a><br \/>\n<a href=\"tel%20402%\">034 402 18 19<\/a><\/p>\n<\/div><\/div><\/div><div class=\"fusion-panel panel-default panel-c546d50ff7af72806 fusion-toggle-has-divider\" style=\"--awb-title-font-size:20px;--awb-title-color:var(--awb-color8);\"><div class=\"panel-heading\"><h4 class=\"panel-title toggle\" id=\"toggle_c546d50ff7af72806\"><a aria-expanded=\"false\" aria-controls=\"c546d50ff7af72806\" role=\"button\" data-toggle=\"collapse\" data-parent=\"#accordion-11099-5\" data-target=\"#c546d50ff7af72806\" href=\"#c546d50ff7af72806\"><span class=\"fusion-toggle-icon-wrapper\" aria-hidden=\"true\"><i class=\"fa-fusion-box active-icon awb-icon-minus\" aria-hidden=\"true\"><\/i><i class=\"fa-fusion-box inactive-icon awb-icon-plus\" aria-hidden=\"true\"><\/i><\/span><span class=\"fusion-toggle-heading\">Therese Karpf<\/span><\/a><\/h4><\/div><div id=\"c546d50ff7af72806\" class=\"panel-collapse collapse \" aria-labelledby=\"toggle_c546d50ff7af72806\"><div class=\"panel-body toggle-content fusion-clearfix\">\n<p>Therese Karpf<\/p>\n<p><a href=\"mailto:info@regionalmuseum-langnau.ch\">info@regionalmuseum-langnau.ch<\/a><br \/>\n<a href=\"tel%20402%\">034 402 18 19<\/a><\/p>\n<\/div><\/div><\/div><div class=\"fusion-panel panel-default panel-e36725468bc87e11d fusion-toggle-has-divider\" style=\"--awb-title-font-size:20px;--awb-title-color:var(--awb-color8);\"><div class=\"panel-heading\"><h4 class=\"panel-title toggle\" id=\"toggle_e36725468bc87e11d\"><a aria-expanded=\"false\" aria-controls=\"e36725468bc87e11d\" role=\"button\" data-toggle=\"collapse\" data-parent=\"#accordion-11099-5\" data-target=\"#e36725468bc87e11d\" href=\"#e36725468bc87e11d\"><span class=\"fusion-toggle-icon-wrapper\" aria-hidden=\"true\"><i class=\"fa-fusion-box active-icon awb-icon-minus\" aria-hidden=\"true\"><\/i><i class=\"fa-fusion-box inactive-icon awb-icon-plus\" aria-hidden=\"true\"><\/i><\/span><span class=\"fusion-toggle-heading\">Thomas Gerber<\/span><\/a><\/h4><\/div><div id=\"e36725468bc87e11d\" class=\"panel-collapse collapse \" aria-labelledby=\"toggle_e36725468bc87e11d\"><div class=\"panel-body toggle-content fusion-clearfix\">\n<p>Thomas Gerber<\/p>\n<p><a href=\"mailto:info@regionalmuseum-langnau.ch\">info@regionalmuseum-langnau.ch<\/a><br \/>\n<a href=\"tel%20402%\">034 402 18 19<\/a><\/p>\n<\/div><\/div><\/div><\/div><\/div><div class=\"fusion-separator fusion-full-width-sep\" style=\"align-self: center;margin-left: auto;margin-right: auto;margin-top:30px;width:100%;\"><\/div><div class=\"fusion-title title fusion-title-7 fusion-sep-none fusion-title-text fusion-title-size-two\"><h2 class=\"fusion-title-heading title-heading-left fusion-responsive-typography-calculated\" style=\"margin:0;--fontSize:43;line-height:var(--awb-typography1-line-height);\">Collaboration au projet<\/h2><\/div><div class=\"accordian fusion-accordian\" style=\"--awb-border-size:1px;--awb-icon-size:16px;--awb-content-font-size:var(--awb-typography4-font-size);--awb-icon-alignment:left;--awb-hover-color:var(--awb-color2);--awb-border-color:var(--awb-color3);--awb-background-color:var(--awb-color1);--awb-divider-color:var(--awb-color3);--awb-divider-hover-color:var(--awb-color3);--awb-icon-color:var(--awb-color1);--awb-title-color:var(--awb-color8);--awb-content-color:var(--awb-color8);--awb-icon-box-color:var(--awb-color8);--awb-toggle-hover-accent-color:var(--awb-color5);--awb-title-font-family:var(--awb-typography1-font-family);--awb-title-font-weight:var(--awb-typography1-font-weight);--awb-title-font-style:var(--awb-typography1-font-style);--awb-title-font-size:var(--awb-typography1-font-size);--awb-content-font-family:var(--awb-typography4-font-family);--awb-content-font-weight:var(--awb-typography4-font-weight);--awb-content-font-style:var(--awb-typography4-font-style);\"><div class=\"panel-group fusion-toggle-icon-boxed\" id=\"accordion-11099-6\"><div class=\"fusion-panel panel-default panel-d2b516f1a5aef968c fusion-toggle-has-divider\" style=\"--awb-title-font-size:20px;--awb-title-color:var(--awb-color8);\"><div class=\"panel-heading\"><h4 class=\"panel-title toggle\" id=\"toggle_d2b516f1a5aef968c\"><a aria-expanded=\"false\" aria-controls=\"d2b516f1a5aef968c\" role=\"button\" data-toggle=\"collapse\" data-parent=\"#accordion-11099-6\" data-target=\"#d2b516f1a5aef968c\" href=\"#d2b516f1a5aef968c\"><span class=\"fusion-toggle-icon-wrapper\" aria-hidden=\"true\"><i class=\"fa-fusion-box active-icon awb-icon-minus\" aria-hidden=\"true\"><\/i><i class=\"fa-fusion-box inactive-icon awb-icon-plus\" aria-hidden=\"true\"><\/i><\/span><span class=\"fusion-toggle-heading\">Gabriella Alvarez-Hummel<\/span><\/a><\/h4><\/div><div id=\"d2b516f1a5aef968c\" class=\"panel-collapse collapse \" aria-labelledby=\"toggle_d2b516f1a5aef968c\"><div class=\"panel-body toggle-content fusion-clearfix\">\n<p>Direction du projet<br \/>\nPublication finale \u00ab\u00a0Entsammeln\u00a0\u00bb<\/p>\n<p>gabriella@bueroluz.com<\/p>\n<\/div><\/div><\/div><div class=\"fusion-panel panel-default panel-f5f0528ca9e2461d4 fusion-toggle-has-divider\" style=\"--awb-title-font-size:20px;--awb-title-color:var(--awb-color8);\"><div class=\"panel-heading\"><h4 class=\"panel-title toggle\" id=\"toggle_f5f0528ca9e2461d4\"><a aria-expanded=\"false\" aria-controls=\"f5f0528ca9e2461d4\" role=\"button\" data-toggle=\"collapse\" data-parent=\"#accordion-11099-6\" data-target=\"#f5f0528ca9e2461d4\" href=\"#f5f0528ca9e2461d4\"><span class=\"fusion-toggle-icon-wrapper\" aria-hidden=\"true\"><i class=\"fa-fusion-box active-icon awb-icon-minus\" aria-hidden=\"true\"><\/i><i class=\"fa-fusion-box inactive-icon awb-icon-plus\" aria-hidden=\"true\"><\/i><\/span><span class=\"fusion-toggle-heading\">Livia K\u00fcnzi<\/span><\/a><\/h4><\/div><div id=\"f5f0528ca9e2461d4\" class=\"panel-collapse collapse \" aria-labelledby=\"toggle_f5f0528ca9e2461d4\"><div class=\"panel-body toggle-content fusion-clearfix\">\n<p>Direction de projet<br \/>\nCycle th\u00e9matique \u00ab\u00a0spychere !\u00a0\u00bb<\/p>\n<p><a href=\"mailto:livia.kuenzi@langnau-ie.ch\">livia.kuenzi@langnau-ie.ch<\/a><br \/>\n<a href=\"tel%20402%\">034 402 18 19<\/a><\/p>\n<p>Pour toute demande concernant le cycle th\u00e9matique \u00ab\u00a0spychere !\u00a0\u00bb<br \/>\nPr\u00e9sence : JE-VE<\/p>\n<\/div><\/div><\/div><\/div><\/div><div class=\"fusion-separator fusion-full-width-sep\" style=\"align-self: center;margin-left: auto;margin-right: auto;margin-top:30px;width:100%;\"><\/div><div class=\"fusion-title title fusion-title-8 fusion-sep-none fusion-title-text fusion-title-size-two\"><h2 class=\"fusion-title-heading title-heading-left fusion-responsive-typography-calculated\" style=\"margin:0;--fontSize:43;line-height:var(--awb-typography1-line-height);\">H\u00f4tes:internes<\/h2><\/div><div class=\"accordian fusion-accordian\" style=\"--awb-border-size:1px;--awb-icon-size:16px;--awb-content-font-size:var(--awb-typography4-font-size);--awb-icon-alignment:left;--awb-hover-color:var(--awb-color2);--awb-border-color:var(--awb-color3);--awb-background-color:var(--awb-color1);--awb-divider-color:var(--awb-color3);--awb-divider-hover-color:var(--awb-color3);--awb-icon-color:var(--awb-color1);--awb-title-color:var(--awb-color8);--awb-content-color:var(--awb-color8);--awb-icon-box-color:var(--awb-color8);--awb-toggle-hover-accent-color:var(--awb-color5);--awb-title-font-family:var(--awb-typography1-font-family);--awb-title-font-weight:var(--awb-typography1-font-weight);--awb-title-font-style:var(--awb-typography1-font-style);--awb-title-font-size:var(--awb-typography1-font-size);--awb-content-font-family:var(--awb-typography4-font-family);--awb-content-font-weight:var(--awb-typography4-font-weight);--awb-content-font-style:var(--awb-typography4-font-style);\"><div class=\"panel-group fusion-toggle-icon-boxed\" id=\"accordion-11099-7\"><div class=\"fusion-panel panel-default panel-89861defed51f07b1 fusion-toggle-has-divider\" style=\"--awb-title-font-size:20px;--awb-title-color:var(--awb-color8);\"><div class=\"panel-heading\"><h4 class=\"panel-title toggle\" id=\"toggle_89861defed51f07b1\"><a aria-expanded=\"false\" aria-controls=\"89861defed51f07b1\" role=\"button\" data-toggle=\"collapse\" data-parent=\"#accordion-11099-7\" data-target=\"#89861defed51f07b1\" href=\"#89861defed51f07b1\"><span class=\"fusion-toggle-icon-wrapper\" aria-hidden=\"true\"><i class=\"fa-fusion-box active-icon awb-icon-minus\" aria-hidden=\"true\"><\/i><i class=\"fa-fusion-box inactive-icon awb-icon-plus\" aria-hidden=\"true\"><\/i><\/span><span class=\"fusion-toggle-heading\">Andrea Friedli<\/span><\/a><\/h4><\/div><div id=\"89861defed51f07b1\" class=\"panel-collapse collapse \" aria-labelledby=\"toggle_89861defed51f07b1\"><div class=\"panel-body toggle-content fusion-clearfix\">\n<p>Ateliers<\/p>\n<p>Andrea Friedli<\/p>\n<p><a href=\"mailto:info@regionalmuseum-langnau.ch\">info@regionalmuseum-langnau.ch<\/a><br \/>\n<a href=\"tel%20402%\">034 402 18 19<\/a><\/p>\n<\/div><\/div><\/div><div class=\"fusion-panel panel-default panel-e731f4115c7680598 fusion-toggle-has-divider\" style=\"--awb-title-font-size:20px;--awb-title-color:var(--awb-color8);\"><div class=\"panel-heading\"><h4 class=\"panel-title toggle\" id=\"toggle_e731f4115c7680598\"><a aria-expanded=\"false\" aria-controls=\"e731f4115c7680598\" role=\"button\" data-toggle=\"collapse\" data-parent=\"#accordion-11099-7\" data-target=\"#e731f4115c7680598\" href=\"#e731f4115c7680598\"><span class=\"fusion-toggle-icon-wrapper\" aria-hidden=\"true\"><i class=\"fa-fusion-box active-icon awb-icon-minus\" aria-hidden=\"true\"><\/i><i class=\"fa-fusion-box inactive-icon awb-icon-plus\" aria-hidden=\"true\"><\/i><\/span><span class=\"fusion-toggle-heading\">Anina Sch\u00e4rer<\/span><\/a><\/h4><\/div><div id=\"e731f4115c7680598\" class=\"panel-collapse collapse \" aria-labelledby=\"toggle_e731f4115c7680598\"><div class=\"panel-body toggle-content fusion-clearfix\">\n<p>Supervision, ateliers<\/p>\n<p>Anina Sch\u00e4rer<\/p>\n<p><a href=\"mailto:info@regionalmuseum-langnau.ch\">info@regionalmuseum-langnau.ch<\/a><br \/>\n<a href=\"tel%20402%\">034 402 18 19<\/a><\/p>\n<\/div><\/div><\/div><div class=\"fusion-panel panel-default panel-f1dc75aae4d7aeb9b fusion-toggle-has-divider\" style=\"--awb-title-font-size:20px;--awb-title-color:var(--awb-color8);\"><div class=\"panel-heading\"><h4 class=\"panel-title toggle\" id=\"toggle_f1dc75aae4d7aeb9b\"><a aria-expanded=\"false\" aria-controls=\"f1dc75aae4d7aeb9b\" role=\"button\" data-toggle=\"collapse\" data-parent=\"#accordion-11099-7\" data-target=\"#f1dc75aae4d7aeb9b\" href=\"#f1dc75aae4d7aeb9b\"><span class=\"fusion-toggle-icon-wrapper\" aria-hidden=\"true\"><i class=\"fa-fusion-box active-icon awb-icon-minus\" aria-hidden=\"true\"><\/i><i class=\"fa-fusion-box inactive-icon awb-icon-plus\" aria-hidden=\"true\"><\/i><\/span><span class=\"fusion-toggle-heading\">Anke Sch\u00fctze<\/span><\/a><\/h4><\/div><div id=\"f1dc75aae4d7aeb9b\" class=\"panel-collapse collapse \" aria-labelledby=\"toggle_f1dc75aae4d7aeb9b\"><div class=\"panel-body toggle-content fusion-clearfix\">\n<p>Ateliers<\/p>\n<p>Anke Sch\u00fctze<\/p>\n<p><a href=\"mailto:info@regionalmuseum-langnau.ch\">info@regionalmuseum-langnau.ch<\/a><br \/>\n<a href=\"tel%20402%\">034 402 18 19<\/a><\/p>\n<\/div><\/div><\/div><div class=\"fusion-panel panel-default panel-c60d13165aad56da1 fusion-toggle-has-divider\" style=\"--awb-title-font-size:20px;--awb-title-color:var(--awb-color8);\"><div class=\"panel-heading\"><h4 class=\"panel-title toggle\" id=\"toggle_c60d13165aad56da1\"><a aria-expanded=\"false\" aria-controls=\"c60d13165aad56da1\" role=\"button\" data-toggle=\"collapse\" data-parent=\"#accordion-11099-7\" data-target=\"#c60d13165aad56da1\" href=\"#c60d13165aad56da1\"><span class=\"fusion-toggle-icon-wrapper\" aria-hidden=\"true\"><i class=\"fa-fusion-box active-icon awb-icon-minus\" aria-hidden=\"true\"><\/i><i class=\"fa-fusion-box inactive-icon awb-icon-plus\" aria-hidden=\"true\"><\/i><\/span><span class=\"fusion-toggle-heading\">Barbara Christen<\/span><\/a><\/h4><\/div><div id=\"c60d13165aad56da1\" class=\"panel-collapse collapse \" aria-labelledby=\"toggle_c60d13165aad56da1\"><div class=\"panel-body toggle-content fusion-clearfix\">\n<p>Soutien march\u00e9<\/p>\n<p>Barbara Christen<\/p>\n<p><a href=\"mailto:info@regionalmuseum-langnau.ch\">info@regionalmuseum-langnau.ch<\/a><br \/>\n<a href=\"tel%20402%\">034 402 18 19<\/a><\/p>\n<\/div><\/div><\/div><div class=\"fusion-panel panel-default panel-c67adcc845266cd3e fusion-toggle-has-divider\" style=\"--awb-title-font-size:20px;--awb-title-color:var(--awb-color8);\"><div class=\"panel-heading\"><h4 class=\"panel-title toggle\" id=\"toggle_c67adcc845266cd3e\"><a aria-expanded=\"false\" aria-controls=\"c67adcc845266cd3e\" role=\"button\" data-toggle=\"collapse\" data-parent=\"#accordion-11099-7\" data-target=\"#c67adcc845266cd3e\" href=\"#c67adcc845266cd3e\"><span class=\"fusion-toggle-icon-wrapper\" aria-hidden=\"true\"><i class=\"fa-fusion-box active-icon awb-icon-minus\" aria-hidden=\"true\"><\/i><i class=\"fa-fusion-box inactive-icon awb-icon-plus\" aria-hidden=\"true\"><\/i><\/span><span class=\"fusion-toggle-heading\">Bettina Haldemann<\/span><\/a><\/h4><\/div><div id=\"c67adcc845266cd3e\" class=\"panel-collapse collapse \" aria-labelledby=\"toggle_c67adcc845266cd3e\"><div class=\"panel-body toggle-content fusion-clearfix\">\n<p>Surveillance, visites guid\u00e9es<\/p>\n<p>Bettina Haldemann<\/p>\n<p><a href=\"mailto:info@regionalmuseum-langnau.ch\">info@regionalmuseum-langnau.ch<\/a><br \/>\n<a href=\"tel%20402%\">034 402 18 19<\/a><\/p>\n<\/div><\/div><\/div><div class=\"fusion-panel panel-default panel-ae1206079b31161bb fusion-toggle-has-divider\" style=\"--awb-title-font-size:20px;--awb-title-color:var(--awb-color8);\"><div class=\"panel-heading\"><h4 class=\"panel-title toggle\" id=\"toggle_ae1206079b31161bb\"><a aria-expanded=\"false\" aria-controls=\"ae1206079b31161bb\" role=\"button\" data-toggle=\"collapse\" data-parent=\"#accordion-11099-7\" data-target=\"#ae1206079b31161bb\" href=\"#ae1206079b31161bb\"><span class=\"fusion-toggle-icon-wrapper\" aria-hidden=\"true\"><i class=\"fa-fusion-box active-icon awb-icon-minus\" aria-hidden=\"true\"><\/i><i class=\"fa-fusion-box inactive-icon awb-icon-plus\" aria-hidden=\"true\"><\/i><\/span><span class=\"fusion-toggle-heading\">Celina Gugger<\/span><\/a><\/h4><\/div><div id=\"ae1206079b31161bb\" class=\"panel-collapse collapse \" aria-labelledby=\"toggle_ae1206079b31161bb\"><div class=\"panel-body toggle-content fusion-clearfix\">\n<p>Ateliers<\/p>\n<p>Celina Gugger<\/p>\n<p><a href=\"mailto:info@regionalmuseum-langnau.ch\">info@regionalmuseum-langnau.ch<\/a><br \/>\n<a href=\"tel%20402%\">034 402 18 19<\/a><\/p>\n<\/div><\/div><\/div><div class=\"fusion-panel panel-default panel-19446734c86b8e263 fusion-toggle-has-divider\" style=\"--awb-title-font-size:20px;--awb-title-color:var(--awb-color8);\"><div class=\"panel-heading\"><h4 class=\"panel-title toggle\" id=\"toggle_19446734c86b8e263\"><a aria-expanded=\"false\" aria-controls=\"19446734c86b8e263\" role=\"button\" data-toggle=\"collapse\" data-parent=\"#accordion-11099-7\" data-target=\"#19446734c86b8e263\" href=\"#19446734c86b8e263\"><span class=\"fusion-toggle-icon-wrapper\" aria-hidden=\"true\"><i class=\"fa-fusion-box active-icon awb-icon-minus\" aria-hidden=\"true\"><\/i><i class=\"fa-fusion-box inactive-icon awb-icon-plus\" aria-hidden=\"true\"><\/i><\/span><span class=\"fusion-toggle-heading\">Elisabeth Schenk<\/span><\/a><\/h4><\/div><div id=\"19446734c86b8e263\" class=\"panel-collapse collapse \" aria-labelledby=\"toggle_19446734c86b8e263\"><div class=\"panel-body toggle-content fusion-clearfix\">\n<p>Surveillance, visites guid\u00e9es, soutien March\u00e9 &amp; Jardin<\/p>\n<p>Elisabeth Schenk<\/p>\n<p><a href=\"mailto:info@regionalmuseum-langnau.ch\">info@regionalmuseum-langnau.ch<\/a><br \/>\n<a href=\"tel%20402%\">034 402 18 19<\/a><\/p>\n<\/div><\/div><\/div><div class=\"fusion-panel panel-default panel-c3043ec15c4e85feb fusion-toggle-has-divider\" style=\"--awb-title-font-size:20px;--awb-title-color:var(--awb-color8);\"><div class=\"panel-heading\"><h4 class=\"panel-title toggle\" id=\"toggle_c3043ec15c4e85feb\"><a aria-expanded=\"false\" aria-controls=\"c3043ec15c4e85feb\" role=\"button\" data-toggle=\"collapse\" data-parent=\"#accordion-11099-7\" data-target=\"#c3043ec15c4e85feb\" href=\"#c3043ec15c4e85feb\"><span class=\"fusion-toggle-icon-wrapper\" aria-hidden=\"true\"><i class=\"fa-fusion-box active-icon awb-icon-minus\" aria-hidden=\"true\"><\/i><i class=\"fa-fusion-box inactive-icon awb-icon-plus\" aria-hidden=\"true\"><\/i><\/span><span class=\"fusion-toggle-heading\">Ersilia Bischof<\/span><\/a><\/h4><\/div><div id=\"c3043ec15c4e85feb\" class=\"panel-collapse collapse \" aria-labelledby=\"toggle_c3043ec15c4e85feb\"><div class=\"panel-body toggle-content fusion-clearfix\">\n<p>Visites guid\u00e9es<\/p>\n<p>Ersilia Bischof<\/p>\n<p><a href=\"mailto:info@regionalmuseum-langnau.ch\">info@regionalmuseum-langnau.ch<\/a><br \/>\n<a href=\"tel%20402%\">034 402 18 19<\/a><\/p>\n<\/div><\/div><\/div><div class=\"fusion-panel panel-default panel-25f345ce9e926f2e3 fusion-toggle-has-divider\" style=\"--awb-title-font-size:20px;--awb-title-color:var(--awb-color8);\"><div class=\"panel-heading\"><h4 class=\"panel-title toggle\" id=\"toggle_25f345ce9e926f2e3\"><a aria-expanded=\"false\" aria-controls=\"25f345ce9e926f2e3\" role=\"button\" data-toggle=\"collapse\" data-parent=\"#accordion-11099-7\" data-target=\"#25f345ce9e926f2e3\" href=\"#25f345ce9e926f2e3\"><span class=\"fusion-toggle-icon-wrapper\" aria-hidden=\"true\"><i class=\"fa-fusion-box active-icon awb-icon-minus\" aria-hidden=\"true\"><\/i><i class=\"fa-fusion-box inactive-icon awb-icon-plus\" aria-hidden=\"true\"><\/i><\/span><span class=\"fusion-toggle-heading\">Eva Chanteuse<\/span><\/a><\/h4><\/div><div id=\"25f345ce9e926f2e3\" class=\"panel-collapse collapse \" aria-labelledby=\"toggle_25f345ce9e926f2e3\"><div class=\"panel-body toggle-content fusion-clearfix\">\n<p>Supervision<\/p>\n<p>Eva S\u00e4nger<\/p>\n<p><a href=\"mailto:info@regionalmuseum-langnau.ch\">info@regionalmuseum-langnau.ch<\/a><br \/>\n<a href=\"tel%20402%\">034 402 18 19<\/a><\/p>\n<\/div><\/div><\/div><div class=\"fusion-panel panel-default panel-9f5174d4deda9d984 fusion-toggle-has-divider\" style=\"--awb-title-font-size:20px;--awb-title-color:var(--awb-color8);\"><div class=\"panel-heading\"><h4 class=\"panel-title toggle\" id=\"toggle_9f5174d4deda9d984\"><a aria-expanded=\"false\" aria-controls=\"9f5174d4deda9d984\" role=\"button\" data-toggle=\"collapse\" data-parent=\"#accordion-11099-7\" data-target=\"#9f5174d4deda9d984\" href=\"#9f5174d4deda9d984\"><span class=\"fusion-toggle-icon-wrapper\" aria-hidden=\"true\"><i class=\"fa-fusion-box active-icon awb-icon-minus\" aria-hidden=\"true\"><\/i><i class=\"fa-fusion-box inactive-icon awb-icon-plus\" aria-hidden=\"true\"><\/i><\/span><span class=\"fusion-toggle-heading\">Finn Heiniger<\/span><\/a><\/h4><\/div><div id=\"9f5174d4deda9d984\" class=\"panel-collapse collapse \" aria-labelledby=\"toggle_9f5174d4deda9d984\"><div class=\"panel-body toggle-content fusion-clearfix\">\n<p>Soutien aux travaux du mus\u00e9e<\/p>\n<p>Finn Heiniger<\/p>\n<p><a href=\"mailto:info@regionalmuseum-langnau.ch\">info@regionalmuseum-langnau.ch<\/a><br \/>\n<a href=\"tel%20402%\">034 402 18 19<\/a><\/p>\n<\/div><\/div><\/div><div class=\"fusion-panel panel-default panel-093d1c202e43bba00 fusion-toggle-has-divider\" style=\"--awb-title-font-size:20px;--awb-title-color:var(--awb-color8);\"><div class=\"panel-heading\"><h4 class=\"panel-title toggle\" id=\"toggle_093d1c202e43bba00\"><a aria-expanded=\"false\" aria-controls=\"093d1c202e43bba00\" role=\"button\" data-toggle=\"collapse\" data-parent=\"#accordion-11099-7\" data-target=\"#093d1c202e43bba00\" href=\"#093d1c202e43bba00\"><span class=\"fusion-toggle-icon-wrapper\" aria-hidden=\"true\"><i class=\"fa-fusion-box active-icon awb-icon-minus\" aria-hidden=\"true\"><\/i><i class=\"fa-fusion-box inactive-icon awb-icon-plus\" aria-hidden=\"true\"><\/i><\/span><span class=\"fusion-toggle-heading\">Hanspeter Schenk<\/span><\/a><\/h4><\/div><div id=\"093d1c202e43bba00\" class=\"panel-collapse collapse \" aria-labelledby=\"toggle_093d1c202e43bba00\"><div class=\"panel-body toggle-content fusion-clearfix\">\n<p>Collaboration infrastructure<\/p>\n<p>Hanspeter Schenk<\/p>\n<p><a href=\"mailto:info@regionalmuseum-langnau.ch\">info@regionalmuseum-langnau.ch<\/a><br \/>\n<a href=\"tel%20402%\">034 402 18 19<\/a><\/p>\n<\/div><\/div><\/div><div class=\"fusion-panel panel-default panel-e3d77e732dd3d2553 fusion-toggle-has-divider\" style=\"--awb-title-font-size:20px;--awb-title-color:var(--awb-color8);\"><div class=\"panel-heading\"><h4 class=\"panel-title toggle\" id=\"toggle_e3d77e732dd3d2553\"><a aria-expanded=\"false\" aria-controls=\"e3d77e732dd3d2553\" role=\"button\" data-toggle=\"collapse\" data-parent=\"#accordion-11099-7\" data-target=\"#e3d77e732dd3d2553\" href=\"#e3d77e732dd3d2553\"><span class=\"fusion-toggle-icon-wrapper\" aria-hidden=\"true\"><i class=\"fa-fusion-box active-icon awb-icon-minus\" aria-hidden=\"true\"><\/i><i class=\"fa-fusion-box inactive-icon awb-icon-plus\" aria-hidden=\"true\"><\/i><\/span><span class=\"fusion-toggle-heading\">Heinz Wittwer<\/span><\/a><\/h4><\/div><div id=\"e3d77e732dd3d2553\" class=\"panel-collapse collapse \" aria-labelledby=\"toggle_e3d77e732dd3d2553\"><div class=\"panel-body toggle-content fusion-clearfix\">\n<p>B\u00e9n\u00e9volat<\/p>\n<p>Heinz Wittwer<\/p>\n<p><a href=\"mailto:info@regionalmuseum-langnau.ch\">info@regionalmuseum-langnau.ch<\/a><br \/>\n<a href=\"tel%20402%\">034 402 18 19<\/a><\/p>\n<\/div><\/div><\/div><div class=\"fusion-panel panel-default panel-07a03817be1400ac4 fusion-toggle-has-divider\" style=\"--awb-title-font-size:20px;--awb-title-color:var(--awb-color8);\"><div class=\"panel-heading\"><h4 class=\"panel-title toggle\" id=\"toggle_07a03817be1400ac4\"><a aria-expanded=\"false\" aria-controls=\"07a03817be1400ac4\" role=\"button\" data-toggle=\"collapse\" data-parent=\"#accordion-11099-7\" data-target=\"#07a03817be1400ac4\" href=\"#07a03817be1400ac4\"><span class=\"fusion-toggle-icon-wrapper\" aria-hidden=\"true\"><i class=\"fa-fusion-box active-icon awb-icon-minus\" aria-hidden=\"true\"><\/i><i class=\"fa-fusion-box inactive-icon awb-icon-plus\" aria-hidden=\"true\"><\/i><\/span><span class=\"fusion-toggle-heading\">Helen Kohler<\/span><\/a><\/h4><\/div><div id=\"07a03817be1400ac4\" class=\"panel-collapse collapse \" aria-labelledby=\"toggle_07a03817be1400ac4\"><div class=\"panel-body toggle-content fusion-clearfix\">\n<p>Supervision<\/p>\n<p>Helen Kohler<\/p>\n<p><a href=\"mailto:info@regionalmuseum-langnau.ch\">info@regionalmuseum-langnau.ch<\/a><br \/>\n<a href=\"tel%20402%\">034 402 18 19<\/a><\/p>\n<\/div><\/div><\/div><div class=\"fusion-panel panel-default panel-93db7a5768b739be7 fusion-toggle-has-divider\" style=\"--awb-title-font-size:20px;--awb-title-color:var(--awb-color8);\"><div class=\"panel-heading\"><h4 class=\"panel-title toggle\" id=\"toggle_93db7a5768b739be7\"><a aria-expanded=\"false\" aria-controls=\"93db7a5768b739be7\" role=\"button\" data-toggle=\"collapse\" data-parent=\"#accordion-11099-7\" data-target=\"#93db7a5768b739be7\" href=\"#93db7a5768b739be7\"><span class=\"fusion-toggle-icon-wrapper\" aria-hidden=\"true\"><i class=\"fa-fusion-box active-icon awb-icon-minus\" aria-hidden=\"true\"><\/i><i class=\"fa-fusion-box inactive-icon awb-icon-plus\" aria-hidden=\"true\"><\/i><\/span><span class=\"fusion-toggle-heading\">Leah Meier-Marti<\/span><\/a><\/h4><\/div><div id=\"93db7a5768b739be7\" class=\"panel-collapse collapse \" aria-labelledby=\"toggle_93db7a5768b739be7\"><div class=\"panel-body toggle-content fusion-clearfix\">\n<p>March\u00e9, soutien aux travaux du mus\u00e9e<\/p>\n<p>Leah Meier-Marti<\/p>\n<p><a href=\"mailto:info@regionalmuseum-langnau.ch\">info@regionalmuseum-langnau.ch<\/a><br \/>\n<a href=\"tel%20402%\">034 402 18 19<\/a><\/p>\n<\/div><\/div><\/div><div class=\"fusion-panel panel-default panel-62334026a6bdec673 fusion-toggle-has-divider\" style=\"--awb-title-font-size:20px;--awb-title-color:var(--awb-color8);\"><div class=\"panel-heading\"><h4 class=\"panel-title toggle\" id=\"toggle_62334026a6bdec673\"><a aria-expanded=\"false\" aria-controls=\"62334026a6bdec673\" role=\"button\" data-toggle=\"collapse\" data-parent=\"#accordion-11099-7\" data-target=\"#62334026a6bdec673\" href=\"#62334026a6bdec673\"><span class=\"fusion-toggle-icon-wrapper\" aria-hidden=\"true\"><i class=\"fa-fusion-box active-icon awb-icon-minus\" aria-hidden=\"true\"><\/i><i class=\"fa-fusion-box inactive-icon awb-icon-plus\" aria-hidden=\"true\"><\/i><\/span><span class=\"fusion-toggle-heading\">Manuela Hofer<\/span><\/a><\/h4><\/div><div id=\"62334026a6bdec673\" class=\"panel-collapse collapse \" aria-labelledby=\"toggle_62334026a6bdec673\"><div class=\"panel-body toggle-content fusion-clearfix\">\n<p>Soutien march\u00e9<\/p>\n<p>Manuela Hofer<\/p>\n<p><a href=\"mailto:info@regionalmuseum-langnau.ch\">info@regionalmuseum-langnau.ch<\/a><br \/>\n<a href=\"tel%20402%\">034 402 18 19<\/a><\/p>\n<\/div><\/div><\/div><div class=\"fusion-panel panel-default panel-d8ed974643fde8e4b fusion-toggle-has-divider\" style=\"--awb-title-font-size:20px;--awb-title-color:var(--awb-color8);\"><div class=\"panel-heading\"><h4 class=\"panel-title toggle\" id=\"toggle_d8ed974643fde8e4b\"><a aria-expanded=\"false\" aria-controls=\"d8ed974643fde8e4b\" role=\"button\" data-toggle=\"collapse\" data-parent=\"#accordion-11099-7\" data-target=\"#d8ed974643fde8e4b\" href=\"#d8ed974643fde8e4b\"><span class=\"fusion-toggle-icon-wrapper\" aria-hidden=\"true\"><i class=\"fa-fusion-box active-icon awb-icon-minus\" aria-hidden=\"true\"><\/i><i class=\"fa-fusion-box inactive-icon awb-icon-plus\" aria-hidden=\"true\"><\/i><\/span><span class=\"fusion-toggle-heading\">Mich\u00e8le K\u00fchni<\/span><\/a><\/h4><\/div><div id=\"d8ed974643fde8e4b\" class=\"panel-collapse collapse \" aria-labelledby=\"toggle_d8ed974643fde8e4b\"><div class=\"panel-body toggle-content fusion-clearfix\">\n<p>Ateliers<\/p>\n<p>Mich\u00e8le K\u00fchni<\/p>\n<p><a href=\"mailto:info@regionalmuseum-langnau.ch\">info@regionalmuseum-langnau.ch<\/a><br \/>\n<a href=\"tel%20402%\">034 402 18 19<\/a><\/p>\n<\/div><\/div><\/div><div class=\"fusion-panel panel-default panel-313f2a40624417a37 fusion-toggle-has-divider\" style=\"--awb-title-font-size:20px;--awb-title-color:var(--awb-color8);\"><div class=\"panel-heading\"><h4 class=\"panel-title toggle\" id=\"toggle_313f2a40624417a37\"><a aria-expanded=\"false\" aria-controls=\"313f2a40624417a37\" role=\"button\" data-toggle=\"collapse\" data-parent=\"#accordion-11099-7\" data-target=\"#313f2a40624417a37\" href=\"#313f2a40624417a37\"><span class=\"fusion-toggle-icon-wrapper\" aria-hidden=\"true\"><i class=\"fa-fusion-box active-icon awb-icon-minus\" aria-hidden=\"true\"><\/i><i class=\"fa-fusion-box inactive-icon awb-icon-plus\" aria-hidden=\"true\"><\/i><\/span><span class=\"fusion-toggle-heading\">Monika Schmutz<\/span><\/a><\/h4><\/div><div id=\"313f2a40624417a37\" class=\"panel-collapse collapse \" aria-labelledby=\"toggle_313f2a40624417a37\"><div class=\"panel-body toggle-content fusion-clearfix\">\n<p>Visites guid\u00e9es &amp; ateliers<\/p>\n<p>Monika Schmutz<\/p>\n<p><a href=\"mailto:info@regionalmuseum-langnau.ch\">info@regionalmuseum-langnau.ch<\/a><br \/>\n<a href=\"tel%20402%\">034 402 18 19<\/a><\/p>\n<\/div><\/div><\/div><div class=\"fusion-panel panel-default panel-50252a1ee59c7c6eb fusion-toggle-has-divider\" style=\"--awb-title-font-size:20px;--awb-title-color:var(--awb-color8);\"><div class=\"panel-heading\"><h4 class=\"panel-title toggle\" id=\"toggle_50252a1ee59c7c6eb\"><a aria-expanded=\"false\" aria-controls=\"50252a1ee59c7c6eb\" role=\"button\" data-toggle=\"collapse\" data-parent=\"#accordion-11099-7\" data-target=\"#50252a1ee59c7c6eb\" href=\"#50252a1ee59c7c6eb\"><span class=\"fusion-toggle-icon-wrapper\" aria-hidden=\"true\"><i class=\"fa-fusion-box active-icon awb-icon-minus\" aria-hidden=\"true\"><\/i><i class=\"fa-fusion-box inactive-icon awb-icon-plus\" aria-hidden=\"true\"><\/i><\/span><span class=\"fusion-toggle-heading\">Peter Kl\u00e4ntschi<\/span><\/a><\/h4><\/div><div id=\"50252a1ee59c7c6eb\" class=\"panel-collapse collapse \" aria-labelledby=\"toggle_50252a1ee59c7c6eb\"><div class=\"panel-body toggle-content fusion-clearfix\">\n<p>Visites guid\u00e9es<\/p>\n<p>Peter Kl\u00e4ntschi<\/p>\n<p><a href=\"mailto:info@regionalmuseum-langnau.ch\">info@regionalmuseum-langnau.ch<\/a><br \/>\n<a href=\"tel%20402%\">034 402 18 19<\/a><\/p>\n<\/div><\/div><\/div><div class=\"fusion-panel panel-default panel-3beb42281acc06296 fusion-toggle-has-divider\" style=\"--awb-title-font-size:20px;--awb-title-color:var(--awb-color8);\"><div class=\"panel-heading\"><h4 class=\"panel-title toggle\" id=\"toggle_3beb42281acc06296\"><a aria-expanded=\"false\" aria-controls=\"3beb42281acc06296\" role=\"button\" data-toggle=\"collapse\" data-parent=\"#accordion-11099-7\" data-target=\"#3beb42281acc06296\" href=\"#3beb42281acc06296\"><span class=\"fusion-toggle-icon-wrapper\" aria-hidden=\"true\"><i class=\"fa-fusion-box active-icon awb-icon-minus\" aria-hidden=\"true\"><\/i><i class=\"fa-fusion-box inactive-icon awb-icon-plus\" aria-hidden=\"true\"><\/i><\/span><span class=\"fusion-toggle-heading\">Ruth Teuscher<\/span><\/a><\/h4><\/div><div id=\"3beb42281acc06296\" class=\"panel-collapse collapse \" aria-labelledby=\"toggle_3beb42281acc06296\"><div class=\"panel-body toggle-content fusion-clearfix\">\n<p>B\u00e9n\u00e9volat<\/p>\n<p>Ruth Teuscher<\/p>\n<p><a href=\"mailto:info@regionalmuseum-langnau.ch\">info@regionalmuseum-langnau.ch<\/a><br \/>\n<a href=\"tel%20402%\">034 402 18 19<\/a><\/p>\n<\/div><\/div><\/div><div class=\"fusion-panel panel-default panel-c9c776c0907c27d0a fusion-toggle-has-divider\" style=\"--awb-title-font-size:20px;--awb-title-color:var(--awb-color8);\"><div class=\"panel-heading\"><h4 class=\"panel-title toggle\" id=\"toggle_c9c776c0907c27d0a\"><a aria-expanded=\"false\" aria-controls=\"c9c776c0907c27d0a\" role=\"button\" data-toggle=\"collapse\" data-parent=\"#accordion-11099-7\" data-target=\"#c9c776c0907c27d0a\" href=\"#c9c776c0907c27d0a\"><span class=\"fusion-toggle-icon-wrapper\" aria-hidden=\"true\"><i class=\"fa-fusion-box active-icon awb-icon-minus\" aria-hidden=\"true\"><\/i><i class=\"fa-fusion-box inactive-icon awb-icon-plus\" aria-hidden=\"true\"><\/i><\/span><span class=\"fusion-toggle-heading\">Silvia W\u00fcthrich<\/span><\/a><\/h4><\/div><div id=\"c9c776c0907c27d0a\" class=\"panel-collapse collapse \" aria-labelledby=\"toggle_c9c776c0907c27d0a\"><div class=\"panel-body toggle-content fusion-clearfix\">\n<p>Surveillance, soutien March\u00e9 &amp; Jardin<\/p>\n<p>Silvia W\u00fcthrich<\/p>\n<p><a href=\"mailto:info@regionalmuseum-langnau.ch\">info@regionalmuseum-langnau.ch<\/a><br \/>\n<a href=\"tel%20402%\">034 402 18 19<\/a><\/p>\n<\/div><\/div><\/div><div class=\"fusion-panel panel-default panel-d76b88fbd2e747db2 fusion-toggle-has-divider\" style=\"--awb-title-font-size:20px;--awb-title-color:var(--awb-color8);\"><div class=\"panel-heading\"><h4 class=\"panel-title toggle\" id=\"toggle_d76b88fbd2e747db2\"><a aria-expanded=\"false\" aria-controls=\"d76b88fbd2e747db2\" role=\"button\" data-toggle=\"collapse\" data-parent=\"#accordion-11099-7\" data-target=\"#d76b88fbd2e747db2\" href=\"#d76b88fbd2e747db2\"><span class=\"fusion-toggle-icon-wrapper\" aria-hidden=\"true\"><i class=\"fa-fusion-box active-icon awb-icon-minus\" aria-hidden=\"true\"><\/i><i class=\"fa-fusion-box inactive-icon awb-icon-plus\" aria-hidden=\"true\"><\/i><\/span><span class=\"fusion-toggle-heading\">Simone Fankhauser<\/span><\/a><\/h4><\/div><div id=\"d76b88fbd2e747db2\" class=\"panel-collapse collapse \" aria-labelledby=\"toggle_d76b88fbd2e747db2\"><div class=\"panel-body toggle-content fusion-clearfix\">\n<p>Ateliers, soutien aux travaux du mus\u00e9e<\/p>\n<p>Simone Fankhauser<\/p>\n<p><a href=\"mailto:info@regionalmuseum-langnau.ch\">info@regionalmuseum-langnau.ch<\/a><br \/>\n<a href=\"tel%20402%\">034 402 18 19<\/a><\/p>\n<\/div><\/div><\/div><div class=\"fusion-panel panel-default panel-b2e97cdc09e3abf31 fusion-toggle-has-divider\" style=\"--awb-title-font-size:20px;--awb-title-color:var(--awb-color8);\"><div class=\"panel-heading\"><h4 class=\"panel-title toggle\" id=\"toggle_b2e97cdc09e3abf31\"><a aria-expanded=\"false\" aria-controls=\"b2e97cdc09e3abf31\" role=\"button\" data-toggle=\"collapse\" data-parent=\"#accordion-11099-7\" data-target=\"#b2e97cdc09e3abf31\" href=\"#b2e97cdc09e3abf31\"><span class=\"fusion-toggle-icon-wrapper\" aria-hidden=\"true\"><i class=\"fa-fusion-box active-icon awb-icon-minus\" aria-hidden=\"true\"><\/i><i class=\"fa-fusion-box inactive-icon awb-icon-plus\" aria-hidden=\"true\"><\/i><\/span><span class=\"fusion-toggle-heading\">Stefanie Sterchi-Buschle<\/span><\/a><\/h4><\/div><div id=\"b2e97cdc09e3abf31\" class=\"panel-collapse collapse \" aria-labelledby=\"toggle_b2e97cdc09e3abf31\"><div class=\"panel-body toggle-content fusion-clearfix\">\n<p>Ateliers<\/p>\n<p>Stefanie Sterchi-Buschle<\/p>\n<p><a href=\"mailto:info@regionalmuseum-langnau.ch\">info@regionalmuseum-langnau.ch<\/a><br \/>\n<a href=\"tel%20402%\">034 402 18 19<\/a><\/p>\n<\/div><\/div><\/div><div class=\"fusion-panel panel-default panel-d88a7aa8f560d948c fusion-toggle-has-divider\" style=\"--awb-title-font-size:20px;--awb-title-color:var(--awb-color8);\"><div class=\"panel-heading\"><h4 class=\"panel-title toggle\" id=\"toggle_d88a7aa8f560d948c\"><a aria-expanded=\"false\" aria-controls=\"d88a7aa8f560d948c\" role=\"button\" data-toggle=\"collapse\" data-parent=\"#accordion-11099-7\" data-target=\"#d88a7aa8f560d948c\" href=\"#d88a7aa8f560d948c\"><span class=\"fusion-toggle-icon-wrapper\" aria-hidden=\"true\"><i class=\"fa-fusion-box active-icon awb-icon-minus\" aria-hidden=\"true\"><\/i><i class=\"fa-fusion-box inactive-icon awb-icon-plus\" aria-hidden=\"true\"><\/i><\/span><span class=\"fusion-toggle-heading\">Susanna Feller<\/span><\/a><\/h4><\/div><div id=\"d88a7aa8f560d948c\" class=\"panel-collapse collapse \" aria-labelledby=\"toggle_d88a7aa8f560d948c\"><div class=\"panel-body toggle-content fusion-clearfix\">\n<p>Ap\u00e9ritif, soutien March\u00e9 &amp; Jardin<\/p>\n<p>Susanna Feller<\/p>\n<p><a href=\"mailto:info@regionalmuseum-langnau.ch\">info@regionalmuseum-langnau.ch<\/a><br \/>\n<a href=\"tel%20402%\">034 402 18 19<\/a><\/p>\n<\/div><\/div><\/div><div class=\"fusion-panel panel-default panel-264d12a8242531593 fusion-toggle-has-divider\" style=\"--awb-title-font-size:20px;--awb-title-color:var(--awb-color8);\"><div class=\"panel-heading\"><h4 class=\"panel-title toggle\" id=\"toggle_264d12a8242531593\"><a aria-expanded=\"false\" aria-controls=\"264d12a8242531593\" role=\"button\" data-toggle=\"collapse\" data-parent=\"#accordion-11099-7\" data-target=\"#264d12a8242531593\" href=\"#264d12a8242531593\"><span class=\"fusion-toggle-icon-wrapper\" aria-hidden=\"true\"><i class=\"fa-fusion-box active-icon awb-icon-minus\" aria-hidden=\"true\"><\/i><i class=\"fa-fusion-box inactive-icon awb-icon-plus\" aria-hidden=\"true\"><\/i><\/span><span class=\"fusion-toggle-heading\">Susanne Vuillemier<\/span><\/a><\/h4><\/div><div id=\"264d12a8242531593\" class=\"panel-collapse collapse \" aria-labelledby=\"toggle_264d12a8242531593\"><div class=\"panel-body toggle-content fusion-clearfix\">\n<p>Nettoyage<\/p>\n<p>Susanne Vuillemier<\/p>\n<p><a href=\"mailto:info@regionalmuseum-langnau.ch\">info@regionalmuseum-langnau.ch<\/a><br \/>\n<a href=\"tel%20402%\">034 402 18 19<\/a><\/p>\n<\/div><\/div><\/div><div class=\"fusion-panel panel-default panel-63142663852d8e477 fusion-toggle-has-divider\" style=\"--awb-title-font-size:20px;--awb-title-color:var(--awb-color8);\"><div class=\"panel-heading\"><h4 class=\"panel-title toggle\" id=\"toggle_63142663852d8e477\"><a aria-expanded=\"false\" aria-controls=\"63142663852d8e477\" role=\"button\" data-toggle=\"collapse\" data-parent=\"#accordion-11099-7\" data-target=\"#63142663852d8e477\" href=\"#63142663852d8e477\"><span class=\"fusion-toggle-icon-wrapper\" aria-hidden=\"true\"><i class=\"fa-fusion-box active-icon awb-icon-minus\" aria-hidden=\"true\"><\/i><i class=\"fa-fusion-box inactive-icon awb-icon-plus\" aria-hidden=\"true\"><\/i><\/span><span class=\"fusion-toggle-heading\">Therese Karpf<\/span><\/a><\/h4><\/div><div id=\"63142663852d8e477\" class=\"panel-collapse collapse \" aria-labelledby=\"toggle_63142663852d8e477\"><div class=\"panel-body toggle-content fusion-clearfix\">\n<p>Visites guid\u00e9es, supervision, assistance jardin<\/p>\n<p>Therese Karpf<\/p>\n<p><a href=\"mailto:info@regionalmuseum-langnau.ch\">info@regionalmuseum-langnau.ch<\/a><br \/>\n<a href=\"tel%20402%\">034 402 18 19<\/a><\/p>\n<\/div><\/div><\/div><div class=\"fusion-panel panel-default panel-efadc6028c88646eb fusion-toggle-has-divider\" style=\"--awb-title-font-size:20px;--awb-title-color:var(--awb-color8);\"><div class=\"panel-heading\"><h4 class=\"panel-title toggle\" id=\"toggle_efadc6028c88646eb\"><a aria-expanded=\"false\" aria-controls=\"efadc6028c88646eb\" role=\"button\" data-toggle=\"collapse\" data-parent=\"#accordion-11099-7\" data-target=\"#efadc6028c88646eb\" href=\"#efadc6028c88646eb\"><span class=\"fusion-toggle-icon-wrapper\" aria-hidden=\"true\"><i class=\"fa-fusion-box active-icon awb-icon-minus\" aria-hidden=\"true\"><\/i><i class=\"fa-fusion-box inactive-icon awb-icon-plus\" aria-hidden=\"true\"><\/i><\/span><span class=\"fusion-toggle-heading\">Verena Gerber<\/span><\/a><\/h4><\/div><div id=\"efadc6028c88646eb\" class=\"panel-collapse collapse \" aria-labelledby=\"toggle_efadc6028c88646eb\"><div class=\"panel-body toggle-content fusion-clearfix\">\n<p>Soutien March\u00e9 &amp; Jardin<\/p>\n<p>Veronika (Vreni) Gerber<\/p>\n<p><a href=\"mailto:info@regionalmuseum-langnau.ch\">info@regionalmuseum-langnau.ch<\/a><br \/>\n<a href=\"tel%20402%\">034 402 18 19<\/a><\/p>\n<\/div><\/div><\/div><\/div><\/div><\/div><\/div><\/div><\/div><\/p>\n","protected":false},"excerpt":{"rendered":"","protected":false},"author":1,"featured_media":17526,"parent":11186,"menu_order":0,"comment_status":"closed","ping_status":"closed","template":"","meta":{"_acf_changed":false,"footnotes":""},"class_list":["post-11099","page","type-page","status-publish","has-post-thumbnail","hentry"],"acf":[],"yoast_head":"<!-- This site is optimized with the Yoast SEO plugin v25.5 - https:\/\/yoast.com\/wordpress\/plugins\/seo\/ -->\n<title>\u00c9quipe - Regionalmuseum Ch\u00fcechlihus<\/title>\n<meta name=\"robots\" content=\"index, follow, max-snippet:-1, max-image-preview:large, max-video-preview:-1\" \/>\n<link rel=\"canonical\" href=\"https:\/\/regionalmuseum-langnau.ch\/fr\/a-propos-de-nous\/equipe\/\" \/>\n<meta property=\"og:locale\" content=\"fr_FR\" \/>\n<meta property=\"og:type\" content=\"article\" \/>\n<meta property=\"og:title\" content=\"\u00c9quipe - Regionalmuseum Ch\u00fcechlihus\" \/>\n<meta property=\"og:url\" content=\"https:\/\/regionalmuseum-langnau.ch\/fr\/a-propos-de-nous\/equipe\/\" \/>\n<meta property=\"og:site_name\" content=\"Regionalmuseum Ch\u00fcechlihus\" \/>\n<meta property=\"article:modified_time\" content=\"2026-04-15T14:27:56+00:00\" \/>\n<meta property=\"og:image\" content=\"https:\/\/regionalmuseum-langnau.ch\/wp-content\/uploads\/2025\/11\/Team-RMC-2025-scaled.jpg\" \/>\n\t<meta property=\"og:image:width\" content=\"2560\" \/>\n\t<meta property=\"og:image:height\" content=\"1920\" \/>\n\t<meta property=\"og:image:type\" content=\"image\/jpeg\" \/>\n<meta name=\"twitter:card\" content=\"summary_large_image\" \/>\n<meta name=\"twitter:label1\" content=\"Dur\u00e9e de lecture estim\u00e9e\" \/>\n\t<meta name=\"twitter:data1\" content=\"38 minutes\" \/>\n<script type=\"application\/ld+json\" class=\"yoast-schema-graph\">{\"@context\":\"https:\/\/schema.org\",\"@graph\":[{\"@type\":\"WebPage\",\"@id\":\"https:\/\/regionalmuseum-langnau.ch\/fr\/a-propos-de-nous\/equipe\/\",\"url\":\"https:\/\/regionalmuseum-langnau.ch\/fr\/a-propos-de-nous\/equipe\/\",\"name\":\"\u00c9quipe - Regionalmuseum Ch\u00fcechlihus\",\"isPartOf\":{\"@id\":\"https:\/\/regionalmuseum-langnau.ch\/fr\/#website\"},\"primaryImageOfPage\":{\"@id\":\"https:\/\/regionalmuseum-langnau.ch\/fr\/a-propos-de-nous\/equipe\/#primaryimage\"},\"image\":{\"@id\":\"https:\/\/regionalmuseum-langnau.ch\/fr\/a-propos-de-nous\/equipe\/#primaryimage\"},\"thumbnailUrl\":\"https:\/\/regionalmuseum-langnau.ch\/wp-content\/uploads\/2025\/11\/Team-RMC-2025-scaled.jpg\",\"datePublished\":\"2023-02-15T13:09:27+00:00\",\"dateModified\":\"2026-04-15T14:27:56+00:00\",\"breadcrumb\":{\"@id\":\"https:\/\/regionalmuseum-langnau.ch\/fr\/a-propos-de-nous\/equipe\/#breadcrumb\"},\"inLanguage\":\"fr-FR\",\"potentialAction\":[{\"@type\":\"ReadAction\",\"target\":[\"https:\/\/regionalmuseum-langnau.ch\/fr\/a-propos-de-nous\/equipe\/\"]}]},{\"@type\":\"ImageObject\",\"inLanguage\":\"fr-FR\",\"@id\":\"https:\/\/regionalmuseum-langnau.ch\/fr\/a-propos-de-nous\/equipe\/#primaryimage\",\"url\":\"https:\/\/regionalmuseum-langnau.ch\/wp-content\/uploads\/2025\/11\/Team-RMC-2025-scaled.jpg\",\"contentUrl\":\"https:\/\/regionalmuseum-langnau.ch\/wp-content\/uploads\/2025\/11\/Team-RMC-2025-scaled.jpg\",\"width\":2560,\"height\":1920},{\"@type\":\"BreadcrumbList\",\"@id\":\"https:\/\/regionalmuseum-langnau.ch\/fr\/a-propos-de-nous\/equipe\/#breadcrumb\",\"itemListElement\":[{\"@type\":\"ListItem\",\"position\":1,\"name\":\"Page d'accueil\",\"item\":\"https:\/\/regionalmuseum-langnau.ch\/fr\/musee-regional-chueechlihus\/\"},{\"@type\":\"ListItem\",\"position\":2,\"name\":\"\u00c0 propos de nous\",\"item\":\"https:\/\/regionalmuseum-langnau.ch\/fr\/a-propos-de-nous\/\"},{\"@type\":\"ListItem\",\"position\":3,\"name\":\"\u00c9quipe\"}]},{\"@type\":\"WebSite\",\"@id\":\"https:\/\/regionalmuseum-langnau.ch\/fr\/#website\",\"url\":\"https:\/\/regionalmuseum-langnau.ch\/fr\/\",\"name\":\"Regionalmuseum Ch\u00fcechlihus\",\"description\":\"Das Emmental in einem Haus\",\"potentialAction\":[{\"@type\":\"SearchAction\",\"target\":{\"@type\":\"EntryPoint\",\"urlTemplate\":\"https:\/\/regionalmuseum-langnau.ch\/fr\/?s={search_term_string}\"},\"query-input\":{\"@type\":\"PropertyValueSpecification\",\"valueRequired\":true,\"valueName\":\"search_term_string\"}}],\"inLanguage\":\"fr-FR\"}]}<\/script>\n<!-- \/ Yoast SEO plugin. -->","yoast_head_json":{"title":"\u00c9quipe - Regionalmuseum Ch\u00fcechlihus","robots":{"index":"index","follow":"follow","max-snippet":"max-snippet:-1","max-image-preview":"max-image-preview:large","max-video-preview":"max-video-preview:-1"},"canonical":"https:\/\/regionalmuseum-langnau.ch\/fr\/a-propos-de-nous\/equipe\/","og_locale":"fr_FR","og_type":"article","og_title":"\u00c9quipe - Regionalmuseum Ch\u00fcechlihus","og_url":"https:\/\/regionalmuseum-langnau.ch\/fr\/a-propos-de-nous\/equipe\/","og_site_name":"Regionalmuseum Ch\u00fcechlihus","article_modified_time":"2026-04-15T14:27:56+00:00","og_image":[{"width":2560,"height":1920,"url":"https:\/\/regionalmuseum-langnau.ch\/wp-content\/uploads\/2025\/11\/Team-RMC-2025-scaled.jpg","type":"image\/jpeg"}],"twitter_card":"summary_large_image","twitter_misc":{"Dur\u00e9e de lecture estim\u00e9e":"38 minutes"},"schema":{"@context":"https:\/\/schema.org","@graph":[{"@type":"WebPage","@id":"https:\/\/regionalmuseum-langnau.ch\/fr\/a-propos-de-nous\/equipe\/","url":"https:\/\/regionalmuseum-langnau.ch\/fr\/a-propos-de-nous\/equipe\/","name":"\u00c9quipe - Regionalmuseum Ch\u00fcechlihus","isPartOf":{"@id":"https:\/\/regionalmuseum-langnau.ch\/fr\/#website"},"primaryImageOfPage":{"@id":"https:\/\/regionalmuseum-langnau.ch\/fr\/a-propos-de-nous\/equipe\/#primaryimage"},"image":{"@id":"https:\/\/regionalmuseum-langnau.ch\/fr\/a-propos-de-nous\/equipe\/#primaryimage"},"thumbnailUrl":"https:\/\/regionalmuseum-langnau.ch\/wp-content\/uploads\/2025\/11\/Team-RMC-2025-scaled.jpg","datePublished":"2023-02-15T13:09:27+00:00","dateModified":"2026-04-15T14:27:56+00:00","breadcrumb":{"@id":"https:\/\/regionalmuseum-langnau.ch\/fr\/a-propos-de-nous\/equipe\/#breadcrumb"},"inLanguage":"fr-FR","potentialAction":[{"@type":"ReadAction","target":["https:\/\/regionalmuseum-langnau.ch\/fr\/a-propos-de-nous\/equipe\/"]}]},{"@type":"ImageObject","inLanguage":"fr-FR","@id":"https:\/\/regionalmuseum-langnau.ch\/fr\/a-propos-de-nous\/equipe\/#primaryimage","url":"https:\/\/regionalmuseum-langnau.ch\/wp-content\/uploads\/2025\/11\/Team-RMC-2025-scaled.jpg","contentUrl":"https:\/\/regionalmuseum-langnau.ch\/wp-content\/uploads\/2025\/11\/Team-RMC-2025-scaled.jpg","width":2560,"height":1920},{"@type":"BreadcrumbList","@id":"https:\/\/regionalmuseum-langnau.ch\/fr\/a-propos-de-nous\/equipe\/#breadcrumb","itemListElement":[{"@type":"ListItem","position":1,"name":"Page d'accueil","item":"https:\/\/regionalmuseum-langnau.ch\/fr\/musee-regional-chueechlihus\/"},{"@type":"ListItem","position":2,"name":"\u00c0 propos de nous","item":"https:\/\/regionalmuseum-langnau.ch\/fr\/a-propos-de-nous\/"},{"@type":"ListItem","position":3,"name":"\u00c9quipe"}]},{"@type":"WebSite","@id":"https:\/\/regionalmuseum-langnau.ch\/fr\/#website","url":"https:\/\/regionalmuseum-langnau.ch\/fr\/","name":"Regionalmuseum Ch\u00fcechlihus","description":"Das Emmental in einem Haus","potentialAction":[{"@type":"SearchAction","target":{"@type":"EntryPoint","urlTemplate":"https:\/\/regionalmuseum-langnau.ch\/fr\/?s={search_term_string}"},"query-input":{"@type":"PropertyValueSpecification","valueRequired":true,"valueName":"search_term_string"}}],"inLanguage":"fr-FR"}]}},"_links":{"self":[{"href":"https:\/\/regionalmuseum-langnau.ch\/fr\/wp-json\/wp\/v2\/pages\/11099","targetHints":{"allow":["GET"]}}],"collection":[{"href":"https:\/\/regionalmuseum-langnau.ch\/fr\/wp-json\/wp\/v2\/pages"}],"about":[{"href":"https:\/\/regionalmuseum-langnau.ch\/fr\/wp-json\/wp\/v2\/types\/page"}],"author":[{"embeddable":true,"href":"https:\/\/regionalmuseum-langnau.ch\/fr\/wp-json\/wp\/v2\/users\/1"}],"replies":[{"embeddable":true,"href":"https:\/\/regionalmuseum-langnau.ch\/fr\/wp-json\/wp\/v2\/comments?post=11099"}],"version-history":[{"count":52,"href":"https:\/\/regionalmuseum-langnau.ch\/fr\/wp-json\/wp\/v2\/pages\/11099\/revisions"}],"predecessor-version":[{"id":21057,"href":"https:\/\/regionalmuseum-langnau.ch\/fr\/wp-json\/wp\/v2\/pages\/11099\/revisions\/21057"}],"up":[{"embeddable":true,"href":"https:\/\/regionalmuseum-langnau.ch\/fr\/wp-json\/wp\/v2\/pages\/11186"}],"wp:featuredmedia":[{"embeddable":true,"href":"https:\/\/regionalmuseum-langnau.ch\/fr\/wp-json\/wp\/v2\/media\/17526"}],"wp:attachment":[{"href":"https:\/\/regionalmuseum-langnau.ch\/fr\/wp-json\/wp\/v2\/media?parent=11099"}],"curies":[{"name":"wp","href":"https:\/\/api.w.org\/{rel}","templated":true}]}}