{"id":11310,"date":"2023-02-15T13:10:08","date_gmt":"2023-02-15T13:10:08","guid":{"rendered":"https:\/\/regionalmuseum-langnau.ch\/a-propos-de-nous\/dans-la-region\/"},"modified":"2024-07-10T08:33:47","modified_gmt":"2024-07-10T08:33:47","slug":"dans-la-region","status":"publish","type":"page","link":"https:\/\/regionalmuseum-langnau.ch\/fr\/a-propos-de-nous\/dans-la-region\/","title":{"rendered":"Dans la r\u00e9gion"},"content":{"rendered":"<p><div id=\"titre\" class=\"fusion-container-anchor\"><div class=\"fusion-fullwidth fullwidth-box fusion-builder-row-1 fusion-flex-container has-pattern-background has-mask-background objekt_titel nonhundred-percent-fullwidth non-hundred-percent-height-scrolling\" style=\"--awb-border-radius-top-left:0px;--awb-border-radius-top-right:0px;--awb-border-radius-bottom-right:0px;--awb-border-radius-bottom-left:0px;--awb-background-color:var(--awb-color4);--awb-flex-wrap:wrap;\" ><div class=\"fusion-builder-row fusion-row fusion-flex-align-items-flex-start fusion-flex-content-wrap\" style=\"max-width:calc( 1200px + 0px );margin-left: calc(-0px \/ 2 );margin-right: calc(-0px \/ 2 );\"><div class=\"fusion-layout-column fusion_builder_column fusion-builder-column-0 fusion_builder_column_1_1 1_1 fusion-flex-column\" style=\"--awb-padding-right:6.5%;--awb-padding-left:6.5%;--awb-bg-size:cover;--awb-width-large:100%;--awb-margin-top-large:0px;--awb-spacing-right-large:0px;--awb-margin-bottom-large:0px;--awb-spacing-left-large:0px;--awb-width-medium:100%;--awb-order-medium:0;--awb-spacing-right-medium:0px;--awb-spacing-left-medium:0px;--awb-width-small:100%;--awb-order-small:0;--awb-spacing-right-small:0px;--awb-spacing-left-small:0px;\"><div class=\"fusion-column-wrapper fusion-column-has-shadow fusion-flex-justify-content-flex-start fusion-content-layout-column\"> <h1>Dans la r\u00e9gion<\/h1><\/div><\/div><\/div><\/div><\/div><div id=\"titre\" class=\"fusion-container-anchor\"><div class=\"fusion-fullwidth fullwidth-box fusion-builder-row-2 fusion-flex-container has-pattern-background has-mask-background objekt_titel nonhundred-percent-fullwidth non-hundred-percent-height-scrolling\" style=\"--awb-border-radius-top-left:0px;--awb-border-radius-top-right:0px;--awb-border-radius-bottom-right:0px;--awb-border-radius-bottom-left:0px;--awb-padding-top:30px;--awb-flex-wrap:wrap;\" ><div class=\"fusion-builder-row fusion-row fusion-flex-align-items-flex-start fusion-flex-content-wrap\" style=\"max-width:calc( 1200px + 0px );margin-left: calc(-0px \/ 2 );margin-right: calc(-0px \/ 2 );\"><div class=\"fusion-layout-column fusion_builder_column fusion-builder-column-1 fusion_builder_column_1_1 1_1 fusion-flex-column\" style=\"--awb-padding-right:6.5%;--awb-padding-left:6.5%;--awb-bg-size:cover;--awb-width-large:100%;--awb-margin-top-large:0px;--awb-spacing-right-large:0px;--awb-margin-bottom-large:0px;--awb-spacing-left-large:0px;--awb-width-medium:100%;--awb-order-medium:0;--awb-spacing-right-medium:0px;--awb-spacing-left-medium:0px;--awb-width-small:100%;--awb-order-small:0;--awb-spacing-right-small:0px;--awb-spacing-left-small:0px;\"><div class=\"fusion-column-wrapper fusion-column-has-shadow fusion-flex-justify-content-flex-start fusion-content-layout-column\"><nav class=\"fusion-breadcrumbs awb-yoast-breadcrumbs fusion-breadcrumbs-1\" style=\"--awb-alignment:right;--awb-breadcrumb-sep:&#039;\/&#039;;text-align:right;\" aria-label=\"Breadcrumb\"><span><span><a href=\"https:\/\/regionalmuseum-langnau.ch\/fr\/musee-regional-chueechlihus\/\">Page d'accueil<\/a><\/span><\/span><\/nav><\/div><\/div><\/div><\/div><\/div>\n<div id=\"heures d&apos;ouverture\" class=\"fusion-container-anchor\"><div class=\"fusion-fullwidth fullwidth-box fusion-builder-row-3 fusion-flex-container has-pattern-background has-mask-background nonhundred-percent-fullwidth non-hundred-percent-height-scrolling\" style=\"--awb-border-radius-top-left:0px;--awb-border-radius-top-right:0px;--awb-border-radius-bottom-right:0px;--awb-border-radius-bottom-left:0px;--awb-padding-right:6.5%;--awb-padding-left:6.5%;--awb-margin-top:36px;--awb-margin-bottom:50px;--awb-flex-wrap:wrap;\" ><div class=\"fusion-builder-row fusion-row fusion-flex-align-items-flex-start fusion-flex-content-wrap\" style=\"max-width:calc( 1200px + 0px );margin-left: calc(-0px \/ 2 );margin-right: calc(-0px \/ 2 );\"><div class=\"fusion-layout-column fusion_builder_column fusion-builder-column-2 fusion_builder_column_1_1 1_1 fusion-flex-column\" style=\"--awb-bg-size:cover;--awb-width-large:100%;--awb-margin-top-large:0px;--awb-spacing-right-large:0px;--awb-margin-bottom-large:0px;--awb-spacing-left-large:0px;--awb-width-medium:100%;--awb-order-medium:0;--awb-spacing-right-medium:0px;--awb-spacing-left-medium:0px;--awb-width-small:100%;--awb-order-small:0;--awb-spacing-right-small:0px;--awb-spacing-left-small:0px;\"><div class=\"fusion-column-wrapper fusion-column-has-shadow fusion-flex-justify-content-flex-start fusion-content-layout-column\"><div class=\"fusion-title title fusion-title-1 fusion-sep-none fusion-title-text fusion-title-size-two\"><h2 class=\"fusion-title-heading title-heading-left fusion-responsive-typography-calculated\" style=\"margin:0;--fontSize:43;line-height:var(--awb-typography1-line-height);\">La vall\u00e9e de l&rsquo;Emme<\/h2><\/div><div class=\"fusion-text fusion-text-1\"><p>L&rsquo;Emmental enchante par un assortiment \u00e9pique de collines et de vall\u00e9es, agr\u00e9ment\u00e9 de jolis villages et des fameuses fermes de l&rsquo;Emmental.<br \/>\nCette idylle verdoyante est un lieu de ressourcement pour le corps et l&rsquo;esprit.<br \/>\nProfitez du calme de la nature et des d\u00e9lices r\u00e9gionaux pendant vos activit\u00e9s et faites l&rsquo;exp\u00e9rience d&rsquo;une v\u00e9ritable hospitalit\u00e9.<br \/>\nSur le site Internet d&rsquo;<a href=\"https:\/\/emmental.ch\/\" target=\"_blank\" rel=\"noopener\">EMMENTAL TOURISMUS<\/a>, vous trouverez des possibilit\u00e9s d&rsquo;h\u00e9bergement particuli\u00e8res, des restaurants uniques et des conseils secrets pour des excursions dans la r\u00e9gion.  <\/p>\n<p>Sur le site Internet <a href=\"https:\/\/schulreiseland.ch\/de\/\" target=\"_blank\" rel=\"noopener\">SCHULREISELAND EMMENTAL<\/a>, vous trouverez toutes les offres extrascolaires ainsi que des possibilit\u00e9s d&rsquo;h\u00e9bergement, des offres de loisirs uniques, des lieux de restauration et des offres de locaux pour l&rsquo;excursion : la semaine de projet ou le voyage scolaire, avec votre classe dans l&rsquo;Emmental.<\/p>\n<\/div><\/div><\/div><\/div><\/div><\/div><\/p>\n","protected":false},"excerpt":{"rendered":"","protected":false},"author":1,"featured_media":10774,"parent":11186,"menu_order":0,"comment_status":"closed","ping_status":"closed","template":"","meta":{"_acf_changed":false,"footnotes":""},"class_list":["post-11310","page","type-page","status-publish","has-post-thumbnail","hentry"],"acf":[],"yoast_head":"<!-- This site is optimized with the Yoast SEO plugin v25.5 - https:\/\/yoast.com\/wordpress\/plugins\/seo\/ -->\n<title>Dans la r\u00e9gion - Regionalmuseum Ch\u00fcechlihus<\/title>\n<meta name=\"robots\" content=\"index, follow, max-snippet:-1, max-image-preview:large, max-video-preview:-1\" \/>\n<link rel=\"canonical\" href=\"https:\/\/regionalmuseum-langnau.ch\/fr\/a-propos-de-nous\/dans-la-region\/\" \/>\n<meta property=\"og:locale\" content=\"fr_FR\" \/>\n<meta property=\"og:type\" content=\"article\" \/>\n<meta property=\"og:title\" content=\"Dans la r\u00e9gion - Regionalmuseum Ch\u00fcechlihus\" \/>\n<meta property=\"og:url\" content=\"https:\/\/regionalmuseum-langnau.ch\/fr\/a-propos-de-nous\/dans-la-region\/\" \/>\n<meta property=\"og:site_name\" content=\"Regionalmuseum Ch\u00fcechlihus\" \/>\n<meta property=\"article:modified_time\" content=\"2024-07-10T08:33:47+00:00\" \/>\n<meta property=\"og:image\" content=\"https:\/\/regionalmuseum-langnau.ch\/wp-content\/uploads\/2023\/05\/Chuderhuesi_Roethenbach_Aussicht_Sommer.jpg\" \/>\n\t<meta property=\"og:image:width\" content=\"1200\" \/>\n\t<meta property=\"og:image:height\" content=\"787\" \/>\n\t<meta property=\"og:image:type\" content=\"image\/jpeg\" \/>\n<meta name=\"twitter:card\" content=\"summary_large_image\" \/>\n<meta name=\"twitter:label1\" content=\"Dur\u00e9e de lecture estim\u00e9e\" \/>\n\t<meta name=\"twitter:data1\" content=\"9 minutes\" \/>\n<script type=\"application\/ld+json\" class=\"yoast-schema-graph\">{\"@context\":\"https:\/\/schema.org\",\"@graph\":[{\"@type\":\"WebPage\",\"@id\":\"https:\/\/regionalmuseum-langnau.ch\/fr\/a-propos-de-nous\/dans-la-region\/\",\"url\":\"https:\/\/regionalmuseum-langnau.ch\/fr\/a-propos-de-nous\/dans-la-region\/\",\"name\":\"Dans la r\u00e9gion - Regionalmuseum Ch\u00fcechlihus\",\"isPartOf\":{\"@id\":\"https:\/\/regionalmuseum-langnau.ch\/fr\/#website\"},\"primaryImageOfPage\":{\"@id\":\"https:\/\/regionalmuseum-langnau.ch\/fr\/a-propos-de-nous\/dans-la-region\/#primaryimage\"},\"image\":{\"@id\":\"https:\/\/regionalmuseum-langnau.ch\/fr\/a-propos-de-nous\/dans-la-region\/#primaryimage\"},\"thumbnailUrl\":\"https:\/\/regionalmuseum-langnau.ch\/wp-content\/uploads\/2023\/05\/Chuderhuesi_Roethenbach_Aussicht_Sommer.jpg\",\"datePublished\":\"2023-02-15T13:10:08+00:00\",\"dateModified\":\"2024-07-10T08:33:47+00:00\",\"breadcrumb\":{\"@id\":\"https:\/\/regionalmuseum-langnau.ch\/fr\/a-propos-de-nous\/dans-la-region\/#breadcrumb\"},\"inLanguage\":\"fr-FR\",\"potentialAction\":[{\"@type\":\"ReadAction\",\"target\":[\"https:\/\/regionalmuseum-langnau.ch\/fr\/a-propos-de-nous\/dans-la-region\/\"]}]},{\"@type\":\"ImageObject\",\"inLanguage\":\"fr-FR\",\"@id\":\"https:\/\/regionalmuseum-langnau.ch\/fr\/a-propos-de-nous\/dans-la-region\/#primaryimage\",\"url\":\"https:\/\/regionalmuseum-langnau.ch\/wp-content\/uploads\/2023\/05\/Chuderhuesi_Roethenbach_Aussicht_Sommer.jpg\",\"contentUrl\":\"https:\/\/regionalmuseum-langnau.ch\/wp-content\/uploads\/2023\/05\/Chuderhuesi_Roethenbach_Aussicht_Sommer.jpg\",\"width\":1200,\"height\":787},{\"@type\":\"BreadcrumbList\",\"@id\":\"https:\/\/regionalmuseum-langnau.ch\/fr\/a-propos-de-nous\/dans-la-region\/#breadcrumb\",\"itemListElement\":[{\"@type\":\"ListItem\",\"position\":1,\"name\":\"Page d'accueil\",\"item\":\"https:\/\/regionalmuseum-langnau.ch\/fr\/musee-regional-chueechlihus\/\"},{\"@type\":\"ListItem\",\"position\":2,\"name\":\"\u00c0 propos de nous\",\"item\":\"https:\/\/regionalmuseum-langnau.ch\/fr\/a-propos-de-nous\/\"},{\"@type\":\"ListItem\",\"position\":3,\"name\":\"Dans la r\u00e9gion\"}]},{\"@type\":\"WebSite\",\"@id\":\"https:\/\/regionalmuseum-langnau.ch\/fr\/#website\",\"url\":\"https:\/\/regionalmuseum-langnau.ch\/fr\/\",\"name\":\"Regionalmuseum Ch\u00fcechlihus\",\"description\":\"Das Emmental in einem Haus\",\"potentialAction\":[{\"@type\":\"SearchAction\",\"target\":{\"@type\":\"EntryPoint\",\"urlTemplate\":\"https:\/\/regionalmuseum-langnau.ch\/fr\/?s={search_term_string}\"},\"query-input\":{\"@type\":\"PropertyValueSpecification\",\"valueRequired\":true,\"valueName\":\"search_term_string\"}}],\"inLanguage\":\"fr-FR\"}]}<\/script>\n<!-- \/ Yoast SEO plugin. -->","yoast_head_json":{"title":"Dans la r\u00e9gion - Regionalmuseum Ch\u00fcechlihus","robots":{"index":"index","follow":"follow","max-snippet":"max-snippet:-1","max-image-preview":"max-image-preview:large","max-video-preview":"max-video-preview:-1"},"canonical":"https:\/\/regionalmuseum-langnau.ch\/fr\/a-propos-de-nous\/dans-la-region\/","og_locale":"fr_FR","og_type":"article","og_title":"Dans la r\u00e9gion - Regionalmuseum Ch\u00fcechlihus","og_url":"https:\/\/regionalmuseum-langnau.ch\/fr\/a-propos-de-nous\/dans-la-region\/","og_site_name":"Regionalmuseum Ch\u00fcechlihus","article_modified_time":"2024-07-10T08:33:47+00:00","og_image":[{"width":1200,"height":787,"url":"https:\/\/regionalmuseum-langnau.ch\/wp-content\/uploads\/2023\/05\/Chuderhuesi_Roethenbach_Aussicht_Sommer.jpg","type":"image\/jpeg"}],"twitter_card":"summary_large_image","twitter_misc":{"Dur\u00e9e de lecture estim\u00e9e":"9 minutes"},"schema":{"@context":"https:\/\/schema.org","@graph":[{"@type":"WebPage","@id":"https:\/\/regionalmuseum-langnau.ch\/fr\/a-propos-de-nous\/dans-la-region\/","url":"https:\/\/regionalmuseum-langnau.ch\/fr\/a-propos-de-nous\/dans-la-region\/","name":"Dans la r\u00e9gion - Regionalmuseum Ch\u00fcechlihus","isPartOf":{"@id":"https:\/\/regionalmuseum-langnau.ch\/fr\/#website"},"primaryImageOfPage":{"@id":"https:\/\/regionalmuseum-langnau.ch\/fr\/a-propos-de-nous\/dans-la-region\/#primaryimage"},"image":{"@id":"https:\/\/regionalmuseum-langnau.ch\/fr\/a-propos-de-nous\/dans-la-region\/#primaryimage"},"thumbnailUrl":"https:\/\/regionalmuseum-langnau.ch\/wp-content\/uploads\/2023\/05\/Chuderhuesi_Roethenbach_Aussicht_Sommer.jpg","datePublished":"2023-02-15T13:10:08+00:00","dateModified":"2024-07-10T08:33:47+00:00","breadcrumb":{"@id":"https:\/\/regionalmuseum-langnau.ch\/fr\/a-propos-de-nous\/dans-la-region\/#breadcrumb"},"inLanguage":"fr-FR","potentialAction":[{"@type":"ReadAction","target":["https:\/\/regionalmuseum-langnau.ch\/fr\/a-propos-de-nous\/dans-la-region\/"]}]},{"@type":"ImageObject","inLanguage":"fr-FR","@id":"https:\/\/regionalmuseum-langnau.ch\/fr\/a-propos-de-nous\/dans-la-region\/#primaryimage","url":"https:\/\/regionalmuseum-langnau.ch\/wp-content\/uploads\/2023\/05\/Chuderhuesi_Roethenbach_Aussicht_Sommer.jpg","contentUrl":"https:\/\/regionalmuseum-langnau.ch\/wp-content\/uploads\/2023\/05\/Chuderhuesi_Roethenbach_Aussicht_Sommer.jpg","width":1200,"height":787},{"@type":"BreadcrumbList","@id":"https:\/\/regionalmuseum-langnau.ch\/fr\/a-propos-de-nous\/dans-la-region\/#breadcrumb","itemListElement":[{"@type":"ListItem","position":1,"name":"Page d'accueil","item":"https:\/\/regionalmuseum-langnau.ch\/fr\/musee-regional-chueechlihus\/"},{"@type":"ListItem","position":2,"name":"\u00c0 propos de nous","item":"https:\/\/regionalmuseum-langnau.ch\/fr\/a-propos-de-nous\/"},{"@type":"ListItem","position":3,"name":"Dans la r\u00e9gion"}]},{"@type":"WebSite","@id":"https:\/\/regionalmuseum-langnau.ch\/fr\/#website","url":"https:\/\/regionalmuseum-langnau.ch\/fr\/","name":"Regionalmuseum Ch\u00fcechlihus","description":"Das Emmental in einem Haus","potentialAction":[{"@type":"SearchAction","target":{"@type":"EntryPoint","urlTemplate":"https:\/\/regionalmuseum-langnau.ch\/fr\/?s={search_term_string}"},"query-input":{"@type":"PropertyValueSpecification","valueRequired":true,"valueName":"search_term_string"}}],"inLanguage":"fr-FR"}]}},"_links":{"self":[{"href":"https:\/\/regionalmuseum-langnau.ch\/fr\/wp-json\/wp\/v2\/pages\/11310","targetHints":{"allow":["GET"]}}],"collection":[{"href":"https:\/\/regionalmuseum-langnau.ch\/fr\/wp-json\/wp\/v2\/pages"}],"about":[{"href":"https:\/\/regionalmuseum-langnau.ch\/fr\/wp-json\/wp\/v2\/types\/page"}],"author":[{"embeddable":true,"href":"https:\/\/regionalmuseum-langnau.ch\/fr\/wp-json\/wp\/v2\/users\/1"}],"replies":[{"embeddable":true,"href":"https:\/\/regionalmuseum-langnau.ch\/fr\/wp-json\/wp\/v2\/comments?post=11310"}],"version-history":[{"count":0,"href":"https:\/\/regionalmuseum-langnau.ch\/fr\/wp-json\/wp\/v2\/pages\/11310\/revisions"}],"up":[{"embeddable":true,"href":"https:\/\/regionalmuseum-langnau.ch\/fr\/wp-json\/wp\/v2\/pages\/11186"}],"wp:featuredmedia":[{"embeddable":true,"href":"https:\/\/regionalmuseum-langnau.ch\/fr\/wp-json\/wp\/v2\/media\/10774"}],"wp:attachment":[{"href":"https:\/\/regionalmuseum-langnau.ch\/fr\/wp-json\/wp\/v2\/media?parent=11310"}],"curies":[{"name":"wp","href":"https:\/\/api.w.org\/{rel}","templated":true}]}}