{"id":11461,"date":"2023-07-04T06:49:20","date_gmt":"2023-07-04T06:49:20","guid":{"rendered":"https:\/\/regionalmuseum-langnau.ch\/actuel\/salon-du-fromage\/"},"modified":"2025-11-20T07:08:04","modified_gmt":"2025-11-20T07:08:04","slug":"salon-du-fromage","status":"publish","type":"page","link":"https:\/\/regionalmuseum-langnau.ch\/fr\/actuel\/salon-du-fromage\/","title":{"rendered":"Salon du fromage"},"content":{"rendered":"<p><div id=\"titre\" class=\"fusion-container-anchor\"><div class=\"fusion-fullwidth fullwidth-box fusion-builder-row-1 fusion-flex-container has-pattern-background has-mask-background objekt_titel nonhundred-percent-fullwidth non-hundred-percent-height-scrolling\" style=\"--awb-border-radius-top-left:0px;--awb-border-radius-top-right:0px;--awb-border-radius-bottom-right:0px;--awb-border-radius-bottom-left:0px;--awb-background-color:var(--awb-color5);--awb-flex-wrap:wrap;\" ><div class=\"fusion-builder-row fusion-row fusion-flex-align-items-flex-start fusion-flex-content-wrap\" style=\"max-width:calc( 1200px + 0px );margin-left: calc(-0px \/ 2 );margin-right: calc(-0px \/ 2 );\"><div class=\"fusion-layout-column fusion_builder_column fusion-builder-column-0 fusion_builder_column_1_1 1_1 fusion-flex-column\" style=\"--awb-padding-right:6.5%;--awb-padding-left:6.5%;--awb-bg-size:cover;--awb-width-large:100%;--awb-margin-top-large:0px;--awb-spacing-right-large:0px;--awb-margin-bottom-large:0px;--awb-spacing-left-large:0px;--awb-width-medium:100%;--awb-order-medium:0;--awb-spacing-right-medium:0px;--awb-spacing-left-medium:0px;--awb-width-small:100%;--awb-order-small:0;--awb-spacing-right-small:0px;--awb-spacing-left-small:0px;\"><div class=\"fusion-column-wrapper fusion-column-has-shadow fusion-flex-justify-content-flex-start fusion-content-layout-column\"> <\/p>\n<h1>Salon du fromage<\/h1>\n<\/div><\/div><\/div><\/div><\/div><div id=\"titre\" class=\"fusion-container-anchor\"><div class=\"fusion-fullwidth fullwidth-box fusion-builder-row-2 fusion-flex-container has-pattern-background has-mask-background objekt_titel nonhundred-percent-fullwidth non-hundred-percent-height-scrolling\" style=\"--awb-border-radius-top-left:0px;--awb-border-radius-top-right:0px;--awb-border-radius-bottom-right:0px;--awb-border-radius-bottom-left:0px;--awb-padding-top:30px;--awb-flex-wrap:wrap;\" ><div class=\"fusion-builder-row fusion-row fusion-flex-align-items-flex-start fusion-flex-content-wrap\" style=\"max-width:calc( 1200px + 0px );margin-left: calc(-0px \/ 2 );margin-right: calc(-0px \/ 2 );\"><div class=\"fusion-layout-column fusion_builder_column fusion-builder-column-1 fusion_builder_column_1_1 1_1 fusion-flex-column\" style=\"--awb-padding-right:6.5%;--awb-padding-left:6.5%;--awb-bg-size:cover;--awb-width-large:100%;--awb-margin-top-large:0px;--awb-spacing-right-large:0px;--awb-margin-bottom-large:0px;--awb-spacing-left-large:0px;--awb-width-medium:100%;--awb-order-medium:0;--awb-spacing-right-medium:0px;--awb-spacing-left-medium:0px;--awb-width-small:100%;--awb-order-small:0;--awb-spacing-right-small:0px;--awb-spacing-left-small:0px;\"><div class=\"fusion-column-wrapper fusion-column-has-shadow fusion-flex-justify-content-flex-start fusion-content-layout-column\"><nav class=\"fusion-breadcrumbs awb-yoast-breadcrumbs fusion-breadcrumbs-1\" style=\"--awb-alignment:right;--awb-breadcrumb-sep:&#039;\/&#039;;text-align:right;\" aria-label=\"Breadcrumb\"><span><span><a href=\"https:\/\/regionalmuseum-langnau.ch\/fr\/musee-regional-chueechlihus\/\">Page d'accueil<\/a><\/span><\/span><\/nav><\/div><\/div><\/div><\/div><\/div>\n<br \/>\n<div id=\"heures d&#039;ouverture\" class=\"fusion-container-anchor\"><div class=\"fusion-fullwidth fullwidth-box fusion-builder-row-3 fusion-flex-container has-pattern-background has-mask-background nonhundred-percent-fullwidth non-hundred-percent-height-scrolling\" style=\"--awb-border-radius-top-left:0px;--awb-border-radius-top-right:0px;--awb-border-radius-bottom-right:0px;--awb-border-radius-bottom-left:0px;--awb-padding-right:6.5%;--awb-padding-left:6.5%;--awb-margin-top:36px;--awb-margin-bottom:50px;--awb-flex-wrap:wrap;\" ><div class=\"fusion-builder-row fusion-row fusion-flex-align-items-flex-start fusion-flex-content-wrap\" style=\"max-width:calc( 1200px + 0px );margin-left: calc(-0px \/ 2 );margin-right: calc(-0px \/ 2 );\"><div class=\"fusion-layout-column fusion_builder_column fusion-builder-column-2 fusion_builder_column_1_1 1_1 fusion-flex-column\" style=\"--awb-bg-size:cover;--awb-width-large:100%;--awb-margin-top-large:0px;--awb-spacing-right-large:0px;--awb-margin-bottom-large:0px;--awb-spacing-left-large:0px;--awb-width-medium:100%;--awb-order-medium:0;--awb-spacing-right-medium:0px;--awb-spacing-left-medium:0px;--awb-width-small:100%;--awb-order-small:0;--awb-spacing-right-small:0px;--awb-spacing-left-small:0px;\"><div class=\"fusion-column-wrapper fusion-column-has-shadow fusion-flex-justify-content-flex-start fusion-content-layout-column\"><div class=\"fusion-title title fusion-title-1 fusion-sep-none fusion-title-text fusion-title-size-two\" style=\"--awb-text-color:var(--awb-color8);\"><h2 class=\"fusion-title-heading title-heading-left fusion-responsive-typography-calculated\" style=\"margin:0;--fontSize:43;line-height:var(--awb-typography1-line-height);\"><\/h2><\/div><div class=\"fusion-text fusion-text-1\"><h3>Le mus\u00e9e r\u00e9gional Ch\u00fcechlihus, Langnau i.E. rencontre la fromagerie de d\u00e9monstration de l&rsquo;Emmental, Affoltern i.E.<\/h3>\n<\/div><\/div><\/div><\/div><\/div><\/div><div id=\"heures d&#039;ouverture\" class=\"fusion-container-anchor\"><div class=\"fusion-fullwidth fullwidth-box fusion-builder-row-4 fusion-flex-container has-pattern-background has-mask-background nonhundred-percent-fullwidth non-hundred-percent-height-scrolling\" style=\"--awb-border-radius-top-left:0px;--awb-border-radius-top-right:0px;--awb-border-radius-bottom-right:0px;--awb-border-radius-bottom-left:0px;--awb-padding-right:6.5%;--awb-padding-left:6.5%;--awb-margin-top:36px;--awb-margin-bottom:50px;--awb-flex-wrap:wrap;\" ><div class=\"fusion-builder-row fusion-row fusion-flex-align-items-flex-start fusion-flex-content-wrap\" style=\"max-width:calc( 1200px + 0px );margin-left: calc(-0px \/ 2 );margin-right: calc(-0px \/ 2 );\"><div class=\"fusion-layout-column fusion_builder_column fusion-builder-column-3 fusion_builder_column_1_1 1_1 fusion-flex-column\" style=\"--awb-bg-size:cover;--awb-width-large:100%;--awb-margin-top-large:0px;--awb-spacing-right-large:0px;--awb-margin-bottom-large:0px;--awb-spacing-left-large:0px;--awb-width-medium:100%;--awb-order-medium:0;--awb-spacing-right-medium:0px;--awb-spacing-left-medium:0px;--awb-width-small:100%;--awb-order-small:0;--awb-spacing-right-small:0px;--awb-spacing-left-small:0px;\"><div class=\"fusion-column-wrapper fusion-column-has-shadow fusion-flex-justify-content-flex-start fusion-content-layout-column\"><div class=\"fusion-title title fusion-title-2 fusion-sep-none fusion-title-text fusion-title-size-two\"><h2 class=\"fusion-title-heading title-heading-left fusion-responsive-typography-calculated\" style=\"margin:0;--fontSize:43;line-height:var(--awb-typography1-line-height);\">L&rsquo;id\u00e9e du projet de coop\u00e9ration<\/h2><\/div><div class=\"fusion-text fusion-text-2\"><p>La <a href=\"https:\/\/www.emmentaler-schaukaeserei.ch\/\" target=\"_blank\" rel=\"noopener\">fromagerie de d\u00e9monstration de l&rsquo;Emmental<\/a> \u00e0 Affoltern dans le bas Emmental et le mus\u00e9e r\u00e9gional Ch\u00fcechlihus \u00e0 Langnau dans le haut Emmental sont deux destinations d&rsquo;excursion attrayantes dans l&rsquo;Emmental. Deux destinations tr\u00e8s diff\u00e9rentes &#8211; en termes d&rsquo;organisation et de positionnement &#8211; mais qui ont aussi quelques points communs : notamment l'\u00a0\u00bbEmmentaler\u00a0\u00bb. La fromagerie de d\u00e9monstration tourne autour du fromage et le mus\u00e9e r\u00e9gional, situ\u00e9 au c\u0153ur de l&rsquo;ancien centre de commerce du fromage en Suisse, accorde \u00e0 cet embl\u00e8me international une place importante dans le patrimoine culturel r\u00e9gional gr\u00e2ce \u00e0 sa collection et \u00e0 son exposition.<\/p>\n<p>Il est donc grand temps de r\u00e9fl\u00e9chir \u00e0 ce th\u00e8me commun et important pour la r\u00e9gion : quel r\u00f4le jouait le fromage dans le pass\u00e9, quel r\u00f4le joue-t-il encore aujourd&rsquo;hui dans l&rsquo;Emmental ? Qu&rsquo;est-ce que tout cela a \u00e0 voir avec l'(les) identit\u00e9(s) et quel est le r\u00f4le des deux institutions dans tout cela ?<\/p>\n<p>Un projet commun sous la forme d&rsquo;un happening et d&rsquo;une installation qui en r\u00e9sulte r\u00e9unit les deux institutions par l&rsquo;interm\u00e9diaire de Katrin Murbach et Fabian Jaggi, <a href=\"https:\/\/ortreport.ch\/\">Ortreport<\/a>.<\/p>\n<\/div><div class=\"fusion-separator fusion-full-width-sep\" style=\"align-self: center;margin-left: auto;margin-right: auto;margin-top:30px;width:100%;\"><\/div><div class=\"awb-gallery-wrapper awb-gallery-wrapper-1 button-span-no\" style=\"--more-btn-alignment:center;\"><div style=\"margin:-5px;--awb-bordersize:0px;\" class=\"fusion-gallery fusion-gallery-container fusion-grid-4 fusion-columns-total-4 fusion-gallery-layout-grid fusion-gallery-1\"><div style=\"padding:5px;\" class=\"fusion-grid-column fusion-gallery-column fusion-gallery-column-4 hover-type-none\"><div class=\"fusion-gallery-image\"><a href=\"https:\/\/regionalmuseum-langnau.ch\/wp-content\/uploads\/2023\/05\/2023-01_25-Ansaetze-Satellit-Schaukaeserei_Emmental-ortreport_page-0009-Kopie-2.jpg\" rel=\"noreferrer\" data-rel=\"iLightbox[gallery_image_1]\" class=\"fusion-lightbox\" target=\"_self\"><img decoding=\"async\" src=\"https:\/\/regionalmuseum-langnau.ch\/wp-content\/uploads\/2023\/05\/2023-01_25-Ansaetze-Satellit-Schaukaeserei_Emmental-ortreport_page-0009-Kopie-2.jpg\" data-orig-src=\"https:\/\/regionalmuseum-langnau.ch\/wp-content\/uploads\/2023\/05\/2023-01_25-Ansaetze-Satellit-Schaukaeserei_Emmental-ortreport_page-0009-Kopie-2.jpg\" width=\"706\" height=\"449\" alt=\"\" title=\"2023-01_25 Ans\u00e4tze Satellit Schauk\u00e4serei_Emmental ortreport_page-0009 &#8211; Kopie (2)\" aria-label=\"2023-01_25 Ans\u00e4tze Satellit Schauk\u00e4serei_Emmental ortreport_page-0009 &#8211; Kopie (2)\" class=\"lazyload img-responsive wp-image-8525\" srcset=\"data:image\/svg+xml,%3Csvg%20xmlns%3D%27http%3A%2F%2Fwww.w3.org%2F2000%2Fsvg%27%20width%3D%27706%27%20height%3D%27449%27%20viewBox%3D%270%200%20706%20449%27%3E%3Crect%20width%3D%27706%27%20height%3D%27449%27%20fill-opacity%3D%220%22%2F%3E%3C%2Fsvg%3E\" data-srcset=\"https:\/\/regionalmuseum-langnau.ch\/wp-content\/uploads\/2023\/05\/2023-01_25-Ansaetze-Satellit-Schaukaeserei_Emmental-ortreport_page-0009-Kopie-2-200x127.jpg 200w, https:\/\/regionalmuseum-langnau.ch\/wp-content\/uploads\/2023\/05\/2023-01_25-Ansaetze-Satellit-Schaukaeserei_Emmental-ortreport_page-0009-Kopie-2-400x254.jpg 400w, https:\/\/regionalmuseum-langnau.ch\/wp-content\/uploads\/2023\/05\/2023-01_25-Ansaetze-Satellit-Schaukaeserei_Emmental-ortreport_page-0009-Kopie-2-600x382.jpg 600w, https:\/\/regionalmuseum-langnau.ch\/wp-content\/uploads\/2023\/05\/2023-01_25-Ansaetze-Satellit-Schaukaeserei_Emmental-ortreport_page-0009-Kopie-2.jpg 706w\" data-sizes=\"auto\" data-orig-sizes=\"(min-width: 2200px) 100vw, (min-width: 856px) 296px, (min-width: 784px) 395px, (min-width: 712px) 593px, (min-width: 640px) 712px, \" \/><\/a><\/div><\/div><div style=\"padding:5px;\" class=\"fusion-grid-column fusion-gallery-column fusion-gallery-column-4 hover-type-none\"><div class=\"fusion-gallery-image\"><a href=\"https:\/\/regionalmuseum-langnau.ch\/wp-content\/uploads\/2023\/05\/2023-01_25-Ansaetze-Satellit-Schaukaeserei_Emmental-ortreport_page-0011-Kopie.jpg\" rel=\"noreferrer\" data-rel=\"iLightbox[gallery_image_1]\" class=\"fusion-lightbox\" target=\"_self\"><img decoding=\"async\" src=\"https:\/\/regionalmuseum-langnau.ch\/wp-content\/uploads\/2023\/05\/2023-01_25-Ansaetze-Satellit-Schaukaeserei_Emmental-ortreport_page-0011-Kopie.jpg\" data-orig-src=\"https:\/\/regionalmuseum-langnau.ch\/wp-content\/uploads\/2023\/05\/2023-01_25-Ansaetze-Satellit-Schaukaeserei_Emmental-ortreport_page-0011-Kopie.jpg\" width=\"1178\" height=\"896\" alt=\"\" title=\"2023-01_25 Ans\u00e4tze Satellit Schauk\u00e4serei_Emmental ortreport_page-0011 &#8211; Kopie\" aria-label=\"2023-01_25 Ans\u00e4tze Satellit Schauk\u00e4serei_Emmental ortreport_page-0011 &#8211; Kopie\" class=\"lazyload img-responsive wp-image-8529\" srcset=\"data:image\/svg+xml,%3Csvg%20xmlns%3D%27http%3A%2F%2Fwww.w3.org%2F2000%2Fsvg%27%20width%3D%271178%27%20height%3D%27896%27%20viewBox%3D%270%200%201178%20896%27%3E%3Crect%20width%3D%271178%27%20height%3D%27896%27%20fill-opacity%3D%220%22%2F%3E%3C%2Fsvg%3E\" data-srcset=\"https:\/\/regionalmuseum-langnau.ch\/wp-content\/uploads\/2023\/05\/2023-01_25-Ansaetze-Satellit-Schaukaeserei_Emmental-ortreport_page-0011-Kopie-200x152.jpg 200w, https:\/\/regionalmuseum-langnau.ch\/wp-content\/uploads\/2023\/05\/2023-01_25-Ansaetze-Satellit-Schaukaeserei_Emmental-ortreport_page-0011-Kopie-400x304.jpg 400w, https:\/\/regionalmuseum-langnau.ch\/wp-content\/uploads\/2023\/05\/2023-01_25-Ansaetze-Satellit-Schaukaeserei_Emmental-ortreport_page-0011-Kopie-600x456.jpg 600w, https:\/\/regionalmuseum-langnau.ch\/wp-content\/uploads\/2023\/05\/2023-01_25-Ansaetze-Satellit-Schaukaeserei_Emmental-ortreport_page-0011-Kopie-800x608.jpg 800w, https:\/\/regionalmuseum-langnau.ch\/wp-content\/uploads\/2023\/05\/2023-01_25-Ansaetze-Satellit-Schaukaeserei_Emmental-ortreport_page-0011-Kopie.jpg 1178w\" data-sizes=\"auto\" data-orig-sizes=\"(min-width: 2200px) 100vw, (min-width: 856px) 296px, (min-width: 784px) 395px, (min-width: 712px) 593px, (min-width: 640px) 712px, \" \/><\/a><\/div><\/div><div style=\"padding:5px;\" class=\"fusion-grid-column fusion-gallery-column fusion-gallery-column-4 hover-type-none\"><div class=\"fusion-gallery-image\"><a href=\"https:\/\/regionalmuseum-langnau.ch\/wp-content\/uploads\/2023\/05\/01-Projekt-Emmentaler-Loungekaese-RMC-und-SKA-by-ortreport_2023-Kopie-scaled.jpg\" rel=\"noreferrer\" data-rel=\"iLightbox[gallery_image_1]\" class=\"fusion-lightbox\" target=\"_self\"><img decoding=\"async\" src=\"https:\/\/regionalmuseum-langnau.ch\/wp-content\/uploads\/2023\/05\/01-Projekt-Emmentaler-Loungekaese-RMC-und-SKA-by-ortreport_2023-Kopie-scaled.jpg\" data-orig-src=\"https:\/\/regionalmuseum-langnau.ch\/wp-content\/uploads\/2023\/05\/01-Projekt-Emmentaler-Loungekaese-RMC-und-SKA-by-ortreport_2023-Kopie-scaled.jpg\" width=\"2560\" height=\"1811\" alt=\"\" title=\"01 Projekt Emmentaler Loungek\u00e4se RMC und SKA by ortreport_2023 &#8211; Kopie\" aria-label=\"01 Projekt Emmentaler Loungek\u00e4se RMC und SKA by ortreport_2023 &#8211; Kopie\" class=\"lazyload img-responsive wp-image-8521\" srcset=\"data:image\/svg+xml,%3Csvg%20xmlns%3D%27http%3A%2F%2Fwww.w3.org%2F2000%2Fsvg%27%20width%3D%272560%27%20height%3D%271811%27%20viewBox%3D%270%200%202560%201811%27%3E%3Crect%20width%3D%272560%27%20height%3D%271811%27%20fill-opacity%3D%220%22%2F%3E%3C%2Fsvg%3E\" data-srcset=\"https:\/\/regionalmuseum-langnau.ch\/wp-content\/uploads\/2023\/05\/01-Projekt-Emmentaler-Loungekaese-RMC-und-SKA-by-ortreport_2023-Kopie-200x141.jpg 200w, https:\/\/regionalmuseum-langnau.ch\/wp-content\/uploads\/2023\/05\/01-Projekt-Emmentaler-Loungekaese-RMC-und-SKA-by-ortreport_2023-Kopie-400x283.jpg 400w, https:\/\/regionalmuseum-langnau.ch\/wp-content\/uploads\/2023\/05\/01-Projekt-Emmentaler-Loungekaese-RMC-und-SKA-by-ortreport_2023-Kopie-600x424.jpg 600w, https:\/\/regionalmuseum-langnau.ch\/wp-content\/uploads\/2023\/05\/01-Projekt-Emmentaler-Loungekaese-RMC-und-SKA-by-ortreport_2023-Kopie-800x566.jpg 800w, https:\/\/regionalmuseum-langnau.ch\/wp-content\/uploads\/2023\/05\/01-Projekt-Emmentaler-Loungekaese-RMC-und-SKA-by-ortreport_2023-Kopie-1200x849.jpg 1200w, https:\/\/regionalmuseum-langnau.ch\/wp-content\/uploads\/2023\/05\/01-Projekt-Emmentaler-Loungekaese-RMC-und-SKA-by-ortreport_2023-Kopie-scaled.jpg 2560w\" data-sizes=\"auto\" data-orig-sizes=\"(min-width: 2200px) 100vw, (min-width: 856px) 296px, (min-width: 784px) 395px, (min-width: 712px) 593px, (min-width: 640px) 712px, \" \/><\/a><\/div><\/div><div style=\"padding:5px;\" class=\"fusion-grid-column fusion-gallery-column fusion-gallery-column-4 hover-type-none\"><div class=\"fusion-gallery-image\"><a href=\"https:\/\/regionalmuseum-langnau.ch\/wp-content\/uploads\/2023\/07\/2023_07_04-Aufbau-Kaeselounge-ortreport-1.jpg\" rel=\"noreferrer\" data-rel=\"iLightbox[gallery_image_1]\" class=\"fusion-lightbox\" target=\"_self\"><img decoding=\"async\" src=\"https:\/\/regionalmuseum-langnau.ch\/wp-content\/uploads\/2023\/07\/2023_07_04-Aufbau-Kaeselounge-ortreport-1.jpg\" data-orig-src=\"https:\/\/regionalmuseum-langnau.ch\/wp-content\/uploads\/2023\/07\/2023_07_04-Aufbau-Kaeselounge-ortreport-1.jpg\" width=\"2016\" height=\"1512\" alt=\"\" title=\"2023_07_04 Aufbau K\u00e4selounge ortreport 1\" aria-label=\"2023_07_04 Aufbau K\u00e4selounge ortreport 1\" class=\"lazyload img-responsive wp-image-8815\" srcset=\"data:image\/svg+xml,%3Csvg%20xmlns%3D%27http%3A%2F%2Fwww.w3.org%2F2000%2Fsvg%27%20width%3D%272016%27%20height%3D%271512%27%20viewBox%3D%270%200%202016%201512%27%3E%3Crect%20width%3D%272016%27%20height%3D%271512%27%20fill-opacity%3D%220%22%2F%3E%3C%2Fsvg%3E\" data-srcset=\"https:\/\/regionalmuseum-langnau.ch\/wp-content\/uploads\/2023\/07\/2023_07_04-Aufbau-Kaeselounge-ortreport-1-200x150.jpg 200w, https:\/\/regionalmuseum-langnau.ch\/wp-content\/uploads\/2023\/07\/2023_07_04-Aufbau-Kaeselounge-ortreport-1-400x300.jpg 400w, https:\/\/regionalmuseum-langnau.ch\/wp-content\/uploads\/2023\/07\/2023_07_04-Aufbau-Kaeselounge-ortreport-1-600x450.jpg 600w, https:\/\/regionalmuseum-langnau.ch\/wp-content\/uploads\/2023\/07\/2023_07_04-Aufbau-Kaeselounge-ortreport-1-800x600.jpg 800w, https:\/\/regionalmuseum-langnau.ch\/wp-content\/uploads\/2023\/07\/2023_07_04-Aufbau-Kaeselounge-ortreport-1-1200x900.jpg 1200w, https:\/\/regionalmuseum-langnau.ch\/wp-content\/uploads\/2023\/07\/2023_07_04-Aufbau-Kaeselounge-ortreport-1.jpg 2016w\" data-sizes=\"auto\" data-orig-sizes=\"(min-width: 2200px) 100vw, (min-width: 856px) 296px, (min-width: 784px) 395px, (min-width: 712px) 593px, (min-width: 640px) 712px, \" \/><\/a><\/div><\/div><div class=\"clearfix\"><\/div><\/div><\/div><\/div><\/div><\/div><\/div><\/div><div id=\"heures d&#039;ouverture\" class=\"fusion-container-anchor\"><div class=\"fusion-fullwidth fullwidth-box fusion-builder-row-5 fusion-flex-container has-pattern-background has-mask-background nonhundred-percent-fullwidth non-hundred-percent-height-scrolling\" style=\"--awb-border-radius-top-left:0px;--awb-border-radius-top-right:0px;--awb-border-radius-bottom-right:0px;--awb-border-radius-bottom-left:0px;--awb-padding-right:6.5%;--awb-padding-left:6.5%;--awb-margin-top:36px;--awb-margin-bottom:50px;--awb-flex-wrap:wrap;\" ><div class=\"fusion-builder-row fusion-row fusion-flex-align-items-flex-start fusion-flex-content-wrap\" style=\"max-width:calc( 1200px + 0px );margin-left: calc(-0px \/ 2 );margin-right: calc(-0px \/ 2 );\"><div class=\"fusion-layout-column fusion_builder_column fusion-builder-column-4 fusion_builder_column_1_1 1_1 fusion-flex-column\" style=\"--awb-bg-size:cover;--awb-width-large:100%;--awb-margin-top-large:0px;--awb-spacing-right-large:0px;--awb-margin-bottom-large:0px;--awb-spacing-left-large:0px;--awb-width-medium:100%;--awb-order-medium:0;--awb-spacing-right-medium:0px;--awb-spacing-left-medium:0px;--awb-width-small:100%;--awb-order-small:0;--awb-spacing-right-small:0px;--awb-spacing-left-small:0px;\"><div class=\"fusion-column-wrapper fusion-column-has-shadow fusion-flex-justify-content-flex-start fusion-content-layout-column\"><div class=\"fusion-title title fusion-title-3 fusion-sep-none fusion-title-text fusion-title-size-two\"><h2 class=\"fusion-title-heading title-heading-left fusion-responsive-typography-calculated\" style=\"margin:0;--fontSize:43;line-height:var(--awb-typography1-line-height);\"><h1>La gen\u00e8se du projet de coop\u00e9ration<\/h1><\/h2><\/div><div class=\"fusion-text fusion-text-3\"><h3>100+ inspirations pour un projet de coop\u00e9ration<\/h3>\n<p>Pour le lancement du projet, nous avons travaill\u00e9 avec des \u00e9l\u00e8ves de la r\u00e9gion.<\/p>\n<p>Sous la direction d&rsquo;Ortreport et dans le cadre de deux journ\u00e9es d&rsquo;atelier au mus\u00e9e r\u00e9gional Ch\u00fcechlihus en d\u00e9cembre 2022, une classe de Langnau i.E. (classe 56a H\u00f6henweg, Langnau) a explor\u00e9 les deux institutions en collaboration avec une classe d&rsquo;Affoltern i.E. (5e-9e classe, Affoltern).<\/p>\n<ul>\n<li>Qu&rsquo;est-ce qu&rsquo;un mus\u00e9e r\u00e9gional ?<\/li>\n<li>Quelles sont les qualit\u00e9s ?<\/li>\n<li>Que fait un mus\u00e9e pour notre soci\u00e9t\u00e9 ?<\/li>\n<li>Que signifie la fabrication du fromage pour notre r\u00e9gion et<\/li>\n<li>Pourquoi la fromagerie de d\u00e9monstration est-elle importante ?<\/li>\n<\/ul>\n<p>Six sessions cr\u00e9atives diff\u00e9rentes, sous forme de travaux de groupe, ont permis de discuter de ces questions et de d\u00e9velopper des id\u00e9es de projets rapides sous forme d&rsquo;esquisses, de collages et de maquettes : Faut-il un grand huit du fromage entre Langnau et Affoltern ? Cr\u00e9ons la plus grande statue en forme de trou de fromage du monde ? Faisons un festival de streetfood au fromage \u00e0 Langnau ?<\/p>\n<p>Aucune id\u00e9e, aucune utopie ne pouvait \u00eatre trop folle pour \u00eatre exprim\u00e9e et d\u00e9velopp\u00e9e. Ils sont tous venus \u00e0 la collecte d&rsquo;id\u00e9es avec l&rsquo;id\u00e9e que peut-\u00eatre l&rsquo;une ou l&rsquo;autre id\u00e9e trouverait une application r\u00e9elle. Mais l&rsquo;issue est rest\u00e9e ouverte !<\/p>\n<\/div><div class=\"fusion-image-element \" style=\"--awb-caption-title-font-family:var(--h2_typography-font-family);--awb-caption-title-font-weight:var(--h2_typography-font-weight);--awb-caption-title-font-style:var(--h2_typography-font-style);--awb-caption-title-size:var(--h2_typography-font-size);--awb-caption-title-transform:var(--h2_typography-text-transform);--awb-caption-title-line-height:var(--h2_typography-line-height);--awb-caption-title-letter-spacing:var(--h2_typography-letter-spacing);\"><span class=\" fusion-imageframe imageframe-none imageframe-1 hover-type-none\"><img decoding=\"async\" width=\"1024\" height=\"725\" title=\"Konzept_Emmental WS Satellit Schauk\u00e4serei DEF_2022_11_29_page-0001\" src=\"https:\/\/regionalmuseum-langnau.ch\/wp-content\/uploads\/2023\/05\/Konzept_Emmental-WS-Satellit-Schaukaeserei-DEF_2022_11_29_page-0001.jpg\" data-orig-src=\"https:\/\/regionalmuseum-langnau.ch\/wp-content\/uploads\/2023\/05\/Konzept_Emmental-WS-Satellit-Schaukaeserei-DEF_2022_11_29_page-0001-1024x725.jpg\" alt class=\"lazyload img-responsive wp-image-10862\" srcset=\"data:image\/svg+xml,%3Csvg%20xmlns%3D%27http%3A%2F%2Fwww.w3.org%2F2000%2Fsvg%27%20width%3D%271754%27%20height%3D%271241%27%20viewBox%3D%270%200%201754%201241%27%3E%3Crect%20width%3D%271754%27%20height%3D%271241%27%20fill-opacity%3D%220%22%2F%3E%3C%2Fsvg%3E\" data-srcset=\"https:\/\/regionalmuseum-langnau.ch\/wp-content\/uploads\/2023\/05\/Konzept_Emmental-WS-Satellit-Schaukaeserei-DEF_2022_11_29_page-0001-200x142.jpg 200w, https:\/\/regionalmuseum-langnau.ch\/wp-content\/uploads\/2023\/05\/Konzept_Emmental-WS-Satellit-Schaukaeserei-DEF_2022_11_29_page-0001-400x283.jpg 400w, https:\/\/regionalmuseum-langnau.ch\/wp-content\/uploads\/2023\/05\/Konzept_Emmental-WS-Satellit-Schaukaeserei-DEF_2022_11_29_page-0001-600x425.jpg 600w, https:\/\/regionalmuseum-langnau.ch\/wp-content\/uploads\/2023\/05\/Konzept_Emmental-WS-Satellit-Schaukaeserei-DEF_2022_11_29_page-0001-800x566.jpg 800w, https:\/\/regionalmuseum-langnau.ch\/wp-content\/uploads\/2023\/05\/Konzept_Emmental-WS-Satellit-Schaukaeserei-DEF_2022_11_29_page-0001-1200x849.jpg 1200w, https:\/\/regionalmuseum-langnau.ch\/wp-content\/uploads\/2023\/05\/Konzept_Emmental-WS-Satellit-Schaukaeserei-DEF_2022_11_29_page-0001.jpg 1754w\" data-sizes=\"auto\" data-orig-sizes=\"(max-width: 700px) 100vw, 1024px\" \/><\/span><\/div><div class=\"fusion-text fusion-text-4\"><h3>Ateliers et r\u00e9sultats<\/h3>\n<h6>Id\u00e9e 1<\/h6>\n<h4>\u00ab\u00a0Balise d&rsquo;identit\u00e9\u00a0\u00bb<\/h4>\n<p>Nous cuisinons l&rsquo;essence de l&rsquo;Emmental et lui trouvons un mot ou un symbole.<\/p>\n<p><strong>Proc\u00e9dure<\/strong><\/p>\n<ul>\n<li>Brainstorming sur ce qui est cool et unique dans l&rsquo;Emmental, sur la signature de la r\u00e9gion.<\/li>\n<li>Dessins Edding pour trouver un rendu visuel simple<\/li>\n<li>Pr\u00e9parer le \u00ab\u00a0Stencil\u00a0\u00bb : Grande Dessiner et d\u00e9couper dans un carton fin<\/li>\n<li>Vaporiser les propositions sur un mur commun pour former un tout aux multiples facettes<\/li>\n<\/ul>\n<p><strong>Sujet<\/strong><\/p>\n<ul>\n<li>Repr\u00e9sentation : identit\u00e9(s) commune(s)<\/li>\n<li>Unicit\u00e9 : \u00e9criture manuscrite<\/li>\n<li>Cr\u00e9ativit\u00e9 &amp; r\u00e9flexion sur l'(les) identit\u00e9(s)<\/li>\n<\/ul>\n<p><strong>Technique  <\/strong><\/p>\n<ul>\n<li>Dessin et spray<\/li>\n<\/ul>\n<\/div><div class=\"awb-gallery-wrapper awb-gallery-wrapper-2 button-span-no\" style=\"--more-btn-alignment:center;\"><div style=\"margin:-5px;--awb-bordersize:0px;\" class=\"fusion-gallery fusion-gallery-container fusion-grid-3 fusion-columns-total-6 fusion-gallery-layout-grid fusion-gallery-2\"><div style=\"padding:5px;\" class=\"fusion-grid-column fusion-gallery-column fusion-gallery-column-3 hover-type-none\"><div class=\"fusion-gallery-image\"><a href=\"https:\/\/regionalmuseum-langnau.ch\/wp-content\/uploads\/2023\/04\/Regionalmuseum-Chuechlihus-Identity-Tag-WS-Ka\u2560ese-im-RMC-ortreport_2022-81.jpg\" rel=\"noreferrer\" data-rel=\"iLightbox[gallery_image_2]\" class=\"fusion-lightbox\" target=\"_self\"><img decoding=\"async\" src=\"https:\/\/regionalmuseum-langnau.ch\/wp-content\/uploads\/2023\/04\/Regionalmuseum-Chuechlihus-Identity-Tag-WS-Ka\u2560ese-im-RMC-ortreport_2022-81.jpg\" data-orig-src=\"https:\/\/regionalmuseum-langnau.ch\/wp-content\/uploads\/2023\/04\/Regionalmuseum-Chuechlihus-Identity-Tag-WS-Ka\u2560ese-im-RMC-ortreport_2022-81.jpg\" width=\"1200\" height=\"800\" alt=\"\" title=\"Regionalmuseum-Chuechlihus-Identity Tag WS Ka\u2560\u00ease im RMC ortreport_2022 (81)\" aria-label=\"Regionalmuseum-Chuechlihus-Identity Tag WS Ka\u2560\u00ease im RMC ortreport_2022 (81)\" class=\"lazyload img-responsive wp-image-7669\" srcset=\"data:image\/svg+xml,%3Csvg%20xmlns%3D%27http%3A%2F%2Fwww.w3.org%2F2000%2Fsvg%27%20width%3D%271200%27%20height%3D%27800%27%20viewBox%3D%270%200%201200%20800%27%3E%3Crect%20width%3D%271200%27%20height%3D%27800%27%20fill-opacity%3D%220%22%2F%3E%3C%2Fsvg%3E\" data-srcset=\"https:\/\/regionalmuseum-langnau.ch\/wp-content\/uploads\/2023\/04\/Regionalmuseum-Chuechlihus-Identity-Tag-WS-Ka\u2560ese-im-RMC-ortreport_2022-81-200x133.jpg 200w, https:\/\/regionalmuseum-langnau.ch\/wp-content\/uploads\/2023\/04\/Regionalmuseum-Chuechlihus-Identity-Tag-WS-Ka\u2560ese-im-RMC-ortreport_2022-81-400x267.jpg 400w, https:\/\/regionalmuseum-langnau.ch\/wp-content\/uploads\/2023\/04\/Regionalmuseum-Chuechlihus-Identity-Tag-WS-Ka\u2560ese-im-RMC-ortreport_2022-81-600x400.jpg 600w, https:\/\/regionalmuseum-langnau.ch\/wp-content\/uploads\/2023\/04\/Regionalmuseum-Chuechlihus-Identity-Tag-WS-Ka\u2560ese-im-RMC-ortreport_2022-81-800x533.jpg 800w, https:\/\/regionalmuseum-langnau.ch\/wp-content\/uploads\/2023\/04\/Regionalmuseum-Chuechlihus-Identity-Tag-WS-Ka\u2560ese-im-RMC-ortreport_2022-81.jpg 1200w\" data-sizes=\"auto\" data-orig-sizes=\"(min-width: 2200px) 100vw, (min-width: 784px) 397px, (min-width: 712px) 595px, (min-width: 640px) 712px, \" \/><\/a><\/div><\/div><div style=\"padding:5px;\" class=\"fusion-grid-column fusion-gallery-column fusion-gallery-column-3 hover-type-none\"><div class=\"fusion-gallery-image\"><a href=\"https:\/\/regionalmuseum-langnau.ch\/wp-content\/uploads\/2023\/04\/Regionalmuseum-Chuechlihus-Identity-Tag-WS-Ka\u2560ese-im-RMC-ortreport_2022-3.jpg\" rel=\"noreferrer\" data-rel=\"iLightbox[gallery_image_2]\" class=\"fusion-lightbox\" target=\"_self\"><img decoding=\"async\" src=\"https:\/\/regionalmuseum-langnau.ch\/wp-content\/uploads\/2023\/04\/Regionalmuseum-Chuechlihus-Identity-Tag-WS-Ka\u2560ese-im-RMC-ortreport_2022-3.jpg\" data-orig-src=\"https:\/\/regionalmuseum-langnau.ch\/wp-content\/uploads\/2023\/04\/Regionalmuseum-Chuechlihus-Identity-Tag-WS-Ka\u2560ese-im-RMC-ortreport_2022-3.jpg\" width=\"1200\" height=\"800\" alt=\"\" title=\"Regionalmuseum-Chuechlihus-Identity Tag WS Ka\u2560\u00ease im RMC ortreport_2022 (3)\" aria-label=\"Regionalmuseum-Chuechlihus-Identity Tag WS Ka\u2560\u00ease im RMC ortreport_2022 (3)\" class=\"lazyload img-responsive wp-image-7625\" srcset=\"data:image\/svg+xml,%3Csvg%20xmlns%3D%27http%3A%2F%2Fwww.w3.org%2F2000%2Fsvg%27%20width%3D%271200%27%20height%3D%27800%27%20viewBox%3D%270%200%201200%20800%27%3E%3Crect%20width%3D%271200%27%20height%3D%27800%27%20fill-opacity%3D%220%22%2F%3E%3C%2Fsvg%3E\" data-srcset=\"https:\/\/regionalmuseum-langnau.ch\/wp-content\/uploads\/2023\/04\/Regionalmuseum-Chuechlihus-Identity-Tag-WS-Ka\u2560ese-im-RMC-ortreport_2022-3-200x133.jpg 200w, https:\/\/regionalmuseum-langnau.ch\/wp-content\/uploads\/2023\/04\/Regionalmuseum-Chuechlihus-Identity-Tag-WS-Ka\u2560ese-im-RMC-ortreport_2022-3-400x267.jpg 400w, https:\/\/regionalmuseum-langnau.ch\/wp-content\/uploads\/2023\/04\/Regionalmuseum-Chuechlihus-Identity-Tag-WS-Ka\u2560ese-im-RMC-ortreport_2022-3-600x400.jpg 600w, https:\/\/regionalmuseum-langnau.ch\/wp-content\/uploads\/2023\/04\/Regionalmuseum-Chuechlihus-Identity-Tag-WS-Ka\u2560ese-im-RMC-ortreport_2022-3-800x533.jpg 800w, https:\/\/regionalmuseum-langnau.ch\/wp-content\/uploads\/2023\/04\/Regionalmuseum-Chuechlihus-Identity-Tag-WS-Ka\u2560ese-im-RMC-ortreport_2022-3.jpg 1200w\" data-sizes=\"auto\" data-orig-sizes=\"(min-width: 2200px) 100vw, (min-width: 784px) 397px, (min-width: 712px) 595px, (min-width: 640px) 712px, \" \/><\/a><\/div><\/div><div class=\"clearfix\"><\/div><div style=\"padding:5px;\" class=\"fusion-grid-column fusion-gallery-column fusion-gallery-column-3 hover-type-none\"><div class=\"fusion-gallery-image\"><a href=\"https:\/\/regionalmuseum-langnau.ch\/wp-content\/uploads\/2023\/04\/Regionalmuseum-Chuechlihus-Identity-Tag-WS-Kaese-im-RMC-ortreport_2022-78.jpg\" rel=\"noreferrer\" data-rel=\"iLightbox[gallery_image_2]\" class=\"fusion-lightbox\" target=\"_self\"><img decoding=\"async\" src=\"https:\/\/regionalmuseum-langnau.ch\/wp-content\/uploads\/2023\/04\/Regionalmuseum-Chuechlihus-Identity-Tag-WS-Kaese-im-RMC-ortreport_2022-78.jpg\" data-orig-src=\"https:\/\/regionalmuseum-langnau.ch\/wp-content\/uploads\/2023\/04\/Regionalmuseum-Chuechlihus-Identity-Tag-WS-Kaese-im-RMC-ortreport_2022-78.jpg\" width=\"1200\" height=\"800\" alt=\"\" title=\"Regionalmuseum-Chuechlihus-Identity Tag WS K\u00e4se im RMC ortreport_2022 (78)\" aria-label=\"Regionalmuseum-Chuechlihus-Identity Tag WS K\u00e4se im RMC ortreport_2022 (78)\" class=\"lazyload img-responsive wp-image-7695\" srcset=\"data:image\/svg+xml,%3Csvg%20xmlns%3D%27http%3A%2F%2Fwww.w3.org%2F2000%2Fsvg%27%20width%3D%271200%27%20height%3D%27800%27%20viewBox%3D%270%200%201200%20800%27%3E%3Crect%20width%3D%271200%27%20height%3D%27800%27%20fill-opacity%3D%220%22%2F%3E%3C%2Fsvg%3E\" data-srcset=\"https:\/\/regionalmuseum-langnau.ch\/wp-content\/uploads\/2023\/04\/Regionalmuseum-Chuechlihus-Identity-Tag-WS-Kaese-im-RMC-ortreport_2022-78-200x133.jpg 200w, https:\/\/regionalmuseum-langnau.ch\/wp-content\/uploads\/2023\/04\/Regionalmuseum-Chuechlihus-Identity-Tag-WS-Kaese-im-RMC-ortreport_2022-78-400x267.jpg 400w, https:\/\/regionalmuseum-langnau.ch\/wp-content\/uploads\/2023\/04\/Regionalmuseum-Chuechlihus-Identity-Tag-WS-Kaese-im-RMC-ortreport_2022-78-600x400.jpg 600w, https:\/\/regionalmuseum-langnau.ch\/wp-content\/uploads\/2023\/04\/Regionalmuseum-Chuechlihus-Identity-Tag-WS-Kaese-im-RMC-ortreport_2022-78-800x533.jpg 800w, https:\/\/regionalmuseum-langnau.ch\/wp-content\/uploads\/2023\/04\/Regionalmuseum-Chuechlihus-Identity-Tag-WS-Kaese-im-RMC-ortreport_2022-78.jpg 1200w\" data-sizes=\"auto\" data-orig-sizes=\"(min-width: 2200px) 100vw, (min-width: 784px) 397px, (min-width: 712px) 595px, (min-width: 640px) 712px, \" \/><\/a><\/div><\/div><div style=\"padding:5px;\" class=\"fusion-grid-column fusion-gallery-column fusion-gallery-column-3 hover-type-none\"><div class=\"fusion-gallery-image\"><a href=\"https:\/\/regionalmuseum-langnau.ch\/wp-content\/uploads\/2023\/04\/Regionalmuseum-Chuechlihus-Identity-Tag-WS-Ka\u2560ese-im-RMC-ortreport_2022-34.jpg\" rel=\"noreferrer\" data-rel=\"iLightbox[gallery_image_2]\" class=\"fusion-lightbox\" target=\"_self\"><img decoding=\"async\" src=\"https:\/\/regionalmuseum-langnau.ch\/wp-content\/uploads\/2023\/04\/Regionalmuseum-Chuechlihus-Identity-Tag-WS-Ka\u2560ese-im-RMC-ortreport_2022-34.jpg\" data-orig-src=\"https:\/\/regionalmuseum-langnau.ch\/wp-content\/uploads\/2023\/04\/Regionalmuseum-Chuechlihus-Identity-Tag-WS-Ka\u2560ese-im-RMC-ortreport_2022-34.jpg\" width=\"1200\" height=\"800\" alt=\"\" title=\"Regionalmuseum-Chuechlihus-Identity Tag WS Ka\u2560\u00ease im RMC ortreport_2022 (34)\" aria-label=\"Regionalmuseum-Chuechlihus-Identity Tag WS Ka\u2560\u00ease im RMC ortreport_2022 (34)\" class=\"lazyload img-responsive wp-image-7641\" srcset=\"data:image\/svg+xml,%3Csvg%20xmlns%3D%27http%3A%2F%2Fwww.w3.org%2F2000%2Fsvg%27%20width%3D%271200%27%20height%3D%27800%27%20viewBox%3D%270%200%201200%20800%27%3E%3Crect%20width%3D%271200%27%20height%3D%27800%27%20fill-opacity%3D%220%22%2F%3E%3C%2Fsvg%3E\" data-srcset=\"https:\/\/regionalmuseum-langnau.ch\/wp-content\/uploads\/2023\/04\/Regionalmuseum-Chuechlihus-Identity-Tag-WS-Ka\u2560ese-im-RMC-ortreport_2022-34-200x133.jpg 200w, https:\/\/regionalmuseum-langnau.ch\/wp-content\/uploads\/2023\/04\/Regionalmuseum-Chuechlihus-Identity-Tag-WS-Ka\u2560ese-im-RMC-ortreport_2022-34-400x267.jpg 400w, https:\/\/regionalmuseum-langnau.ch\/wp-content\/uploads\/2023\/04\/Regionalmuseum-Chuechlihus-Identity-Tag-WS-Ka\u2560ese-im-RMC-ortreport_2022-34-600x400.jpg 600w, https:\/\/regionalmuseum-langnau.ch\/wp-content\/uploads\/2023\/04\/Regionalmuseum-Chuechlihus-Identity-Tag-WS-Ka\u2560ese-im-RMC-ortreport_2022-34-800x533.jpg 800w, https:\/\/regionalmuseum-langnau.ch\/wp-content\/uploads\/2023\/04\/Regionalmuseum-Chuechlihus-Identity-Tag-WS-Ka\u2560ese-im-RMC-ortreport_2022-34.jpg 1200w\" data-sizes=\"auto\" data-orig-sizes=\"(min-width: 2200px) 100vw, (min-width: 784px) 397px, (min-width: 712px) 595px, (min-width: 640px) 712px, \" \/><\/a><\/div><\/div><div style=\"padding:5px;\" class=\"fusion-grid-column fusion-gallery-column fusion-gallery-column-3 hover-type-none\"><div class=\"fusion-gallery-image\"><a href=\"https:\/\/regionalmuseum-langnau.ch\/wp-content\/uploads\/2023\/05\/RMC-Identity-Tag-WS-Kaese-ortreport_2022-k.jpg\" rel=\"noreferrer\" data-rel=\"iLightbox[gallery_image_2]\" class=\"fusion-lightbox\" target=\"_self\"><img decoding=\"async\" src=\"https:\/\/regionalmuseum-langnau.ch\/wp-content\/uploads\/2023\/05\/RMC-Identity-Tag-WS-Kaese-ortreport_2022-k.jpg\" data-orig-src=\"https:\/\/regionalmuseum-langnau.ch\/wp-content\/uploads\/2023\/05\/RMC-Identity-Tag-WS-Kaese-ortreport_2022-k.jpg\" width=\"1200\" height=\"800\" alt=\"\" title=\"RMC Identity Tag WS K\u00e4se ortreport_2022 k\" aria-label=\"RMC Identity Tag WS K\u00e4se ortreport_2022 k\" class=\"lazyload img-responsive wp-image-8550\" srcset=\"data:image\/svg+xml,%3Csvg%20xmlns%3D%27http%3A%2F%2Fwww.w3.org%2F2000%2Fsvg%27%20width%3D%271200%27%20height%3D%27800%27%20viewBox%3D%270%200%201200%20800%27%3E%3Crect%20width%3D%271200%27%20height%3D%27800%27%20fill-opacity%3D%220%22%2F%3E%3C%2Fsvg%3E\" data-srcset=\"https:\/\/regionalmuseum-langnau.ch\/wp-content\/uploads\/2023\/05\/RMC-Identity-Tag-WS-Kaese-ortreport_2022-k-200x133.jpg 200w, https:\/\/regionalmuseum-langnau.ch\/wp-content\/uploads\/2023\/05\/RMC-Identity-Tag-WS-Kaese-ortreport_2022-k-400x267.jpg 400w, https:\/\/regionalmuseum-langnau.ch\/wp-content\/uploads\/2023\/05\/RMC-Identity-Tag-WS-Kaese-ortreport_2022-k-600x400.jpg 600w, https:\/\/regionalmuseum-langnau.ch\/wp-content\/uploads\/2023\/05\/RMC-Identity-Tag-WS-Kaese-ortreport_2022-k-800x533.jpg 800w, https:\/\/regionalmuseum-langnau.ch\/wp-content\/uploads\/2023\/05\/RMC-Identity-Tag-WS-Kaese-ortreport_2022-k.jpg 1200w\" data-sizes=\"auto\" data-orig-sizes=\"(min-width: 2200px) 100vw, (min-width: 784px) 397px, (min-width: 712px) 595px, (min-width: 640px) 712px, \" \/><\/a><\/div><\/div><div class=\"clearfix\"><\/div><div style=\"padding:5px;\" class=\"fusion-grid-column fusion-gallery-column fusion-gallery-column-3 hover-type-none\"><div class=\"fusion-gallery-image\"><a href=\"https:\/\/regionalmuseum-langnau.ch\/wp-content\/uploads\/2023\/04\/Regionalmuseum-Chuechlihus-Identity-Tag-WS-Ka\u2560ese-im-RMC-ortreport_2022-72.jpg\" rel=\"noreferrer\" data-rel=\"iLightbox[gallery_image_2]\" class=\"fusion-lightbox\" target=\"_self\"><img decoding=\"async\" src=\"https:\/\/regionalmuseum-langnau.ch\/wp-content\/uploads\/2023\/04\/Regionalmuseum-Chuechlihus-Identity-Tag-WS-Ka\u2560ese-im-RMC-ortreport_2022-72.jpg\" data-orig-src=\"https:\/\/regionalmuseum-langnau.ch\/wp-content\/uploads\/2023\/04\/Regionalmuseum-Chuechlihus-Identity-Tag-WS-Ka\u2560ese-im-RMC-ortreport_2022-72.jpg\" width=\"1200\" height=\"800\" alt=\"\" title=\"Regionalmuseum-Chuechlihus-Identity Tag WS Ka\u2560\u00ease im RMC ortreport_2022 (72)\" aria-label=\"Regionalmuseum-Chuechlihus-Identity Tag WS Ka\u2560\u00ease im RMC ortreport_2022 (72)\" class=\"lazyload img-responsive wp-image-7662\" srcset=\"data:image\/svg+xml,%3Csvg%20xmlns%3D%27http%3A%2F%2Fwww.w3.org%2F2000%2Fsvg%27%20width%3D%271200%27%20height%3D%27800%27%20viewBox%3D%270%200%201200%20800%27%3E%3Crect%20width%3D%271200%27%20height%3D%27800%27%20fill-opacity%3D%220%22%2F%3E%3C%2Fsvg%3E\" data-srcset=\"https:\/\/regionalmuseum-langnau.ch\/wp-content\/uploads\/2023\/04\/Regionalmuseum-Chuechlihus-Identity-Tag-WS-Ka\u2560ese-im-RMC-ortreport_2022-72-200x133.jpg 200w, https:\/\/regionalmuseum-langnau.ch\/wp-content\/uploads\/2023\/04\/Regionalmuseum-Chuechlihus-Identity-Tag-WS-Ka\u2560ese-im-RMC-ortreport_2022-72-400x267.jpg 400w, https:\/\/regionalmuseum-langnau.ch\/wp-content\/uploads\/2023\/04\/Regionalmuseum-Chuechlihus-Identity-Tag-WS-Ka\u2560ese-im-RMC-ortreport_2022-72-600x400.jpg 600w, https:\/\/regionalmuseum-langnau.ch\/wp-content\/uploads\/2023\/04\/Regionalmuseum-Chuechlihus-Identity-Tag-WS-Ka\u2560ese-im-RMC-ortreport_2022-72-800x533.jpg 800w, https:\/\/regionalmuseum-langnau.ch\/wp-content\/uploads\/2023\/04\/Regionalmuseum-Chuechlihus-Identity-Tag-WS-Ka\u2560ese-im-RMC-ortreport_2022-72.jpg 1200w\" data-sizes=\"auto\" data-orig-sizes=\"(min-width: 2200px) 100vw, (min-width: 784px) 397px, (min-width: 712px) 595px, (min-width: 640px) 712px, \" \/><\/a><\/div><\/div><\/div><\/div><div class=\"fusion-text fusion-text-5\"><h4>Qu&rsquo;est-ce qui s&rsquo;est pass\u00e9 ensuite ?<\/h4>\n<ul>\n<li>Le poste d&rsquo;atelier a \u00e9t\u00e9 transform\u00e9 en un format de m\u00e9diation culturelle pour le mus\u00e9e et peut d\u00e9sormais \u00eatre r\u00e9serv\u00e9 comme offre pour les jeunes au mus\u00e9e r\u00e9gional Ch\u00fcechlihus.<\/li>\n<li>L&rsquo;un des tags a servi de mod\u00e8le pour le \u00ab\u00a0salon du fromage\u00a0\u00bb by Ortreport.<\/li>\n<\/ul>\n<\/div><div class=\"fusion-separator fusion-full-width-sep\" style=\"align-self: center;margin-left: auto;margin-right: auto;margin-top:30px;width:100%;\"><\/div><div class=\"fusion-text fusion-text-6\"><h6>Id\u00e9e 2<\/h6>\n<h4>\u00ab\u00a0Re-conception de gyroscopes\u00a0\u00bb<\/h4>\n<p>Nous collectons de nouveaux projets pour un embl\u00e8me de l&rsquo;Emmental pour le rond-point de l&rsquo;Ilfis de Langnau i.E. et l&rsquo;entr\u00e9e du village d&rsquo;Affoltern i.E.<\/p>\n<p><strong>Proc\u00e9dure<\/strong><\/p>\n<ul>\n<li>Chaque groupe met en \u0153uvre une id\u00e9e commune de mani\u00e8re collaborative.<\/li>\n<li>Les objets du mus\u00e9e sont photographi\u00e9s sous forme de polaro\u00efds et compl\u00e9t\u00e9s par des dessins.<\/li>\n<li>L&rsquo;\u00e9bauche collag\u00e9e est plac\u00e9e sur un mod\u00e8le pr\u00e9-produit du rond-point du village, puis photographi\u00e9e.<\/li>\n<li>Les nouvelles \u00e9bauches sont envoy\u00e9es sous forme de polaro\u00efds aux pr\u00e9sidents des communes.<\/li>\n<\/ul>\n<p><strong>Sujet<\/strong><\/p>\n<ul>\n<li>Le patrimoine culturel au mus\u00e9e<\/li>\n<li>Histoire culturelle du fromage<\/li>\n<li>Cr\u00e9ativit\u00e9 &amp; r\u00e9flexion sur l'(les) identit\u00e9(s)<\/li>\n<\/ul>\n<p><strong>Technique<\/strong><\/p>\n<ul>\n<li>Photomontage et dessin<\/li>\n<\/ul>\n<\/div><div class=\"awb-gallery-wrapper awb-gallery-wrapper-3 button-span-no\" style=\"--more-btn-alignment:center;\"><div style=\"margin:-5px;--awb-bordersize:0px;\" class=\"fusion-gallery fusion-gallery-container fusion-grid-3 fusion-columns-total-6 fusion-gallery-layout-grid fusion-gallery-3\"><div style=\"padding:5px;\" class=\"fusion-grid-column fusion-gallery-column fusion-gallery-column-3 hover-type-none\"><div class=\"fusion-gallery-image\"><a href=\"https:\/\/regionalmuseum-langnau.ch\/wp-content\/uploads\/2023\/04\/Regionalmuseum-Chuechlihus-Kreisel-ReDesign-WS-Ka\u2560ese-im-RMC-ortreport_2022-11.jpg\" rel=\"noreferrer\" data-rel=\"iLightbox[gallery_image_3]\" class=\"fusion-lightbox\" target=\"_self\"><img decoding=\"async\" src=\"https:\/\/regionalmuseum-langnau.ch\/wp-content\/uploads\/2023\/04\/Regionalmuseum-Chuechlihus-Kreisel-ReDesign-WS-Ka\u2560ese-im-RMC-ortreport_2022-11.jpg\" data-orig-src=\"https:\/\/regionalmuseum-langnau.ch\/wp-content\/uploads\/2023\/04\/Regionalmuseum-Chuechlihus-Kreisel-ReDesign-WS-Ka\u2560ese-im-RMC-ortreport_2022-11.jpg\" width=\"1200\" height=\"800\" alt=\"\" title=\"Regionalmuseum-Chuechlihus-Kreisel ReDesign WS Ka\u2560\u00ease im RMC ortreport_2022 (11)\" aria-label=\"Regionalmuseum-Chuechlihus-Kreisel ReDesign WS Ka\u2560\u00ease im RMC ortreport_2022 (11)\" class=\"lazyload img-responsive wp-image-7763\" srcset=\"data:image\/svg+xml,%3Csvg%20xmlns%3D%27http%3A%2F%2Fwww.w3.org%2F2000%2Fsvg%27%20width%3D%271200%27%20height%3D%27800%27%20viewBox%3D%270%200%201200%20800%27%3E%3Crect%20width%3D%271200%27%20height%3D%27800%27%20fill-opacity%3D%220%22%2F%3E%3C%2Fsvg%3E\" data-srcset=\"https:\/\/regionalmuseum-langnau.ch\/wp-content\/uploads\/2023\/04\/Regionalmuseum-Chuechlihus-Kreisel-ReDesign-WS-Ka\u2560ese-im-RMC-ortreport_2022-11-200x133.jpg 200w, https:\/\/regionalmuseum-langnau.ch\/wp-content\/uploads\/2023\/04\/Regionalmuseum-Chuechlihus-Kreisel-ReDesign-WS-Ka\u2560ese-im-RMC-ortreport_2022-11-400x267.jpg 400w, https:\/\/regionalmuseum-langnau.ch\/wp-content\/uploads\/2023\/04\/Regionalmuseum-Chuechlihus-Kreisel-ReDesign-WS-Ka\u2560ese-im-RMC-ortreport_2022-11-600x400.jpg 600w, https:\/\/regionalmuseum-langnau.ch\/wp-content\/uploads\/2023\/04\/Regionalmuseum-Chuechlihus-Kreisel-ReDesign-WS-Ka\u2560ese-im-RMC-ortreport_2022-11-800x533.jpg 800w, https:\/\/regionalmuseum-langnau.ch\/wp-content\/uploads\/2023\/04\/Regionalmuseum-Chuechlihus-Kreisel-ReDesign-WS-Ka\u2560ese-im-RMC-ortreport_2022-11.jpg 1200w\" data-sizes=\"auto\" data-orig-sizes=\"(min-width: 2200px) 100vw, (min-width: 784px) 397px, (min-width: 712px) 595px, (min-width: 640px) 712px, \" \/><\/a><\/div><\/div><div style=\"padding:5px;\" class=\"fusion-grid-column fusion-gallery-column fusion-gallery-column-3 hover-type-none\"><div class=\"fusion-gallery-image\"><a href=\"https:\/\/regionalmuseum-langnau.ch\/wp-content\/uploads\/2023\/04\/Regionalmuseum-Chuechlihus-Kreisel-ReDesign-WS-Ka\u2560ese-im-RMC-ortreport_2022-7.jpg\" rel=\"noreferrer\" data-rel=\"iLightbox[gallery_image_3]\" class=\"fusion-lightbox\" target=\"_self\"><img decoding=\"async\" src=\"https:\/\/regionalmuseum-langnau.ch\/wp-content\/uploads\/2023\/04\/Regionalmuseum-Chuechlihus-Kreisel-ReDesign-WS-Ka\u2560ese-im-RMC-ortreport_2022-7.jpg\" data-orig-src=\"https:\/\/regionalmuseum-langnau.ch\/wp-content\/uploads\/2023\/04\/Regionalmuseum-Chuechlihus-Kreisel-ReDesign-WS-Ka\u2560ese-im-RMC-ortreport_2022-7.jpg\" width=\"1200\" height=\"800\" alt=\"\" title=\"Regionalmuseum-Chuechlihus-Kreisel ReDesign WS Ka\u2560\u00ease im RMC ortreport_2022 (7)\" aria-label=\"Regionalmuseum-Chuechlihus-Kreisel ReDesign WS Ka\u2560\u00ease im RMC ortreport_2022 (7)\" class=\"lazyload img-responsive wp-image-7759\" srcset=\"data:image\/svg+xml,%3Csvg%20xmlns%3D%27http%3A%2F%2Fwww.w3.org%2F2000%2Fsvg%27%20width%3D%271200%27%20height%3D%27800%27%20viewBox%3D%270%200%201200%20800%27%3E%3Crect%20width%3D%271200%27%20height%3D%27800%27%20fill-opacity%3D%220%22%2F%3E%3C%2Fsvg%3E\" data-srcset=\"https:\/\/regionalmuseum-langnau.ch\/wp-content\/uploads\/2023\/04\/Regionalmuseum-Chuechlihus-Kreisel-ReDesign-WS-Ka\u2560ese-im-RMC-ortreport_2022-7-200x133.jpg 200w, https:\/\/regionalmuseum-langnau.ch\/wp-content\/uploads\/2023\/04\/Regionalmuseum-Chuechlihus-Kreisel-ReDesign-WS-Ka\u2560ese-im-RMC-ortreport_2022-7-400x267.jpg 400w, https:\/\/regionalmuseum-langnau.ch\/wp-content\/uploads\/2023\/04\/Regionalmuseum-Chuechlihus-Kreisel-ReDesign-WS-Ka\u2560ese-im-RMC-ortreport_2022-7-600x400.jpg 600w, https:\/\/regionalmuseum-langnau.ch\/wp-content\/uploads\/2023\/04\/Regionalmuseum-Chuechlihus-Kreisel-ReDesign-WS-Ka\u2560ese-im-RMC-ortreport_2022-7-800x533.jpg 800w, https:\/\/regionalmuseum-langnau.ch\/wp-content\/uploads\/2023\/04\/Regionalmuseum-Chuechlihus-Kreisel-ReDesign-WS-Ka\u2560ese-im-RMC-ortreport_2022-7.jpg 1200w\" data-sizes=\"auto\" data-orig-sizes=\"(min-width: 2200px) 100vw, (min-width: 784px) 397px, (min-width: 712px) 595px, (min-width: 640px) 712px, \" \/><\/a><\/div><\/div><div class=\"clearfix\"><\/div><div style=\"padding:5px;\" class=\"fusion-grid-column fusion-gallery-column fusion-gallery-column-3 hover-type-none\"><div class=\"fusion-gallery-image\"><a href=\"https:\/\/regionalmuseum-langnau.ch\/wp-content\/uploads\/2023\/04\/Regionalmuseum-Chuechlihus-Kreisel-ReDesign-WS-Ka\u2560ese-im-RMC-ortreport_2022-15.jpg\" rel=\"noreferrer\" data-rel=\"iLightbox[gallery_image_3]\" class=\"fusion-lightbox\" target=\"_self\"><img decoding=\"async\" src=\"https:\/\/regionalmuseum-langnau.ch\/wp-content\/uploads\/2023\/04\/Regionalmuseum-Chuechlihus-Kreisel-ReDesign-WS-Ka\u2560ese-im-RMC-ortreport_2022-15.jpg\" data-orig-src=\"https:\/\/regionalmuseum-langnau.ch\/wp-content\/uploads\/2023\/04\/Regionalmuseum-Chuechlihus-Kreisel-ReDesign-WS-Ka\u2560ese-im-RMC-ortreport_2022-15.jpg\" width=\"1200\" height=\"800\" alt=\"\" title=\"Regionalmuseum-Chuechlihus-Kreisel ReDesign WS Ka\u2560\u00ease im RMC ortreport_2022 (15)\" aria-label=\"Regionalmuseum-Chuechlihus-Kreisel ReDesign WS Ka\u2560\u00ease im RMC ortreport_2022 (15)\" class=\"lazyload img-responsive wp-image-7767\" srcset=\"data:image\/svg+xml,%3Csvg%20xmlns%3D%27http%3A%2F%2Fwww.w3.org%2F2000%2Fsvg%27%20width%3D%271200%27%20height%3D%27800%27%20viewBox%3D%270%200%201200%20800%27%3E%3Crect%20width%3D%271200%27%20height%3D%27800%27%20fill-opacity%3D%220%22%2F%3E%3C%2Fsvg%3E\" data-srcset=\"https:\/\/regionalmuseum-langnau.ch\/wp-content\/uploads\/2023\/04\/Regionalmuseum-Chuechlihus-Kreisel-ReDesign-WS-Ka\u2560ese-im-RMC-ortreport_2022-15-200x133.jpg 200w, https:\/\/regionalmuseum-langnau.ch\/wp-content\/uploads\/2023\/04\/Regionalmuseum-Chuechlihus-Kreisel-ReDesign-WS-Ka\u2560ese-im-RMC-ortreport_2022-15-400x267.jpg 400w, https:\/\/regionalmuseum-langnau.ch\/wp-content\/uploads\/2023\/04\/Regionalmuseum-Chuechlihus-Kreisel-ReDesign-WS-Ka\u2560ese-im-RMC-ortreport_2022-15-600x400.jpg 600w, https:\/\/regionalmuseum-langnau.ch\/wp-content\/uploads\/2023\/04\/Regionalmuseum-Chuechlihus-Kreisel-ReDesign-WS-Ka\u2560ese-im-RMC-ortreport_2022-15-800x533.jpg 800w, https:\/\/regionalmuseum-langnau.ch\/wp-content\/uploads\/2023\/04\/Regionalmuseum-Chuechlihus-Kreisel-ReDesign-WS-Ka\u2560ese-im-RMC-ortreport_2022-15.jpg 1200w\" data-sizes=\"auto\" data-orig-sizes=\"(min-width: 2200px) 100vw, (min-width: 784px) 397px, (min-width: 712px) 595px, (min-width: 640px) 712px, \" \/><\/a><\/div><\/div><div style=\"padding:5px;\" class=\"fusion-grid-column fusion-gallery-column fusion-gallery-column-3 hover-type-none\"><div class=\"fusion-gallery-image\"><a href=\"https:\/\/regionalmuseum-langnau.ch\/wp-content\/uploads\/2023\/05\/KreiselReDesignWSKaese-im-RMC-ortreport-komp.jpg\" rel=\"noreferrer\" data-rel=\"iLightbox[gallery_image_3]\" class=\"fusion-lightbox\" target=\"_self\"><img decoding=\"async\" src=\"https:\/\/regionalmuseum-langnau.ch\/wp-content\/uploads\/2023\/05\/KreiselReDesignWSKaese-im-RMC-ortreport-komp.jpg\" data-orig-src=\"https:\/\/regionalmuseum-langnau.ch\/wp-content\/uploads\/2023\/05\/KreiselReDesignWSKaese-im-RMC-ortreport-komp.jpg\" width=\"1024\" height=\"768\" alt=\"\" title=\"KreiselReDesignWSK\u00e4se-im-RMC-ortreport komp\" aria-label=\"KreiselReDesignWSK\u00e4se-im-RMC-ortreport komp\" class=\"lazyload img-responsive wp-image-8564\" srcset=\"data:image\/svg+xml,%3Csvg%20xmlns%3D%27http%3A%2F%2Fwww.w3.org%2F2000%2Fsvg%27%20width%3D%271024%27%20height%3D%27768%27%20viewBox%3D%270%200%201024%20768%27%3E%3Crect%20width%3D%271024%27%20height%3D%27768%27%20fill-opacity%3D%220%22%2F%3E%3C%2Fsvg%3E\" data-srcset=\"https:\/\/regionalmuseum-langnau.ch\/wp-content\/uploads\/2023\/05\/KreiselReDesignWSKaese-im-RMC-ortreport-komp-200x150.jpg 200w, https:\/\/regionalmuseum-langnau.ch\/wp-content\/uploads\/2023\/05\/KreiselReDesignWSKaese-im-RMC-ortreport-komp-400x300.jpg 400w, https:\/\/regionalmuseum-langnau.ch\/wp-content\/uploads\/2023\/05\/KreiselReDesignWSKaese-im-RMC-ortreport-komp-600x450.jpg 600w, https:\/\/regionalmuseum-langnau.ch\/wp-content\/uploads\/2023\/05\/KreiselReDesignWSKaese-im-RMC-ortreport-komp-800x600.jpg 800w, https:\/\/regionalmuseum-langnau.ch\/wp-content\/uploads\/2023\/05\/KreiselReDesignWSKaese-im-RMC-ortreport-komp.jpg 1024w\" data-sizes=\"auto\" data-orig-sizes=\"(min-width: 2200px) 100vw, (min-width: 784px) 397px, (min-width: 712px) 595px, (min-width: 640px) 712px, \" \/><\/a><\/div><\/div><div style=\"padding:5px;\" class=\"fusion-grid-column fusion-gallery-column fusion-gallery-column-3 hover-type-none\"><div class=\"fusion-gallery-image\"><a href=\"https:\/\/regionalmuseum-langnau.ch\/wp-content\/uploads\/2023\/04\/Regionalmuseum-Chuechlihus-Kreiselkreation-Kopflose-Tracht-DEF-Gruppe-1-1-RMC_2022.jpg\" rel=\"noreferrer\" data-rel=\"iLightbox[gallery_image_3]\" class=\"fusion-lightbox\" target=\"_self\"><img decoding=\"async\" src=\"https:\/\/regionalmuseum-langnau.ch\/wp-content\/uploads\/2023\/04\/Regionalmuseum-Chuechlihus-Kreiselkreation-Kopflose-Tracht-DEF-Gruppe-1-1-RMC_2022.jpg\" data-orig-src=\"https:\/\/regionalmuseum-langnau.ch\/wp-content\/uploads\/2023\/04\/Regionalmuseum-Chuechlihus-Kreiselkreation-Kopflose-Tracht-DEF-Gruppe-1-1-RMC_2022.jpg\" width=\"1200\" height=\"900\" alt=\"\" title=\"Regionalmuseum-Chuechlihus-Kreiselkreation Kopflose Tracht DEF Gruppe 1 1 RMC_2022\" aria-label=\"Regionalmuseum-Chuechlihus-Kreiselkreation Kopflose Tracht DEF Gruppe 1 1 RMC_2022\" class=\"lazyload img-responsive wp-image-7787\" srcset=\"data:image\/svg+xml,%3Csvg%20xmlns%3D%27http%3A%2F%2Fwww.w3.org%2F2000%2Fsvg%27%20width%3D%271200%27%20height%3D%27900%27%20viewBox%3D%270%200%201200%20900%27%3E%3Crect%20width%3D%271200%27%20height%3D%27900%27%20fill-opacity%3D%220%22%2F%3E%3C%2Fsvg%3E\" data-srcset=\"https:\/\/regionalmuseum-langnau.ch\/wp-content\/uploads\/2023\/04\/Regionalmuseum-Chuechlihus-Kreiselkreation-Kopflose-Tracht-DEF-Gruppe-1-1-RMC_2022-200x150.jpg 200w, https:\/\/regionalmuseum-langnau.ch\/wp-content\/uploads\/2023\/04\/Regionalmuseum-Chuechlihus-Kreiselkreation-Kopflose-Tracht-DEF-Gruppe-1-1-RMC_2022-400x300.jpg 400w, https:\/\/regionalmuseum-langnau.ch\/wp-content\/uploads\/2023\/04\/Regionalmuseum-Chuechlihus-Kreiselkreation-Kopflose-Tracht-DEF-Gruppe-1-1-RMC_2022-600x450.jpg 600w, https:\/\/regionalmuseum-langnau.ch\/wp-content\/uploads\/2023\/04\/Regionalmuseum-Chuechlihus-Kreiselkreation-Kopflose-Tracht-DEF-Gruppe-1-1-RMC_2022-800x600.jpg 800w, https:\/\/regionalmuseum-langnau.ch\/wp-content\/uploads\/2023\/04\/Regionalmuseum-Chuechlihus-Kreiselkreation-Kopflose-Tracht-DEF-Gruppe-1-1-RMC_2022.jpg 1200w\" data-sizes=\"auto\" data-orig-sizes=\"(min-width: 2200px) 100vw, (min-width: 784px) 397px, (min-width: 712px) 595px, (min-width: 640px) 712px, \" \/><\/a><\/div><\/div><div class=\"clearfix\"><\/div><div style=\"padding:5px;\" class=\"fusion-grid-column fusion-gallery-column fusion-gallery-column-3 hover-type-none\"><div class=\"fusion-gallery-image\"><a href=\"https:\/\/regionalmuseum-langnau.ch\/wp-content\/uploads\/2023\/05\/Kreisel-ReDesign-WSKaeseimRMC-ortreport_komp2.jpg\" rel=\"noreferrer\" data-rel=\"iLightbox[gallery_image_3]\" class=\"fusion-lightbox\" target=\"_self\"><img decoding=\"async\" src=\"https:\/\/regionalmuseum-langnau.ch\/wp-content\/uploads\/2023\/05\/Kreisel-ReDesign-WSKaeseimRMC-ortreport_komp2.jpg\" data-orig-src=\"https:\/\/regionalmuseum-langnau.ch\/wp-content\/uploads\/2023\/05\/Kreisel-ReDesign-WSKaeseimRMC-ortreport_komp2.jpg\" width=\"1024\" height=\"768\" alt=\"\" title=\"Kreisel ReDesign WSK\u00e4seimRMC ortreport_komp2\" aria-label=\"Kreisel ReDesign WSK\u00e4seimRMC ortreport_komp2\" class=\"lazyload img-responsive wp-image-8565\" srcset=\"data:image\/svg+xml,%3Csvg%20xmlns%3D%27http%3A%2F%2Fwww.w3.org%2F2000%2Fsvg%27%20width%3D%271024%27%20height%3D%27768%27%20viewBox%3D%270%200%201024%20768%27%3E%3Crect%20width%3D%271024%27%20height%3D%27768%27%20fill-opacity%3D%220%22%2F%3E%3C%2Fsvg%3E\" data-srcset=\"https:\/\/regionalmuseum-langnau.ch\/wp-content\/uploads\/2023\/05\/Kreisel-ReDesign-WSKaeseimRMC-ortreport_komp2-200x150.jpg 200w, https:\/\/regionalmuseum-langnau.ch\/wp-content\/uploads\/2023\/05\/Kreisel-ReDesign-WSKaeseimRMC-ortreport_komp2-400x300.jpg 400w, https:\/\/regionalmuseum-langnau.ch\/wp-content\/uploads\/2023\/05\/Kreisel-ReDesign-WSKaeseimRMC-ortreport_komp2-600x450.jpg 600w, https:\/\/regionalmuseum-langnau.ch\/wp-content\/uploads\/2023\/05\/Kreisel-ReDesign-WSKaeseimRMC-ortreport_komp2-800x600.jpg 800w, https:\/\/regionalmuseum-langnau.ch\/wp-content\/uploads\/2023\/05\/Kreisel-ReDesign-WSKaeseimRMC-ortreport_komp2.jpg 1024w\" data-sizes=\"auto\" data-orig-sizes=\"(min-width: 2200px) 100vw, (min-width: 784px) 397px, (min-width: 712px) 595px, (min-width: 640px) 712px, \" \/><\/a><\/div><\/div><\/div><\/div><div class=\"fusion-text fusion-text-7\"><h4>Qu&rsquo;est-ce qui s&rsquo;est pass\u00e9 ensuite ?<\/h4>\n<p>Malheureusement, les id\u00e9es ne peuvent pas \u00eatre mises en \u0153uvre dans l&rsquo;espace public. Les pr\u00e9sidents des communes ont toutefois remerci\u00e9 les participants pour leur apport cr\u00e9atif et ont propos\u00e9 des lieux alternatifs pour la mise en \u0153uvre.<\/p>\n<\/div><div class=\"fusion-separator fusion-full-width-sep\" style=\"align-self: center;margin-left: auto;margin-right: auto;margin-top:30px;width:100%;\"><\/div><div class=\"fusion-text fusion-text-8\"><h6>Id\u00e9e 3<\/h6>\n<h4>\u00ab\u00a0Tout au fromage\u00a0\u00bb<\/h4>\n<p>Nous cr\u00e9ons de nouveaux objets \u00e0 partir de vieux fromages.<\/p>\n<p><strong>Proc\u00e9dure<\/strong><\/p>\n<ul>\n<li>Chacun:e re\u00e7oit un morceau d&#8217;emmental de rebut.<\/li>\n<li>Brainstorming et esquisses d&rsquo;applications visionnaires possibles du fromage : un grand huit du fromage entre Langnau et Affoltern, la plus grande statue de trou de fromage du monde&#8230; ?<\/li>\n<li>Les fromages tri\u00e9s deviennent de nouveaux objets et utopies made in Emmental<\/li>\n<\/ul>\n<p><strong> <\/strong><strong>Sujet<\/strong><\/p>\n<ul>\n<li>Innovation : de nouvelles id\u00e9es pour les vieux fromages<\/li>\n<li>D\u00e9veloppement cr\u00e9atif de produits<\/li>\n<li>Se confronter au pr\u00e9sent et \u00e0 l&rsquo;avenir<\/li>\n<\/ul>\n<p><strong> <\/strong><strong>Technique<\/strong><\/p>\n<ul>\n<li>Bricolage<\/li>\n<\/ul>\n<\/div><div class=\"awb-gallery-wrapper awb-gallery-wrapper-4 button-span-no\" style=\"--more-btn-alignment:center;\"><div style=\"margin:-5px;--awb-bordersize:0px;\" class=\"fusion-gallery fusion-gallery-container fusion-grid-3 fusion-columns-total-6 fusion-gallery-layout-grid fusion-gallery-4\"><div style=\"padding:5px;\" class=\"fusion-grid-column fusion-gallery-column fusion-gallery-column-3 hover-type-none\"><div class=\"fusion-gallery-image\"><a href=\"https:\/\/regionalmuseum-langnau.ch\/wp-content\/uploads\/2023\/04\/Regionalmuseum-Chuechlihus-Alles-Ka\u2560ese-WS-Ka\u2560ese-im-RMC-ortreport_2022-20.jpg\" rel=\"noreferrer\" data-rel=\"iLightbox[gallery_image_4]\" class=\"fusion-lightbox\" target=\"_self\"><img decoding=\"async\" src=\"https:\/\/regionalmuseum-langnau.ch\/wp-content\/uploads\/2023\/04\/Regionalmuseum-Chuechlihus-Alles-Ka\u2560ese-WS-Ka\u2560ese-im-RMC-ortreport_2022-20.jpg\" data-orig-src=\"https:\/\/regionalmuseum-langnau.ch\/wp-content\/uploads\/2023\/04\/Regionalmuseum-Chuechlihus-Alles-Ka\u2560ese-WS-Ka\u2560ese-im-RMC-ortreport_2022-20.jpg\" width=\"1200\" height=\"800\" alt=\"\" title=\"Regionalmuseum-Chuechlihus-Alles Ka\u2560\u00ease WS Ka\u2560\u00ease im RMC ortreport_2022 (20)\" aria-label=\"Regionalmuseum-Chuechlihus-Alles Ka\u2560\u00ease WS Ka\u2560\u00ease im RMC ortreport_2022 (20)\" class=\"lazyload img-responsive wp-image-7485\" srcset=\"data:image\/svg+xml,%3Csvg%20xmlns%3D%27http%3A%2F%2Fwww.w3.org%2F2000%2Fsvg%27%20width%3D%271200%27%20height%3D%27800%27%20viewBox%3D%270%200%201200%20800%27%3E%3Crect%20width%3D%271200%27%20height%3D%27800%27%20fill-opacity%3D%220%22%2F%3E%3C%2Fsvg%3E\" data-srcset=\"https:\/\/regionalmuseum-langnau.ch\/wp-content\/uploads\/2023\/04\/Regionalmuseum-Chuechlihus-Alles-Ka\u2560ese-WS-Ka\u2560ese-im-RMC-ortreport_2022-20-200x133.jpg 200w, https:\/\/regionalmuseum-langnau.ch\/wp-content\/uploads\/2023\/04\/Regionalmuseum-Chuechlihus-Alles-Ka\u2560ese-WS-Ka\u2560ese-im-RMC-ortreport_2022-20-400x267.jpg 400w, https:\/\/regionalmuseum-langnau.ch\/wp-content\/uploads\/2023\/04\/Regionalmuseum-Chuechlihus-Alles-Ka\u2560ese-WS-Ka\u2560ese-im-RMC-ortreport_2022-20-600x400.jpg 600w, https:\/\/regionalmuseum-langnau.ch\/wp-content\/uploads\/2023\/04\/Regionalmuseum-Chuechlihus-Alles-Ka\u2560ese-WS-Ka\u2560ese-im-RMC-ortreport_2022-20-800x533.jpg 800w, https:\/\/regionalmuseum-langnau.ch\/wp-content\/uploads\/2023\/04\/Regionalmuseum-Chuechlihus-Alles-Ka\u2560ese-WS-Ka\u2560ese-im-RMC-ortreport_2022-20.jpg 1200w\" data-sizes=\"auto\" data-orig-sizes=\"(min-width: 2200px) 100vw, (min-width: 784px) 397px, (min-width: 712px) 595px, (min-width: 640px) 712px, \" \/><\/a><\/div><\/div><div style=\"padding:5px;\" class=\"fusion-grid-column fusion-gallery-column fusion-gallery-column-3 hover-type-none\"><div class=\"fusion-gallery-image\"><a href=\"https:\/\/regionalmuseum-langnau.ch\/wp-content\/uploads\/2023\/04\/Regionalmuseum-Chuechlihus-Alles-Ka\u2560ese-WS-Ka\u2560ese-im-RMC-ortreport_2022-31.jpg\" rel=\"noreferrer\" data-rel=\"iLightbox[gallery_image_4]\" class=\"fusion-lightbox\" target=\"_self\"><img decoding=\"async\" src=\"https:\/\/regionalmuseum-langnau.ch\/wp-content\/uploads\/2023\/04\/Regionalmuseum-Chuechlihus-Alles-Ka\u2560ese-WS-Ka\u2560ese-im-RMC-ortreport_2022-31.jpg\" data-orig-src=\"https:\/\/regionalmuseum-langnau.ch\/wp-content\/uploads\/2023\/04\/Regionalmuseum-Chuechlihus-Alles-Ka\u2560ese-WS-Ka\u2560ese-im-RMC-ortreport_2022-31.jpg\" width=\"1200\" height=\"800\" alt=\"\" title=\"Regionalmuseum-Chuechlihus-Alles Ka\u2560\u00ease WS Ka\u2560\u00ease im RMC ortreport_2022 (31)\" aria-label=\"Regionalmuseum-Chuechlihus-Alles Ka\u2560\u00ease WS Ka\u2560\u00ease im RMC ortreport_2022 (31)\" class=\"lazyload img-responsive wp-image-7494\" srcset=\"data:image\/svg+xml,%3Csvg%20xmlns%3D%27http%3A%2F%2Fwww.w3.org%2F2000%2Fsvg%27%20width%3D%271200%27%20height%3D%27800%27%20viewBox%3D%270%200%201200%20800%27%3E%3Crect%20width%3D%271200%27%20height%3D%27800%27%20fill-opacity%3D%220%22%2F%3E%3C%2Fsvg%3E\" data-srcset=\"https:\/\/regionalmuseum-langnau.ch\/wp-content\/uploads\/2023\/04\/Regionalmuseum-Chuechlihus-Alles-Ka\u2560ese-WS-Ka\u2560ese-im-RMC-ortreport_2022-31-200x133.jpg 200w, https:\/\/regionalmuseum-langnau.ch\/wp-content\/uploads\/2023\/04\/Regionalmuseum-Chuechlihus-Alles-Ka\u2560ese-WS-Ka\u2560ese-im-RMC-ortreport_2022-31-400x267.jpg 400w, https:\/\/regionalmuseum-langnau.ch\/wp-content\/uploads\/2023\/04\/Regionalmuseum-Chuechlihus-Alles-Ka\u2560ese-WS-Ka\u2560ese-im-RMC-ortreport_2022-31-600x400.jpg 600w, https:\/\/regionalmuseum-langnau.ch\/wp-content\/uploads\/2023\/04\/Regionalmuseum-Chuechlihus-Alles-Ka\u2560ese-WS-Ka\u2560ese-im-RMC-ortreport_2022-31-800x533.jpg 800w, https:\/\/regionalmuseum-langnau.ch\/wp-content\/uploads\/2023\/04\/Regionalmuseum-Chuechlihus-Alles-Ka\u2560ese-WS-Ka\u2560ese-im-RMC-ortreport_2022-31.jpg 1200w\" data-sizes=\"auto\" data-orig-sizes=\"(min-width: 2200px) 100vw, (min-width: 784px) 397px, (min-width: 712px) 595px, (min-width: 640px) 712px, \" \/><\/a><\/div><\/div><div class=\"clearfix\"><\/div><div style=\"padding:5px;\" class=\"fusion-grid-column fusion-gallery-column fusion-gallery-column-3 hover-type-none\"><div class=\"fusion-gallery-image\"><a href=\"https:\/\/regionalmuseum-langnau.ch\/wp-content\/uploads\/2023\/04\/Regionalmuseum-Chuechlihus-Alles-Ka\u2560ese-WS-Ka\u2560ese-im-RMC-ortreport_2022-7.jpg\" rel=\"noreferrer\" data-rel=\"iLightbox[gallery_image_4]\" class=\"fusion-lightbox\" target=\"_self\"><img decoding=\"async\" src=\"https:\/\/regionalmuseum-langnau.ch\/wp-content\/uploads\/2023\/04\/Regionalmuseum-Chuechlihus-Alles-Ka\u2560ese-WS-Ka\u2560ese-im-RMC-ortreport_2022-7.jpg\" data-orig-src=\"https:\/\/regionalmuseum-langnau.ch\/wp-content\/uploads\/2023\/04\/Regionalmuseum-Chuechlihus-Alles-Ka\u2560ese-WS-Ka\u2560ese-im-RMC-ortreport_2022-7.jpg\" width=\"1200\" height=\"800\" alt=\"\" title=\"Regionalmuseum-Chuechlihus-Alles Ka\u2560\u00ease WS Ka\u2560\u00ease im RMC ortreport_2022 (7)\" aria-label=\"Regionalmuseum-Chuechlihus-Alles Ka\u2560\u00ease WS Ka\u2560\u00ease im RMC ortreport_2022 (7)\" class=\"lazyload img-responsive wp-image-7475\" srcset=\"data:image\/svg+xml,%3Csvg%20xmlns%3D%27http%3A%2F%2Fwww.w3.org%2F2000%2Fsvg%27%20width%3D%271200%27%20height%3D%27800%27%20viewBox%3D%270%200%201200%20800%27%3E%3Crect%20width%3D%271200%27%20height%3D%27800%27%20fill-opacity%3D%220%22%2F%3E%3C%2Fsvg%3E\" data-srcset=\"https:\/\/regionalmuseum-langnau.ch\/wp-content\/uploads\/2023\/04\/Regionalmuseum-Chuechlihus-Alles-Ka\u2560ese-WS-Ka\u2560ese-im-RMC-ortreport_2022-7-200x133.jpg 200w, https:\/\/regionalmuseum-langnau.ch\/wp-content\/uploads\/2023\/04\/Regionalmuseum-Chuechlihus-Alles-Ka\u2560ese-WS-Ka\u2560ese-im-RMC-ortreport_2022-7-400x267.jpg 400w, https:\/\/regionalmuseum-langnau.ch\/wp-content\/uploads\/2023\/04\/Regionalmuseum-Chuechlihus-Alles-Ka\u2560ese-WS-Ka\u2560ese-im-RMC-ortreport_2022-7-600x400.jpg 600w, https:\/\/regionalmuseum-langnau.ch\/wp-content\/uploads\/2023\/04\/Regionalmuseum-Chuechlihus-Alles-Ka\u2560ese-WS-Ka\u2560ese-im-RMC-ortreport_2022-7-800x533.jpg 800w, https:\/\/regionalmuseum-langnau.ch\/wp-content\/uploads\/2023\/04\/Regionalmuseum-Chuechlihus-Alles-Ka\u2560ese-WS-Ka\u2560ese-im-RMC-ortreport_2022-7.jpg 1200w\" data-sizes=\"auto\" data-orig-sizes=\"(min-width: 2200px) 100vw, (min-width: 784px) 397px, (min-width: 712px) 595px, (min-width: 640px) 712px, \" \/><\/a><\/div><\/div><div style=\"padding:5px;\" class=\"fusion-grid-column fusion-gallery-column fusion-gallery-column-3 hover-type-none\"><div class=\"fusion-gallery-image\"><a href=\"https:\/\/regionalmuseum-langnau.ch\/wp-content\/uploads\/2023\/04\/Regionalmuseum-Chuechlihus-Alles-Ka\u2560ese-WS-Ka\u2560ese-im-RMC-ortreport_2022-15.jpg\" rel=\"noreferrer\" data-rel=\"iLightbox[gallery_image_4]\" class=\"fusion-lightbox\" target=\"_self\"><img decoding=\"async\" src=\"https:\/\/regionalmuseum-langnau.ch\/wp-content\/uploads\/2023\/04\/Regionalmuseum-Chuechlihus-Alles-Ka\u2560ese-WS-Ka\u2560ese-im-RMC-ortreport_2022-15.jpg\" data-orig-src=\"https:\/\/regionalmuseum-langnau.ch\/wp-content\/uploads\/2023\/04\/Regionalmuseum-Chuechlihus-Alles-Ka\u2560ese-WS-Ka\u2560ese-im-RMC-ortreport_2022-15.jpg\" width=\"1200\" height=\"800\" alt=\"\" title=\"Regionalmuseum-Chuechlihus-Alles Ka\u2560\u00ease WS Ka\u2560\u00ease im RMC ortreport_2022 (15)\" aria-label=\"Regionalmuseum-Chuechlihus-Alles Ka\u2560\u00ease WS Ka\u2560\u00ease im RMC ortreport_2022 (15)\" class=\"lazyload img-responsive wp-image-7481\" srcset=\"data:image\/svg+xml,%3Csvg%20xmlns%3D%27http%3A%2F%2Fwww.w3.org%2F2000%2Fsvg%27%20width%3D%271200%27%20height%3D%27800%27%20viewBox%3D%270%200%201200%20800%27%3E%3Crect%20width%3D%271200%27%20height%3D%27800%27%20fill-opacity%3D%220%22%2F%3E%3C%2Fsvg%3E\" data-srcset=\"https:\/\/regionalmuseum-langnau.ch\/wp-content\/uploads\/2023\/04\/Regionalmuseum-Chuechlihus-Alles-Ka\u2560ese-WS-Ka\u2560ese-im-RMC-ortreport_2022-15-200x133.jpg 200w, https:\/\/regionalmuseum-langnau.ch\/wp-content\/uploads\/2023\/04\/Regionalmuseum-Chuechlihus-Alles-Ka\u2560ese-WS-Ka\u2560ese-im-RMC-ortreport_2022-15-400x267.jpg 400w, https:\/\/regionalmuseum-langnau.ch\/wp-content\/uploads\/2023\/04\/Regionalmuseum-Chuechlihus-Alles-Ka\u2560ese-WS-Ka\u2560ese-im-RMC-ortreport_2022-15-600x400.jpg 600w, https:\/\/regionalmuseum-langnau.ch\/wp-content\/uploads\/2023\/04\/Regionalmuseum-Chuechlihus-Alles-Ka\u2560ese-WS-Ka\u2560ese-im-RMC-ortreport_2022-15-800x533.jpg 800w, https:\/\/regionalmuseum-langnau.ch\/wp-content\/uploads\/2023\/04\/Regionalmuseum-Chuechlihus-Alles-Ka\u2560ese-WS-Ka\u2560ese-im-RMC-ortreport_2022-15.jpg 1200w\" data-sizes=\"auto\" data-orig-sizes=\"(min-width: 2200px) 100vw, (min-width: 784px) 397px, (min-width: 712px) 595px, (min-width: 640px) 712px, \" \/><\/a><\/div><\/div><div style=\"padding:5px;\" class=\"fusion-grid-column fusion-gallery-column fusion-gallery-column-3 hover-type-none\"><div class=\"fusion-gallery-image\"><a href=\"https:\/\/regionalmuseum-langnau.ch\/wp-content\/uploads\/2023\/04\/Regionalmuseum-Chuechlihus-Alles-Ka\u2560ese-WS-Ka\u2560ese-im-RMC-ortreport_2022-9.jpg\" rel=\"noreferrer\" data-rel=\"iLightbox[gallery_image_4]\" class=\"fusion-lightbox\" target=\"_self\"><img decoding=\"async\" src=\"https:\/\/regionalmuseum-langnau.ch\/wp-content\/uploads\/2023\/04\/Regionalmuseum-Chuechlihus-Alles-Ka\u2560ese-WS-Ka\u2560ese-im-RMC-ortreport_2022-9.jpg\" data-orig-src=\"https:\/\/regionalmuseum-langnau.ch\/wp-content\/uploads\/2023\/04\/Regionalmuseum-Chuechlihus-Alles-Ka\u2560ese-WS-Ka\u2560ese-im-RMC-ortreport_2022-9.jpg\" width=\"1200\" height=\"800\" alt=\"\" title=\"Regionalmuseum-Chuechlihus-Alles Ka\u2560\u00ease WS Ka\u2560\u00ease im RMC ortreport_2022 (9)\" aria-label=\"Regionalmuseum-Chuechlihus-Alles Ka\u2560\u00ease WS Ka\u2560\u00ease im RMC ortreport_2022 (9)\" class=\"lazyload img-responsive wp-image-7477\" srcset=\"data:image\/svg+xml,%3Csvg%20xmlns%3D%27http%3A%2F%2Fwww.w3.org%2F2000%2Fsvg%27%20width%3D%271200%27%20height%3D%27800%27%20viewBox%3D%270%200%201200%20800%27%3E%3Crect%20width%3D%271200%27%20height%3D%27800%27%20fill-opacity%3D%220%22%2F%3E%3C%2Fsvg%3E\" data-srcset=\"https:\/\/regionalmuseum-langnau.ch\/wp-content\/uploads\/2023\/04\/Regionalmuseum-Chuechlihus-Alles-Ka\u2560ese-WS-Ka\u2560ese-im-RMC-ortreport_2022-9-200x133.jpg 200w, https:\/\/regionalmuseum-langnau.ch\/wp-content\/uploads\/2023\/04\/Regionalmuseum-Chuechlihus-Alles-Ka\u2560ese-WS-Ka\u2560ese-im-RMC-ortreport_2022-9-400x267.jpg 400w, https:\/\/regionalmuseum-langnau.ch\/wp-content\/uploads\/2023\/04\/Regionalmuseum-Chuechlihus-Alles-Ka\u2560ese-WS-Ka\u2560ese-im-RMC-ortreport_2022-9-600x400.jpg 600w, https:\/\/regionalmuseum-langnau.ch\/wp-content\/uploads\/2023\/04\/Regionalmuseum-Chuechlihus-Alles-Ka\u2560ese-WS-Ka\u2560ese-im-RMC-ortreport_2022-9-800x533.jpg 800w, https:\/\/regionalmuseum-langnau.ch\/wp-content\/uploads\/2023\/04\/Regionalmuseum-Chuechlihus-Alles-Ka\u2560ese-WS-Ka\u2560ese-im-RMC-ortreport_2022-9.jpg 1200w\" data-sizes=\"auto\" data-orig-sizes=\"(min-width: 2200px) 100vw, (min-width: 784px) 397px, (min-width: 712px) 595px, (min-width: 640px) 712px, \" \/><\/a><\/div><\/div><div class=\"clearfix\"><\/div><div style=\"padding:5px;\" class=\"fusion-grid-column fusion-gallery-column fusion-gallery-column-3 hover-type-none\"><div class=\"fusion-gallery-image\"><a href=\"https:\/\/regionalmuseum-langnau.ch\/wp-content\/uploads\/2023\/05\/Alles-Kaese-WS-ortreport-im-RMC-komp-1024x768-1.jpg\" rel=\"noreferrer\" data-rel=\"iLightbox[gallery_image_4]\" class=\"fusion-lightbox\" target=\"_self\"><img decoding=\"async\" src=\"https:\/\/regionalmuseum-langnau.ch\/wp-content\/uploads\/2023\/05\/Alles-Kaese-WS-ortreport-im-RMC-komp-1024x768-1.jpg\" data-orig-src=\"https:\/\/regionalmuseum-langnau.ch\/wp-content\/uploads\/2023\/05\/Alles-Kaese-WS-ortreport-im-RMC-komp-1024x768-1.jpg\" width=\"1024\" height=\"683\" alt=\"\" title=\"Alles K\u00e4se WS ortreport im RMC komp 1024&#215;768\" aria-label=\"Alles K\u00e4se WS ortreport im RMC komp 1024&#215;768\" class=\"lazyload img-responsive wp-image-8583\" srcset=\"data:image\/svg+xml,%3Csvg%20xmlns%3D%27http%3A%2F%2Fwww.w3.org%2F2000%2Fsvg%27%20width%3D%271024%27%20height%3D%27683%27%20viewBox%3D%270%200%201024%20683%27%3E%3Crect%20width%3D%271024%27%20height%3D%27683%27%20fill-opacity%3D%220%22%2F%3E%3C%2Fsvg%3E\" data-srcset=\"https:\/\/regionalmuseum-langnau.ch\/wp-content\/uploads\/2023\/05\/Alles-Kaese-WS-ortreport-im-RMC-komp-1024x768-1-200x133.jpg 200w, https:\/\/regionalmuseum-langnau.ch\/wp-content\/uploads\/2023\/05\/Alles-Kaese-WS-ortreport-im-RMC-komp-1024x768-1-400x267.jpg 400w, https:\/\/regionalmuseum-langnau.ch\/wp-content\/uploads\/2023\/05\/Alles-Kaese-WS-ortreport-im-RMC-komp-1024x768-1-600x400.jpg 600w, https:\/\/regionalmuseum-langnau.ch\/wp-content\/uploads\/2023\/05\/Alles-Kaese-WS-ortreport-im-RMC-komp-1024x768-1-800x534.jpg 800w, https:\/\/regionalmuseum-langnau.ch\/wp-content\/uploads\/2023\/05\/Alles-Kaese-WS-ortreport-im-RMC-komp-1024x768-1.jpg 1024w\" data-sizes=\"auto\" data-orig-sizes=\"(min-width: 2200px) 100vw, (min-width: 784px) 397px, (min-width: 712px) 595px, (min-width: 640px) 712px, \" \/><\/a><\/div><\/div><\/div><\/div><div class=\"fusion-text fusion-text-9\"><h4>Qu&rsquo;est-ce qui s&rsquo;est pass\u00e9 ensuite ?<\/h4>\n<ul>\n<li>Des id\u00e9es de si\u00e8ges pour le fromage ont servi d&rsquo;inspiration pour le \u00ab\u00a0salon du fromage\u00a0\u00bb by Ortreport.<\/li>\n<\/ul>\n<p>Nous n&rsquo;avons pas connaissance d&rsquo;autres d\u00e9veloppements de produits. La fromagerie de d\u00e9monstration de l&rsquo;Emmental est toutefois enthousiaste quant aux id\u00e9es cr\u00e9atives.<\/p>\n<\/div><div class=\"fusion-separator fusion-full-width-sep\" style=\"align-self: center;margin-left: auto;margin-right: auto;margin-top:30px;width:100%;\"><\/div><div class=\"fusion-text fusion-text-10\"><h6>Id\u00e9e 4<\/h6>\n<h4>\u00ab\u00a0Super souvenirs\u00a0\u00bb<\/h4>\n<p>Nous inventons de nouveaux souvenirs utopiques, parfois abstraits, pour notre \u00ab\u00a0patrie\u00a0\u00bb.<\/p>\n<p><strong>Proc\u00e9dure<\/strong><\/p>\n<ul>\n<li>Chacun apporte un souvenir d&rsquo;un voyage pass\u00e9 et nous en faisons une petite exposition.<\/li>\n<li>Sur des post-its, nous rassemblons des id\u00e9es pour de nouveaux souvenirs fous pour notre propre village ou r\u00e9gion.<\/li>\n<li>Chacun met en \u0153uvre une id\u00e9e en Fimo : des aimants pour r\u00e9frig\u00e9rateur sont cr\u00e9\u00e9s.<\/li>\n<li>Apr\u00e8s la cuisson, les objets font partie de la collection du mus\u00e9e.<\/li>\n<\/ul>\n<p><strong>Sujet<\/strong><\/p>\n<ul>\n<li>Culture de la m\u00e9moire<\/li>\n<li>Se confronter au pr\u00e9sent et \u00e0 l&rsquo;avenir<\/li>\n<li>Cr\u00e9ativit\u00e9 &amp; r\u00e9flexion sur le th\u00e8me du tourisme &amp; de la repr\u00e9sentation\/marketing de l&rsquo;identit\u00e9(s)<\/li>\n<\/ul>\n<p><strong> <\/strong><\/p>\n<p><strong>Technique<\/strong><\/p>\n<ul>\n<li>Bricolage<\/li>\n<\/ul>\n<\/div><div class=\"awb-gallery-wrapper awb-gallery-wrapper-5 button-span-no\" style=\"--more-btn-alignment:center;\"><div style=\"margin:-5px;--awb-bordersize:0px;\" class=\"fusion-gallery fusion-gallery-container fusion-grid-3 fusion-columns-total-6 fusion-gallery-layout-grid fusion-gallery-5\"><div style=\"padding:5px;\" class=\"fusion-grid-column fusion-gallery-column fusion-gallery-column-3 hover-type-none\"><div class=\"fusion-gallery-image\"><a href=\"https:\/\/regionalmuseum-langnau.ch\/wp-content\/uploads\/2023\/04\/Regionalmuseum-Chuechlihus-Super-Souvenirs-WS-Ka\u2560ese-im-RMC-ortreport_2022-10.jpg\" rel=\"noreferrer\" data-rel=\"iLightbox[gallery_image_5]\" class=\"fusion-lightbox\" target=\"_self\"><img decoding=\"async\" src=\"https:\/\/regionalmuseum-langnau.ch\/wp-content\/uploads\/2023\/04\/Regionalmuseum-Chuechlihus-Super-Souvenirs-WS-Ka\u2560ese-im-RMC-ortreport_2022-10.jpg\" data-orig-src=\"https:\/\/regionalmuseum-langnau.ch\/wp-content\/uploads\/2023\/04\/Regionalmuseum-Chuechlihus-Super-Souvenirs-WS-Ka\u2560ese-im-RMC-ortreport_2022-10.jpg\" width=\"1200\" height=\"800\" alt=\"\" title=\"Regionalmuseum-Chuechlihus-Super Souvenirs WS Ka\u2560\u00ease im RMC ortreport_2022 (10)\" aria-label=\"Regionalmuseum-Chuechlihus-Super Souvenirs WS Ka\u2560\u00ease im RMC ortreport_2022 (10)\" class=\"lazyload img-responsive wp-image-8007\" srcset=\"data:image\/svg+xml,%3Csvg%20xmlns%3D%27http%3A%2F%2Fwww.w3.org%2F2000%2Fsvg%27%20width%3D%271200%27%20height%3D%27800%27%20viewBox%3D%270%200%201200%20800%27%3E%3Crect%20width%3D%271200%27%20height%3D%27800%27%20fill-opacity%3D%220%22%2F%3E%3C%2Fsvg%3E\" data-srcset=\"https:\/\/regionalmuseum-langnau.ch\/wp-content\/uploads\/2023\/04\/Regionalmuseum-Chuechlihus-Super-Souvenirs-WS-Ka\u2560ese-im-RMC-ortreport_2022-10-200x133.jpg 200w, https:\/\/regionalmuseum-langnau.ch\/wp-content\/uploads\/2023\/04\/Regionalmuseum-Chuechlihus-Super-Souvenirs-WS-Ka\u2560ese-im-RMC-ortreport_2022-10-400x267.jpg 400w, https:\/\/regionalmuseum-langnau.ch\/wp-content\/uploads\/2023\/04\/Regionalmuseum-Chuechlihus-Super-Souvenirs-WS-Ka\u2560ese-im-RMC-ortreport_2022-10-600x400.jpg 600w, https:\/\/regionalmuseum-langnau.ch\/wp-content\/uploads\/2023\/04\/Regionalmuseum-Chuechlihus-Super-Souvenirs-WS-Ka\u2560ese-im-RMC-ortreport_2022-10-800x533.jpg 800w, https:\/\/regionalmuseum-langnau.ch\/wp-content\/uploads\/2023\/04\/Regionalmuseum-Chuechlihus-Super-Souvenirs-WS-Ka\u2560ese-im-RMC-ortreport_2022-10.jpg 1200w\" data-sizes=\"auto\" data-orig-sizes=\"(min-width: 2200px) 100vw, (min-width: 784px) 397px, (min-width: 712px) 595px, (min-width: 640px) 712px, \" \/><\/a><\/div><\/div><div style=\"padding:5px;\" class=\"fusion-grid-column fusion-gallery-column fusion-gallery-column-3 hover-type-none\"><div class=\"fusion-gallery-image\"><a href=\"https:\/\/regionalmuseum-langnau.ch\/wp-content\/uploads\/2023\/04\/Regionalmuseum-Chuechlihus-Super-Souvenirs-WS-Ka\u2560ese-im-RMC-ortreport_2022-9.jpg\" rel=\"noreferrer\" data-rel=\"iLightbox[gallery_image_5]\" class=\"fusion-lightbox\" target=\"_self\"><img decoding=\"async\" src=\"https:\/\/regionalmuseum-langnau.ch\/wp-content\/uploads\/2023\/04\/Regionalmuseum-Chuechlihus-Super-Souvenirs-WS-Ka\u2560ese-im-RMC-ortreport_2022-9.jpg\" data-orig-src=\"https:\/\/regionalmuseum-langnau.ch\/wp-content\/uploads\/2023\/04\/Regionalmuseum-Chuechlihus-Super-Souvenirs-WS-Ka\u2560ese-im-RMC-ortreport_2022-9.jpg\" width=\"1200\" height=\"800\" alt=\"\" title=\"Regionalmuseum-Chuechlihus-Super Souvenirs WS Ka\u2560\u00ease im RMC ortreport_2022 (9)\" aria-label=\"Regionalmuseum-Chuechlihus-Super Souvenirs WS Ka\u2560\u00ease im RMC ortreport_2022 (9)\" class=\"lazyload img-responsive wp-image-8006\" srcset=\"data:image\/svg+xml,%3Csvg%20xmlns%3D%27http%3A%2F%2Fwww.w3.org%2F2000%2Fsvg%27%20width%3D%271200%27%20height%3D%27800%27%20viewBox%3D%270%200%201200%20800%27%3E%3Crect%20width%3D%271200%27%20height%3D%27800%27%20fill-opacity%3D%220%22%2F%3E%3C%2Fsvg%3E\" data-srcset=\"https:\/\/regionalmuseum-langnau.ch\/wp-content\/uploads\/2023\/04\/Regionalmuseum-Chuechlihus-Super-Souvenirs-WS-Ka\u2560ese-im-RMC-ortreport_2022-9-200x133.jpg 200w, https:\/\/regionalmuseum-langnau.ch\/wp-content\/uploads\/2023\/04\/Regionalmuseum-Chuechlihus-Super-Souvenirs-WS-Ka\u2560ese-im-RMC-ortreport_2022-9-400x267.jpg 400w, https:\/\/regionalmuseum-langnau.ch\/wp-content\/uploads\/2023\/04\/Regionalmuseum-Chuechlihus-Super-Souvenirs-WS-Ka\u2560ese-im-RMC-ortreport_2022-9-600x400.jpg 600w, https:\/\/regionalmuseum-langnau.ch\/wp-content\/uploads\/2023\/04\/Regionalmuseum-Chuechlihus-Super-Souvenirs-WS-Ka\u2560ese-im-RMC-ortreport_2022-9-800x533.jpg 800w, https:\/\/regionalmuseum-langnau.ch\/wp-content\/uploads\/2023\/04\/Regionalmuseum-Chuechlihus-Super-Souvenirs-WS-Ka\u2560ese-im-RMC-ortreport_2022-9.jpg 1200w\" data-sizes=\"auto\" data-orig-sizes=\"(min-width: 2200px) 100vw, (min-width: 784px) 397px, (min-width: 712px) 595px, (min-width: 640px) 712px, \" \/><\/a><\/div><\/div><div class=\"clearfix\"><\/div><div style=\"padding:5px;\" class=\"fusion-grid-column fusion-gallery-column fusion-gallery-column-3 hover-type-none\"><div class=\"fusion-gallery-image\"><a href=\"https:\/\/regionalmuseum-langnau.ch\/wp-content\/uploads\/2023\/04\/Regionalmuseum-Chuechlihus-Super-Souvenirs-WS-Ka\u2560ese-im-RMC-ortreport_2022-31.jpg\" rel=\"noreferrer\" data-rel=\"iLightbox[gallery_image_5]\" class=\"fusion-lightbox\" target=\"_self\"><img decoding=\"async\" src=\"https:\/\/regionalmuseum-langnau.ch\/wp-content\/uploads\/2023\/04\/Regionalmuseum-Chuechlihus-Super-Souvenirs-WS-Ka\u2560ese-im-RMC-ortreport_2022-31.jpg\" data-orig-src=\"https:\/\/regionalmuseum-langnau.ch\/wp-content\/uploads\/2023\/04\/Regionalmuseum-Chuechlihus-Super-Souvenirs-WS-Ka\u2560ese-im-RMC-ortreport_2022-31.jpg\" width=\"1200\" height=\"800\" alt=\"\" title=\"Regionalmuseum-Chuechlihus-Super Souvenirs WS Ka\u2560\u00ease im RMC ortreport_2022 (31)\" aria-label=\"Regionalmuseum-Chuechlihus-Super Souvenirs WS Ka\u2560\u00ease im RMC ortreport_2022 (31)\" class=\"lazyload img-responsive wp-image-8024\" srcset=\"data:image\/svg+xml,%3Csvg%20xmlns%3D%27http%3A%2F%2Fwww.w3.org%2F2000%2Fsvg%27%20width%3D%271200%27%20height%3D%27800%27%20viewBox%3D%270%200%201200%20800%27%3E%3Crect%20width%3D%271200%27%20height%3D%27800%27%20fill-opacity%3D%220%22%2F%3E%3C%2Fsvg%3E\" data-srcset=\"https:\/\/regionalmuseum-langnau.ch\/wp-content\/uploads\/2023\/04\/Regionalmuseum-Chuechlihus-Super-Souvenirs-WS-Ka\u2560ese-im-RMC-ortreport_2022-31-200x133.jpg 200w, https:\/\/regionalmuseum-langnau.ch\/wp-content\/uploads\/2023\/04\/Regionalmuseum-Chuechlihus-Super-Souvenirs-WS-Ka\u2560ese-im-RMC-ortreport_2022-31-400x267.jpg 400w, https:\/\/regionalmuseum-langnau.ch\/wp-content\/uploads\/2023\/04\/Regionalmuseum-Chuechlihus-Super-Souvenirs-WS-Ka\u2560ese-im-RMC-ortreport_2022-31-600x400.jpg 600w, https:\/\/regionalmuseum-langnau.ch\/wp-content\/uploads\/2023\/04\/Regionalmuseum-Chuechlihus-Super-Souvenirs-WS-Ka\u2560ese-im-RMC-ortreport_2022-31-800x533.jpg 800w, https:\/\/regionalmuseum-langnau.ch\/wp-content\/uploads\/2023\/04\/Regionalmuseum-Chuechlihus-Super-Souvenirs-WS-Ka\u2560ese-im-RMC-ortreport_2022-31.jpg 1200w\" data-sizes=\"auto\" data-orig-sizes=\"(min-width: 2200px) 100vw, (min-width: 784px) 397px, (min-width: 712px) 595px, (min-width: 640px) 712px, \" \/><\/a><\/div><\/div><div style=\"padding:5px;\" class=\"fusion-grid-column fusion-gallery-column fusion-gallery-column-3 hover-type-none\"><div class=\"fusion-gallery-image\"><a href=\"https:\/\/regionalmuseum-langnau.ch\/wp-content\/uploads\/2023\/04\/Regionalmuseum-Chuechlihus-Super-Souvenirs-WS-Ka\u2560ese-im-RMC-ortreport_2022-32.jpg\" rel=\"noreferrer\" data-rel=\"iLightbox[gallery_image_5]\" class=\"fusion-lightbox\" target=\"_self\"><img decoding=\"async\" src=\"https:\/\/regionalmuseum-langnau.ch\/wp-content\/uploads\/2023\/04\/Regionalmuseum-Chuechlihus-Super-Souvenirs-WS-Ka\u2560ese-im-RMC-ortreport_2022-32.jpg\" data-orig-src=\"https:\/\/regionalmuseum-langnau.ch\/wp-content\/uploads\/2023\/04\/Regionalmuseum-Chuechlihus-Super-Souvenirs-WS-Ka\u2560ese-im-RMC-ortreport_2022-32.jpg\" width=\"1200\" height=\"800\" alt=\"\" title=\"Regionalmuseum-Chuechlihus-Super Souvenirs WS Ka\u2560\u00ease im RMC ortreport_2022 (32)\" aria-label=\"Regionalmuseum-Chuechlihus-Super Souvenirs WS Ka\u2560\u00ease im RMC ortreport_2022 (32)\" class=\"lazyload img-responsive wp-image-8025\" srcset=\"data:image\/svg+xml,%3Csvg%20xmlns%3D%27http%3A%2F%2Fwww.w3.org%2F2000%2Fsvg%27%20width%3D%271200%27%20height%3D%27800%27%20viewBox%3D%270%200%201200%20800%27%3E%3Crect%20width%3D%271200%27%20height%3D%27800%27%20fill-opacity%3D%220%22%2F%3E%3C%2Fsvg%3E\" data-srcset=\"https:\/\/regionalmuseum-langnau.ch\/wp-content\/uploads\/2023\/04\/Regionalmuseum-Chuechlihus-Super-Souvenirs-WS-Ka\u2560ese-im-RMC-ortreport_2022-32-200x133.jpg 200w, https:\/\/regionalmuseum-langnau.ch\/wp-content\/uploads\/2023\/04\/Regionalmuseum-Chuechlihus-Super-Souvenirs-WS-Ka\u2560ese-im-RMC-ortreport_2022-32-400x267.jpg 400w, https:\/\/regionalmuseum-langnau.ch\/wp-content\/uploads\/2023\/04\/Regionalmuseum-Chuechlihus-Super-Souvenirs-WS-Ka\u2560ese-im-RMC-ortreport_2022-32-600x400.jpg 600w, https:\/\/regionalmuseum-langnau.ch\/wp-content\/uploads\/2023\/04\/Regionalmuseum-Chuechlihus-Super-Souvenirs-WS-Ka\u2560ese-im-RMC-ortreport_2022-32-800x533.jpg 800w, https:\/\/regionalmuseum-langnau.ch\/wp-content\/uploads\/2023\/04\/Regionalmuseum-Chuechlihus-Super-Souvenirs-WS-Ka\u2560ese-im-RMC-ortreport_2022-32.jpg 1200w\" data-sizes=\"auto\" data-orig-sizes=\"(min-width: 2200px) 100vw, (min-width: 784px) 397px, (min-width: 712px) 595px, (min-width: 640px) 712px, \" \/><\/a><\/div><\/div><div style=\"padding:5px;\" class=\"fusion-grid-column fusion-gallery-column fusion-gallery-column-3 hover-type-none\"><div class=\"fusion-gallery-image\"><a href=\"https:\/\/regionalmuseum-langnau.ch\/wp-content\/uploads\/2023\/04\/Regionalmuseum-Chuechlihus-Super-Souvenirs-WS-Ka\u2560ese-im-RMC-ortreport_2022-22.jpg\" rel=\"noreferrer\" data-rel=\"iLightbox[gallery_image_5]\" class=\"fusion-lightbox\" target=\"_self\"><img decoding=\"async\" src=\"https:\/\/regionalmuseum-langnau.ch\/wp-content\/uploads\/2023\/04\/Regionalmuseum-Chuechlihus-Super-Souvenirs-WS-Ka\u2560ese-im-RMC-ortreport_2022-22.jpg\" data-orig-src=\"https:\/\/regionalmuseum-langnau.ch\/wp-content\/uploads\/2023\/04\/Regionalmuseum-Chuechlihus-Super-Souvenirs-WS-Ka\u2560ese-im-RMC-ortreport_2022-22.jpg\" width=\"1200\" height=\"800\" alt=\"\" title=\"Regionalmuseum-Chuechlihus-Super Souvenirs WS Ka\u2560\u00ease im RMC ortreport_2022 (22)\" aria-label=\"Regionalmuseum-Chuechlihus-Super Souvenirs WS Ka\u2560\u00ease im RMC ortreport_2022 (22)\" class=\"lazyload img-responsive wp-image-8015\" srcset=\"data:image\/svg+xml,%3Csvg%20xmlns%3D%27http%3A%2F%2Fwww.w3.org%2F2000%2Fsvg%27%20width%3D%271200%27%20height%3D%27800%27%20viewBox%3D%270%200%201200%20800%27%3E%3Crect%20width%3D%271200%27%20height%3D%27800%27%20fill-opacity%3D%220%22%2F%3E%3C%2Fsvg%3E\" data-srcset=\"https:\/\/regionalmuseum-langnau.ch\/wp-content\/uploads\/2023\/04\/Regionalmuseum-Chuechlihus-Super-Souvenirs-WS-Ka\u2560ese-im-RMC-ortreport_2022-22-200x133.jpg 200w, https:\/\/regionalmuseum-langnau.ch\/wp-content\/uploads\/2023\/04\/Regionalmuseum-Chuechlihus-Super-Souvenirs-WS-Ka\u2560ese-im-RMC-ortreport_2022-22-400x267.jpg 400w, https:\/\/regionalmuseum-langnau.ch\/wp-content\/uploads\/2023\/04\/Regionalmuseum-Chuechlihus-Super-Souvenirs-WS-Ka\u2560ese-im-RMC-ortreport_2022-22-600x400.jpg 600w, https:\/\/regionalmuseum-langnau.ch\/wp-content\/uploads\/2023\/04\/Regionalmuseum-Chuechlihus-Super-Souvenirs-WS-Ka\u2560ese-im-RMC-ortreport_2022-22-800x533.jpg 800w, https:\/\/regionalmuseum-langnau.ch\/wp-content\/uploads\/2023\/04\/Regionalmuseum-Chuechlihus-Super-Souvenirs-WS-Ka\u2560ese-im-RMC-ortreport_2022-22.jpg 1200w\" data-sizes=\"auto\" data-orig-sizes=\"(min-width: 2200px) 100vw, (min-width: 784px) 397px, (min-width: 712px) 595px, (min-width: 640px) 712px, \" \/><\/a><\/div><\/div><div class=\"clearfix\"><\/div><div style=\"padding:5px;\" class=\"fusion-grid-column fusion-gallery-column fusion-gallery-column-3 hover-type-none\"><div class=\"fusion-gallery-image\"><a href=\"https:\/\/regionalmuseum-langnau.ch\/wp-content\/uploads\/2023\/04\/Regionalmuseum-Chuechlihus-Super-Souvenirs-WS-Ka\u2560ese-im-RMC-ortreport_2022-18.jpg\" rel=\"noreferrer\" data-rel=\"iLightbox[gallery_image_5]\" class=\"fusion-lightbox\" target=\"_self\"><img decoding=\"async\" src=\"https:\/\/regionalmuseum-langnau.ch\/wp-content\/uploads\/2023\/04\/Regionalmuseum-Chuechlihus-Super-Souvenirs-WS-Ka\u2560ese-im-RMC-ortreport_2022-18.jpg\" data-orig-src=\"https:\/\/regionalmuseum-langnau.ch\/wp-content\/uploads\/2023\/04\/Regionalmuseum-Chuechlihus-Super-Souvenirs-WS-Ka\u2560ese-im-RMC-ortreport_2022-18.jpg\" width=\"1200\" height=\"800\" alt=\"\" title=\"Regionalmuseum-Chuechlihus-Super Souvenirs WS Ka\u2560\u00ease im RMC ortreport_2022 (18)\" aria-label=\"Regionalmuseum-Chuechlihus-Super Souvenirs WS Ka\u2560\u00ease im RMC ortreport_2022 (18)\" class=\"lazyload img-responsive wp-image-8011\" srcset=\"data:image\/svg+xml,%3Csvg%20xmlns%3D%27http%3A%2F%2Fwww.w3.org%2F2000%2Fsvg%27%20width%3D%271200%27%20height%3D%27800%27%20viewBox%3D%270%200%201200%20800%27%3E%3Crect%20width%3D%271200%27%20height%3D%27800%27%20fill-opacity%3D%220%22%2F%3E%3C%2Fsvg%3E\" data-srcset=\"https:\/\/regionalmuseum-langnau.ch\/wp-content\/uploads\/2023\/04\/Regionalmuseum-Chuechlihus-Super-Souvenirs-WS-Ka\u2560ese-im-RMC-ortreport_2022-18-200x133.jpg 200w, https:\/\/regionalmuseum-langnau.ch\/wp-content\/uploads\/2023\/04\/Regionalmuseum-Chuechlihus-Super-Souvenirs-WS-Ka\u2560ese-im-RMC-ortreport_2022-18-400x267.jpg 400w, https:\/\/regionalmuseum-langnau.ch\/wp-content\/uploads\/2023\/04\/Regionalmuseum-Chuechlihus-Super-Souvenirs-WS-Ka\u2560ese-im-RMC-ortreport_2022-18-600x400.jpg 600w, https:\/\/regionalmuseum-langnau.ch\/wp-content\/uploads\/2023\/04\/Regionalmuseum-Chuechlihus-Super-Souvenirs-WS-Ka\u2560ese-im-RMC-ortreport_2022-18-800x533.jpg 800w, https:\/\/regionalmuseum-langnau.ch\/wp-content\/uploads\/2023\/04\/Regionalmuseum-Chuechlihus-Super-Souvenirs-WS-Ka\u2560ese-im-RMC-ortreport_2022-18.jpg 1200w\" data-sizes=\"auto\" data-orig-sizes=\"(min-width: 2200px) 100vw, (min-width: 784px) 397px, (min-width: 712px) 595px, (min-width: 640px) 712px, \" \/><\/a><\/div><\/div><\/div><\/div><div class=\"fusion-text fusion-text-11\"><h4>Qu&rsquo;est-ce qui s&rsquo;est pass\u00e9 ensuite ?<\/h4>\n<p>Le mus\u00e9e r\u00e9gional Ch\u00fcechlihus pr\u00e9voit d&rsquo;exposer les nouveaux t\u00e9moignages dans le hall d&rsquo;entr\u00e9e du mus\u00e9e.<\/p>\n<\/div><div class=\"fusion-separator fusion-full-width-sep\" style=\"align-self: center;margin-left: auto;margin-right: auto;margin-top:30px;width:100%;\"><\/div><div class=\"fusion-text fusion-text-12\"><h6>Id\u00e9e 5<\/h6>\n<h4>\u00ab\u00a0Dans 10 ans\u00a0\u00bb<\/h4>\n<p>Nous \u00e9crivons une lettre \u00e0 nous-m\u00eames, qui sera conserv\u00e9e au mus\u00e9e pour les 10 prochaines ann\u00e9es.<\/p>\n<p><strong> <\/strong><strong>Proc\u00e9dure<\/strong><\/p>\n<ul>\n<li>Chacun(e) se pose les questions suivantes et y r\u00e9pond dans une lettre : O\u00f9 est-ce que je me vois dans 10 ans, est-ce que j&rsquo;habiterai toujours au m\u00eame endroit, \u00e0 quoi ressemblera mon quotidien ? Quels sont mes souhaits et mes espoirs pour l&rsquo;avenir ? <\/li>\n<li>Chacun* s&rsquo;adresse la lettre \u00e0 lui-m\u00eame et la place dans une bo\u00eete avec un cadenas.<\/li>\n<li>Les lettres sont stock\u00e9es au mus\u00e9e pendant 10 ans avant d&rsquo;\u00eatre renvoy\u00e9es.<\/li>\n<\/ul>\n<p><strong> <\/strong><strong>Sujet<\/strong><\/p>\n<ul>\n<li>Le mus\u00e9e comme lieu de conservation d&rsquo;histoires et de t\u00e9moignages<\/li>\n<li>R\u00e9flexion sur le pr\u00e9sent et l&rsquo;avenir : d\u00e9sirs, id\u00e9es, projection<\/li>\n<\/ul>\n<p><strong>Technique<\/strong><\/p>\n<ul>\n<li>\u00c9crire<\/li>\n<\/ul>\n<\/div><div class=\"awb-gallery-wrapper awb-gallery-wrapper-6 button-span-no\" style=\"--more-btn-alignment:center;\"><div style=\"margin:-5px;--awb-bordersize:0px;\" class=\"fusion-gallery fusion-gallery-container fusion-grid-3 fusion-columns-total-6 fusion-gallery-layout-grid fusion-gallery-6\"><div style=\"padding:5px;\" class=\"fusion-grid-column fusion-gallery-column fusion-gallery-column-3 hover-type-none\"><div class=\"fusion-gallery-image\"><a href=\"https:\/\/regionalmuseum-langnau.ch\/wp-content\/uploads\/2023\/04\/Regionalmuseum-Chuechlihus-In-10-Jahren-WS-Ka\u2560ese-im-RMC-ortreport_2022-12.jpg\" rel=\"noreferrer\" data-rel=\"iLightbox[gallery_image_6]\" class=\"fusion-lightbox\" target=\"_self\"><img decoding=\"async\" src=\"https:\/\/regionalmuseum-langnau.ch\/wp-content\/uploads\/2023\/04\/Regionalmuseum-Chuechlihus-In-10-Jahren-WS-Ka\u2560ese-im-RMC-ortreport_2022-12.jpg\" data-orig-src=\"https:\/\/regionalmuseum-langnau.ch\/wp-content\/uploads\/2023\/04\/Regionalmuseum-Chuechlihus-In-10-Jahren-WS-Ka\u2560ese-im-RMC-ortreport_2022-12.jpg\" width=\"1200\" height=\"800\" alt=\"\" title=\"Regionalmuseum-Chuechlihus-In 10 Jahren WS Ka\u2560\u00ease im RMC ortreport_2022 (12)\" aria-label=\"Regionalmuseum-Chuechlihus-In 10 Jahren WS Ka\u2560\u00ease im RMC ortreport_2022 (12)\" class=\"lazyload img-responsive wp-image-7706\" srcset=\"data:image\/svg+xml,%3Csvg%20xmlns%3D%27http%3A%2F%2Fwww.w3.org%2F2000%2Fsvg%27%20width%3D%271200%27%20height%3D%27800%27%20viewBox%3D%270%200%201200%20800%27%3E%3Crect%20width%3D%271200%27%20height%3D%27800%27%20fill-opacity%3D%220%22%2F%3E%3C%2Fsvg%3E\" data-srcset=\"https:\/\/regionalmuseum-langnau.ch\/wp-content\/uploads\/2023\/04\/Regionalmuseum-Chuechlihus-In-10-Jahren-WS-Ka\u2560ese-im-RMC-ortreport_2022-12-200x133.jpg 200w, https:\/\/regionalmuseum-langnau.ch\/wp-content\/uploads\/2023\/04\/Regionalmuseum-Chuechlihus-In-10-Jahren-WS-Ka\u2560ese-im-RMC-ortreport_2022-12-400x267.jpg 400w, https:\/\/regionalmuseum-langnau.ch\/wp-content\/uploads\/2023\/04\/Regionalmuseum-Chuechlihus-In-10-Jahren-WS-Ka\u2560ese-im-RMC-ortreport_2022-12-600x400.jpg 600w, https:\/\/regionalmuseum-langnau.ch\/wp-content\/uploads\/2023\/04\/Regionalmuseum-Chuechlihus-In-10-Jahren-WS-Ka\u2560ese-im-RMC-ortreport_2022-12-800x533.jpg 800w, https:\/\/regionalmuseum-langnau.ch\/wp-content\/uploads\/2023\/04\/Regionalmuseum-Chuechlihus-In-10-Jahren-WS-Ka\u2560ese-im-RMC-ortreport_2022-12.jpg 1200w\" data-sizes=\"auto\" data-orig-sizes=\"(min-width: 2200px) 100vw, (min-width: 784px) 397px, (min-width: 712px) 595px, (min-width: 640px) 712px, \" \/><\/a><\/div><\/div><div style=\"padding:5px;\" class=\"fusion-grid-column fusion-gallery-column fusion-gallery-column-3 hover-type-none\"><div class=\"fusion-gallery-image\"><a href=\"https:\/\/regionalmuseum-langnau.ch\/wp-content\/uploads\/2023\/04\/Regionalmuseum-Chuechlihus-In-10-Jahren-WS-Ka\u2560ese-im-RMC-ortreport_2022-8.jpg\" rel=\"noreferrer\" data-rel=\"iLightbox[gallery_image_6]\" class=\"fusion-lightbox\" target=\"_self\"><img decoding=\"async\" src=\"https:\/\/regionalmuseum-langnau.ch\/wp-content\/uploads\/2023\/04\/Regionalmuseum-Chuechlihus-In-10-Jahren-WS-Ka\u2560ese-im-RMC-ortreport_2022-8.jpg\" data-orig-src=\"https:\/\/regionalmuseum-langnau.ch\/wp-content\/uploads\/2023\/04\/Regionalmuseum-Chuechlihus-In-10-Jahren-WS-Ka\u2560ese-im-RMC-ortreport_2022-8.jpg\" width=\"1200\" height=\"800\" alt=\"\" title=\"Regionalmuseum-Chuechlihus-In 10 Jahren WS Ka\u2560\u00ease im RMC ortreport_2022 (8)\" aria-label=\"Regionalmuseum-Chuechlihus-In 10 Jahren WS Ka\u2560\u00ease im RMC ortreport_2022 (8)\" class=\"lazyload img-responsive wp-image-7702\" srcset=\"data:image\/svg+xml,%3Csvg%20xmlns%3D%27http%3A%2F%2Fwww.w3.org%2F2000%2Fsvg%27%20width%3D%271200%27%20height%3D%27800%27%20viewBox%3D%270%200%201200%20800%27%3E%3Crect%20width%3D%271200%27%20height%3D%27800%27%20fill-opacity%3D%220%22%2F%3E%3C%2Fsvg%3E\" data-srcset=\"https:\/\/regionalmuseum-langnau.ch\/wp-content\/uploads\/2023\/04\/Regionalmuseum-Chuechlihus-In-10-Jahren-WS-Ka\u2560ese-im-RMC-ortreport_2022-8-200x133.jpg 200w, https:\/\/regionalmuseum-langnau.ch\/wp-content\/uploads\/2023\/04\/Regionalmuseum-Chuechlihus-In-10-Jahren-WS-Ka\u2560ese-im-RMC-ortreport_2022-8-400x267.jpg 400w, https:\/\/regionalmuseum-langnau.ch\/wp-content\/uploads\/2023\/04\/Regionalmuseum-Chuechlihus-In-10-Jahren-WS-Ka\u2560ese-im-RMC-ortreport_2022-8-600x400.jpg 600w, https:\/\/regionalmuseum-langnau.ch\/wp-content\/uploads\/2023\/04\/Regionalmuseum-Chuechlihus-In-10-Jahren-WS-Ka\u2560ese-im-RMC-ortreport_2022-8-800x533.jpg 800w, https:\/\/regionalmuseum-langnau.ch\/wp-content\/uploads\/2023\/04\/Regionalmuseum-Chuechlihus-In-10-Jahren-WS-Ka\u2560ese-im-RMC-ortreport_2022-8.jpg 1200w\" data-sizes=\"auto\" data-orig-sizes=\"(min-width: 2200px) 100vw, (min-width: 784px) 397px, (min-width: 712px) 595px, (min-width: 640px) 712px, \" \/><\/a><\/div><\/div><div class=\"clearfix\"><\/div><div style=\"padding:5px;\" class=\"fusion-grid-column fusion-gallery-column fusion-gallery-column-3 hover-type-none\"><div class=\"fusion-gallery-image\"><a href=\"https:\/\/regionalmuseum-langnau.ch\/wp-content\/uploads\/2023\/04\/Regionalmuseum-Chuechlihus-In-10-Jahren-WS-Ka\u2560ese-im-RMC-ortreport_2022-5.jpg\" rel=\"noreferrer\" data-rel=\"iLightbox[gallery_image_6]\" class=\"fusion-lightbox\" target=\"_self\"><img decoding=\"async\" src=\"https:\/\/regionalmuseum-langnau.ch\/wp-content\/uploads\/2023\/04\/Regionalmuseum-Chuechlihus-In-10-Jahren-WS-Ka\u2560ese-im-RMC-ortreport_2022-5.jpg\" data-orig-src=\"https:\/\/regionalmuseum-langnau.ch\/wp-content\/uploads\/2023\/04\/Regionalmuseum-Chuechlihus-In-10-Jahren-WS-Ka\u2560ese-im-RMC-ortreport_2022-5.jpg\" width=\"1200\" height=\"800\" alt=\"\" title=\"Regionalmuseum-Chuechlihus-In 10 Jahren WS Ka\u2560\u00ease im RMC ortreport_2022 (5)\" aria-label=\"Regionalmuseum-Chuechlihus-In 10 Jahren WS Ka\u2560\u00ease im RMC ortreport_2022 (5)\" class=\"lazyload img-responsive wp-image-7699\" srcset=\"data:image\/svg+xml,%3Csvg%20xmlns%3D%27http%3A%2F%2Fwww.w3.org%2F2000%2Fsvg%27%20width%3D%271200%27%20height%3D%27800%27%20viewBox%3D%270%200%201200%20800%27%3E%3Crect%20width%3D%271200%27%20height%3D%27800%27%20fill-opacity%3D%220%22%2F%3E%3C%2Fsvg%3E\" data-srcset=\"https:\/\/regionalmuseum-langnau.ch\/wp-content\/uploads\/2023\/04\/Regionalmuseum-Chuechlihus-In-10-Jahren-WS-Ka\u2560ese-im-RMC-ortreport_2022-5-200x133.jpg 200w, https:\/\/regionalmuseum-langnau.ch\/wp-content\/uploads\/2023\/04\/Regionalmuseum-Chuechlihus-In-10-Jahren-WS-Ka\u2560ese-im-RMC-ortreport_2022-5-400x267.jpg 400w, https:\/\/regionalmuseum-langnau.ch\/wp-content\/uploads\/2023\/04\/Regionalmuseum-Chuechlihus-In-10-Jahren-WS-Ka\u2560ese-im-RMC-ortreport_2022-5-600x400.jpg 600w, https:\/\/regionalmuseum-langnau.ch\/wp-content\/uploads\/2023\/04\/Regionalmuseum-Chuechlihus-In-10-Jahren-WS-Ka\u2560ese-im-RMC-ortreport_2022-5-800x533.jpg 800w, https:\/\/regionalmuseum-langnau.ch\/wp-content\/uploads\/2023\/04\/Regionalmuseum-Chuechlihus-In-10-Jahren-WS-Ka\u2560ese-im-RMC-ortreport_2022-5.jpg 1200w\" data-sizes=\"auto\" data-orig-sizes=\"(min-width: 2200px) 100vw, (min-width: 784px) 397px, (min-width: 712px) 595px, (min-width: 640px) 712px, \" \/><\/a><\/div><\/div><div style=\"padding:5px;\" class=\"fusion-grid-column fusion-gallery-column fusion-gallery-column-3 hover-type-none\"><div class=\"fusion-gallery-image\"><a href=\"https:\/\/regionalmuseum-langnau.ch\/wp-content\/uploads\/2023\/04\/Regionalmuseum-Chuechlihus-In-10-Jahren-WS-Ka\u2560ese-im-RMC-ortreport_2022-7.jpg\" rel=\"noreferrer\" data-rel=\"iLightbox[gallery_image_6]\" class=\"fusion-lightbox\" target=\"_self\"><img decoding=\"async\" src=\"https:\/\/regionalmuseum-langnau.ch\/wp-content\/uploads\/2023\/04\/Regionalmuseum-Chuechlihus-In-10-Jahren-WS-Ka\u2560ese-im-RMC-ortreport_2022-7.jpg\" data-orig-src=\"https:\/\/regionalmuseum-langnau.ch\/wp-content\/uploads\/2023\/04\/Regionalmuseum-Chuechlihus-In-10-Jahren-WS-Ka\u2560ese-im-RMC-ortreport_2022-7.jpg\" width=\"1200\" height=\"800\" alt=\"\" title=\"Regionalmuseum-Chuechlihus-In 10 Jahren WS Ka\u2560\u00ease im RMC ortreport_2022 (7)\" aria-label=\"Regionalmuseum-Chuechlihus-In 10 Jahren WS Ka\u2560\u00ease im RMC ortreport_2022 (7)\" class=\"lazyload img-responsive wp-image-7701\" srcset=\"data:image\/svg+xml,%3Csvg%20xmlns%3D%27http%3A%2F%2Fwww.w3.org%2F2000%2Fsvg%27%20width%3D%271200%27%20height%3D%27800%27%20viewBox%3D%270%200%201200%20800%27%3E%3Crect%20width%3D%271200%27%20height%3D%27800%27%20fill-opacity%3D%220%22%2F%3E%3C%2Fsvg%3E\" data-srcset=\"https:\/\/regionalmuseum-langnau.ch\/wp-content\/uploads\/2023\/04\/Regionalmuseum-Chuechlihus-In-10-Jahren-WS-Ka\u2560ese-im-RMC-ortreport_2022-7-200x133.jpg 200w, https:\/\/regionalmuseum-langnau.ch\/wp-content\/uploads\/2023\/04\/Regionalmuseum-Chuechlihus-In-10-Jahren-WS-Ka\u2560ese-im-RMC-ortreport_2022-7-400x267.jpg 400w, https:\/\/regionalmuseum-langnau.ch\/wp-content\/uploads\/2023\/04\/Regionalmuseum-Chuechlihus-In-10-Jahren-WS-Ka\u2560ese-im-RMC-ortreport_2022-7-600x400.jpg 600w, https:\/\/regionalmuseum-langnau.ch\/wp-content\/uploads\/2023\/04\/Regionalmuseum-Chuechlihus-In-10-Jahren-WS-Ka\u2560ese-im-RMC-ortreport_2022-7-800x533.jpg 800w, https:\/\/regionalmuseum-langnau.ch\/wp-content\/uploads\/2023\/04\/Regionalmuseum-Chuechlihus-In-10-Jahren-WS-Ka\u2560ese-im-RMC-ortreport_2022-7.jpg 1200w\" data-sizes=\"auto\" data-orig-sizes=\"(min-width: 2200px) 100vw, (min-width: 784px) 397px, (min-width: 712px) 595px, (min-width: 640px) 712px, \" \/><\/a><\/div><\/div><div style=\"padding:5px;\" class=\"fusion-grid-column fusion-gallery-column fusion-gallery-column-3 hover-type-none\"><div class=\"fusion-gallery-image\"><a href=\"https:\/\/regionalmuseum-langnau.ch\/wp-content\/uploads\/2023\/04\/Regionalmuseum-Chuechlihus-In-10-Jahren-WS-Ka\u2560ese-im-RMC-ortreport_2022-4.jpg\" rel=\"noreferrer\" data-rel=\"iLightbox[gallery_image_6]\" class=\"fusion-lightbox\" target=\"_self\"><img decoding=\"async\" src=\"https:\/\/regionalmuseum-langnau.ch\/wp-content\/uploads\/2023\/04\/Regionalmuseum-Chuechlihus-In-10-Jahren-WS-Ka\u2560ese-im-RMC-ortreport_2022-4.jpg\" data-orig-src=\"https:\/\/regionalmuseum-langnau.ch\/wp-content\/uploads\/2023\/04\/Regionalmuseum-Chuechlihus-In-10-Jahren-WS-Ka\u2560ese-im-RMC-ortreport_2022-4.jpg\" width=\"1200\" height=\"800\" alt=\"\" title=\"Regionalmuseum-Chuechlihus-In 10 Jahren WS Ka\u2560\u00ease im RMC ortreport_2022 (4)\" aria-label=\"Regionalmuseum-Chuechlihus-In 10 Jahren WS Ka\u2560\u00ease im RMC ortreport_2022 (4)\" class=\"lazyload img-responsive wp-image-7698\" srcset=\"data:image\/svg+xml,%3Csvg%20xmlns%3D%27http%3A%2F%2Fwww.w3.org%2F2000%2Fsvg%27%20width%3D%271200%27%20height%3D%27800%27%20viewBox%3D%270%200%201200%20800%27%3E%3Crect%20width%3D%271200%27%20height%3D%27800%27%20fill-opacity%3D%220%22%2F%3E%3C%2Fsvg%3E\" data-srcset=\"https:\/\/regionalmuseum-langnau.ch\/wp-content\/uploads\/2023\/04\/Regionalmuseum-Chuechlihus-In-10-Jahren-WS-Ka\u2560ese-im-RMC-ortreport_2022-4-200x133.jpg 200w, https:\/\/regionalmuseum-langnau.ch\/wp-content\/uploads\/2023\/04\/Regionalmuseum-Chuechlihus-In-10-Jahren-WS-Ka\u2560ese-im-RMC-ortreport_2022-4-400x267.jpg 400w, https:\/\/regionalmuseum-langnau.ch\/wp-content\/uploads\/2023\/04\/Regionalmuseum-Chuechlihus-In-10-Jahren-WS-Ka\u2560ese-im-RMC-ortreport_2022-4-600x400.jpg 600w, https:\/\/regionalmuseum-langnau.ch\/wp-content\/uploads\/2023\/04\/Regionalmuseum-Chuechlihus-In-10-Jahren-WS-Ka\u2560ese-im-RMC-ortreport_2022-4-800x533.jpg 800w, https:\/\/regionalmuseum-langnau.ch\/wp-content\/uploads\/2023\/04\/Regionalmuseum-Chuechlihus-In-10-Jahren-WS-Ka\u2560ese-im-RMC-ortreport_2022-4.jpg 1200w\" data-sizes=\"auto\" data-orig-sizes=\"(min-width: 2200px) 100vw, (min-width: 784px) 397px, (min-width: 712px) 595px, (min-width: 640px) 712px, \" \/><\/a><\/div><\/div><div class=\"clearfix\"><\/div><div style=\"padding:5px;\" class=\"fusion-grid-column fusion-gallery-column fusion-gallery-column-3 hover-type-none\"><div class=\"fusion-gallery-image\"><a href=\"https:\/\/regionalmuseum-langnau.ch\/wp-content\/uploads\/2023\/05\/In10Jahren-WSKaeeseimRMC-ortreport-komp-1.jpg\" rel=\"noreferrer\" data-rel=\"iLightbox[gallery_image_6]\" class=\"fusion-lightbox\" target=\"_self\"><img decoding=\"async\" src=\"https:\/\/regionalmuseum-langnau.ch\/wp-content\/uploads\/2023\/05\/In10Jahren-WSKaeeseimRMC-ortreport-komp-1.jpg\" data-orig-src=\"https:\/\/regionalmuseum-langnau.ch\/wp-content\/uploads\/2023\/05\/In10Jahren-WSKaeeseimRMC-ortreport-komp-1.jpg\" width=\"1024\" height=\"683\" alt=\"\" title=\"In10Jahren WSK\u00e4eseimRMC ortreport komp\" aria-label=\"In10Jahren WSK\u00e4eseimRMC ortreport komp\" class=\"lazyload img-responsive wp-image-8579\" srcset=\"data:image\/svg+xml,%3Csvg%20xmlns%3D%27http%3A%2F%2Fwww.w3.org%2F2000%2Fsvg%27%20width%3D%271024%27%20height%3D%27683%27%20viewBox%3D%270%200%201024%20683%27%3E%3Crect%20width%3D%271024%27%20height%3D%27683%27%20fill-opacity%3D%220%22%2F%3E%3C%2Fsvg%3E\" data-srcset=\"https:\/\/regionalmuseum-langnau.ch\/wp-content\/uploads\/2023\/05\/In10Jahren-WSKaeeseimRMC-ortreport-komp-1-200x133.jpg 200w, https:\/\/regionalmuseum-langnau.ch\/wp-content\/uploads\/2023\/05\/In10Jahren-WSKaeeseimRMC-ortreport-komp-1-400x267.jpg 400w, https:\/\/regionalmuseum-langnau.ch\/wp-content\/uploads\/2023\/05\/In10Jahren-WSKaeeseimRMC-ortreport-komp-1-600x400.jpg 600w, https:\/\/regionalmuseum-langnau.ch\/wp-content\/uploads\/2023\/05\/In10Jahren-WSKaeeseimRMC-ortreport-komp-1-800x534.jpg 800w, https:\/\/regionalmuseum-langnau.ch\/wp-content\/uploads\/2023\/05\/In10Jahren-WSKaeeseimRMC-ortreport-komp-1.jpg 1024w\" data-sizes=\"auto\" data-orig-sizes=\"(min-width: 2200px) 100vw, (min-width: 784px) 397px, (min-width: 712px) 595px, (min-width: 640px) 712px, \" \/><\/a><\/div><\/div><\/div><\/div><div class=\"fusion-text fusion-text-13\"><h4>Qu&rsquo;est-ce qui s&rsquo;est pass\u00e9 ensuite ?<\/h4>\n<p>Les lettres sont conserv\u00e9es au mus\u00e9e. L&rsquo;envoi aux anciens \u00e9l\u00e8ves est d\u00e9j\u00e0 inscrit au calendrier.<\/p>\n<\/div><div class=\"fusion-separator fusion-full-width-sep\" style=\"align-self: center;margin-left: auto;margin-right: auto;margin-top:30px;width:100%;\"><\/div><div class=\"fusion-text fusion-text-14\"><h6>Id\u00e9e 6<\/h6>\n<h4>\u00ab\u00a0Musique de trou\u00a0\u00bb<\/h4>\n<p>Nous cherchons de nouvelles id\u00e9es sur ce que l&rsquo;on peut faire avec les trous dans l&#8217;emmental.<\/p>\n<p><strong>Proc\u00e9dure<\/strong><\/p>\n<ul>\n<li>Les tranches d&#8217;emmental sont plac\u00e9es sur le copieur et copi\u00e9es sur des grilles pr\u00e9-produites.<\/li>\n<li>Partout o\u00f9 un trou rencontre une ligne, un trou est perc\u00e9 \u00e0 travers le papier.<\/li>\n<li>La composition fromag\u00e8re est serr\u00e9e dans un cornet rotatif et plac\u00e9e sur un fromage en bois.<\/li>\n<li>Le fromage en bois est peint et d\u00e9cor\u00e9, et la symphonie de fromages est interpr\u00e9t\u00e9e.<\/li>\n<\/ul>\n<p><strong>Sujet<\/strong><\/p>\n<ul>\n<li>De nouvelles perspectives sur ce que nous connaissons<\/li>\n<li>Abstraction<\/li>\n<li>Cr\u00e9ativit\u00e9<\/li>\n<\/ul>\n<p><strong>Technique<\/strong><\/p>\n<ul>\n<li>Faire de la musique<\/li>\n<li>Peinture<\/li>\n<\/ul>\n<\/div><div class=\"awb-gallery-wrapper awb-gallery-wrapper-7 button-span-no\" style=\"--more-btn-alignment:center;\"><div style=\"margin:-5px;--awb-bordersize:0px;\" class=\"fusion-gallery fusion-gallery-container fusion-grid-3 fusion-columns-total-6 fusion-gallery-layout-grid fusion-gallery-7\"><div style=\"padding:5px;\" class=\"fusion-grid-column fusion-gallery-column fusion-gallery-column-3 hover-type-none\"><div class=\"fusion-gallery-image\"><a href=\"https:\/\/regionalmuseum-langnau.ch\/wp-content\/uploads\/2023\/04\/Regionalmuseum-Chuechlihus-LochMusik-WS-Ka\u2560ese-im-RMC-ortreport_2022-8.jpg\" rel=\"noreferrer\" data-rel=\"iLightbox[gallery_image_7]\" class=\"fusion-lightbox\" target=\"_self\"><img decoding=\"async\" src=\"https:\/\/regionalmuseum-langnau.ch\/wp-content\/uploads\/2023\/04\/Regionalmuseum-Chuechlihus-LochMusik-WS-Ka\u2560ese-im-RMC-ortreport_2022-8.jpg\" data-orig-src=\"https:\/\/regionalmuseum-langnau.ch\/wp-content\/uploads\/2023\/04\/Regionalmuseum-Chuechlihus-LochMusik-WS-Ka\u2560ese-im-RMC-ortreport_2022-8.jpg\" width=\"1200\" height=\"800\" alt=\"\" title=\"Regionalmuseum-Chuechlihus-LochMusik WS Ka\u2560\u00ease im RMC ortreport_2022 (8)\" aria-label=\"Regionalmuseum-Chuechlihus-LochMusik WS Ka\u2560\u00ease im RMC ortreport_2022 (8)\" class=\"lazyload img-responsive wp-image-7904\" srcset=\"data:image\/svg+xml,%3Csvg%20xmlns%3D%27http%3A%2F%2Fwww.w3.org%2F2000%2Fsvg%27%20width%3D%271200%27%20height%3D%27800%27%20viewBox%3D%270%200%201200%20800%27%3E%3Crect%20width%3D%271200%27%20height%3D%27800%27%20fill-opacity%3D%220%22%2F%3E%3C%2Fsvg%3E\" data-srcset=\"https:\/\/regionalmuseum-langnau.ch\/wp-content\/uploads\/2023\/04\/Regionalmuseum-Chuechlihus-LochMusik-WS-Ka\u2560ese-im-RMC-ortreport_2022-8-200x133.jpg 200w, https:\/\/regionalmuseum-langnau.ch\/wp-content\/uploads\/2023\/04\/Regionalmuseum-Chuechlihus-LochMusik-WS-Ka\u2560ese-im-RMC-ortreport_2022-8-400x267.jpg 400w, https:\/\/regionalmuseum-langnau.ch\/wp-content\/uploads\/2023\/04\/Regionalmuseum-Chuechlihus-LochMusik-WS-Ka\u2560ese-im-RMC-ortreport_2022-8-600x400.jpg 600w, https:\/\/regionalmuseum-langnau.ch\/wp-content\/uploads\/2023\/04\/Regionalmuseum-Chuechlihus-LochMusik-WS-Ka\u2560ese-im-RMC-ortreport_2022-8-800x533.jpg 800w, https:\/\/regionalmuseum-langnau.ch\/wp-content\/uploads\/2023\/04\/Regionalmuseum-Chuechlihus-LochMusik-WS-Ka\u2560ese-im-RMC-ortreport_2022-8.jpg 1200w\" data-sizes=\"auto\" data-orig-sizes=\"(min-width: 2200px) 100vw, (min-width: 784px) 397px, (min-width: 712px) 595px, (min-width: 640px) 712px, \" \/><\/a><\/div><\/div><div style=\"padding:5px;\" class=\"fusion-grid-column fusion-gallery-column fusion-gallery-column-3 hover-type-none\"><div class=\"fusion-gallery-image\"><a href=\"https:\/\/regionalmuseum-langnau.ch\/wp-content\/uploads\/2023\/04\/Regionalmuseum-Chuechlihus-LochMusik-WS-Ka\u2560ese-im-RMC-ortreport_2022-12.jpg\" rel=\"noreferrer\" data-rel=\"iLightbox[gallery_image_7]\" class=\"fusion-lightbox\" target=\"_self\"><img decoding=\"async\" src=\"https:\/\/regionalmuseum-langnau.ch\/wp-content\/uploads\/2023\/04\/Regionalmuseum-Chuechlihus-LochMusik-WS-Ka\u2560ese-im-RMC-ortreport_2022-12.jpg\" data-orig-src=\"https:\/\/regionalmuseum-langnau.ch\/wp-content\/uploads\/2023\/04\/Regionalmuseum-Chuechlihus-LochMusik-WS-Ka\u2560ese-im-RMC-ortreport_2022-12.jpg\" width=\"1200\" height=\"800\" alt=\"\" title=\"Regionalmuseum-Chuechlihus-LochMusik WS Ka\u2560\u00ease im RMC ortreport_2022 (12)\" aria-label=\"Regionalmuseum-Chuechlihus-LochMusik WS Ka\u2560\u00ease im RMC ortreport_2022 (12)\" class=\"lazyload img-responsive wp-image-7908\" srcset=\"data:image\/svg+xml,%3Csvg%20xmlns%3D%27http%3A%2F%2Fwww.w3.org%2F2000%2Fsvg%27%20width%3D%271200%27%20height%3D%27800%27%20viewBox%3D%270%200%201200%20800%27%3E%3Crect%20width%3D%271200%27%20height%3D%27800%27%20fill-opacity%3D%220%22%2F%3E%3C%2Fsvg%3E\" data-srcset=\"https:\/\/regionalmuseum-langnau.ch\/wp-content\/uploads\/2023\/04\/Regionalmuseum-Chuechlihus-LochMusik-WS-Ka\u2560ese-im-RMC-ortreport_2022-12-200x133.jpg 200w, https:\/\/regionalmuseum-langnau.ch\/wp-content\/uploads\/2023\/04\/Regionalmuseum-Chuechlihus-LochMusik-WS-Ka\u2560ese-im-RMC-ortreport_2022-12-400x267.jpg 400w, https:\/\/regionalmuseum-langnau.ch\/wp-content\/uploads\/2023\/04\/Regionalmuseum-Chuechlihus-LochMusik-WS-Ka\u2560ese-im-RMC-ortreport_2022-12-600x400.jpg 600w, https:\/\/regionalmuseum-langnau.ch\/wp-content\/uploads\/2023\/04\/Regionalmuseum-Chuechlihus-LochMusik-WS-Ka\u2560ese-im-RMC-ortreport_2022-12-800x533.jpg 800w, https:\/\/regionalmuseum-langnau.ch\/wp-content\/uploads\/2023\/04\/Regionalmuseum-Chuechlihus-LochMusik-WS-Ka\u2560ese-im-RMC-ortreport_2022-12.jpg 1200w\" data-sizes=\"auto\" data-orig-sizes=\"(min-width: 2200px) 100vw, (min-width: 784px) 397px, (min-width: 712px) 595px, (min-width: 640px) 712px, \" \/><\/a><\/div><\/div><div class=\"clearfix\"><\/div><div style=\"padding:5px;\" class=\"fusion-grid-column fusion-gallery-column fusion-gallery-column-3 hover-type-none\"><div class=\"fusion-gallery-image\"><a href=\"https:\/\/regionalmuseum-langnau.ch\/wp-content\/uploads\/2023\/05\/LochMusik-WSKaeseimRMC-ortreport-komp2.jpg\" rel=\"noreferrer\" data-rel=\"iLightbox[gallery_image_7]\" class=\"fusion-lightbox\" target=\"_self\"><img decoding=\"async\" src=\"https:\/\/regionalmuseum-langnau.ch\/wp-content\/uploads\/2023\/05\/LochMusik-WSKaeseimRMC-ortreport-komp2.jpg\" data-orig-src=\"https:\/\/regionalmuseum-langnau.ch\/wp-content\/uploads\/2023\/05\/LochMusik-WSKaeseimRMC-ortreport-komp2.jpg\" width=\"1024\" height=\"683\" alt=\"\" title=\"LochMusik WSK\u00e4seimRMC ortreport komp2\" aria-label=\"LochMusik WSK\u00e4seimRMC ortreport komp2\" class=\"lazyload img-responsive wp-image-8577\" srcset=\"data:image\/svg+xml,%3Csvg%20xmlns%3D%27http%3A%2F%2Fwww.w3.org%2F2000%2Fsvg%27%20width%3D%271024%27%20height%3D%27683%27%20viewBox%3D%270%200%201024%20683%27%3E%3Crect%20width%3D%271024%27%20height%3D%27683%27%20fill-opacity%3D%220%22%2F%3E%3C%2Fsvg%3E\" data-srcset=\"https:\/\/regionalmuseum-langnau.ch\/wp-content\/uploads\/2023\/05\/LochMusik-WSKaeseimRMC-ortreport-komp2-200x133.jpg 200w, https:\/\/regionalmuseum-langnau.ch\/wp-content\/uploads\/2023\/05\/LochMusik-WSKaeseimRMC-ortreport-komp2-400x267.jpg 400w, https:\/\/regionalmuseum-langnau.ch\/wp-content\/uploads\/2023\/05\/LochMusik-WSKaeseimRMC-ortreport-komp2-600x400.jpg 600w, https:\/\/regionalmuseum-langnau.ch\/wp-content\/uploads\/2023\/05\/LochMusik-WSKaeseimRMC-ortreport-komp2-800x534.jpg 800w, https:\/\/regionalmuseum-langnau.ch\/wp-content\/uploads\/2023\/05\/LochMusik-WSKaeseimRMC-ortreport-komp2.jpg 1024w\" data-sizes=\"auto\" data-orig-sizes=\"(min-width: 2200px) 100vw, (min-width: 784px) 397px, (min-width: 712px) 595px, (min-width: 640px) 712px, \" \/><\/a><\/div><\/div><div style=\"padding:5px;\" class=\"fusion-grid-column fusion-gallery-column fusion-gallery-column-3 hover-type-none\"><div class=\"fusion-gallery-image\"><a href=\"https:\/\/regionalmuseum-langnau.ch\/wp-content\/uploads\/2023\/05\/LochMusik-WSKaeseimRMC-ortreport-komp1.jpg\" rel=\"noreferrer\" data-rel=\"iLightbox[gallery_image_7]\" class=\"fusion-lightbox\" target=\"_self\"><img decoding=\"async\" src=\"https:\/\/regionalmuseum-langnau.ch\/wp-content\/uploads\/2023\/05\/LochMusik-WSKaeseimRMC-ortreport-komp1.jpg\" data-orig-src=\"https:\/\/regionalmuseum-langnau.ch\/wp-content\/uploads\/2023\/05\/LochMusik-WSKaeseimRMC-ortreport-komp1.jpg\" width=\"1024\" height=\"683\" alt=\"\" title=\"LochMusik WSK\u00e4seimRMC ortreport komp1\" aria-label=\"LochMusik WSK\u00e4seimRMC ortreport komp1\" class=\"lazyload img-responsive wp-image-8575\" srcset=\"data:image\/svg+xml,%3Csvg%20xmlns%3D%27http%3A%2F%2Fwww.w3.org%2F2000%2Fsvg%27%20width%3D%271024%27%20height%3D%27683%27%20viewBox%3D%270%200%201024%20683%27%3E%3Crect%20width%3D%271024%27%20height%3D%27683%27%20fill-opacity%3D%220%22%2F%3E%3C%2Fsvg%3E\" data-srcset=\"https:\/\/regionalmuseum-langnau.ch\/wp-content\/uploads\/2023\/05\/LochMusik-WSKaeseimRMC-ortreport-komp1-200x133.jpg 200w, https:\/\/regionalmuseum-langnau.ch\/wp-content\/uploads\/2023\/05\/LochMusik-WSKaeseimRMC-ortreport-komp1-400x267.jpg 400w, https:\/\/regionalmuseum-langnau.ch\/wp-content\/uploads\/2023\/05\/LochMusik-WSKaeseimRMC-ortreport-komp1-600x400.jpg 600w, https:\/\/regionalmuseum-langnau.ch\/wp-content\/uploads\/2023\/05\/LochMusik-WSKaeseimRMC-ortreport-komp1-800x534.jpg 800w, https:\/\/regionalmuseum-langnau.ch\/wp-content\/uploads\/2023\/05\/LochMusik-WSKaeseimRMC-ortreport-komp1.jpg 1024w\" data-sizes=\"auto\" data-orig-sizes=\"(min-width: 2200px) 100vw, (min-width: 784px) 397px, (min-width: 712px) 595px, (min-width: 640px) 712px, \" \/><\/a><\/div><\/div><div style=\"padding:5px;\" class=\"fusion-grid-column fusion-gallery-column fusion-gallery-column-3 hover-type-none\"><div class=\"fusion-gallery-image\"><a href=\"https:\/\/regionalmuseum-langnau.ch\/wp-content\/uploads\/2023\/04\/Regionalmuseum-Chuechlihus-LochMusik-WS-Ka\u2560ese-im-RMC-ortreport_2022-25.jpg\" rel=\"noreferrer\" data-rel=\"iLightbox[gallery_image_7]\" class=\"fusion-lightbox\" target=\"_self\"><img decoding=\"async\" src=\"https:\/\/regionalmuseum-langnau.ch\/wp-content\/uploads\/2023\/04\/Regionalmuseum-Chuechlihus-LochMusik-WS-Ka\u2560ese-im-RMC-ortreport_2022-25.jpg\" data-orig-src=\"https:\/\/regionalmuseum-langnau.ch\/wp-content\/uploads\/2023\/04\/Regionalmuseum-Chuechlihus-LochMusik-WS-Ka\u2560ese-im-RMC-ortreport_2022-25.jpg\" width=\"1200\" height=\"800\" alt=\"\" title=\"Regionalmuseum-Chuechlihus-LochMusik WS Ka\u2560\u00ease im RMC ortreport_2022 (25)\" aria-label=\"Regionalmuseum-Chuechlihus-LochMusik WS Ka\u2560\u00ease im RMC ortreport_2022 (25)\" class=\"lazyload img-responsive wp-image-7919\" srcset=\"data:image\/svg+xml,%3Csvg%20xmlns%3D%27http%3A%2F%2Fwww.w3.org%2F2000%2Fsvg%27%20width%3D%271200%27%20height%3D%27800%27%20viewBox%3D%270%200%201200%20800%27%3E%3Crect%20width%3D%271200%27%20height%3D%27800%27%20fill-opacity%3D%220%22%2F%3E%3C%2Fsvg%3E\" data-srcset=\"https:\/\/regionalmuseum-langnau.ch\/wp-content\/uploads\/2023\/04\/Regionalmuseum-Chuechlihus-LochMusik-WS-Ka\u2560ese-im-RMC-ortreport_2022-25-200x133.jpg 200w, https:\/\/regionalmuseum-langnau.ch\/wp-content\/uploads\/2023\/04\/Regionalmuseum-Chuechlihus-LochMusik-WS-Ka\u2560ese-im-RMC-ortreport_2022-25-400x267.jpg 400w, https:\/\/regionalmuseum-langnau.ch\/wp-content\/uploads\/2023\/04\/Regionalmuseum-Chuechlihus-LochMusik-WS-Ka\u2560ese-im-RMC-ortreport_2022-25-600x400.jpg 600w, https:\/\/regionalmuseum-langnau.ch\/wp-content\/uploads\/2023\/04\/Regionalmuseum-Chuechlihus-LochMusik-WS-Ka\u2560ese-im-RMC-ortreport_2022-25-800x533.jpg 800w, https:\/\/regionalmuseum-langnau.ch\/wp-content\/uploads\/2023\/04\/Regionalmuseum-Chuechlihus-LochMusik-WS-Ka\u2560ese-im-RMC-ortreport_2022-25.jpg 1200w\" data-sizes=\"auto\" data-orig-sizes=\"(min-width: 2200px) 100vw, (min-width: 784px) 397px, (min-width: 712px) 595px, (min-width: 640px) 712px, \" \/><\/a><\/div><\/div><div class=\"clearfix\"><\/div><div style=\"padding:5px;\" class=\"fusion-grid-column fusion-gallery-column fusion-gallery-column-3 hover-type-none\"><div class=\"fusion-gallery-image\"><a href=\"https:\/\/regionalmuseum-langnau.ch\/wp-content\/uploads\/2023\/05\/LochMusikWSKaeseimRMC-ortreport-komp3-1.jpg\" rel=\"noreferrer\" data-rel=\"iLightbox[gallery_image_7]\" class=\"fusion-lightbox\" target=\"_self\"><img decoding=\"async\" src=\"https:\/\/regionalmuseum-langnau.ch\/wp-content\/uploads\/2023\/05\/LochMusikWSKaeseimRMC-ortreport-komp3-1.jpg\" data-orig-src=\"https:\/\/regionalmuseum-langnau.ch\/wp-content\/uploads\/2023\/05\/LochMusikWSKaeseimRMC-ortreport-komp3-1.jpg\" width=\"1024\" height=\"683\" alt=\"\" title=\"LochMusikWSK\u00e4seimRMC ortreport komp3\" aria-label=\"LochMusikWSK\u00e4seimRMC ortreport komp3\" class=\"lazyload img-responsive wp-image-8580\" srcset=\"data:image\/svg+xml,%3Csvg%20xmlns%3D%27http%3A%2F%2Fwww.w3.org%2F2000%2Fsvg%27%20width%3D%271024%27%20height%3D%27683%27%20viewBox%3D%270%200%201024%20683%27%3E%3Crect%20width%3D%271024%27%20height%3D%27683%27%20fill-opacity%3D%220%22%2F%3E%3C%2Fsvg%3E\" data-srcset=\"https:\/\/regionalmuseum-langnau.ch\/wp-content\/uploads\/2023\/05\/LochMusikWSKaeseimRMC-ortreport-komp3-1-200x133.jpg 200w, https:\/\/regionalmuseum-langnau.ch\/wp-content\/uploads\/2023\/05\/LochMusikWSKaeseimRMC-ortreport-komp3-1-400x267.jpg 400w, https:\/\/regionalmuseum-langnau.ch\/wp-content\/uploads\/2023\/05\/LochMusikWSKaeseimRMC-ortreport-komp3-1-600x400.jpg 600w, https:\/\/regionalmuseum-langnau.ch\/wp-content\/uploads\/2023\/05\/LochMusikWSKaeseimRMC-ortreport-komp3-1-800x534.jpg 800w, https:\/\/regionalmuseum-langnau.ch\/wp-content\/uploads\/2023\/05\/LochMusikWSKaeseimRMC-ortreport-komp3-1.jpg 1024w\" data-sizes=\"auto\" data-orig-sizes=\"(min-width: 2200px) 100vw, (min-width: 784px) 397px, (min-width: 712px) 595px, (min-width: 640px) 712px, \" \/><\/a><\/div><\/div><\/div><\/div><div class=\"fusion-text fusion-text-15\"><h4>Qu&rsquo;est-ce qui s&rsquo;est pass\u00e9 ensuite ?<\/h4>\n<p>Le mus\u00e9e r\u00e9gional Ch\u00fcechlihus pr\u00e9voit d&rsquo;exposer les bo\u00eetes \u00e0 musique d&rsquo;un nouveau genre dans le foyer du mus\u00e9e et de se porter volontaire pour un \u00e9change lors des Langnauer Jazz Nights.<\/p>\n<\/div><div class=\"fusion-separator fusion-full-width-sep\" style=\"align-self: center;margin-left: auto;margin-right: auto;margin-top:30px;width:100%;\"><\/div><div class=\"fusion-text fusion-text-16\"><p>Tous les r\u00e9sultats ont \u00e9t\u00e9 pr\u00e9sent\u00e9s dans et avec les classes \u00e0 la fin des deux jours d&rsquo;atelier.<\/p>\n<\/div><div class=\"fusion-separator fusion-full-width-sep\" style=\"align-self: center;margin-left: auto;margin-right: auto;margin-top:30px;width:100%;\"><\/div><div class=\"fusion-text fusion-text-17\"><h3>4 id\u00e9es pour un projet de coop\u00e9ration<\/h3>\n<p>Apr\u00e8s les ateliers, Ortreport a \u00e9valu\u00e9 les id\u00e9es avec les deux institutions et a cr\u00e9\u00e9 quatre id\u00e9es pour le projet commun du mus\u00e9e r\u00e9gional Ch\u00fcechlihus et de la fromagerie de d\u00e9monstration de l&rsquo;Emmental.<\/p>\n<\/div><div class=\"fusion-image-element \" style=\"--awb-caption-title-font-family:var(--h2_typography-font-family);--awb-caption-title-font-weight:var(--h2_typography-font-weight);--awb-caption-title-font-style:var(--h2_typography-font-style);--awb-caption-title-size:var(--h2_typography-font-size);--awb-caption-title-transform:var(--h2_typography-text-transform);--awb-caption-title-line-height:var(--h2_typography-line-height);--awb-caption-title-letter-spacing:var(--h2_typography-letter-spacing);\"><span class=\" fusion-imageframe imageframe-none imageframe-2 hover-type-none\"><img decoding=\"async\" width=\"1024\" height=\"725\" title=\"2023-01_25 Ans\u00e4tze Satellit Schauk\u00e4serei_Emmental ortreport_page-0003\" src=\"https:\/\/regionalmuseum-langnau.ch\/wp-content\/uploads\/2023\/05\/2023-01_25-Ansaetze-Satellit-Schaukaeserei_Emmental-ortreport_page-0003.jpg\" data-orig-src=\"https:\/\/regionalmuseum-langnau.ch\/wp-content\/uploads\/2023\/05\/2023-01_25-Ansaetze-Satellit-Schaukaeserei_Emmental-ortreport_page-0003-1024x725.jpg\" alt class=\"lazyload img-responsive wp-image-10872\" srcset=\"data:image\/svg+xml,%3Csvg%20xmlns%3D%27http%3A%2F%2Fwww.w3.org%2F2000%2Fsvg%27%20width%3D%271754%27%20height%3D%271241%27%20viewBox%3D%270%200%201754%201241%27%3E%3Crect%20width%3D%271754%27%20height%3D%271241%27%20fill-opacity%3D%220%22%2F%3E%3C%2Fsvg%3E\" data-srcset=\"https:\/\/regionalmuseum-langnau.ch\/wp-content\/uploads\/2023\/05\/2023-01_25-Ansaetze-Satellit-Schaukaeserei_Emmental-ortreport_page-0003-200x142.jpg 200w, https:\/\/regionalmuseum-langnau.ch\/wp-content\/uploads\/2023\/05\/2023-01_25-Ansaetze-Satellit-Schaukaeserei_Emmental-ortreport_page-0003-400x283.jpg 400w, https:\/\/regionalmuseum-langnau.ch\/wp-content\/uploads\/2023\/05\/2023-01_25-Ansaetze-Satellit-Schaukaeserei_Emmental-ortreport_page-0003-600x425.jpg 600w, https:\/\/regionalmuseum-langnau.ch\/wp-content\/uploads\/2023\/05\/2023-01_25-Ansaetze-Satellit-Schaukaeserei_Emmental-ortreport_page-0003-800x566.jpg 800w, https:\/\/regionalmuseum-langnau.ch\/wp-content\/uploads\/2023\/05\/2023-01_25-Ansaetze-Satellit-Schaukaeserei_Emmental-ortreport_page-0003-1200x849.jpg 1200w, https:\/\/regionalmuseum-langnau.ch\/wp-content\/uploads\/2023\/05\/2023-01_25-Ansaetze-Satellit-Schaukaeserei_Emmental-ortreport_page-0003.jpg 1754w\" data-sizes=\"auto\" data-orig-sizes=\"(max-width: 700px) 100vw, 1024px\" \/><\/span><\/div><div class=\"fusion-image-element \" style=\"--awb-caption-title-font-family:var(--h2_typography-font-family);--awb-caption-title-font-weight:var(--h2_typography-font-weight);--awb-caption-title-font-style:var(--h2_typography-font-style);--awb-caption-title-size:var(--h2_typography-font-size);--awb-caption-title-transform:var(--h2_typography-text-transform);--awb-caption-title-line-height:var(--h2_typography-line-height);--awb-caption-title-letter-spacing:var(--h2_typography-letter-spacing);\"><span class=\" fusion-imageframe imageframe-none imageframe-3 hover-type-none\"><img decoding=\"async\" width=\"1024\" height=\"725\" title=\"2023-01_25 Ans\u00e4tze Satellit Schauk\u00e4serei_Emmental ortreport_page-0008\" src=\"https:\/\/regionalmuseum-langnau.ch\/wp-content\/uploads\/2023\/05\/2023-01_25-Ansaetze-Satellit-Schaukaeserei_Emmental-ortreport_page-0008.jpg\" data-orig-src=\"https:\/\/regionalmuseum-langnau.ch\/wp-content\/uploads\/2023\/05\/2023-01_25-Ansaetze-Satellit-Schaukaeserei_Emmental-ortreport_page-0008-1024x725.jpg\" alt class=\"lazyload img-responsive wp-image-10874\" srcset=\"data:image\/svg+xml,%3Csvg%20xmlns%3D%27http%3A%2F%2Fwww.w3.org%2F2000%2Fsvg%27%20width%3D%271754%27%20height%3D%271241%27%20viewBox%3D%270%200%201754%201241%27%3E%3Crect%20width%3D%271754%27%20height%3D%271241%27%20fill-opacity%3D%220%22%2F%3E%3C%2Fsvg%3E\" data-srcset=\"https:\/\/regionalmuseum-langnau.ch\/wp-content\/uploads\/2023\/05\/2023-01_25-Ansaetze-Satellit-Schaukaeserei_Emmental-ortreport_page-0008-200x142.jpg 200w, https:\/\/regionalmuseum-langnau.ch\/wp-content\/uploads\/2023\/05\/2023-01_25-Ansaetze-Satellit-Schaukaeserei_Emmental-ortreport_page-0008-400x283.jpg 400w, https:\/\/regionalmuseum-langnau.ch\/wp-content\/uploads\/2023\/05\/2023-01_25-Ansaetze-Satellit-Schaukaeserei_Emmental-ortreport_page-0008-600x425.jpg 600w, https:\/\/regionalmuseum-langnau.ch\/wp-content\/uploads\/2023\/05\/2023-01_25-Ansaetze-Satellit-Schaukaeserei_Emmental-ortreport_page-0008-800x566.jpg 800w, https:\/\/regionalmuseum-langnau.ch\/wp-content\/uploads\/2023\/05\/2023-01_25-Ansaetze-Satellit-Schaukaeserei_Emmental-ortreport_page-0008-1200x849.jpg 1200w, https:\/\/regionalmuseum-langnau.ch\/wp-content\/uploads\/2023\/05\/2023-01_25-Ansaetze-Satellit-Schaukaeserei_Emmental-ortreport_page-0008.jpg 1754w\" data-sizes=\"auto\" data-orig-sizes=\"(max-width: 700px) 100vw, 1024px\" \/><\/span><\/div><div class=\"fusion-text fusion-text-18\"><h4>Id\u00e9e 1 : \u00ab\u00a0fromage sauteur<\/h4>\n<ul>\n<li>Le fromage spray\u00e9 est fortement gonfl\u00e9 en dimension et devient ainsi une sculpture tridimensionnelle sur laquelle on peut marcher.<\/li>\n<li>Objet joyeux et color\u00e9 qui invite \u00e0 l&rsquo;exploration<\/li>\n<li>Les enfants peuvent grimper et sauter, les adolescents se suspendre et se rencontrer, les adultes s&rsquo;asseoir et faire une pause, manger un pique-nique ou boire un ap\u00e9ritif.<\/li>\n<li>Lieu de rencontre pouvant s&rsquo;\u00e9tablir comme lieu \/ rep\u00e8re, avec possibilit\u00e9 d&rsquo;activation ponctuelle<\/li>\n<li>Pendant les mois chauds, voyagez de la fromagerie de d\u00e9monstration \u00e0 la Ch\u00fcechlihus en passant par la f\u00eate du village et une prairie le long du sentier de randonn\u00e9e.<\/li>\n<li>Lieu id\u00e9al pour les selfies et les photos \/ m\u00e9dias sociaux<\/li>\n<\/ul>\n<\/div><div class=\"fusion-text fusion-text-19\"><h4>Inspiration<\/h4>\n<\/div><div class=\"awb-gallery-wrapper awb-gallery-wrapper-8 button-span-no\" style=\"--more-btn-alignment:center;\"><div style=\"margin:-5px;--awb-bordersize:0px;\" class=\"fusion-gallery fusion-gallery-container fusion-grid-4 fusion-columns-total-4 fusion-gallery-layout-grid fusion-gallery-8\"><div style=\"padding:5px;\" class=\"fusion-grid-column fusion-gallery-column fusion-gallery-column-4 hover-type-none\"><div class=\"fusion-gallery-image\"><a href=\"https:\/\/regionalmuseum-langnau.ch\/wp-content\/uploads\/2023\/05\/2023-01_25-Ansaetze-Satellit-Schaukaeserei_Emmental-ortreport_page-0009-Kopie-2.jpg\" rel=\"noreferrer\" data-rel=\"iLightbox[gallery_image_8]\" class=\"fusion-lightbox\" target=\"_self\"><img decoding=\"async\" src=\"https:\/\/regionalmuseum-langnau.ch\/wp-content\/uploads\/2023\/05\/2023-01_25-Ansaetze-Satellit-Schaukaeserei_Emmental-ortreport_page-0009-Kopie-2.jpg\" data-orig-src=\"https:\/\/regionalmuseum-langnau.ch\/wp-content\/uploads\/2023\/05\/2023-01_25-Ansaetze-Satellit-Schaukaeserei_Emmental-ortreport_page-0009-Kopie-2.jpg\" width=\"706\" height=\"449\" alt=\"\" title=\"2023-01_25 Ans\u00e4tze Satellit Schauk\u00e4serei_Emmental ortreport_page-0009 &#8211; Kopie (2)\" aria-label=\"2023-01_25 Ans\u00e4tze Satellit Schauk\u00e4serei_Emmental ortreport_page-0009 &#8211; Kopie (2)\" class=\"lazyload img-responsive wp-image-8525\" srcset=\"data:image\/svg+xml,%3Csvg%20xmlns%3D%27http%3A%2F%2Fwww.w3.org%2F2000%2Fsvg%27%20width%3D%27706%27%20height%3D%27449%27%20viewBox%3D%270%200%20706%20449%27%3E%3Crect%20width%3D%27706%27%20height%3D%27449%27%20fill-opacity%3D%220%22%2F%3E%3C%2Fsvg%3E\" data-srcset=\"https:\/\/regionalmuseum-langnau.ch\/wp-content\/uploads\/2023\/05\/2023-01_25-Ansaetze-Satellit-Schaukaeserei_Emmental-ortreport_page-0009-Kopie-2-200x127.jpg 200w, https:\/\/regionalmuseum-langnau.ch\/wp-content\/uploads\/2023\/05\/2023-01_25-Ansaetze-Satellit-Schaukaeserei_Emmental-ortreport_page-0009-Kopie-2-400x254.jpg 400w, https:\/\/regionalmuseum-langnau.ch\/wp-content\/uploads\/2023\/05\/2023-01_25-Ansaetze-Satellit-Schaukaeserei_Emmental-ortreport_page-0009-Kopie-2-600x382.jpg 600w, https:\/\/regionalmuseum-langnau.ch\/wp-content\/uploads\/2023\/05\/2023-01_25-Ansaetze-Satellit-Schaukaeserei_Emmental-ortreport_page-0009-Kopie-2.jpg 706w\" data-sizes=\"auto\" data-orig-sizes=\"(min-width: 2200px) 100vw, (min-width: 856px) 296px, (min-width: 784px) 395px, (min-width: 712px) 593px, (min-width: 640px) 712px, \" \/><\/a><\/div><\/div><div style=\"padding:5px;\" class=\"fusion-grid-column fusion-gallery-column fusion-gallery-column-4 hover-type-none\"><div class=\"fusion-gallery-image\"><a href=\"https:\/\/regionalmuseum-langnau.ch\/wp-content\/uploads\/2023\/05\/2023-01_25-Ansaetze-Satellit-Schaukaeserei_Emmental-ortreport_page-0009-Kopie-3.jpg\" rel=\"noreferrer\" data-rel=\"iLightbox[gallery_image_8]\" class=\"fusion-lightbox\" target=\"_self\"><img decoding=\"async\" src=\"https:\/\/regionalmuseum-langnau.ch\/wp-content\/uploads\/2023\/05\/2023-01_25-Ansaetze-Satellit-Schaukaeserei_Emmental-ortreport_page-0009-Kopie-3.jpg\" data-orig-src=\"https:\/\/regionalmuseum-langnau.ch\/wp-content\/uploads\/2023\/05\/2023-01_25-Ansaetze-Satellit-Schaukaeserei_Emmental-ortreport_page-0009-Kopie-3.jpg\" width=\"709\" height=\"452\" alt=\"\" title=\"2023-01_25 Ans\u00e4tze Satellit Schauk\u00e4serei_Emmental ortreport_page-0009 &#8211; Kopie (3)\" aria-label=\"2023-01_25 Ans\u00e4tze Satellit Schauk\u00e4serei_Emmental ortreport_page-0009 &#8211; Kopie (3)\" class=\"lazyload img-responsive wp-image-8526\" srcset=\"data:image\/svg+xml,%3Csvg%20xmlns%3D%27http%3A%2F%2Fwww.w3.org%2F2000%2Fsvg%27%20width%3D%27709%27%20height%3D%27452%27%20viewBox%3D%270%200%20709%20452%27%3E%3Crect%20width%3D%27709%27%20height%3D%27452%27%20fill-opacity%3D%220%22%2F%3E%3C%2Fsvg%3E\" data-srcset=\"https:\/\/regionalmuseum-langnau.ch\/wp-content\/uploads\/2023\/05\/2023-01_25-Ansaetze-Satellit-Schaukaeserei_Emmental-ortreport_page-0009-Kopie-3-200x128.jpg 200w, https:\/\/regionalmuseum-langnau.ch\/wp-content\/uploads\/2023\/05\/2023-01_25-Ansaetze-Satellit-Schaukaeserei_Emmental-ortreport_page-0009-Kopie-3-400x255.jpg 400w, https:\/\/regionalmuseum-langnau.ch\/wp-content\/uploads\/2023\/05\/2023-01_25-Ansaetze-Satellit-Schaukaeserei_Emmental-ortreport_page-0009-Kopie-3-600x383.jpg 600w, https:\/\/regionalmuseum-langnau.ch\/wp-content\/uploads\/2023\/05\/2023-01_25-Ansaetze-Satellit-Schaukaeserei_Emmental-ortreport_page-0009-Kopie-3.jpg 709w\" data-sizes=\"auto\" data-orig-sizes=\"(min-width: 2200px) 100vw, (min-width: 856px) 296px, (min-width: 784px) 395px, (min-width: 712px) 593px, (min-width: 640px) 712px, \" \/><\/a><\/div><\/div><div style=\"padding:5px;\" class=\"fusion-grid-column fusion-gallery-column fusion-gallery-column-4 hover-type-none\"><div class=\"fusion-gallery-image\"><a href=\"https:\/\/regionalmuseum-langnau.ch\/wp-content\/uploads\/2023\/05\/2023-01_25-Ansaetze-Satellit-Schaukaeserei_Emmental-ortreport_page-0009-Kopie-4.jpg\" rel=\"noreferrer\" data-rel=\"iLightbox[gallery_image_8]\" class=\"fusion-lightbox\" target=\"_self\"><img decoding=\"async\" src=\"https:\/\/regionalmuseum-langnau.ch\/wp-content\/uploads\/2023\/05\/2023-01_25-Ansaetze-Satellit-Schaukaeserei_Emmental-ortreport_page-0009-Kopie-4.jpg\" data-orig-src=\"https:\/\/regionalmuseum-langnau.ch\/wp-content\/uploads\/2023\/05\/2023-01_25-Ansaetze-Satellit-Schaukaeserei_Emmental-ortreport_page-0009-Kopie-4.jpg\" width=\"711\" height=\"447\" alt=\"\" title=\"2023-01_25 Ans\u00e4tze Satellit Schauk\u00e4serei_Emmental ortreport_page-0009 &#8211; Kopie (4)\" aria-label=\"2023-01_25 Ans\u00e4tze Satellit Schauk\u00e4serei_Emmental ortreport_page-0009 &#8211; Kopie (4)\" class=\"lazyload img-responsive wp-image-8527\" srcset=\"data:image\/svg+xml,%3Csvg%20xmlns%3D%27http%3A%2F%2Fwww.w3.org%2F2000%2Fsvg%27%20width%3D%27711%27%20height%3D%27447%27%20viewBox%3D%270%200%20711%20447%27%3E%3Crect%20width%3D%27711%27%20height%3D%27447%27%20fill-opacity%3D%220%22%2F%3E%3C%2Fsvg%3E\" data-srcset=\"https:\/\/regionalmuseum-langnau.ch\/wp-content\/uploads\/2023\/05\/2023-01_25-Ansaetze-Satellit-Schaukaeserei_Emmental-ortreport_page-0009-Kopie-4-200x126.jpg 200w, https:\/\/regionalmuseum-langnau.ch\/wp-content\/uploads\/2023\/05\/2023-01_25-Ansaetze-Satellit-Schaukaeserei_Emmental-ortreport_page-0009-Kopie-4-400x251.jpg 400w, https:\/\/regionalmuseum-langnau.ch\/wp-content\/uploads\/2023\/05\/2023-01_25-Ansaetze-Satellit-Schaukaeserei_Emmental-ortreport_page-0009-Kopie-4-600x377.jpg 600w, https:\/\/regionalmuseum-langnau.ch\/wp-content\/uploads\/2023\/05\/2023-01_25-Ansaetze-Satellit-Schaukaeserei_Emmental-ortreport_page-0009-Kopie-4.jpg 711w\" data-sizes=\"auto\" data-orig-sizes=\"(min-width: 2200px) 100vw, (min-width: 856px) 296px, (min-width: 784px) 395px, (min-width: 712px) 593px, (min-width: 640px) 712px, \" \/><\/a><\/div><\/div><div style=\"padding:5px;\" class=\"fusion-grid-column fusion-gallery-column fusion-gallery-column-4 hover-type-none\"><div class=\"fusion-gallery-image\"><a href=\"https:\/\/regionalmuseum-langnau.ch\/wp-content\/uploads\/2023\/05\/2023-01_25-Ansaetze-Satellit-Schaukaeserei_Emmental-ortreport_page-0009-Kopie.jpg\" rel=\"noreferrer\" data-rel=\"iLightbox[gallery_image_8]\" class=\"fusion-lightbox\" target=\"_self\"><img decoding=\"async\" src=\"https:\/\/regionalmuseum-langnau.ch\/wp-content\/uploads\/2023\/05\/2023-01_25-Ansaetze-Satellit-Schaukaeserei_Emmental-ortreport_page-0009-Kopie.jpg\" data-orig-src=\"https:\/\/regionalmuseum-langnau.ch\/wp-content\/uploads\/2023\/05\/2023-01_25-Ansaetze-Satellit-Schaukaeserei_Emmental-ortreport_page-0009-Kopie.jpg\" width=\"711\" height=\"451\" alt=\"\" title=\"2023-01_25 Ans\u00e4tze Satellit Schauk\u00e4serei_Emmental ortreport_page-0009 &#8211; Kopie\" aria-label=\"2023-01_25 Ans\u00e4tze Satellit Schauk\u00e4serei_Emmental ortreport_page-0009 &#8211; Kopie\" class=\"lazyload img-responsive wp-image-8528\" srcset=\"data:image\/svg+xml,%3Csvg%20xmlns%3D%27http%3A%2F%2Fwww.w3.org%2F2000%2Fsvg%27%20width%3D%27711%27%20height%3D%27451%27%20viewBox%3D%270%200%20711%20451%27%3E%3Crect%20width%3D%27711%27%20height%3D%27451%27%20fill-opacity%3D%220%22%2F%3E%3C%2Fsvg%3E\" data-srcset=\"https:\/\/regionalmuseum-langnau.ch\/wp-content\/uploads\/2023\/05\/2023-01_25-Ansaetze-Satellit-Schaukaeserei_Emmental-ortreport_page-0009-Kopie-200x127.jpg 200w, https:\/\/regionalmuseum-langnau.ch\/wp-content\/uploads\/2023\/05\/2023-01_25-Ansaetze-Satellit-Schaukaeserei_Emmental-ortreport_page-0009-Kopie-400x254.jpg 400w, https:\/\/regionalmuseum-langnau.ch\/wp-content\/uploads\/2023\/05\/2023-01_25-Ansaetze-Satellit-Schaukaeserei_Emmental-ortreport_page-0009-Kopie-600x381.jpg 600w, https:\/\/regionalmuseum-langnau.ch\/wp-content\/uploads\/2023\/05\/2023-01_25-Ansaetze-Satellit-Schaukaeserei_Emmental-ortreport_page-0009-Kopie.jpg 711w\" data-sizes=\"auto\" data-orig-sizes=\"(min-width: 2200px) 100vw, (min-width: 856px) 296px, (min-width: 784px) 395px, (min-width: 712px) 593px, (min-width: 640px) 712px, \" \/><\/a><\/div><\/div><div class=\"clearfix\"><\/div><\/div><\/div><div class=\"fusion-text fusion-text-20\"><h4>Visualisation<\/h4>\n<\/div><div class=\"fusion-image-element \" style=\"--awb-caption-title-font-family:var(--h2_typography-font-family);--awb-caption-title-font-weight:var(--h2_typography-font-weight);--awb-caption-title-font-style:var(--h2_typography-font-style);--awb-caption-title-size:var(--h2_typography-font-size);--awb-caption-title-transform:var(--h2_typography-text-transform);--awb-caption-title-line-height:var(--h2_typography-line-height);--awb-caption-title-letter-spacing:var(--h2_typography-letter-spacing);\"><span class=\" fusion-imageframe imageframe-none imageframe-4 hover-type-none\"><img decoding=\"async\" width=\"1024\" height=\"779\" title=\"2023-01_25 Ans\u00e4tze Satellit Schauk\u00e4serei_Emmental ortreport_page-0011 &#8211; Kopie\" src=\"https:\/\/regionalmuseum-langnau.ch\/wp-content\/uploads\/2023\/05\/2023-01_25-Ansaetze-Satellit-Schaukaeserei_Emmental-ortreport_page-0011-Kopie.jpg\" data-orig-src=\"https:\/\/regionalmuseum-langnau.ch\/wp-content\/uploads\/2023\/05\/2023-01_25-Ansaetze-Satellit-Schaukaeserei_Emmental-ortreport_page-0011-Kopie-1024x779.jpg\" alt class=\"lazyload img-responsive wp-image-10884\" srcset=\"data:image\/svg+xml,%3Csvg%20xmlns%3D%27http%3A%2F%2Fwww.w3.org%2F2000%2Fsvg%27%20width%3D%271178%27%20height%3D%27896%27%20viewBox%3D%270%200%201178%20896%27%3E%3Crect%20width%3D%271178%27%20height%3D%27896%27%20fill-opacity%3D%220%22%2F%3E%3C%2Fsvg%3E\" data-srcset=\"https:\/\/regionalmuseum-langnau.ch\/wp-content\/uploads\/2023\/05\/2023-01_25-Ansaetze-Satellit-Schaukaeserei_Emmental-ortreport_page-0011-Kopie-200x152.jpg 200w, https:\/\/regionalmuseum-langnau.ch\/wp-content\/uploads\/2023\/05\/2023-01_25-Ansaetze-Satellit-Schaukaeserei_Emmental-ortreport_page-0011-Kopie-400x304.jpg 400w, https:\/\/regionalmuseum-langnau.ch\/wp-content\/uploads\/2023\/05\/2023-01_25-Ansaetze-Satellit-Schaukaeserei_Emmental-ortreport_page-0011-Kopie-600x456.jpg 600w, https:\/\/regionalmuseum-langnau.ch\/wp-content\/uploads\/2023\/05\/2023-01_25-Ansaetze-Satellit-Schaukaeserei_Emmental-ortreport_page-0011-Kopie-800x608.jpg 800w, https:\/\/regionalmuseum-langnau.ch\/wp-content\/uploads\/2023\/05\/2023-01_25-Ansaetze-Satellit-Schaukaeserei_Emmental-ortreport_page-0011-Kopie.jpg 1178w\" data-sizes=\"auto\" data-orig-sizes=\"(max-width: 700px) 100vw, 1024px\" \/><\/span><\/div><div class=\"fusion-text fusion-text-21\"><h4>Id\u00e9e 2 : \u00ab\u00a0Mini-hockey<\/h4>\n<ul>\n<li>Le palet au fromage inspire un m\u00e9lange de mini-golf et de hockey<\/li>\n<li>Le hockey est un th\u00e8me identitaire dans l&rsquo;Emmental, qui enthousiasme beaucoup de monde et qui est accessible \u00e0 tous.<\/li>\n<li>Piste de mini-hockey sp\u00e9cialement con\u00e7ue pour le site et inspir\u00e9e des th\u00e8mes des \u00e9l\u00e8ves, avec crosse et palet \u00e0 disposition.<\/li>\n<li>L&#8217;emmental joue un r\u00f4le important dans la conception et il est logique que les trous fassent office d&rsquo;obstacles.<\/li>\n<li>Une petite exp\u00e9rience commune qui compl\u00e8te agr\u00e9ablement une visite \u00e0 la fromagerie de d\u00e9monstration ou au mus\u00e9e.<\/li>\n<li>Possibilit\u00e9 d&rsquo;activit\u00e9s ponctuelles, comme un petit tournoi de golf ou la visite d&rsquo;un joueur de hockey sur glace<\/li>\n<\/ul>\n<\/div><div class=\"fusion-text fusion-text-22\"><h4>Inspiration<\/h4>\n<\/div><div class=\"awb-gallery-wrapper awb-gallery-wrapper-9 button-span-no\" style=\"--more-btn-alignment:center;\"><div style=\"margin:-5px;--awb-bordersize:0px;\" class=\"fusion-gallery fusion-gallery-container fusion-grid-4 fusion-columns-total-4 fusion-gallery-layout-grid fusion-gallery-9\"><div style=\"padding:5px;\" class=\"fusion-grid-column fusion-gallery-column fusion-gallery-column-4 hover-type-none\"><div class=\"fusion-gallery-image\"><a href=\"https:\/\/regionalmuseum-langnau.ch\/wp-content\/uploads\/2023\/05\/2023-01_25-Ansaetze-Satellit-Schaukaeserei_Emmental-ortreport_page-0012-Kopie-2.jpg\" rel=\"noreferrer\" data-rel=\"iLightbox[gallery_image_9]\" class=\"fusion-lightbox\" target=\"_self\"><img decoding=\"async\" src=\"https:\/\/regionalmuseum-langnau.ch\/wp-content\/uploads\/2023\/05\/2023-01_25-Ansaetze-Satellit-Schaukaeserei_Emmental-ortreport_page-0012-Kopie-2.jpg\" data-orig-src=\"https:\/\/regionalmuseum-langnau.ch\/wp-content\/uploads\/2023\/05\/2023-01_25-Ansaetze-Satellit-Schaukaeserei_Emmental-ortreport_page-0012-Kopie-2.jpg\" width=\"711\" height=\"451\" alt=\"\" title=\"2023-01_25 Ans\u00e4tze Satellit Schauk\u00e4serei_Emmental ortreport_page-0012 &#8211; Kopie (2)\" aria-label=\"2023-01_25 Ans\u00e4tze Satellit Schauk\u00e4serei_Emmental ortreport_page-0012 &#8211; Kopie (2)\" class=\"lazyload img-responsive wp-image-8530\" srcset=\"data:image\/svg+xml,%3Csvg%20xmlns%3D%27http%3A%2F%2Fwww.w3.org%2F2000%2Fsvg%27%20width%3D%27711%27%20height%3D%27451%27%20viewBox%3D%270%200%20711%20451%27%3E%3Crect%20width%3D%27711%27%20height%3D%27451%27%20fill-opacity%3D%220%22%2F%3E%3C%2Fsvg%3E\" data-srcset=\"https:\/\/regionalmuseum-langnau.ch\/wp-content\/uploads\/2023\/05\/2023-01_25-Ansaetze-Satellit-Schaukaeserei_Emmental-ortreport_page-0012-Kopie-2-200x127.jpg 200w, https:\/\/regionalmuseum-langnau.ch\/wp-content\/uploads\/2023\/05\/2023-01_25-Ansaetze-Satellit-Schaukaeserei_Emmental-ortreport_page-0012-Kopie-2-400x254.jpg 400w, https:\/\/regionalmuseum-langnau.ch\/wp-content\/uploads\/2023\/05\/2023-01_25-Ansaetze-Satellit-Schaukaeserei_Emmental-ortreport_page-0012-Kopie-2-600x381.jpg 600w, https:\/\/regionalmuseum-langnau.ch\/wp-content\/uploads\/2023\/05\/2023-01_25-Ansaetze-Satellit-Schaukaeserei_Emmental-ortreport_page-0012-Kopie-2.jpg 711w\" data-sizes=\"auto\" data-orig-sizes=\"(min-width: 2200px) 100vw, (min-width: 856px) 296px, (min-width: 784px) 395px, (min-width: 712px) 593px, (min-width: 640px) 712px, \" \/><\/a><\/div><\/div><div style=\"padding:5px;\" class=\"fusion-grid-column fusion-gallery-column fusion-gallery-column-4 hover-type-none\"><div class=\"fusion-gallery-image\"><a href=\"https:\/\/regionalmuseum-langnau.ch\/wp-content\/uploads\/2023\/05\/2023-01_25-Ansaetze-Satellit-Schaukaeserei_Emmental-ortreport_page-0012-Kopie-4.jpg\" rel=\"noreferrer\" data-rel=\"iLightbox[gallery_image_9]\" class=\"fusion-lightbox\" target=\"_self\"><img decoding=\"async\" src=\"https:\/\/regionalmuseum-langnau.ch\/wp-content\/uploads\/2023\/05\/2023-01_25-Ansaetze-Satellit-Schaukaeserei_Emmental-ortreport_page-0012-Kopie-4.jpg\" data-orig-src=\"https:\/\/regionalmuseum-langnau.ch\/wp-content\/uploads\/2023\/05\/2023-01_25-Ansaetze-Satellit-Schaukaeserei_Emmental-ortreport_page-0012-Kopie-4.jpg\" width=\"711\" height=\"448\" alt=\"\" title=\"2023-01_25 Ans\u00e4tze Satellit Schauk\u00e4serei_Emmental ortreport_page-0012 &#8211; Kopie (4)\" aria-label=\"2023-01_25 Ans\u00e4tze Satellit Schauk\u00e4serei_Emmental ortreport_page-0012 &#8211; Kopie (4)\" class=\"lazyload img-responsive wp-image-8531\" srcset=\"data:image\/svg+xml,%3Csvg%20xmlns%3D%27http%3A%2F%2Fwww.w3.org%2F2000%2Fsvg%27%20width%3D%27711%27%20height%3D%27448%27%20viewBox%3D%270%200%20711%20448%27%3E%3Crect%20width%3D%27711%27%20height%3D%27448%27%20fill-opacity%3D%220%22%2F%3E%3C%2Fsvg%3E\" data-srcset=\"https:\/\/regionalmuseum-langnau.ch\/wp-content\/uploads\/2023\/05\/2023-01_25-Ansaetze-Satellit-Schaukaeserei_Emmental-ortreport_page-0012-Kopie-4-200x126.jpg 200w, https:\/\/regionalmuseum-langnau.ch\/wp-content\/uploads\/2023\/05\/2023-01_25-Ansaetze-Satellit-Schaukaeserei_Emmental-ortreport_page-0012-Kopie-4-400x252.jpg 400w, https:\/\/regionalmuseum-langnau.ch\/wp-content\/uploads\/2023\/05\/2023-01_25-Ansaetze-Satellit-Schaukaeserei_Emmental-ortreport_page-0012-Kopie-4-600x378.jpg 600w, https:\/\/regionalmuseum-langnau.ch\/wp-content\/uploads\/2023\/05\/2023-01_25-Ansaetze-Satellit-Schaukaeserei_Emmental-ortreport_page-0012-Kopie-4.jpg 711w\" data-sizes=\"auto\" data-orig-sizes=\"(min-width: 2200px) 100vw, (min-width: 856px) 296px, (min-width: 784px) 395px, (min-width: 712px) 593px, (min-width: 640px) 712px, \" \/><\/a><\/div><\/div><div style=\"padding:5px;\" class=\"fusion-grid-column fusion-gallery-column fusion-gallery-column-4 hover-type-none\"><div class=\"fusion-gallery-image\"><a href=\"https:\/\/regionalmuseum-langnau.ch\/wp-content\/uploads\/2023\/05\/2023-01_25-Ansaetze-Satellit-Schaukaeserei_Emmental-ortreport_page-0012-Kopie.jpg\" rel=\"noreferrer\" data-rel=\"iLightbox[gallery_image_9]\" class=\"fusion-lightbox\" target=\"_self\"><img decoding=\"async\" src=\"https:\/\/regionalmuseum-langnau.ch\/wp-content\/uploads\/2023\/05\/2023-01_25-Ansaetze-Satellit-Schaukaeserei_Emmental-ortreport_page-0012-Kopie.jpg\" data-orig-src=\"https:\/\/regionalmuseum-langnau.ch\/wp-content\/uploads\/2023\/05\/2023-01_25-Ansaetze-Satellit-Schaukaeserei_Emmental-ortreport_page-0012-Kopie.jpg\" width=\"707\" height=\"449\" alt=\"\" title=\"2023-01_25 Ans\u00e4tze Satellit Schauk\u00e4serei_Emmental ortreport_page-0012 &#8211; Kopie\" aria-label=\"2023-01_25 Ans\u00e4tze Satellit Schauk\u00e4serei_Emmental ortreport_page-0012 &#8211; Kopie\" class=\"lazyload img-responsive wp-image-8532\" srcset=\"data:image\/svg+xml,%3Csvg%20xmlns%3D%27http%3A%2F%2Fwww.w3.org%2F2000%2Fsvg%27%20width%3D%27707%27%20height%3D%27449%27%20viewBox%3D%270%200%20707%20449%27%3E%3Crect%20width%3D%27707%27%20height%3D%27449%27%20fill-opacity%3D%220%22%2F%3E%3C%2Fsvg%3E\" data-srcset=\"https:\/\/regionalmuseum-langnau.ch\/wp-content\/uploads\/2023\/05\/2023-01_25-Ansaetze-Satellit-Schaukaeserei_Emmental-ortreport_page-0012-Kopie-200x127.jpg 200w, https:\/\/regionalmuseum-langnau.ch\/wp-content\/uploads\/2023\/05\/2023-01_25-Ansaetze-Satellit-Schaukaeserei_Emmental-ortreport_page-0012-Kopie-400x254.jpg 400w, https:\/\/regionalmuseum-langnau.ch\/wp-content\/uploads\/2023\/05\/2023-01_25-Ansaetze-Satellit-Schaukaeserei_Emmental-ortreport_page-0012-Kopie-600x381.jpg 600w, https:\/\/regionalmuseum-langnau.ch\/wp-content\/uploads\/2023\/05\/2023-01_25-Ansaetze-Satellit-Schaukaeserei_Emmental-ortreport_page-0012-Kopie.jpg 707w\" data-sizes=\"auto\" data-orig-sizes=\"(min-width: 2200px) 100vw, (min-width: 856px) 296px, (min-width: 784px) 395px, (min-width: 712px) 593px, (min-width: 640px) 712px, \" \/><\/a><\/div><\/div><div style=\"padding:5px;\" class=\"fusion-grid-column fusion-gallery-column fusion-gallery-column-4 hover-type-none\"><div class=\"fusion-gallery-image\"><a href=\"https:\/\/regionalmuseum-langnau.ch\/wp-content\/uploads\/2023\/05\/2023-01_25-Ansaetze-Satellit-Schaukaeserei_Emmental-ortreport_page-0012.jpg\" rel=\"noreferrer\" data-rel=\"iLightbox[gallery_image_9]\" class=\"fusion-lightbox\" target=\"_self\"><img decoding=\"async\" src=\"https:\/\/regionalmuseum-langnau.ch\/wp-content\/uploads\/2023\/05\/2023-01_25-Ansaetze-Satellit-Schaukaeserei_Emmental-ortreport_page-0012.jpg\" data-orig-src=\"https:\/\/regionalmuseum-langnau.ch\/wp-content\/uploads\/2023\/05\/2023-01_25-Ansaetze-Satellit-Schaukaeserei_Emmental-ortreport_page-0012.jpg\" width=\"708\" height=\"448\" alt=\"\" title=\"2023-01_25 Ans\u00e4tze Satellit Schauk\u00e4serei_Emmental ortreport_page-0012\" aria-label=\"2023-01_25 Ans\u00e4tze Satellit Schauk\u00e4serei_Emmental ortreport_page-0012\" class=\"lazyload img-responsive wp-image-8533\" srcset=\"data:image\/svg+xml,%3Csvg%20xmlns%3D%27http%3A%2F%2Fwww.w3.org%2F2000%2Fsvg%27%20width%3D%27708%27%20height%3D%27448%27%20viewBox%3D%270%200%20708%20448%27%3E%3Crect%20width%3D%27708%27%20height%3D%27448%27%20fill-opacity%3D%220%22%2F%3E%3C%2Fsvg%3E\" data-srcset=\"https:\/\/regionalmuseum-langnau.ch\/wp-content\/uploads\/2023\/05\/2023-01_25-Ansaetze-Satellit-Schaukaeserei_Emmental-ortreport_page-0012-200x127.jpg 200w, https:\/\/regionalmuseum-langnau.ch\/wp-content\/uploads\/2023\/05\/2023-01_25-Ansaetze-Satellit-Schaukaeserei_Emmental-ortreport_page-0012-400x253.jpg 400w, https:\/\/regionalmuseum-langnau.ch\/wp-content\/uploads\/2023\/05\/2023-01_25-Ansaetze-Satellit-Schaukaeserei_Emmental-ortreport_page-0012-600x380.jpg 600w, https:\/\/regionalmuseum-langnau.ch\/wp-content\/uploads\/2023\/05\/2023-01_25-Ansaetze-Satellit-Schaukaeserei_Emmental-ortreport_page-0012.jpg 708w\" data-sizes=\"auto\" data-orig-sizes=\"(min-width: 2200px) 100vw, (min-width: 856px) 296px, (min-width: 784px) 395px, (min-width: 712px) 593px, (min-width: 640px) 712px, \" \/><\/a><\/div><\/div><div class=\"clearfix\"><\/div><\/div><\/div><div class=\"fusion-text fusion-text-23\"><h4>Visualisation<\/h4>\n<\/div><div class=\"fusion-image-element \" style=\"--awb-caption-title-font-family:var(--h2_typography-font-family);--awb-caption-title-font-weight:var(--h2_typography-font-weight);--awb-caption-title-font-style:var(--h2_typography-font-style);--awb-caption-title-size:var(--h2_typography-font-size);--awb-caption-title-transform:var(--h2_typography-text-transform);--awb-caption-title-line-height:var(--h2_typography-line-height);--awb-caption-title-letter-spacing:var(--h2_typography-letter-spacing);\"><span class=\" fusion-imageframe imageframe-none imageframe-5 hover-type-none\"><img decoding=\"async\" width=\"1024\" height=\"765\" title=\"2023-01_25 Ans\u00e4tze Satellit Schauk\u00e4serei_Emmental ortreport_page-0014\" src=\"https:\/\/regionalmuseum-langnau.ch\/wp-content\/uploads\/2023\/05\/2023-01_25-Ansaetze-Satellit-Schaukaeserei_Emmental-ortreport_page-0014.jpg\" data-orig-src=\"https:\/\/regionalmuseum-langnau.ch\/wp-content\/uploads\/2023\/05\/2023-01_25-Ansaetze-Satellit-Schaukaeserei_Emmental-ortreport_page-0014-1024x765.jpg\" alt class=\"lazyload img-responsive wp-image-10894\" srcset=\"data:image\/svg+xml,%3Csvg%20xmlns%3D%27http%3A%2F%2Fwww.w3.org%2F2000%2Fsvg%27%20width%3D%271279%27%20height%3D%27955%27%20viewBox%3D%270%200%201279%20955%27%3E%3Crect%20width%3D%271279%27%20height%3D%27955%27%20fill-opacity%3D%220%22%2F%3E%3C%2Fsvg%3E\" data-srcset=\"https:\/\/regionalmuseum-langnau.ch\/wp-content\/uploads\/2023\/05\/2023-01_25-Ansaetze-Satellit-Schaukaeserei_Emmental-ortreport_page-0014-200x149.jpg 200w, https:\/\/regionalmuseum-langnau.ch\/wp-content\/uploads\/2023\/05\/2023-01_25-Ansaetze-Satellit-Schaukaeserei_Emmental-ortreport_page-0014-400x299.jpg 400w, https:\/\/regionalmuseum-langnau.ch\/wp-content\/uploads\/2023\/05\/2023-01_25-Ansaetze-Satellit-Schaukaeserei_Emmental-ortreport_page-0014-600x448.jpg 600w, https:\/\/regionalmuseum-langnau.ch\/wp-content\/uploads\/2023\/05\/2023-01_25-Ansaetze-Satellit-Schaukaeserei_Emmental-ortreport_page-0014-800x597.jpg 800w, https:\/\/regionalmuseum-langnau.ch\/wp-content\/uploads\/2023\/05\/2023-01_25-Ansaetze-Satellit-Schaukaeserei_Emmental-ortreport_page-0014-1200x896.jpg 1200w, https:\/\/regionalmuseum-langnau.ch\/wp-content\/uploads\/2023\/05\/2023-01_25-Ansaetze-Satellit-Schaukaeserei_Emmental-ortreport_page-0014.jpg 1279w\" data-sizes=\"auto\" data-orig-sizes=\"(max-width: 700px) 100vw, 1024px\" \/><\/span><\/div><div class=\"fusion-text fusion-text-24\"><h4>Id\u00e9e 3 : \u00ab\u00a0Bain de pieds<\/h4>\n<ul>\n<li>Le caquelon \u00e0 fondue comme source d&rsquo;id\u00e9es pour un bain de petit-lait participatif<\/li>\n<li>Le petit-lait, sous-produit naturel de la fabrication du fromage, raconte l&rsquo;histoire de la fabrication du fromage et \u00e9tablit un lien avec la nature et notre culture.<\/li>\n<li>Bain de pieds commun comme exp\u00e9rience sensorielle par une belle soir\u00e9e d&rsquo;\u00e9t\u00e9, lieu de pause, d&rsquo;un verre de vin et d&rsquo;une bonne discussion.<\/li>\n<li>L&rsquo;installation doit fonctionner de mani\u00e8re autonome de sorte que les clients puissent se faire couler un bain de pieds \u00e0 tout moment, projets comparatifs : Bagni di Craveggia dans la vall\u00e9e d&rsquo;Onsernone \/ Bagni Popolari \u00e0 Baden<\/li>\n<li>Dans le meilleur des cas, le lieu devient un point de rencontre pour les villageois int\u00e9ress\u00e9s.<\/li>\n<li>Convient pour les petits \u00e9v\u00e9nements et le contenu des m\u00e9dias sociaux<\/li>\n<\/ul>\n<\/div><div class=\"fusion-text fusion-text-25\"><h4>Inspiration<\/h4>\n<\/div><div class=\"awb-gallery-wrapper awb-gallery-wrapper-10 button-span-no\" style=\"--more-btn-alignment:center;\"><div style=\"margin:-5px;--awb-bordersize:0px;\" class=\"fusion-gallery fusion-gallery-container fusion-grid-4 fusion-columns-total-4 fusion-gallery-layout-grid fusion-gallery-10\"><div style=\"padding:5px;\" class=\"fusion-grid-column fusion-gallery-column fusion-gallery-column-4 hover-type-none\"><div class=\"fusion-gallery-image\"><a href=\"https:\/\/regionalmuseum-langnau.ch\/wp-content\/uploads\/2023\/05\/2023-01_25-Ansaetze-Satellit-Schaukaeserei_Emmental-ortreport_page-0015-Kopie-2.jpg\" rel=\"noreferrer\" data-rel=\"iLightbox[gallery_image_10]\" class=\"fusion-lightbox\" target=\"_self\"><img decoding=\"async\" src=\"https:\/\/regionalmuseum-langnau.ch\/wp-content\/uploads\/2023\/05\/2023-01_25-Ansaetze-Satellit-Schaukaeserei_Emmental-ortreport_page-0015-Kopie-2.jpg\" data-orig-src=\"https:\/\/regionalmuseum-langnau.ch\/wp-content\/uploads\/2023\/05\/2023-01_25-Ansaetze-Satellit-Schaukaeserei_Emmental-ortreport_page-0015-Kopie-2.jpg\" width=\"710\" height=\"451\" alt=\"\" title=\"2023-01_25 Ans\u00e4tze Satellit Schauk\u00e4serei_Emmental ortreport_page-0015 &#8211; Kopie (2)\" aria-label=\"2023-01_25 Ans\u00e4tze Satellit Schauk\u00e4serei_Emmental ortreport_page-0015 &#8211; Kopie (2)\" class=\"lazyload img-responsive wp-image-8535\" srcset=\"data:image\/svg+xml,%3Csvg%20xmlns%3D%27http%3A%2F%2Fwww.w3.org%2F2000%2Fsvg%27%20width%3D%27710%27%20height%3D%27451%27%20viewBox%3D%270%200%20710%20451%27%3E%3Crect%20width%3D%27710%27%20height%3D%27451%27%20fill-opacity%3D%220%22%2F%3E%3C%2Fsvg%3E\" data-srcset=\"https:\/\/regionalmuseum-langnau.ch\/wp-content\/uploads\/2023\/05\/2023-01_25-Ansaetze-Satellit-Schaukaeserei_Emmental-ortreport_page-0015-Kopie-2-200x127.jpg 200w, https:\/\/regionalmuseum-langnau.ch\/wp-content\/uploads\/2023\/05\/2023-01_25-Ansaetze-Satellit-Schaukaeserei_Emmental-ortreport_page-0015-Kopie-2-400x254.jpg 400w, https:\/\/regionalmuseum-langnau.ch\/wp-content\/uploads\/2023\/05\/2023-01_25-Ansaetze-Satellit-Schaukaeserei_Emmental-ortreport_page-0015-Kopie-2-600x381.jpg 600w, https:\/\/regionalmuseum-langnau.ch\/wp-content\/uploads\/2023\/05\/2023-01_25-Ansaetze-Satellit-Schaukaeserei_Emmental-ortreport_page-0015-Kopie-2.jpg 710w\" data-sizes=\"auto\" data-orig-sizes=\"(min-width: 2200px) 100vw, (min-width: 856px) 296px, (min-width: 784px) 395px, (min-width: 712px) 593px, (min-width: 640px) 712px, \" \/><\/a><\/div><\/div><div style=\"padding:5px;\" class=\"fusion-grid-column fusion-gallery-column fusion-gallery-column-4 hover-type-none\"><div class=\"fusion-gallery-image\"><a href=\"https:\/\/regionalmuseum-langnau.ch\/wp-content\/uploads\/2023\/05\/2023-01_25-Ansaetze-Satellit-Schaukaeserei_Emmental-ortreport_page-0015-Kopie-3.jpg\" rel=\"noreferrer\" data-rel=\"iLightbox[gallery_image_10]\" class=\"fusion-lightbox\" target=\"_self\"><img decoding=\"async\" src=\"https:\/\/regionalmuseum-langnau.ch\/wp-content\/uploads\/2023\/05\/2023-01_25-Ansaetze-Satellit-Schaukaeserei_Emmental-ortreport_page-0015-Kopie-3.jpg\" data-orig-src=\"https:\/\/regionalmuseum-langnau.ch\/wp-content\/uploads\/2023\/05\/2023-01_25-Ansaetze-Satellit-Schaukaeserei_Emmental-ortreport_page-0015-Kopie-3.jpg\" width=\"713\" height=\"451\" alt=\"\" title=\"2023-01_25 Ans\u00e4tze Satellit Schauk\u00e4serei_Emmental ortreport_page-0015 &#8211; Kopie (3)\" aria-label=\"2023-01_25 Ans\u00e4tze Satellit Schauk\u00e4serei_Emmental ortreport_page-0015 &#8211; Kopie (3)\" class=\"lazyload img-responsive wp-image-8536\" srcset=\"data:image\/svg+xml,%3Csvg%20xmlns%3D%27http%3A%2F%2Fwww.w3.org%2F2000%2Fsvg%27%20width%3D%27713%27%20height%3D%27451%27%20viewBox%3D%270%200%20713%20451%27%3E%3Crect%20width%3D%27713%27%20height%3D%27451%27%20fill-opacity%3D%220%22%2F%3E%3C%2Fsvg%3E\" data-srcset=\"https:\/\/regionalmuseum-langnau.ch\/wp-content\/uploads\/2023\/05\/2023-01_25-Ansaetze-Satellit-Schaukaeserei_Emmental-ortreport_page-0015-Kopie-3-200x127.jpg 200w, https:\/\/regionalmuseum-langnau.ch\/wp-content\/uploads\/2023\/05\/2023-01_25-Ansaetze-Satellit-Schaukaeserei_Emmental-ortreport_page-0015-Kopie-3-400x253.jpg 400w, https:\/\/regionalmuseum-langnau.ch\/wp-content\/uploads\/2023\/05\/2023-01_25-Ansaetze-Satellit-Schaukaeserei_Emmental-ortreport_page-0015-Kopie-3-600x380.jpg 600w, https:\/\/regionalmuseum-langnau.ch\/wp-content\/uploads\/2023\/05\/2023-01_25-Ansaetze-Satellit-Schaukaeserei_Emmental-ortreport_page-0015-Kopie-3.jpg 713w\" data-sizes=\"auto\" data-orig-sizes=\"(min-width: 2200px) 100vw, (min-width: 856px) 296px, (min-width: 784px) 395px, (min-width: 712px) 593px, (min-width: 640px) 712px, \" \/><\/a><\/div><\/div><div style=\"padding:5px;\" class=\"fusion-grid-column fusion-gallery-column fusion-gallery-column-4 hover-type-none\"><div class=\"fusion-gallery-image\"><a href=\"https:\/\/regionalmuseum-langnau.ch\/wp-content\/uploads\/2023\/05\/2023-01_25-Ansaetze-Satellit-Schaukaeserei_Emmental-ortreport_page-0015-Kopie-4.jpg\" rel=\"noreferrer\" data-rel=\"iLightbox[gallery_image_10]\" class=\"fusion-lightbox\" target=\"_self\"><img decoding=\"async\" src=\"https:\/\/regionalmuseum-langnau.ch\/wp-content\/uploads\/2023\/05\/2023-01_25-Ansaetze-Satellit-Schaukaeserei_Emmental-ortreport_page-0015-Kopie-4.jpg\" data-orig-src=\"https:\/\/regionalmuseum-langnau.ch\/wp-content\/uploads\/2023\/05\/2023-01_25-Ansaetze-Satellit-Schaukaeserei_Emmental-ortreport_page-0015-Kopie-4.jpg\" width=\"712\" height=\"452\" alt=\"\" title=\"2023-01_25 Ans\u00e4tze Satellit Schauk\u00e4serei_Emmental ortreport_page-0015 &#8211; Kopie (4)\" aria-label=\"2023-01_25 Ans\u00e4tze Satellit Schauk\u00e4serei_Emmental ortreport_page-0015 &#8211; Kopie (4)\" class=\"lazyload img-responsive wp-image-8537\" srcset=\"data:image\/svg+xml,%3Csvg%20xmlns%3D%27http%3A%2F%2Fwww.w3.org%2F2000%2Fsvg%27%20width%3D%27712%27%20height%3D%27452%27%20viewBox%3D%270%200%20712%20452%27%3E%3Crect%20width%3D%27712%27%20height%3D%27452%27%20fill-opacity%3D%220%22%2F%3E%3C%2Fsvg%3E\" data-srcset=\"https:\/\/regionalmuseum-langnau.ch\/wp-content\/uploads\/2023\/05\/2023-01_25-Ansaetze-Satellit-Schaukaeserei_Emmental-ortreport_page-0015-Kopie-4-200x127.jpg 200w, https:\/\/regionalmuseum-langnau.ch\/wp-content\/uploads\/2023\/05\/2023-01_25-Ansaetze-Satellit-Schaukaeserei_Emmental-ortreport_page-0015-Kopie-4-400x254.jpg 400w, https:\/\/regionalmuseum-langnau.ch\/wp-content\/uploads\/2023\/05\/2023-01_25-Ansaetze-Satellit-Schaukaeserei_Emmental-ortreport_page-0015-Kopie-4-600x381.jpg 600w, https:\/\/regionalmuseum-langnau.ch\/wp-content\/uploads\/2023\/05\/2023-01_25-Ansaetze-Satellit-Schaukaeserei_Emmental-ortreport_page-0015-Kopie-4.jpg 712w\" data-sizes=\"auto\" data-orig-sizes=\"(min-width: 2200px) 100vw, (min-width: 856px) 296px, (min-width: 784px) 395px, (min-width: 712px) 593px, (min-width: 640px) 712px, \" \/><\/a><\/div><\/div><div style=\"padding:5px;\" class=\"fusion-grid-column fusion-gallery-column fusion-gallery-column-4 hover-type-none\"><div class=\"fusion-gallery-image\"><a href=\"https:\/\/regionalmuseum-langnau.ch\/wp-content\/uploads\/2023\/05\/2023-01_25-Ansaetze-Satellit-Schaukaeserei_Emmental-ortreport_page-0015-Kopie.jpg\" rel=\"noreferrer\" data-rel=\"iLightbox[gallery_image_10]\" class=\"fusion-lightbox\" target=\"_self\"><img decoding=\"async\" src=\"https:\/\/regionalmuseum-langnau.ch\/wp-content\/uploads\/2023\/05\/2023-01_25-Ansaetze-Satellit-Schaukaeserei_Emmental-ortreport_page-0015-Kopie.jpg\" data-orig-src=\"https:\/\/regionalmuseum-langnau.ch\/wp-content\/uploads\/2023\/05\/2023-01_25-Ansaetze-Satellit-Schaukaeserei_Emmental-ortreport_page-0015-Kopie.jpg\" width=\"714\" height=\"452\" alt=\"\" title=\"2023-01_25 Ans\u00e4tze Satellit Schauk\u00e4serei_Emmental ortreport_page-0015 &#8211; Kopie\" aria-label=\"2023-01_25 Ans\u00e4tze Satellit Schauk\u00e4serei_Emmental ortreport_page-0015 &#8211; Kopie\" class=\"lazyload img-responsive wp-image-8538\" srcset=\"data:image\/svg+xml,%3Csvg%20xmlns%3D%27http%3A%2F%2Fwww.w3.org%2F2000%2Fsvg%27%20width%3D%27714%27%20height%3D%27452%27%20viewBox%3D%270%200%20714%20452%27%3E%3Crect%20width%3D%27714%27%20height%3D%27452%27%20fill-opacity%3D%220%22%2F%3E%3C%2Fsvg%3E\" data-srcset=\"https:\/\/regionalmuseum-langnau.ch\/wp-content\/uploads\/2023\/05\/2023-01_25-Ansaetze-Satellit-Schaukaeserei_Emmental-ortreport_page-0015-Kopie-200x127.jpg 200w, https:\/\/regionalmuseum-langnau.ch\/wp-content\/uploads\/2023\/05\/2023-01_25-Ansaetze-Satellit-Schaukaeserei_Emmental-ortreport_page-0015-Kopie-400x253.jpg 400w, https:\/\/regionalmuseum-langnau.ch\/wp-content\/uploads\/2023\/05\/2023-01_25-Ansaetze-Satellit-Schaukaeserei_Emmental-ortreport_page-0015-Kopie-600x380.jpg 600w, https:\/\/regionalmuseum-langnau.ch\/wp-content\/uploads\/2023\/05\/2023-01_25-Ansaetze-Satellit-Schaukaeserei_Emmental-ortreport_page-0015-Kopie.jpg 714w\" data-sizes=\"auto\" data-orig-sizes=\"(min-width: 2200px) 100vw, (min-width: 856px) 296px, (min-width: 784px) 395px, (min-width: 712px) 593px, (min-width: 640px) 712px, \" \/><\/a><\/div><\/div><div class=\"clearfix\"><\/div><\/div><\/div><div class=\"fusion-text fusion-text-26\"><h4>Visualisation<\/h4>\n<\/div><div class=\"fusion-image-element \" style=\"--awb-caption-title-font-family:var(--h2_typography-font-family);--awb-caption-title-font-weight:var(--h2_typography-font-weight);--awb-caption-title-font-style:var(--h2_typography-font-style);--awb-caption-title-size:var(--h2_typography-font-size);--awb-caption-title-transform:var(--h2_typography-text-transform);--awb-caption-title-line-height:var(--h2_typography-line-height);--awb-caption-title-letter-spacing:var(--h2_typography-letter-spacing);\"><span class=\" fusion-imageframe imageframe-none imageframe-6 hover-type-none\"><img decoding=\"async\" width=\"1024\" height=\"731\" title=\"2023-01_25 Ans\u00e4tze Satellit Schauk\u00e4serei_Emmental ortreport_page-0017\" src=\"https:\/\/regionalmuseum-langnau.ch\/wp-content\/uploads\/2023\/05\/2023-01_25-Ansaetze-Satellit-Schaukaeserei_Emmental-ortreport_page-0017.jpg\" data-orig-src=\"https:\/\/regionalmuseum-langnau.ch\/wp-content\/uploads\/2023\/05\/2023-01_25-Ansaetze-Satellit-Schaukaeserei_Emmental-ortreport_page-0017-1024x731.jpg\" alt class=\"lazyload img-responsive wp-image-10904\" srcset=\"data:image\/svg+xml,%3Csvg%20xmlns%3D%27http%3A%2F%2Fwww.w3.org%2F2000%2Fsvg%27%20width%3D%271333%27%20height%3D%27951%27%20viewBox%3D%270%200%201333%20951%27%3E%3Crect%20width%3D%271333%27%20height%3D%27951%27%20fill-opacity%3D%220%22%2F%3E%3C%2Fsvg%3E\" data-srcset=\"https:\/\/regionalmuseum-langnau.ch\/wp-content\/uploads\/2023\/05\/2023-01_25-Ansaetze-Satellit-Schaukaeserei_Emmental-ortreport_page-0017-200x143.jpg 200w, https:\/\/regionalmuseum-langnau.ch\/wp-content\/uploads\/2023\/05\/2023-01_25-Ansaetze-Satellit-Schaukaeserei_Emmental-ortreport_page-0017-400x285.jpg 400w, https:\/\/regionalmuseum-langnau.ch\/wp-content\/uploads\/2023\/05\/2023-01_25-Ansaetze-Satellit-Schaukaeserei_Emmental-ortreport_page-0017-600x428.jpg 600w, https:\/\/regionalmuseum-langnau.ch\/wp-content\/uploads\/2023\/05\/2023-01_25-Ansaetze-Satellit-Schaukaeserei_Emmental-ortreport_page-0017-800x571.jpg 800w, https:\/\/regionalmuseum-langnau.ch\/wp-content\/uploads\/2023\/05\/2023-01_25-Ansaetze-Satellit-Schaukaeserei_Emmental-ortreport_page-0017-1200x856.jpg 1200w, https:\/\/regionalmuseum-langnau.ch\/wp-content\/uploads\/2023\/05\/2023-01_25-Ansaetze-Satellit-Schaukaeserei_Emmental-ortreport_page-0017.jpg 1333w\" data-sizes=\"auto\" data-orig-sizes=\"(max-width: 700px) 100vw, 1024px\" \/><\/span><\/div><div class=\"fusion-text fusion-text-27\"><h4>Id\u00e9e 4 : \u00ab\u00a0Concerts de fromage<\/h4>\n<ul>\n<li>L&rsquo;exp\u00e9rience de la harpe au fromage donne envie de d\u00e9velopper l&rsquo;id\u00e9e avec des experts en musique et le public.<\/li>\n<li>Un musicien invit\u00e9 donne un concert intime d&rsquo;une soir\u00e9e d&rsquo;\u00e9t\u00e9 bas\u00e9 sur quelques tranches d&#8217;emmental.<\/li>\n<li>Le fromage d\u00e9file en grand format sur la sc\u00e8ne et se transforme en musique en direct<\/li>\n<li>Un entretien avec les artistes et de l&rsquo;Emmental frais cl\u00f4tureront la soir\u00e9e.<\/li>\n<li>Pour la s\u00e9rie de concerts, un mobilier pop-up compos\u00e9 de si\u00e8ges simples et d&rsquo;une sc\u00e9nographie r\u00e9duite est cr\u00e9\u00e9, dont certaines parties peuvent \u00eatre utilis\u00e9es pour de beaux \u00e9v\u00e9nements au-del\u00e0 des concerts.<\/li>\n<li>Les orgues \u00e0 main peuvent \u00eatre vendus comme petit extra pour l&rsquo;\u00e9v\u00e9nement.<\/li>\n<\/ul>\n<\/div><div class=\"fusion-text fusion-text-28\"><h4>Inspiration<\/h4>\n<\/div><div class=\"awb-gallery-wrapper awb-gallery-wrapper-11 button-span-no\" style=\"--more-btn-alignment:center;\"><div style=\"margin:-5px;--awb-bordersize:0px;\" class=\"fusion-gallery fusion-gallery-container fusion-grid-3 fusion-columns-total-3 fusion-gallery-layout-grid fusion-gallery-11\"><div style=\"padding:5px;\" class=\"fusion-grid-column fusion-gallery-column fusion-gallery-column-3 hover-type-none\"><div class=\"fusion-gallery-image\"><a href=\"https:\/\/regionalmuseum-langnau.ch\/wp-content\/uploads\/2023\/05\/2023-01_25-Ansaetze-Satellit-Schaukaeserei_Emmental-ortreport_page-0018-Kopie-2.jpg\" rel=\"noreferrer\" data-rel=\"iLightbox[gallery_image_11]\" class=\"fusion-lightbox\" target=\"_self\"><img decoding=\"async\" src=\"https:\/\/regionalmuseum-langnau.ch\/wp-content\/uploads\/2023\/05\/2023-01_25-Ansaetze-Satellit-Schaukaeserei_Emmental-ortreport_page-0018-Kopie-2.jpg\" data-orig-src=\"https:\/\/regionalmuseum-langnau.ch\/wp-content\/uploads\/2023\/05\/2023-01_25-Ansaetze-Satellit-Schaukaeserei_Emmental-ortreport_page-0018-Kopie-2.jpg\" width=\"712\" height=\"452\" alt=\"\" title=\"2023-01_25 Ans\u00e4tze Satellit Schauk\u00e4serei_Emmental ortreport_page-0018 &#8211; Kopie (2)\" aria-label=\"2023-01_25 Ans\u00e4tze Satellit Schauk\u00e4serei_Emmental ortreport_page-0018 &#8211; Kopie (2)\" class=\"lazyload img-responsive wp-image-8540\" srcset=\"data:image\/svg+xml,%3Csvg%20xmlns%3D%27http%3A%2F%2Fwww.w3.org%2F2000%2Fsvg%27%20width%3D%27712%27%20height%3D%27452%27%20viewBox%3D%270%200%20712%20452%27%3E%3Crect%20width%3D%27712%27%20height%3D%27452%27%20fill-opacity%3D%220%22%2F%3E%3C%2Fsvg%3E\" data-srcset=\"https:\/\/regionalmuseum-langnau.ch\/wp-content\/uploads\/2023\/05\/2023-01_25-Ansaetze-Satellit-Schaukaeserei_Emmental-ortreport_page-0018-Kopie-2-200x127.jpg 200w, https:\/\/regionalmuseum-langnau.ch\/wp-content\/uploads\/2023\/05\/2023-01_25-Ansaetze-Satellit-Schaukaeserei_Emmental-ortreport_page-0018-Kopie-2-400x254.jpg 400w, https:\/\/regionalmuseum-langnau.ch\/wp-content\/uploads\/2023\/05\/2023-01_25-Ansaetze-Satellit-Schaukaeserei_Emmental-ortreport_page-0018-Kopie-2-600x381.jpg 600w, https:\/\/regionalmuseum-langnau.ch\/wp-content\/uploads\/2023\/05\/2023-01_25-Ansaetze-Satellit-Schaukaeserei_Emmental-ortreport_page-0018-Kopie-2.jpg 712w\" data-sizes=\"auto\" data-orig-sizes=\"(min-width: 2200px) 100vw, (min-width: 784px) 397px, (min-width: 712px) 595px, (min-width: 640px) 712px, \" \/><\/a><\/div><\/div><div style=\"padding:5px;\" class=\"fusion-grid-column fusion-gallery-column fusion-gallery-column-3 hover-type-none\"><div class=\"fusion-gallery-image\"><a href=\"https:\/\/regionalmuseum-langnau.ch\/wp-content\/uploads\/2023\/05\/2023-01_25-Ansaetze-Satellit-Schaukaeserei_Emmental-ortreport_page-0018-Kopie-3.jpg\" rel=\"noreferrer\" data-rel=\"iLightbox[gallery_image_11]\" class=\"fusion-lightbox\" target=\"_self\"><img decoding=\"async\" src=\"https:\/\/regionalmuseum-langnau.ch\/wp-content\/uploads\/2023\/05\/2023-01_25-Ansaetze-Satellit-Schaukaeserei_Emmental-ortreport_page-0018-Kopie-3.jpg\" data-orig-src=\"https:\/\/regionalmuseum-langnau.ch\/wp-content\/uploads\/2023\/05\/2023-01_25-Ansaetze-Satellit-Schaukaeserei_Emmental-ortreport_page-0018-Kopie-3.jpg\" width=\"708\" height=\"453\" alt=\"\" title=\"2023-01_25 Ans\u00e4tze Satellit Schauk\u00e4serei_Emmental ortreport_page-0018 &#8211; Kopie (3)\" aria-label=\"2023-01_25 Ans\u00e4tze Satellit Schauk\u00e4serei_Emmental ortreport_page-0018 &#8211; Kopie (3)\" class=\"lazyload img-responsive wp-image-8541\" srcset=\"data:image\/svg+xml,%3Csvg%20xmlns%3D%27http%3A%2F%2Fwww.w3.org%2F2000%2Fsvg%27%20width%3D%27708%27%20height%3D%27453%27%20viewBox%3D%270%200%20708%20453%27%3E%3Crect%20width%3D%27708%27%20height%3D%27453%27%20fill-opacity%3D%220%22%2F%3E%3C%2Fsvg%3E\" data-srcset=\"https:\/\/regionalmuseum-langnau.ch\/wp-content\/uploads\/2023\/05\/2023-01_25-Ansaetze-Satellit-Schaukaeserei_Emmental-ortreport_page-0018-Kopie-3-200x128.jpg 200w, https:\/\/regionalmuseum-langnau.ch\/wp-content\/uploads\/2023\/05\/2023-01_25-Ansaetze-Satellit-Schaukaeserei_Emmental-ortreport_page-0018-Kopie-3-400x256.jpg 400w, https:\/\/regionalmuseum-langnau.ch\/wp-content\/uploads\/2023\/05\/2023-01_25-Ansaetze-Satellit-Schaukaeserei_Emmental-ortreport_page-0018-Kopie-3-600x384.jpg 600w, https:\/\/regionalmuseum-langnau.ch\/wp-content\/uploads\/2023\/05\/2023-01_25-Ansaetze-Satellit-Schaukaeserei_Emmental-ortreport_page-0018-Kopie-3.jpg 708w\" data-sizes=\"auto\" data-orig-sizes=\"(min-width: 2200px) 100vw, (min-width: 784px) 397px, (min-width: 712px) 595px, (min-width: 640px) 712px, \" \/><\/a><\/div><\/div><div class=\"clearfix\"><\/div><div style=\"padding:5px;\" class=\"fusion-grid-column fusion-gallery-column fusion-gallery-column-3 hover-type-none\"><div class=\"fusion-gallery-image\"><a href=\"https:\/\/regionalmuseum-langnau.ch\/wp-content\/uploads\/2023\/05\/2023-01_25-Ansaetze-Satellit-Schaukaeserei_Emmental-ortreport_page-0018-Kopie-4.jpg\" rel=\"noreferrer\" data-rel=\"iLightbox[gallery_image_11]\" class=\"fusion-lightbox\" target=\"_self\"><img decoding=\"async\" src=\"https:\/\/regionalmuseum-langnau.ch\/wp-content\/uploads\/2023\/05\/2023-01_25-Ansaetze-Satellit-Schaukaeserei_Emmental-ortreport_page-0018-Kopie-4.jpg\" data-orig-src=\"https:\/\/regionalmuseum-langnau.ch\/wp-content\/uploads\/2023\/05\/2023-01_25-Ansaetze-Satellit-Schaukaeserei_Emmental-ortreport_page-0018-Kopie-4.jpg\" width=\"711\" height=\"450\" alt=\"\" title=\"2023-01_25 Ans\u00e4tze Satellit Schauk\u00e4serei_Emmental ortreport_page-0018 &#8211; Kopie (4)\" aria-label=\"2023-01_25 Ans\u00e4tze Satellit Schauk\u00e4serei_Emmental ortreport_page-0018 &#8211; Kopie (4)\" class=\"lazyload img-responsive wp-image-8542\" srcset=\"data:image\/svg+xml,%3Csvg%20xmlns%3D%27http%3A%2F%2Fwww.w3.org%2F2000%2Fsvg%27%20width%3D%27711%27%20height%3D%27450%27%20viewBox%3D%270%200%20711%20450%27%3E%3Crect%20width%3D%27711%27%20height%3D%27450%27%20fill-opacity%3D%220%22%2F%3E%3C%2Fsvg%3E\" data-srcset=\"https:\/\/regionalmuseum-langnau.ch\/wp-content\/uploads\/2023\/05\/2023-01_25-Ansaetze-Satellit-Schaukaeserei_Emmental-ortreport_page-0018-Kopie-4-200x127.jpg 200w, https:\/\/regionalmuseum-langnau.ch\/wp-content\/uploads\/2023\/05\/2023-01_25-Ansaetze-Satellit-Schaukaeserei_Emmental-ortreport_page-0018-Kopie-4-400x253.jpg 400w, https:\/\/regionalmuseum-langnau.ch\/wp-content\/uploads\/2023\/05\/2023-01_25-Ansaetze-Satellit-Schaukaeserei_Emmental-ortreport_page-0018-Kopie-4-600x380.jpg 600w, https:\/\/regionalmuseum-langnau.ch\/wp-content\/uploads\/2023\/05\/2023-01_25-Ansaetze-Satellit-Schaukaeserei_Emmental-ortreport_page-0018-Kopie-4.jpg 711w\" data-sizes=\"auto\" data-orig-sizes=\"(min-width: 2200px) 100vw, (min-width: 784px) 397px, (min-width: 712px) 595px, (min-width: 640px) 712px, \" \/><\/a><\/div><\/div><\/div><\/div><div class=\"fusion-text fusion-text-29\"><h4>Visualisation<\/h4>\n<\/div><div class=\"fusion-image-element \" style=\"--awb-caption-title-font-family:var(--h2_typography-font-family);--awb-caption-title-font-weight:var(--h2_typography-font-weight);--awb-caption-title-font-style:var(--h2_typography-font-style);--awb-caption-title-size:var(--h2_typography-font-size);--awb-caption-title-transform:var(--h2_typography-text-transform);--awb-caption-title-line-height:var(--h2_typography-line-height);--awb-caption-title-letter-spacing:var(--h2_typography-letter-spacing);\"><span class=\" fusion-imageframe imageframe-none imageframe-7 hover-type-none\"><img decoding=\"async\" width=\"1024\" height=\"801\" title=\"2023-01_25 Ans\u00e4tze Satellit Schauk\u00e4serei_Emmental ortreport_page-0020\" src=\"https:\/\/regionalmuseum-langnau.ch\/wp-content\/uploads\/2023\/05\/2023-01_25-Ansaetze-Satellit-Schaukaeserei_Emmental-ortreport_page-0020.jpg\" data-orig-src=\"https:\/\/regionalmuseum-langnau.ch\/wp-content\/uploads\/2023\/05\/2023-01_25-Ansaetze-Satellit-Schaukaeserei_Emmental-ortreport_page-0020-1024x801.jpg\" alt class=\"lazyload img-responsive wp-image-10912\" srcset=\"data:image\/svg+xml,%3Csvg%20xmlns%3D%27http%3A%2F%2Fwww.w3.org%2F2000%2Fsvg%27%20width%3D%271191%27%20height%3D%27932%27%20viewBox%3D%270%200%201191%20932%27%3E%3Crect%20width%3D%271191%27%20height%3D%27932%27%20fill-opacity%3D%220%22%2F%3E%3C%2Fsvg%3E\" data-srcset=\"https:\/\/regionalmuseum-langnau.ch\/wp-content\/uploads\/2023\/05\/2023-01_25-Ansaetze-Satellit-Schaukaeserei_Emmental-ortreport_page-0020-200x157.jpg 200w, https:\/\/regionalmuseum-langnau.ch\/wp-content\/uploads\/2023\/05\/2023-01_25-Ansaetze-Satellit-Schaukaeserei_Emmental-ortreport_page-0020-400x313.jpg 400w, https:\/\/regionalmuseum-langnau.ch\/wp-content\/uploads\/2023\/05\/2023-01_25-Ansaetze-Satellit-Schaukaeserei_Emmental-ortreport_page-0020-600x470.jpg 600w, https:\/\/regionalmuseum-langnau.ch\/wp-content\/uploads\/2023\/05\/2023-01_25-Ansaetze-Satellit-Schaukaeserei_Emmental-ortreport_page-0020-800x626.jpg 800w, https:\/\/regionalmuseum-langnau.ch\/wp-content\/uploads\/2023\/05\/2023-01_25-Ansaetze-Satellit-Schaukaeserei_Emmental-ortreport_page-0020.jpg 1191w\" data-sizes=\"auto\" data-orig-sizes=\"(max-width: 700px) 100vw, 1024px\" \/><\/span><\/div><\/div><\/div><div class=\"fusion-layout-column fusion_builder_column fusion-builder-column-5 fusion_builder_column_1_1 1_1 fusion-flex-column\" style=\"--awb-bg-size:cover;--awb-width-large:100%;--awb-margin-top-large:0px;--awb-spacing-right-large:0px;--awb-margin-bottom-large:0px;--awb-spacing-left-large:0px;--awb-width-medium:100%;--awb-order-medium:0;--awb-spacing-right-medium:0px;--awb-spacing-left-medium:0px;--awb-width-small:100%;--awb-order-small:0;--awb-spacing-right-small:0px;--awb-spacing-left-small:0px;\"><div class=\"fusion-column-wrapper fusion-column-has-shadow fusion-flex-justify-content-flex-start fusion-content-layout-column\"><div class=\"fusion-title title fusion-title-4 fusion-sep-none fusion-title-text fusion-title-size-two\"><h2 class=\"fusion-title-heading title-heading-left fusion-responsive-typography-calculated\" style=\"margin:0;--fontSize:43;line-height:var(--awb-typography1-line-height);\"><h1>Le projet de coop\u00e9ration : le salon du fromage<\/h1><\/h2><\/div><div class=\"fusion-image-element \" style=\"--awb-caption-title-font-family:var(--h2_typography-font-family);--awb-caption-title-font-weight:var(--h2_typography-font-weight);--awb-caption-title-font-style:var(--h2_typography-font-style);--awb-caption-title-size:var(--h2_typography-font-size);--awb-caption-title-transform:var(--h2_typography-text-transform);--awb-caption-title-line-height:var(--h2_typography-line-height);--awb-caption-title-letter-spacing:var(--h2_typography-letter-spacing);\"><span class=\" fusion-imageframe imageframe-none imageframe-8 hover-type-none\"><img decoding=\"async\" width=\"1024\" height=\"724\" title=\"01 Projekt Emmentaler Loungek\u00e4se RMC und SKA by ortreport_2023 &#8211; Kopie\" src=\"https:\/\/regionalmuseum-langnau.ch\/wp-content\/uploads\/2023\/05\/01-Projekt-Emmentaler-Loungekaese-RMC-und-SKA-by-ortreport_2023-Kopie-scaled.jpg\" data-orig-src=\"https:\/\/regionalmuseum-langnau.ch\/wp-content\/uploads\/2023\/05\/01-Projekt-Emmentaler-Loungekaese-RMC-und-SKA-by-ortreport_2023-Kopie-1024x724.jpg\" alt class=\"lazyload img-responsive wp-image-10868\" srcset=\"data:image\/svg+xml,%3Csvg%20xmlns%3D%27http%3A%2F%2Fwww.w3.org%2F2000%2Fsvg%27%20width%3D%272560%27%20height%3D%271811%27%20viewBox%3D%270%200%202560%201811%27%3E%3Crect%20width%3D%272560%27%20height%3D%271811%27%20fill-opacity%3D%220%22%2F%3E%3C%2Fsvg%3E\" data-srcset=\"https:\/\/regionalmuseum-langnau.ch\/wp-content\/uploads\/2023\/05\/01-Projekt-Emmentaler-Loungekaese-RMC-und-SKA-by-ortreport_2023-Kopie-200x141.jpg 200w, https:\/\/regionalmuseum-langnau.ch\/wp-content\/uploads\/2023\/05\/01-Projekt-Emmentaler-Loungekaese-RMC-und-SKA-by-ortreport_2023-Kopie-400x283.jpg 400w, https:\/\/regionalmuseum-langnau.ch\/wp-content\/uploads\/2023\/05\/01-Projekt-Emmentaler-Loungekaese-RMC-und-SKA-by-ortreport_2023-Kopie-600x424.jpg 600w, https:\/\/regionalmuseum-langnau.ch\/wp-content\/uploads\/2023\/05\/01-Projekt-Emmentaler-Loungekaese-RMC-und-SKA-by-ortreport_2023-Kopie-800x566.jpg 800w, https:\/\/regionalmuseum-langnau.ch\/wp-content\/uploads\/2023\/05\/01-Projekt-Emmentaler-Loungekaese-RMC-und-SKA-by-ortreport_2023-Kopie-1200x849.jpg 1200w\" data-sizes=\"auto\" data-orig-sizes=\"(max-width: 700px) 100vw, 1024px\" \/><\/span><\/div><div class=\"fusion-separator fusion-full-width-sep\" style=\"align-self: center;margin-left: auto;margin-right: auto;margin-top:30px;width:100%;\"><\/div><div class=\"fusion-text fusion-text-30\"><p>Les quatre id\u00e9es suscitent l&rsquo;enthousiasme. Le mus\u00e9e r\u00e9gional Ch\u00fcechlihus et la fromagerie de d\u00e9monstration de l&rsquo;Emmental d\u00e9cident de poursuivre le d\u00e9veloppement de l&rsquo;id\u00e9e 1 : le \u00ab\u00a0fromage sauteur\u00a0\u00bb devient le \u00ab\u00a0salon du fromage\u00a0\u00bb, qui se compose de deux parties. Les deux parties invitent \u00e0 se reposer, \u00e0 s&rsquo;attarder, \u00e0 faire une pause et \u00e0 r\u00e9fl\u00e9chir, aussi bien \u00e0 la fromagerie de d\u00e9monstration de l&rsquo;Emmental \u00e0 Affoltern qu&rsquo;au mus\u00e9e r\u00e9gional Ch\u00fcechlihus \u00e0 Langnau.<\/p>\n<\/div><div class=\"fusion-text fusion-text-31\"><h3>K\u00e4selounge : Partie I \u00e0 la fromagerie de d\u00e9monstration de l&rsquo;Emmental \u00e0 Affoltern i.E.<\/h3>\n<\/div><div class=\"awb-gallery-wrapper awb-gallery-wrapper-12 button-span-no\" style=\"--more-btn-alignment:center;\"><div style=\"margin:-5px;--awb-bordersize:0px;\" class=\"fusion-gallery fusion-gallery-container fusion-grid-3 fusion-columns-total-3 fusion-gallery-layout-grid fusion-gallery-12\"><div style=\"padding:5px;\" class=\"fusion-grid-column fusion-gallery-column fusion-gallery-column-3 hover-type-none\"><div class=\"fusion-gallery-image\"><a href=\"https:\/\/regionalmuseum-langnau.ch\/wp-content\/uploads\/2023\/07\/2023_07_04-Kaeselounge-Schaukaesi-5-scaled.jpg\" rel=\"noreferrer\" data-rel=\"iLightbox[gallery_image_12]\" class=\"fusion-lightbox\" target=\"_self\"><img decoding=\"async\" src=\"https:\/\/regionalmuseum-langnau.ch\/wp-content\/uploads\/2023\/07\/2023_07_04-Kaeselounge-Schaukaesi-5-scaled.jpg\" data-orig-src=\"https:\/\/regionalmuseum-langnau.ch\/wp-content\/uploads\/2023\/07\/2023_07_04-Kaeselounge-Schaukaesi-5-scaled.jpg\" width=\"1920\" height=\"2560\" alt=\"\" title=\"2023_07_04 K\u00e4selounge Schauk\u00e4si 5\" aria-label=\"2023_07_04 K\u00e4selounge Schauk\u00e4si 5\" class=\"lazyload img-responsive wp-image-8839\" srcset=\"data:image\/svg+xml,%3Csvg%20xmlns%3D%27http%3A%2F%2Fwww.w3.org%2F2000%2Fsvg%27%20width%3D%271920%27%20height%3D%272560%27%20viewBox%3D%270%200%201920%202560%27%3E%3Crect%20width%3D%271920%27%20height%3D%272560%27%20fill-opacity%3D%220%22%2F%3E%3C%2Fsvg%3E\" data-srcset=\"https:\/\/regionalmuseum-langnau.ch\/wp-content\/uploads\/2023\/07\/2023_07_04-Kaeselounge-Schaukaesi-5-200x267.jpg 200w, https:\/\/regionalmuseum-langnau.ch\/wp-content\/uploads\/2023\/07\/2023_07_04-Kaeselounge-Schaukaesi-5-400x533.jpg 400w, https:\/\/regionalmuseum-langnau.ch\/wp-content\/uploads\/2023\/07\/2023_07_04-Kaeselounge-Schaukaesi-5-600x800.jpg 600w, https:\/\/regionalmuseum-langnau.ch\/wp-content\/uploads\/2023\/07\/2023_07_04-Kaeselounge-Schaukaesi-5-800x1067.jpg 800w, https:\/\/regionalmuseum-langnau.ch\/wp-content\/uploads\/2023\/07\/2023_07_04-Kaeselounge-Schaukaesi-5-1200x1600.jpg 1200w, https:\/\/regionalmuseum-langnau.ch\/wp-content\/uploads\/2023\/07\/2023_07_04-Kaeselounge-Schaukaesi-5-scaled.jpg 1920w\" data-sizes=\"auto\" data-orig-sizes=\"(min-width: 2200px) 100vw, (min-width: 784px) 397px, (min-width: 712px) 595px, (min-width: 640px) 712px, \" \/><\/a><\/div><\/div><div style=\"padding:5px;\" class=\"fusion-grid-column fusion-gallery-column fusion-gallery-column-3 hover-type-none\"><div class=\"fusion-gallery-image\"><a href=\"https:\/\/regionalmuseum-langnau.ch\/wp-content\/uploads\/2023\/07\/2023_07_04-Kaeselounge-Schaukaesi-1-scaled.jpg\" rel=\"noreferrer\" data-rel=\"iLightbox[gallery_image_12]\" class=\"fusion-lightbox\" target=\"_self\"><img decoding=\"async\" src=\"https:\/\/regionalmuseum-langnau.ch\/wp-content\/uploads\/2023\/07\/2023_07_04-Kaeselounge-Schaukaesi-1-scaled.jpg\" data-orig-src=\"https:\/\/regionalmuseum-langnau.ch\/wp-content\/uploads\/2023\/07\/2023_07_04-Kaeselounge-Schaukaesi-1-scaled.jpg\" width=\"1920\" height=\"2560\" alt=\"\" title=\"2023_07_04 K\u00e4selounge Schauk\u00e4si 1\" aria-label=\"2023_07_04 K\u00e4selounge Schauk\u00e4si 1\" class=\"lazyload img-responsive wp-image-8840\" srcset=\"data:image\/svg+xml,%3Csvg%20xmlns%3D%27http%3A%2F%2Fwww.w3.org%2F2000%2Fsvg%27%20width%3D%271920%27%20height%3D%272560%27%20viewBox%3D%270%200%201920%202560%27%3E%3Crect%20width%3D%271920%27%20height%3D%272560%27%20fill-opacity%3D%220%22%2F%3E%3C%2Fsvg%3E\" data-srcset=\"https:\/\/regionalmuseum-langnau.ch\/wp-content\/uploads\/2023\/07\/2023_07_04-Kaeselounge-Schaukaesi-1-200x267.jpg 200w, https:\/\/regionalmuseum-langnau.ch\/wp-content\/uploads\/2023\/07\/2023_07_04-Kaeselounge-Schaukaesi-1-400x533.jpg 400w, https:\/\/regionalmuseum-langnau.ch\/wp-content\/uploads\/2023\/07\/2023_07_04-Kaeselounge-Schaukaesi-1-600x800.jpg 600w, https:\/\/regionalmuseum-langnau.ch\/wp-content\/uploads\/2023\/07\/2023_07_04-Kaeselounge-Schaukaesi-1-800x1067.jpg 800w, https:\/\/regionalmuseum-langnau.ch\/wp-content\/uploads\/2023\/07\/2023_07_04-Kaeselounge-Schaukaesi-1-1200x1600.jpg 1200w, https:\/\/regionalmuseum-langnau.ch\/wp-content\/uploads\/2023\/07\/2023_07_04-Kaeselounge-Schaukaesi-1-scaled.jpg 1920w\" data-sizes=\"auto\" data-orig-sizes=\"(min-width: 2200px) 100vw, (min-width: 784px) 397px, (min-width: 712px) 595px, (min-width: 640px) 712px, \" \/><\/a><\/div><\/div><div class=\"clearfix\"><\/div><div style=\"padding:5px;\" class=\"fusion-grid-column fusion-gallery-column fusion-gallery-column-3 hover-type-none\"><div class=\"fusion-gallery-image\"><a href=\"https:\/\/regionalmuseum-langnau.ch\/wp-content\/uploads\/2023\/07\/2023_07_04-Kaeselounge-Schaukaesi-3-scaled.jpg\" rel=\"noreferrer\" data-rel=\"iLightbox[gallery_image_12]\" class=\"fusion-lightbox\" target=\"_self\"><img decoding=\"async\" src=\"https:\/\/regionalmuseum-langnau.ch\/wp-content\/uploads\/2023\/07\/2023_07_04-Kaeselounge-Schaukaesi-3-scaled.jpg\" data-orig-src=\"https:\/\/regionalmuseum-langnau.ch\/wp-content\/uploads\/2023\/07\/2023_07_04-Kaeselounge-Schaukaesi-3-scaled.jpg\" width=\"1920\" height=\"2560\" alt=\"\" title=\"2023_07_04 K\u00e4selounge Schauk\u00e4si 3\" aria-label=\"2023_07_04 K\u00e4selounge Schauk\u00e4si 3\" class=\"lazyload img-responsive wp-image-8837\" srcset=\"data:image\/svg+xml,%3Csvg%20xmlns%3D%27http%3A%2F%2Fwww.w3.org%2F2000%2Fsvg%27%20width%3D%271920%27%20height%3D%272560%27%20viewBox%3D%270%200%201920%202560%27%3E%3Crect%20width%3D%271920%27%20height%3D%272560%27%20fill-opacity%3D%220%22%2F%3E%3C%2Fsvg%3E\" data-srcset=\"https:\/\/regionalmuseum-langnau.ch\/wp-content\/uploads\/2023\/07\/2023_07_04-Kaeselounge-Schaukaesi-3-200x267.jpg 200w, https:\/\/regionalmuseum-langnau.ch\/wp-content\/uploads\/2023\/07\/2023_07_04-Kaeselounge-Schaukaesi-3-400x533.jpg 400w, https:\/\/regionalmuseum-langnau.ch\/wp-content\/uploads\/2023\/07\/2023_07_04-Kaeselounge-Schaukaesi-3-600x800.jpg 600w, https:\/\/regionalmuseum-langnau.ch\/wp-content\/uploads\/2023\/07\/2023_07_04-Kaeselounge-Schaukaesi-3-800x1067.jpg 800w, https:\/\/regionalmuseum-langnau.ch\/wp-content\/uploads\/2023\/07\/2023_07_04-Kaeselounge-Schaukaesi-3-1200x1600.jpg 1200w, https:\/\/regionalmuseum-langnau.ch\/wp-content\/uploads\/2023\/07\/2023_07_04-Kaeselounge-Schaukaesi-3-scaled.jpg 1920w\" data-sizes=\"auto\" data-orig-sizes=\"(min-width: 2200px) 100vw, (min-width: 784px) 397px, (min-width: 712px) 595px, (min-width: 640px) 712px, \" \/><\/a><\/div><\/div><\/div><\/div><div class=\"fusion-text fusion-text-32\"><h3>K\u00e4selounge : partie II au mus\u00e9e r\u00e9gional Ch\u00fcechlihus, Langnau i.E.<\/h3>\n<\/div><div class=\"awb-gallery-wrapper awb-gallery-wrapper-13 button-span-no\" style=\"--more-btn-alignment:center;\"><div style=\"margin:-5px;--awb-bordersize:0px;\" class=\"fusion-gallery fusion-gallery-container fusion-grid-3 fusion-columns-total-3 fusion-gallery-layout-grid fusion-gallery-13\"><div style=\"padding:5px;\" class=\"fusion-grid-column fusion-gallery-column fusion-gallery-column-3 hover-type-none\"><div class=\"fusion-gallery-image\"><a href=\"https:\/\/regionalmuseum-langnau.ch\/wp-content\/uploads\/2023\/07\/Kaeselounge-II-by-ortreport-Regionalmuseum-Chueechlihus_2023-63-scaled.jpg\" rel=\"noreferrer\" data-rel=\"iLightbox[gallery_image_13]\" class=\"fusion-lightbox\" target=\"_self\"><img decoding=\"async\" src=\"https:\/\/regionalmuseum-langnau.ch\/wp-content\/uploads\/2023\/07\/Kaeselounge-II-by-ortreport-Regionalmuseum-Chueechlihus_2023-63-scaled.jpg\" data-orig-src=\"https:\/\/regionalmuseum-langnau.ch\/wp-content\/uploads\/2023\/07\/Kaeselounge-II-by-ortreport-Regionalmuseum-Chueechlihus_2023-63-scaled.jpg\" width=\"1920\" height=\"2560\" alt=\"\" title=\"K\u00e4selounge II by ortreport Regionalmuseum Ch\u00fcechlihus_2023 (63)\" aria-label=\"K\u00e4selounge II by ortreport Regionalmuseum Ch\u00fcechlihus_2023 (63)\" class=\"lazyload img-responsive wp-image-8857\" srcset=\"data:image\/svg+xml,%3Csvg%20xmlns%3D%27http%3A%2F%2Fwww.w3.org%2F2000%2Fsvg%27%20width%3D%271920%27%20height%3D%272560%27%20viewBox%3D%270%200%201920%202560%27%3E%3Crect%20width%3D%271920%27%20height%3D%272560%27%20fill-opacity%3D%220%22%2F%3E%3C%2Fsvg%3E\" data-srcset=\"https:\/\/regionalmuseum-langnau.ch\/wp-content\/uploads\/2023\/07\/Kaeselounge-II-by-ortreport-Regionalmuseum-Chueechlihus_2023-63-200x267.jpg 200w, https:\/\/regionalmuseum-langnau.ch\/wp-content\/uploads\/2023\/07\/Kaeselounge-II-by-ortreport-Regionalmuseum-Chueechlihus_2023-63-400x533.jpg 400w, https:\/\/regionalmuseum-langnau.ch\/wp-content\/uploads\/2023\/07\/Kaeselounge-II-by-ortreport-Regionalmuseum-Chueechlihus_2023-63-600x800.jpg 600w, https:\/\/regionalmuseum-langnau.ch\/wp-content\/uploads\/2023\/07\/Kaeselounge-II-by-ortreport-Regionalmuseum-Chueechlihus_2023-63-800x1067.jpg 800w, https:\/\/regionalmuseum-langnau.ch\/wp-content\/uploads\/2023\/07\/Kaeselounge-II-by-ortreport-Regionalmuseum-Chueechlihus_2023-63-1200x1600.jpg 1200w, https:\/\/regionalmuseum-langnau.ch\/wp-content\/uploads\/2023\/07\/Kaeselounge-II-by-ortreport-Regionalmuseum-Chueechlihus_2023-63-scaled.jpg 1920w\" data-sizes=\"auto\" data-orig-sizes=\"(min-width: 2200px) 100vw, (min-width: 784px) 397px, (min-width: 712px) 595px, (min-width: 640px) 712px, \" \/><\/a><\/div><\/div><div style=\"padding:5px;\" class=\"fusion-grid-column fusion-gallery-column fusion-gallery-column-3 hover-type-none\"><div class=\"fusion-gallery-image\"><a href=\"https:\/\/regionalmuseum-langnau.ch\/wp-content\/uploads\/2023\/07\/Kaeselounge-II-by-ortreport-Regionalmuseum-Chueechlihus_2023-9-scaled.jpg\" rel=\"noreferrer\" data-rel=\"iLightbox[gallery_image_13]\" class=\"fusion-lightbox\" target=\"_self\"><img decoding=\"async\" src=\"https:\/\/regionalmuseum-langnau.ch\/wp-content\/uploads\/2023\/07\/Kaeselounge-II-by-ortreport-Regionalmuseum-Chueechlihus_2023-9-scaled.jpg\" data-orig-src=\"https:\/\/regionalmuseum-langnau.ch\/wp-content\/uploads\/2023\/07\/Kaeselounge-II-by-ortreport-Regionalmuseum-Chueechlihus_2023-9-scaled.jpg\" width=\"1920\" height=\"2560\" alt=\"\" title=\"K\u00e4selounge II by ortreport Regionalmuseum Ch\u00fcechlihus_2023 (9)\" aria-label=\"K\u00e4selounge II by ortreport Regionalmuseum Ch\u00fcechlihus_2023 (9)\" class=\"lazyload img-responsive wp-image-8859\" srcset=\"data:image\/svg+xml,%3Csvg%20xmlns%3D%27http%3A%2F%2Fwww.w3.org%2F2000%2Fsvg%27%20width%3D%271920%27%20height%3D%272560%27%20viewBox%3D%270%200%201920%202560%27%3E%3Crect%20width%3D%271920%27%20height%3D%272560%27%20fill-opacity%3D%220%22%2F%3E%3C%2Fsvg%3E\" data-srcset=\"https:\/\/regionalmuseum-langnau.ch\/wp-content\/uploads\/2023\/07\/Kaeselounge-II-by-ortreport-Regionalmuseum-Chueechlihus_2023-9-200x267.jpg 200w, https:\/\/regionalmuseum-langnau.ch\/wp-content\/uploads\/2023\/07\/Kaeselounge-II-by-ortreport-Regionalmuseum-Chueechlihus_2023-9-400x533.jpg 400w, https:\/\/regionalmuseum-langnau.ch\/wp-content\/uploads\/2023\/07\/Kaeselounge-II-by-ortreport-Regionalmuseum-Chueechlihus_2023-9-600x800.jpg 600w, https:\/\/regionalmuseum-langnau.ch\/wp-content\/uploads\/2023\/07\/Kaeselounge-II-by-ortreport-Regionalmuseum-Chueechlihus_2023-9-800x1067.jpg 800w, https:\/\/regionalmuseum-langnau.ch\/wp-content\/uploads\/2023\/07\/Kaeselounge-II-by-ortreport-Regionalmuseum-Chueechlihus_2023-9-1200x1600.jpg 1200w, https:\/\/regionalmuseum-langnau.ch\/wp-content\/uploads\/2023\/07\/Kaeselounge-II-by-ortreport-Regionalmuseum-Chueechlihus_2023-9-scaled.jpg 1920w\" data-sizes=\"auto\" data-orig-sizes=\"(min-width: 2200px) 100vw, (min-width: 784px) 397px, (min-width: 712px) 595px, (min-width: 640px) 712px, \" \/><\/a><\/div><\/div><div class=\"clearfix\"><\/div><div style=\"padding:5px;\" class=\"fusion-grid-column fusion-gallery-column fusion-gallery-column-3 hover-type-none\"><div class=\"fusion-gallery-image\"><a href=\"https:\/\/regionalmuseum-langnau.ch\/wp-content\/uploads\/2023\/07\/Kaeselounge-II-by-ortreport-Regionalmuseum-Chueechlihus_2023-44-scaled.jpg\" rel=\"noreferrer\" data-rel=\"iLightbox[gallery_image_13]\" class=\"fusion-lightbox\" target=\"_self\"><img decoding=\"async\" src=\"https:\/\/regionalmuseum-langnau.ch\/wp-content\/uploads\/2023\/07\/Kaeselounge-II-by-ortreport-Regionalmuseum-Chueechlihus_2023-44-scaled.jpg\" data-orig-src=\"https:\/\/regionalmuseum-langnau.ch\/wp-content\/uploads\/2023\/07\/Kaeselounge-II-by-ortreport-Regionalmuseum-Chueechlihus_2023-44-scaled.jpg\" width=\"1920\" height=\"2560\" alt=\"\" title=\"K\u00e4selounge II by ortreport Regionalmuseum Ch\u00fcechlihus_2023 (44)\" aria-label=\"K\u00e4selounge II by ortreport Regionalmuseum Ch\u00fcechlihus_2023 (44)\" class=\"lazyload img-responsive wp-image-8855\" srcset=\"data:image\/svg+xml,%3Csvg%20xmlns%3D%27http%3A%2F%2Fwww.w3.org%2F2000%2Fsvg%27%20width%3D%271920%27%20height%3D%272560%27%20viewBox%3D%270%200%201920%202560%27%3E%3Crect%20width%3D%271920%27%20height%3D%272560%27%20fill-opacity%3D%220%22%2F%3E%3C%2Fsvg%3E\" data-srcset=\"https:\/\/regionalmuseum-langnau.ch\/wp-content\/uploads\/2023\/07\/Kaeselounge-II-by-ortreport-Regionalmuseum-Chueechlihus_2023-44-200x267.jpg 200w, https:\/\/regionalmuseum-langnau.ch\/wp-content\/uploads\/2023\/07\/Kaeselounge-II-by-ortreport-Regionalmuseum-Chueechlihus_2023-44-400x533.jpg 400w, https:\/\/regionalmuseum-langnau.ch\/wp-content\/uploads\/2023\/07\/Kaeselounge-II-by-ortreport-Regionalmuseum-Chueechlihus_2023-44-600x800.jpg 600w, https:\/\/regionalmuseum-langnau.ch\/wp-content\/uploads\/2023\/07\/Kaeselounge-II-by-ortreport-Regionalmuseum-Chueechlihus_2023-44-800x1067.jpg 800w, https:\/\/regionalmuseum-langnau.ch\/wp-content\/uploads\/2023\/07\/Kaeselounge-II-by-ortreport-Regionalmuseum-Chueechlihus_2023-44-1200x1600.jpg 1200w, https:\/\/regionalmuseum-langnau.ch\/wp-content\/uploads\/2023\/07\/Kaeselounge-II-by-ortreport-Regionalmuseum-Chueechlihus_2023-44-scaled.jpg 1920w\" data-sizes=\"auto\" data-orig-sizes=\"(min-width: 2200px) 100vw, (min-width: 784px) 397px, (min-width: 712px) 595px, (min-width: 640px) 712px, \" \/><\/a><\/div><\/div><\/div><\/div><div class=\"fusion-text fusion-text-33\"><h4>Impressions de la construction<\/h4>\n<\/div><div class=\"awb-gallery-wrapper awb-gallery-wrapper-14 button-span-no\" style=\"--more-btn-alignment:center;\"><div style=\"margin:-5px;--awb-bordersize:0px;\" class=\"fusion-gallery fusion-gallery-container fusion-grid-3 fusion-columns-total-6 fusion-gallery-layout-grid fusion-gallery-14\"><div style=\"padding:5px;\" class=\"fusion-grid-column fusion-gallery-column fusion-gallery-column-3 hover-type-none\"><div class=\"fusion-gallery-image\"><a href=\"https:\/\/regionalmuseum-langnau.ch\/wp-content\/uploads\/2023\/07\/2023_07_04-Aufbau-Kaeselounge-ortreport-1.jpg\" rel=\"noreferrer\" data-rel=\"iLightbox[gallery_image_14]\" class=\"fusion-lightbox\" target=\"_self\"><img decoding=\"async\" src=\"https:\/\/regionalmuseum-langnau.ch\/wp-content\/uploads\/2023\/07\/2023_07_04-Aufbau-Kaeselounge-ortreport-1.jpg\" data-orig-src=\"https:\/\/regionalmuseum-langnau.ch\/wp-content\/uploads\/2023\/07\/2023_07_04-Aufbau-Kaeselounge-ortreport-1.jpg\" width=\"2016\" height=\"1512\" alt=\"\" title=\"2023_07_04 Aufbau K\u00e4selounge ortreport 1\" aria-label=\"2023_07_04 Aufbau K\u00e4selounge ortreport 1\" class=\"lazyload img-responsive wp-image-8815\" srcset=\"data:image\/svg+xml,%3Csvg%20xmlns%3D%27http%3A%2F%2Fwww.w3.org%2F2000%2Fsvg%27%20width%3D%272016%27%20height%3D%271512%27%20viewBox%3D%270%200%202016%201512%27%3E%3Crect%20width%3D%272016%27%20height%3D%271512%27%20fill-opacity%3D%220%22%2F%3E%3C%2Fsvg%3E\" data-srcset=\"https:\/\/regionalmuseum-langnau.ch\/wp-content\/uploads\/2023\/07\/2023_07_04-Aufbau-Kaeselounge-ortreport-1-200x150.jpg 200w, https:\/\/regionalmuseum-langnau.ch\/wp-content\/uploads\/2023\/07\/2023_07_04-Aufbau-Kaeselounge-ortreport-1-400x300.jpg 400w, https:\/\/regionalmuseum-langnau.ch\/wp-content\/uploads\/2023\/07\/2023_07_04-Aufbau-Kaeselounge-ortreport-1-600x450.jpg 600w, https:\/\/regionalmuseum-langnau.ch\/wp-content\/uploads\/2023\/07\/2023_07_04-Aufbau-Kaeselounge-ortreport-1-800x600.jpg 800w, https:\/\/regionalmuseum-langnau.ch\/wp-content\/uploads\/2023\/07\/2023_07_04-Aufbau-Kaeselounge-ortreport-1-1200x900.jpg 1200w, https:\/\/regionalmuseum-langnau.ch\/wp-content\/uploads\/2023\/07\/2023_07_04-Aufbau-Kaeselounge-ortreport-1.jpg 2016w\" data-sizes=\"auto\" data-orig-sizes=\"(min-width: 2200px) 100vw, (min-width: 784px) 397px, (min-width: 712px) 595px, (min-width: 640px) 712px, \" \/><\/a><\/div><\/div><div style=\"padding:5px;\" class=\"fusion-grid-column fusion-gallery-column fusion-gallery-column-3 hover-type-none\"><div class=\"fusion-gallery-image\"><a href=\"https:\/\/regionalmuseum-langnau.ch\/wp-content\/uploads\/2023\/07\/2023_07_04-Aufbau-Kaeselounge-ortreport-5.jpg\" rel=\"noreferrer\" data-rel=\"iLightbox[gallery_image_14]\" class=\"fusion-lightbox\" target=\"_self\"><img decoding=\"async\" src=\"https:\/\/regionalmuseum-langnau.ch\/wp-content\/uploads\/2023\/07\/2023_07_04-Aufbau-Kaeselounge-ortreport-5.jpg\" data-orig-src=\"https:\/\/regionalmuseum-langnau.ch\/wp-content\/uploads\/2023\/07\/2023_07_04-Aufbau-Kaeselounge-ortreport-5.jpg\" width=\"2016\" height=\"1512\" alt=\"\" title=\"2023_07_04 Aufbau K\u00e4selounge ortreport 5\" aria-label=\"2023_07_04 Aufbau K\u00e4selounge ortreport 5\" class=\"lazyload img-responsive wp-image-8829\" srcset=\"data:image\/svg+xml,%3Csvg%20xmlns%3D%27http%3A%2F%2Fwww.w3.org%2F2000%2Fsvg%27%20width%3D%272016%27%20height%3D%271512%27%20viewBox%3D%270%200%202016%201512%27%3E%3Crect%20width%3D%272016%27%20height%3D%271512%27%20fill-opacity%3D%220%22%2F%3E%3C%2Fsvg%3E\" data-srcset=\"https:\/\/regionalmuseum-langnau.ch\/wp-content\/uploads\/2023\/07\/2023_07_04-Aufbau-Kaeselounge-ortreport-5-200x150.jpg 200w, https:\/\/regionalmuseum-langnau.ch\/wp-content\/uploads\/2023\/07\/2023_07_04-Aufbau-Kaeselounge-ortreport-5-400x300.jpg 400w, https:\/\/regionalmuseum-langnau.ch\/wp-content\/uploads\/2023\/07\/2023_07_04-Aufbau-Kaeselounge-ortreport-5-600x450.jpg 600w, https:\/\/regionalmuseum-langnau.ch\/wp-content\/uploads\/2023\/07\/2023_07_04-Aufbau-Kaeselounge-ortreport-5-800x600.jpg 800w, https:\/\/regionalmuseum-langnau.ch\/wp-content\/uploads\/2023\/07\/2023_07_04-Aufbau-Kaeselounge-ortreport-5-1200x900.jpg 1200w, https:\/\/regionalmuseum-langnau.ch\/wp-content\/uploads\/2023\/07\/2023_07_04-Aufbau-Kaeselounge-ortreport-5.jpg 2016w\" data-sizes=\"auto\" data-orig-sizes=\"(min-width: 2200px) 100vw, (min-width: 784px) 397px, (min-width: 712px) 595px, (min-width: 640px) 712px, \" \/><\/a><\/div><\/div><div class=\"clearfix\"><\/div><div style=\"padding:5px;\" class=\"fusion-grid-column fusion-gallery-column fusion-gallery-column-3 hover-type-none\"><div class=\"fusion-gallery-image\"><a href=\"https:\/\/regionalmuseum-langnau.ch\/wp-content\/uploads\/2023\/07\/2023_07_04-Aufbau-Kaeselounge-ortreport-4.jpg\" rel=\"noreferrer\" data-rel=\"iLightbox[gallery_image_14]\" class=\"fusion-lightbox\" target=\"_self\"><img decoding=\"async\" src=\"https:\/\/regionalmuseum-langnau.ch\/wp-content\/uploads\/2023\/07\/2023_07_04-Aufbau-Kaeselounge-ortreport-4.jpg\" data-orig-src=\"https:\/\/regionalmuseum-langnau.ch\/wp-content\/uploads\/2023\/07\/2023_07_04-Aufbau-Kaeselounge-ortreport-4.jpg\" width=\"2016\" height=\"1512\" alt=\"\" title=\"2023_07_04 Aufbau K\u00e4selounge ortreport 4\" aria-label=\"2023_07_04 Aufbau K\u00e4selounge ortreport 4\" class=\"lazyload img-responsive wp-image-8828\" srcset=\"data:image\/svg+xml,%3Csvg%20xmlns%3D%27http%3A%2F%2Fwww.w3.org%2F2000%2Fsvg%27%20width%3D%272016%27%20height%3D%271512%27%20viewBox%3D%270%200%202016%201512%27%3E%3Crect%20width%3D%272016%27%20height%3D%271512%27%20fill-opacity%3D%220%22%2F%3E%3C%2Fsvg%3E\" data-srcset=\"https:\/\/regionalmuseum-langnau.ch\/wp-content\/uploads\/2023\/07\/2023_07_04-Aufbau-Kaeselounge-ortreport-4-200x150.jpg 200w, https:\/\/regionalmuseum-langnau.ch\/wp-content\/uploads\/2023\/07\/2023_07_04-Aufbau-Kaeselounge-ortreport-4-400x300.jpg 400w, https:\/\/regionalmuseum-langnau.ch\/wp-content\/uploads\/2023\/07\/2023_07_04-Aufbau-Kaeselounge-ortreport-4-600x450.jpg 600w, https:\/\/regionalmuseum-langnau.ch\/wp-content\/uploads\/2023\/07\/2023_07_04-Aufbau-Kaeselounge-ortreport-4-800x600.jpg 800w, https:\/\/regionalmuseum-langnau.ch\/wp-content\/uploads\/2023\/07\/2023_07_04-Aufbau-Kaeselounge-ortreport-4-1200x900.jpg 1200w, https:\/\/regionalmuseum-langnau.ch\/wp-content\/uploads\/2023\/07\/2023_07_04-Aufbau-Kaeselounge-ortreport-4.jpg 2016w\" data-sizes=\"auto\" data-orig-sizes=\"(min-width: 2200px) 100vw, (min-width: 784px) 397px, (min-width: 712px) 595px, (min-width: 640px) 712px, \" \/><\/a><\/div><\/div><div style=\"padding:5px;\" class=\"fusion-grid-column fusion-gallery-column fusion-gallery-column-3 hover-type-none\"><div class=\"fusion-gallery-image\"><a href=\"https:\/\/regionalmuseum-langnau.ch\/wp-content\/uploads\/2023\/07\/2023_07_06-Aufbau-Kaeselounge-ortreport-4-scaled.jpg\" rel=\"noreferrer\" data-rel=\"iLightbox[gallery_image_14]\" class=\"fusion-lightbox\" target=\"_self\"><img decoding=\"async\" src=\"https:\/\/regionalmuseum-langnau.ch\/wp-content\/uploads\/2023\/07\/2023_07_06-Aufbau-Kaeselounge-ortreport-4-scaled.jpg\" data-orig-src=\"https:\/\/regionalmuseum-langnau.ch\/wp-content\/uploads\/2023\/07\/2023_07_06-Aufbau-Kaeselounge-ortreport-4-scaled.jpg\" width=\"2560\" height=\"1920\" alt=\"\" title=\"2023_07_06 Aufbau K\u00e4selounge ortreport 4\" aria-label=\"2023_07_06 Aufbau K\u00e4selounge ortreport 4\" class=\"lazyload img-responsive wp-image-8836\" srcset=\"data:image\/svg+xml,%3Csvg%20xmlns%3D%27http%3A%2F%2Fwww.w3.org%2F2000%2Fsvg%27%20width%3D%272560%27%20height%3D%271920%27%20viewBox%3D%270%200%202560%201920%27%3E%3Crect%20width%3D%272560%27%20height%3D%271920%27%20fill-opacity%3D%220%22%2F%3E%3C%2Fsvg%3E\" data-srcset=\"https:\/\/regionalmuseum-langnau.ch\/wp-content\/uploads\/2023\/07\/2023_07_06-Aufbau-Kaeselounge-ortreport-4-200x150.jpg 200w, https:\/\/regionalmuseum-langnau.ch\/wp-content\/uploads\/2023\/07\/2023_07_06-Aufbau-Kaeselounge-ortreport-4-400x300.jpg 400w, https:\/\/regionalmuseum-langnau.ch\/wp-content\/uploads\/2023\/07\/2023_07_06-Aufbau-Kaeselounge-ortreport-4-600x450.jpg 600w, https:\/\/regionalmuseum-langnau.ch\/wp-content\/uploads\/2023\/07\/2023_07_06-Aufbau-Kaeselounge-ortreport-4-800x600.jpg 800w, https:\/\/regionalmuseum-langnau.ch\/wp-content\/uploads\/2023\/07\/2023_07_06-Aufbau-Kaeselounge-ortreport-4-1200x900.jpg 1200w, https:\/\/regionalmuseum-langnau.ch\/wp-content\/uploads\/2023\/07\/2023_07_06-Aufbau-Kaeselounge-ortreport-4-scaled.jpg 2560w\" data-sizes=\"auto\" data-orig-sizes=\"(min-width: 2200px) 100vw, (min-width: 784px) 397px, (min-width: 712px) 595px, (min-width: 640px) 712px, \" \/><\/a><\/div><\/div><div style=\"padding:5px;\" class=\"fusion-grid-column fusion-gallery-column fusion-gallery-column-3 hover-type-none\"><div class=\"fusion-gallery-image\"><a href=\"https:\/\/regionalmuseum-langnau.ch\/wp-content\/uploads\/2023\/07\/2023_07_06-Aufbau-Kaeselounge-ortreport-1-scaled.jpg\" rel=\"noreferrer\" data-rel=\"iLightbox[gallery_image_14]\" class=\"fusion-lightbox\" target=\"_self\"><img decoding=\"async\" src=\"https:\/\/regionalmuseum-langnau.ch\/wp-content\/uploads\/2023\/07\/2023_07_06-Aufbau-Kaeselounge-ortreport-1-scaled.jpg\" data-orig-src=\"https:\/\/regionalmuseum-langnau.ch\/wp-content\/uploads\/2023\/07\/2023_07_06-Aufbau-Kaeselounge-ortreport-1-scaled.jpg\" width=\"2560\" height=\"1920\" alt=\"\" title=\"2023_07_06 Aufbau K\u00e4selounge ortreport (1)\" aria-label=\"2023_07_06 Aufbau K\u00e4selounge ortreport (1)\" class=\"lazyload img-responsive wp-image-8850\" srcset=\"data:image\/svg+xml,%3Csvg%20xmlns%3D%27http%3A%2F%2Fwww.w3.org%2F2000%2Fsvg%27%20width%3D%272560%27%20height%3D%271920%27%20viewBox%3D%270%200%202560%201920%27%3E%3Crect%20width%3D%272560%27%20height%3D%271920%27%20fill-opacity%3D%220%22%2F%3E%3C%2Fsvg%3E\" data-srcset=\"https:\/\/regionalmuseum-langnau.ch\/wp-content\/uploads\/2023\/07\/2023_07_06-Aufbau-Kaeselounge-ortreport-1-200x150.jpg 200w, https:\/\/regionalmuseum-langnau.ch\/wp-content\/uploads\/2023\/07\/2023_07_06-Aufbau-Kaeselounge-ortreport-1-400x300.jpg 400w, https:\/\/regionalmuseum-langnau.ch\/wp-content\/uploads\/2023\/07\/2023_07_06-Aufbau-Kaeselounge-ortreport-1-600x450.jpg 600w, https:\/\/regionalmuseum-langnau.ch\/wp-content\/uploads\/2023\/07\/2023_07_06-Aufbau-Kaeselounge-ortreport-1-800x600.jpg 800w, https:\/\/regionalmuseum-langnau.ch\/wp-content\/uploads\/2023\/07\/2023_07_06-Aufbau-Kaeselounge-ortreport-1-1200x900.jpg 1200w, https:\/\/regionalmuseum-langnau.ch\/wp-content\/uploads\/2023\/07\/2023_07_06-Aufbau-Kaeselounge-ortreport-1-scaled.jpg 2560w\" data-sizes=\"auto\" data-orig-sizes=\"(min-width: 2200px) 100vw, (min-width: 784px) 397px, (min-width: 712px) 595px, (min-width: 640px) 712px, \" \/><\/a><\/div><\/div><div class=\"clearfix\"><\/div><div style=\"padding:5px;\" class=\"fusion-grid-column fusion-gallery-column fusion-gallery-column-3 hover-type-none\"><div class=\"fusion-gallery-image\"><a href=\"https:\/\/regionalmuseum-langnau.ch\/wp-content\/uploads\/2023\/07\/2023_07_06-Aufbau-Kaeselounge-ortreport-8-scaled.jpg\" rel=\"noreferrer\" data-rel=\"iLightbox[gallery_image_14]\" class=\"fusion-lightbox\" target=\"_self\"><img decoding=\"async\" src=\"https:\/\/regionalmuseum-langnau.ch\/wp-content\/uploads\/2023\/07\/2023_07_06-Aufbau-Kaeselounge-ortreport-8-scaled.jpg\" data-orig-src=\"https:\/\/regionalmuseum-langnau.ch\/wp-content\/uploads\/2023\/07\/2023_07_06-Aufbau-Kaeselounge-ortreport-8-scaled.jpg\" width=\"2560\" height=\"1920\" alt=\"\" title=\"2023_07_06 Aufbau K\u00e4selounge ortreport (8)\" aria-label=\"2023_07_06 Aufbau K\u00e4selounge ortreport (8)\" class=\"lazyload img-responsive wp-image-8849\" srcset=\"data:image\/svg+xml,%3Csvg%20xmlns%3D%27http%3A%2F%2Fwww.w3.org%2F2000%2Fsvg%27%20width%3D%272560%27%20height%3D%271920%27%20viewBox%3D%270%200%202560%201920%27%3E%3Crect%20width%3D%272560%27%20height%3D%271920%27%20fill-opacity%3D%220%22%2F%3E%3C%2Fsvg%3E\" data-srcset=\"https:\/\/regionalmuseum-langnau.ch\/wp-content\/uploads\/2023\/07\/2023_07_06-Aufbau-Kaeselounge-ortreport-8-200x150.jpg 200w, https:\/\/regionalmuseum-langnau.ch\/wp-content\/uploads\/2023\/07\/2023_07_06-Aufbau-Kaeselounge-ortreport-8-400x300.jpg 400w, https:\/\/regionalmuseum-langnau.ch\/wp-content\/uploads\/2023\/07\/2023_07_06-Aufbau-Kaeselounge-ortreport-8-600x450.jpg 600w, https:\/\/regionalmuseum-langnau.ch\/wp-content\/uploads\/2023\/07\/2023_07_06-Aufbau-Kaeselounge-ortreport-8-800x600.jpg 800w, https:\/\/regionalmuseum-langnau.ch\/wp-content\/uploads\/2023\/07\/2023_07_06-Aufbau-Kaeselounge-ortreport-8-1200x900.jpg 1200w, https:\/\/regionalmuseum-langnau.ch\/wp-content\/uploads\/2023\/07\/2023_07_06-Aufbau-Kaeselounge-ortreport-8-scaled.jpg 2560w\" data-sizes=\"auto\" data-orig-sizes=\"(min-width: 2200px) 100vw, (min-width: 784px) 397px, (min-width: 712px) 595px, (min-width: 640px) 712px, \" \/><\/a><\/div><\/div><\/div><\/div><div class=\"fusion-text fusion-text-34\"><h4>Mentions l\u00e9gales<\/h4>\n<p>Le \u00ab\u00a0K\u00e4selounge\u00a0\u00bb est un projet de coop\u00e9ration entre le mus\u00e9e r\u00e9gional Ch\u00fcechlihus, Langnau i.E. sous la direction de Carmen Simon et la fromagerie de d\u00e9monstration Emmentaler, Affoltern i.E. sous la direction de Frank Jantschik. L&rsquo;id\u00e9e et la mise en \u0153uvre ont \u00e9t\u00e9 r\u00e9alis\u00e9es par Ortreport GmbH : Katrin Murbach et Fabian Jaggi. L&rsquo;id\u00e9e du \u00ab\u00a0salon du fromage\u00a0\u00bb a \u00e9t\u00e9 d\u00e9velopp\u00e9e en collaboration avec des classes de la r\u00e9gion.<\/p>\n<p>#Salon du fromage #IdentityTag<\/p>\n<p>Lire le <a href=\"https:\/\/regionalmuseum-langnau.ch\/wp-content\/uploads\/2023\/07\/2023_07_04-MMT_Kaeselounge-Regionalmuseum-Chueechlihus-und-Emmentaler-Schaukaeserei-DEF.pdf\">communiqu\u00e9 de presse<\/a><\/p>\n<\/div><\/div><\/div><\/div><\/div><\/div><\/p>\n","protected":false},"excerpt":{"rendered":"","protected":false},"author":51,"featured_media":10956,"parent":11082,"menu_order":0,"comment_status":"closed","ping_status":"closed","template":"","meta":{"_acf_changed":false,"footnotes":""},"class_list":["post-11461","page","type-page","status-publish","has-post-thumbnail","hentry"],"acf":[],"yoast_head":"<!-- This site is optimized with the Yoast SEO plugin v25.5 - https:\/\/yoast.com\/wordpress\/plugins\/seo\/ -->\n<title>Salon du fromage - Regionalmuseum Ch\u00fcechlihus<\/title>\n<meta name=\"robots\" content=\"index, follow, max-snippet:-1, max-image-preview:large, max-video-preview:-1\" \/>\n<link rel=\"canonical\" href=\"https:\/\/regionalmuseum-langnau.ch\/fr\/actuel\/salon-du-fromage\/\" \/>\n<meta property=\"og:locale\" content=\"fr_FR\" \/>\n<meta property=\"og:type\" content=\"article\" \/>\n<meta property=\"og:title\" content=\"Salon du fromage - Regionalmuseum Ch\u00fcechlihus\" \/>\n<meta property=\"og:url\" content=\"https:\/\/regionalmuseum-langnau.ch\/fr\/actuel\/salon-du-fromage\/\" \/>\n<meta property=\"og:site_name\" content=\"Regionalmuseum Ch\u00fcechlihus\" \/>\n<meta property=\"article:modified_time\" content=\"2025-11-20T07:08:04+00:00\" \/>\n<meta property=\"og:image\" content=\"https:\/\/regionalmuseum-langnau.ch\/wp-content\/uploads\/2023\/07\/2023_07_04-Kaeselounge-Schaukaesi-3-scaled.jpg\" \/>\n\t<meta property=\"og:image:width\" content=\"1920\" \/>\n\t<meta property=\"og:image:height\" content=\"2560\" \/>\n\t<meta property=\"og:image:type\" content=\"image\/jpeg\" \/>\n<meta name=\"twitter:card\" content=\"summary_large_image\" \/>\n<meta name=\"twitter:label1\" content=\"Dur\u00e9e de lecture estim\u00e9e\" \/>\n\t<meta name=\"twitter:data1\" content=\"80 minutes\" \/>\n<script type=\"application\/ld+json\" class=\"yoast-schema-graph\">{\"@context\":\"https:\/\/schema.org\",\"@graph\":[{\"@type\":\"WebPage\",\"@id\":\"https:\/\/regionalmuseum-langnau.ch\/fr\/actuel\/salon-du-fromage\/\",\"url\":\"https:\/\/regionalmuseum-langnau.ch\/fr\/actuel\/salon-du-fromage\/\",\"name\":\"Salon du fromage - Regionalmuseum Ch\u00fcechlihus\",\"isPartOf\":{\"@id\":\"https:\/\/regionalmuseum-langnau.ch\/fr\/#website\"},\"primaryImageOfPage\":{\"@id\":\"https:\/\/regionalmuseum-langnau.ch\/fr\/actuel\/salon-du-fromage\/#primaryimage\"},\"image\":{\"@id\":\"https:\/\/regionalmuseum-langnau.ch\/fr\/actuel\/salon-du-fromage\/#primaryimage\"},\"thumbnailUrl\":\"https:\/\/regionalmuseum-langnau.ch\/wp-content\/uploads\/2023\/07\/2023_07_04-Kaeselounge-Schaukaesi-3-scaled.jpg\",\"datePublished\":\"2023-07-04T06:49:20+00:00\",\"dateModified\":\"2025-11-20T07:08:04+00:00\",\"breadcrumb\":{\"@id\":\"https:\/\/regionalmuseum-langnau.ch\/fr\/actuel\/salon-du-fromage\/#breadcrumb\"},\"inLanguage\":\"fr-FR\",\"potentialAction\":[{\"@type\":\"ReadAction\",\"target\":[\"https:\/\/regionalmuseum-langnau.ch\/fr\/actuel\/salon-du-fromage\/\"]}]},{\"@type\":\"ImageObject\",\"inLanguage\":\"fr-FR\",\"@id\":\"https:\/\/regionalmuseum-langnau.ch\/fr\/actuel\/salon-du-fromage\/#primaryimage\",\"url\":\"https:\/\/regionalmuseum-langnau.ch\/wp-content\/uploads\/2023\/07\/2023_07_04-Kaeselounge-Schaukaesi-3-scaled.jpg\",\"contentUrl\":\"https:\/\/regionalmuseum-langnau.ch\/wp-content\/uploads\/2023\/07\/2023_07_04-Kaeselounge-Schaukaesi-3-scaled.jpg\",\"width\":1920,\"height\":2560},{\"@type\":\"BreadcrumbList\",\"@id\":\"https:\/\/regionalmuseum-langnau.ch\/fr\/actuel\/salon-du-fromage\/#breadcrumb\",\"itemListElement\":[{\"@type\":\"ListItem\",\"position\":1,\"name\":\"Page d'accueil\",\"item\":\"https:\/\/regionalmuseum-langnau.ch\/fr\/musee-regional-chueechlihus\/\"},{\"@type\":\"ListItem\",\"position\":2,\"name\":\"Actualit\u00e9s\",\"item\":\"https:\/\/regionalmuseum-langnau.ch\/fr\/actuel\/\"},{\"@type\":\"ListItem\",\"position\":3,\"name\":\"Salon du fromage\"}]},{\"@type\":\"WebSite\",\"@id\":\"https:\/\/regionalmuseum-langnau.ch\/fr\/#website\",\"url\":\"https:\/\/regionalmuseum-langnau.ch\/fr\/\",\"name\":\"Regionalmuseum Ch\u00fcechlihus\",\"description\":\"Das Emmental in einem Haus\",\"potentialAction\":[{\"@type\":\"SearchAction\",\"target\":{\"@type\":\"EntryPoint\",\"urlTemplate\":\"https:\/\/regionalmuseum-langnau.ch\/fr\/?s={search_term_string}\"},\"query-input\":{\"@type\":\"PropertyValueSpecification\",\"valueRequired\":true,\"valueName\":\"search_term_string\"}}],\"inLanguage\":\"fr-FR\"}]}<\/script>\n<!-- \/ Yoast SEO plugin. -->","yoast_head_json":{"title":"Salon du fromage - Regionalmuseum Ch\u00fcechlihus","robots":{"index":"index","follow":"follow","max-snippet":"max-snippet:-1","max-image-preview":"max-image-preview:large","max-video-preview":"max-video-preview:-1"},"canonical":"https:\/\/regionalmuseum-langnau.ch\/fr\/actuel\/salon-du-fromage\/","og_locale":"fr_FR","og_type":"article","og_title":"Salon du fromage - Regionalmuseum Ch\u00fcechlihus","og_url":"https:\/\/regionalmuseum-langnau.ch\/fr\/actuel\/salon-du-fromage\/","og_site_name":"Regionalmuseum Ch\u00fcechlihus","article_modified_time":"2025-11-20T07:08:04+00:00","og_image":[{"width":1920,"height":2560,"url":"https:\/\/regionalmuseum-langnau.ch\/wp-content\/uploads\/2023\/07\/2023_07_04-Kaeselounge-Schaukaesi-3-scaled.jpg","type":"image\/jpeg"}],"twitter_card":"summary_large_image","twitter_misc":{"Dur\u00e9e de lecture estim\u00e9e":"80 minutes"},"schema":{"@context":"https:\/\/schema.org","@graph":[{"@type":"WebPage","@id":"https:\/\/regionalmuseum-langnau.ch\/fr\/actuel\/salon-du-fromage\/","url":"https:\/\/regionalmuseum-langnau.ch\/fr\/actuel\/salon-du-fromage\/","name":"Salon du fromage - Regionalmuseum Ch\u00fcechlihus","isPartOf":{"@id":"https:\/\/regionalmuseum-langnau.ch\/fr\/#website"},"primaryImageOfPage":{"@id":"https:\/\/regionalmuseum-langnau.ch\/fr\/actuel\/salon-du-fromage\/#primaryimage"},"image":{"@id":"https:\/\/regionalmuseum-langnau.ch\/fr\/actuel\/salon-du-fromage\/#primaryimage"},"thumbnailUrl":"https:\/\/regionalmuseum-langnau.ch\/wp-content\/uploads\/2023\/07\/2023_07_04-Kaeselounge-Schaukaesi-3-scaled.jpg","datePublished":"2023-07-04T06:49:20+00:00","dateModified":"2025-11-20T07:08:04+00:00","breadcrumb":{"@id":"https:\/\/regionalmuseum-langnau.ch\/fr\/actuel\/salon-du-fromage\/#breadcrumb"},"inLanguage":"fr-FR","potentialAction":[{"@type":"ReadAction","target":["https:\/\/regionalmuseum-langnau.ch\/fr\/actuel\/salon-du-fromage\/"]}]},{"@type":"ImageObject","inLanguage":"fr-FR","@id":"https:\/\/regionalmuseum-langnau.ch\/fr\/actuel\/salon-du-fromage\/#primaryimage","url":"https:\/\/regionalmuseum-langnau.ch\/wp-content\/uploads\/2023\/07\/2023_07_04-Kaeselounge-Schaukaesi-3-scaled.jpg","contentUrl":"https:\/\/regionalmuseum-langnau.ch\/wp-content\/uploads\/2023\/07\/2023_07_04-Kaeselounge-Schaukaesi-3-scaled.jpg","width":1920,"height":2560},{"@type":"BreadcrumbList","@id":"https:\/\/regionalmuseum-langnau.ch\/fr\/actuel\/salon-du-fromage\/#breadcrumb","itemListElement":[{"@type":"ListItem","position":1,"name":"Page d'accueil","item":"https:\/\/regionalmuseum-langnau.ch\/fr\/musee-regional-chueechlihus\/"},{"@type":"ListItem","position":2,"name":"Actualit\u00e9s","item":"https:\/\/regionalmuseum-langnau.ch\/fr\/actuel\/"},{"@type":"ListItem","position":3,"name":"Salon du fromage"}]},{"@type":"WebSite","@id":"https:\/\/regionalmuseum-langnau.ch\/fr\/#website","url":"https:\/\/regionalmuseum-langnau.ch\/fr\/","name":"Regionalmuseum Ch\u00fcechlihus","description":"Das Emmental in einem Haus","potentialAction":[{"@type":"SearchAction","target":{"@type":"EntryPoint","urlTemplate":"https:\/\/regionalmuseum-langnau.ch\/fr\/?s={search_term_string}"},"query-input":{"@type":"PropertyValueSpecification","valueRequired":true,"valueName":"search_term_string"}}],"inLanguage":"fr-FR"}]}},"_links":{"self":[{"href":"https:\/\/regionalmuseum-langnau.ch\/fr\/wp-json\/wp\/v2\/pages\/11461","targetHints":{"allow":["GET"]}}],"collection":[{"href":"https:\/\/regionalmuseum-langnau.ch\/fr\/wp-json\/wp\/v2\/pages"}],"about":[{"href":"https:\/\/regionalmuseum-langnau.ch\/fr\/wp-json\/wp\/v2\/types\/page"}],"author":[{"embeddable":true,"href":"https:\/\/regionalmuseum-langnau.ch\/fr\/wp-json\/wp\/v2\/users\/51"}],"replies":[{"embeddable":true,"href":"https:\/\/regionalmuseum-langnau.ch\/fr\/wp-json\/wp\/v2\/comments?post=11461"}],"version-history":[{"count":0,"href":"https:\/\/regionalmuseum-langnau.ch\/fr\/wp-json\/wp\/v2\/pages\/11461\/revisions"}],"up":[{"embeddable":true,"href":"https:\/\/regionalmuseum-langnau.ch\/fr\/wp-json\/wp\/v2\/pages\/11082"}],"wp:featuredmedia":[{"embeddable":true,"href":"https:\/\/regionalmuseum-langnau.ch\/fr\/wp-json\/wp\/v2\/media\/10956"}],"wp:attachment":[{"href":"https:\/\/regionalmuseum-langnau.ch\/fr\/wp-json\/wp\/v2\/media?parent=11461"}],"curies":[{"name":"wp","href":"https:\/\/api.w.org\/{rel}","templated":true}]}}